{"version":"1.0","provider_name":"Vital of Hair","provider_url":"https:\/\/vitalofhair.de\/reliant","title":"S\u0131k\u00e7a Sorulan Sorular | Vital of Hair","type":"rich","width":600,"height":338,"html":"<blockquote class=\"wp-embedded-content\" data-secret=\"5ShPk77lkF\"><a href=\"https:\/\/vitalofhair.de\/reliant\/sikca-sorulan-sorular\/\">S\u0131k\u00e7a Sorulan Sorular<\/a><\/blockquote><iframe sandbox=\"allow-scripts\" security=\"restricted\" src=\"https:\/\/vitalofhair.de\/reliant\/sikca-sorulan-sorular\/embed\/#?secret=5ShPk77lkF\" width=\"600\" height=\"338\" title=\"&#8220;S\u0131k\u00e7a Sorulan Sorular&#8221; &#8212; Vital of Hair\" data-secret=\"5ShPk77lkF\" frameborder=\"0\" marginwidth=\"0\" marginheight=\"0\" scrolling=\"no\" class=\"wp-embedded-content\"><\/iframe><script>\n\/*! This file is auto-generated *\/\n!function(d,l){\"use strict\";l.querySelector&&d.addEventListener&&\"undefined\"!=typeof URL&&(d.wp=d.wp||{},d.wp.receiveEmbedMessage||(d.wp.receiveEmbedMessage=function(e){var t=e.data;if((t||t.secret||t.message||t.value)&&!\/[^a-zA-Z0-9]\/.test(t.secret)){for(var s,r,n,a=l.querySelectorAll('iframe[data-secret=\"'+t.secret+'\"]'),o=l.querySelectorAll('blockquote[data-secret=\"'+t.secret+'\"]'),c=new RegExp(\"^https?:$\",\"i\"),i=0;i<o.length;i++)o[i].style.display=\"none\";for(i=0;i<a.length;i++)s=a[i],e.source===s.contentWindow&&(s.removeAttribute(\"style\"),\"height\"===t.message?(1e3<(r=parseInt(t.value,10))?r=1e3:~~r<200&&(r=200),s.height=r):\"link\"===t.message&&(r=new URL(s.getAttribute(\"src\")),n=new URL(t.value),c.test(n.protocol))&&n.host===r.host&&l.activeElement===s&&(d.top.location.href=t.value))}},d.addEventListener(\"message\",d.wp.receiveEmbedMessage,!1),l.addEventListener(\"DOMContentLoaded\",function(){for(var e,t,s=l.querySelectorAll(\"iframe.wp-embedded-content\"),r=0;r<s.length;r++)(t=(e=s[r]).getAttribute(\"data-secret\"))||(t=Math.random().toString(36).substring(2,12),e.src+=\"#?secret=\"+t,e.setAttribute(\"data-secret\",t)),e.contentWindow.postMessage({message:\"ready\",secret:t},\"*\")},!1)))}(window,document);\n\/\/# sourceURL=https:\/\/vitalofhair.de\/reliant\/wp-includes\/js\/wp-embed.min.js\n<\/script>\n","description":"Sa\u00e7 ekimi kimler i\u00e7in uygundur? Sa\u00e7 ekimi; don\u00f6r b\u00f6lgesi yeterli olan, sa\u00e7 d\u00f6k\u00fclmesi kal\u0131c\u0131 hale gelmi\u015f ve genel sa\u011fl\u0131k durumu uygun ki\u015filer i\u00e7in ideal bir \u00e7\u00f6z\u00fcmd\u00fcr. Vital of Hair\u2019de her hasta, i\u015flem \u00f6ncesinde detayl\u0131 sa\u00e7 analizi ve de\u011ferlendirmeden ge\u00e7irilir. Sa\u00e7 ekimi kal\u0131c\u0131 bir i\u015flem midir? Evet. Sa\u00e7 ekiminde, d\u00f6k\u00fclmeye genetik olarak diren\u00e7li b\u00f6lgelerden al\u0131nan k\u00f6kler [&hellip;]"}