{"id":126,"date":"2025-12-17T15:24:04","date_gmt":"2025-12-17T12:24:04","guid":{"rendered":"https:\/\/vitalofhair.de\/?page_id=126"},"modified":"2026-08-31T23:55:53","modified_gmt":"2026-08-31T20:55:53","slug":"hizmetlerimiz","status":"publish","type":"page","link":"https:\/\/vitalofhair.de\/reliant\/hizmetlerimiz\/","title":{"rendered":"Hizmetlerimiz"},"content":{"rendered":"\t\t<div data-elementor-type=\"wp-page\" data-elementor-id=\"126\" class=\"elementor elementor-126\" data-elementor-post-type=\"page\">\n\t\t\t\t<div class=\"elementor-element elementor-element-b3dc4e7 e-con-full e-flex e-con e-parent\" data-id=\"b3dc4e7\" data-element_type=\"container\">\n\t\t\t\t<div class=\"elementor-element elementor-element-b380f09 elementor-widget elementor-widget-template\" data-id=\"b380f09\" data-element_type=\"widget\" data-widget_type=\"template.default\">\n\t\t\t\t<div class=\"elementor-widget-container\">\n\t\t\t\t\t\t\t<div class=\"elementor-template\">\n\t\t\t\t\t<div data-elementor-type=\"page\" data-elementor-id=\"89\" class=\"elementor elementor-89\" data-elementor-post-type=\"elementor_library\">\n\t\t\t\t<div class=\"elementor-element elementor-element-35746bb e-flex e-con-boxed e-con e-parent\" data-id=\"35746bb\" data-element_type=\"container\" data-settings=\"{&quot;background_background&quot;:&quot;classic&quot;,&quot;animation&quot;:&quot;none&quot;}\">\n\t\t\t\t\t<div class=\"e-con-inner\">\n\t\t<div class=\"elementor-element elementor-element-d8ce537 e-con-full e-flex e-con e-child\" data-id=\"d8ce537\" data-element_type=\"container\">\n\t\t\t\t<div class=\"elementor-element elementor-element-65fcf51 elementor-widget elementor-widget-heading\" data-id=\"65fcf51\" data-element_type=\"widget\" data-widget_type=\"heading.default\">\n\t\t\t\t<div class=\"elementor-widget-container\">\n\t\t\t\t\t<h1 class=\"elementor-heading-title elementor-size-default\">Hizmetlerimiz<\/h1>\t\t\t\t<\/div>\n\t\t\t\t<\/div>\n\t\t\t\t<\/div>\n\t\t\t\t\t<\/div>\n\t\t\t\t<\/div>\n\t\t\t\t<\/div>\n\t\t\t\t<\/div>\n\t\t\t\t\t\t<\/div>\n\t\t\t\t<\/div>\n\t\t\t\t<\/div>\n\t\t<div class=\"elementor-element elementor-element-46e698c3 e-flex e-con-boxed e-con e-parent\" data-id=\"46e698c3\" data-element_type=\"container\" data-settings=\"{&quot;background_background&quot;:&quot;classic&quot;}\">\n\t\t\t\t\t<div class=\"e-con-inner\">\n\t\t<div class=\"elementor-element elementor-element-1040cb77 e-flex e-con-boxed e-con e-child\" data-id=\"1040cb77\" data-element_type=\"container\">\n\t\t\t\t\t<div class=\"e-con-inner\">\n\t\t\t\t<div class=\"elementor-element elementor-element-36d2524 elementor-invisible elementor-widget elementor-widget-heading\" data-id=\"36d2524\" data-element_type=\"widget\" data-settings=\"{&quot;_animation&quot;:&quot;fadeInUp&quot;,&quot;_animation_delay&quot;:200}\" data-widget_type=\"heading.default\">\n\t\t\t\t<div class=\"elementor-widget-container\">\n\t\t\t\t\t<h6 class=\"elementor-heading-title elementor-size-default\">Hizmetlerimiz<\/h6>\t\t\t\t<\/div>\n\t\t\t\t<\/div>\n\t\t\t\t<div class=\"elementor-element elementor-element-769151ac elementor-invisible elementor-widget elementor-widget-heading\" data-id=\"769151ac\" data-element_type=\"widget\" data-settings=\"{&quot;_animation&quot;:&quot;fadeInUp&quot;,&quot;_animation_delay&quot;:300}\" data-widget_type=\"heading.default\">\n\t\t\t\t<div class=\"elementor-widget-container\">\n\t\t\t\t\t<h2 class=\"elementor-heading-title elementor-size-default\">Sundu\u011fumuz Hizmetler<\/h2>\t\t\t\t<\/div>\n\t\t\t\t<\/div>\n\t\t\t\t\t<\/div>\n\t\t\t\t<\/div>\n\t\t<div class=\"elementor-element elementor-element-5e8e3521 e-con-full e-grid e-con e-child\" data-id=\"5e8e3521\" data-element_type=\"container\">\n\t\t<div class=\"elementor-element elementor-element-234b4641 e-con-full e-flex elementor-invisible e-con e-child\" data-id=\"234b4641\" data-element_type=\"container\" data-settings=\"{&quot;background_background&quot;:&quot;classic&quot;,&quot;animation&quot;:&quot;fadeInLeft&quot;,&quot;animation_delay&quot;:200}\">\n\t\t\t\t<div class=\"elementor-element elementor-element-d396aa5 elementor-widget elementor-widget-image\" data-id=\"d396aa5\" data-element_type=\"widget\" data-widget_type=\"image.default\">\n\t\t\t\t<div class=\"elementor-widget-container\">\n\t\t\t\t\t\t\t\t\t\t\t\t\t\t\t<img fetchpriority=\"high\" decoding=\"async\" width=\"1254\" height=\"1254\" src=\"https:\/\/vitalofhair.de\/reliant\/wp-content\/uploads\/2026\/08\/haartransplantation-vital-of-hair.jpeg\" class=\"attachment-full size-full wp-image-750\" alt=\"Haartransplantation bei Vital of Hair\" srcset=\"https:\/\/vitalofhair.de\/reliant\/wp-content\/uploads\/2026\/08\/haartransplantation-vital-of-hair.jpeg 1254w, https:\/\/vitalofhair.de\/reliant\/wp-content\/uploads\/2026\/08\/haartransplantation-vital-of-hair-300x300.jpeg 300w, https:\/\/vitalofhair.de\/reliant\/wp-content\/uploads\/2026\/08\/haartransplantation-vital-of-hair-1024x1024.jpeg 1024w, https:\/\/vitalofhair.de\/reliant\/wp-content\/uploads\/2026\/08\/haartransplantation-vital-of-hair-150x150.jpeg 150w, https:\/\/vitalofhair.de\/reliant\/wp-content\/uploads\/2026\/08\/haartransplantation-vital-of-hair-768x768.jpeg 768w\" sizes=\"(max-width: 1254px) 100vw, 1254px\" \/>\t\t\t\t\t\t\t\t\t\t\t\t\t\t\t<\/div>\n\t\t\t\t<\/div>\n\t\t\t\t<div class=\"elementor-element elementor-element-719af469 elementor-widget elementor-widget-icon-box\" data-id=\"719af469\" data-element_type=\"widget\" data-widget_type=\"icon-box.default\">\n\t\t\t\t<div class=\"elementor-widget-container\">\n\t\t\t\t\t\t\t<div class=\"elementor-icon-box-wrapper\">\n\n\t\t\t\n\t\t\t\t\t\t<div class=\"elementor-icon-box-content\">\n\n\t\t\t\t\t\t\t\t\t<h3 class=\"elementor-icon-box-title\">\n\t\t\t\t\t\t<span  >\n\t\t\t\t\t\t\tSa\u00e7 Ekimi \t\t\t\t\t\t<\/span>\n\t\t\t\t\t<\/h3>\n\t\t\t\t\n\t\t\t\t\t\t\t\t\t<p class=\"elementor-icon-box-description\">\n\t\t\t\t\t\tSa\u00e7 sa\u011fl\u0131\u011f\u0131 ve estetik alan\u0131nda bilimsel y\u00f6ntemleri, ki\u015fiye \u00f6zel \u00e7\u00f6z\u00fcmleri merkeze alan bir sa\u00e7 ekim ve tedavi klini\u011fidir.\t\t\t\t\t<\/p>\n\t\t\t\t\n\t\t\t<\/div>\n\t\t\t\n\t\t<\/div>\n\t\t\t\t\t\t<\/div>\n\t\t\t\t<\/div>\n\t\t\t\t<div class=\"elementor-element elementor-element-6fa2933 elementor-align-center elementor-widget elementor-widget-button\" data-id=\"6fa2933\" data-element_type=\"widget\" data-widget_type=\"button.default\">\n\t\t\t\t<div class=\"elementor-widget-container\">\n\t\t\t\t\t\t\t\t\t<div class=\"elementor-button-wrapper\">\n\t\t\t\t\t<a class=\"elementor-button elementor-button-link elementor-size-sm\" href=\"https:\/\/vitalofhair.de\/reliant\/hizmetlerimiz\/sac-ekimi\/\">\n\t\t\t\t\t\t<span class=\"elementor-button-content-wrapper\">\n\t\t\t\t\t\t\t\t\t<span class=\"elementor-button-text\">Hizmeti \u0130ncele<\/span>\n\t\t\t\t\t<\/span>\n\t\t\t\t\t<\/a>\n\t\t\t\t<\/div>\n\t\t\t\t\t\t\t\t<\/div>\n\t\t\t\t<\/div>\n\t\t\t\t<\/div>\n\t\t<div class=\"elementor-element elementor-element-3f96b3cc e-con-full e-flex elementor-invisible e-con e-child\" data-id=\"3f96b3cc\" data-element_type=\"container\" data-settings=\"{&quot;background_background&quot;:&quot;classic&quot;,&quot;animation&quot;:&quot;fadeInLeft&quot;,&quot;animation_delay&quot;:300}\">\n\t\t\t\t<div class=\"elementor-element elementor-element-159506be elementor-widget elementor-widget-image\" data-id=\"159506be\" data-element_type=\"widget\" data-widget_type=\"image.default\">\n\t\t\t\t<div class=\"elementor-widget-container\">\n\t\t\t\t\t\t\t\t\t\t\t\t\t\t\t<img decoding=\"async\" width=\"1448\" height=\"1086\" src=\"https:\/\/vitalofhair.de\/reliant\/wp-content\/uploads\/2026\/08\/barttransplantation-vital-of-hair.jpeg\" class=\"attachment-full size-full wp-image-747\" alt=\"Barttransplantation bei Vital of Hair\" srcset=\"https:\/\/vitalofhair.de\/reliant\/wp-content\/uploads\/2026\/08\/barttransplantation-vital-of-hair.jpeg 1448w, https:\/\/vitalofhair.de\/reliant\/wp-content\/uploads\/2026\/08\/barttransplantation-vital-of-hair-300x225.jpeg 300w, https:\/\/vitalofhair.de\/reliant\/wp-content\/uploads\/2026\/08\/barttransplantation-vital-of-hair-1024x768.jpeg 1024w, https:\/\/vitalofhair.de\/reliant\/wp-content\/uploads\/2026\/08\/barttransplantation-vital-of-hair-768x576.jpeg 768w\" sizes=\"(max-width: 1448px) 100vw, 1448px\" \/>\t\t\t\t\t\t\t\t\t\t\t\t\t\t\t<\/div>\n\t\t\t\t<\/div>\n\t\t\t\t<div class=\"elementor-element elementor-element-b1375e7 elementor-widget elementor-widget-icon-box\" data-id=\"b1375e7\" data-element_type=\"widget\" data-widget_type=\"icon-box.default\">\n\t\t\t\t<div class=\"elementor-widget-container\">\n\t\t\t\t\t\t\t<div class=\"elementor-icon-box-wrapper\">\n\n\t\t\t\n\t\t\t\t\t\t<div class=\"elementor-icon-box-content\">\n\n\t\t\t\t\t\t\t\t\t<h3 class=\"elementor-icon-box-title\">\n\t\t\t\t\t\t<span  >\n\t\t\t\t\t\t\tSakal Ekimi\t\t\t\t\t\t<\/span>\n\t\t\t\t\t<\/h3>\n\t\t\t\t\n\t\t\t\t\t\t\t\t\t<p class=\"elementor-icon-box-description\">\n\t\t\t\t\t\tSakal ekimi uygulamalar\u0131nda do\u011fal g\u00f6r\u00fcn\u00fcm\u00fc \u00f6n planda tutan, ki\u015fiye \u00f6zel ve kal\u0131c\u0131 \u00e7\u00f6z\u00fcmler sunuyoruz.\t\t\t\t\t<\/p>\n\t\t\t\t\n\t\t\t<\/div>\n\t\t\t\n\t\t<\/div>\n\t\t\t\t\t\t<\/div>\n\t\t\t\t<\/div>\n\t\t\t\t<div class=\"elementor-element elementor-element-aa790d8 elementor-align-center elementor-widget elementor-widget-button\" data-id=\"aa790d8\" data-element_type=\"widget\" data-widget_type=\"button.default\">\n\t\t\t\t<div class=\"elementor-widget-container\">\n\t\t\t\t\t\t\t\t\t<div class=\"elementor-button-wrapper\">\n\t\t\t\t\t<a class=\"elementor-button elementor-button-link elementor-size-sm\" href=\"https:\/\/vitalofhair.de\/reliant\/hizmetlerimiz\/sakal-ekimi\/\">\n\t\t\t\t\t\t<span class=\"elementor-button-content-wrapper\">\n\t\t\t\t\t\t\t\t\t<span class=\"elementor-button-text\">Hizmeti \u0130ncele<\/span>\n\t\t\t\t\t<\/span>\n\t\t\t\t\t<\/a>\n\t\t\t\t<\/div>\n\t\t\t\t\t\t\t\t<\/div>\n\t\t\t\t<\/div>\n\t\t\t\t<\/div>\n\t\t<div class=\"elementor-element elementor-element-0a29d3a e-con-full e-flex elementor-invisible e-con e-child\" data-id=\"0a29d3a\" data-element_type=\"container\" data-settings=\"{&quot;background_background&quot;:&quot;classic&quot;,&quot;animation&quot;:&quot;fadeInLeft&quot;,&quot;animation_delay&quot;:300}\">\n\t\t\t\t<div class=\"elementor-element elementor-element-9dd361f elementor-widget elementor-widget-image\" data-id=\"9dd361f\" data-element_type=\"widget\" data-widget_type=\"image.default\">\n\t\t\t\t<div class=\"elementor-widget-container\">\n\t\t\t\t\t\t\t\t\t\t\t\t\t\t\t<img decoding=\"async\" width=\"1080\" height=\"1920\" src=\"https:\/\/vitalofhair.de\/reliant\/wp-content\/uploads\/2026\/08\/augenbrauentransplantation-01-poster.jpg\" class=\"attachment-full size-full wp-image-1036\" alt=\"\" srcset=\"https:\/\/vitalofhair.de\/reliant\/wp-content\/uploads\/2026\/08\/augenbrauentransplantation-01-poster.jpg 1080w, https:\/\/vitalofhair.de\/reliant\/wp-content\/uploads\/2026\/08\/augenbrauentransplantation-01-poster-169x300.jpg 169w, https:\/\/vitalofhair.de\/reliant\/wp-content\/uploads\/2026\/08\/augenbrauentransplantation-01-poster-576x1024.jpg 576w, https:\/\/vitalofhair.de\/reliant\/wp-content\/uploads\/2026\/08\/augenbrauentransplantation-01-poster-768x1365.jpg 768w, https:\/\/vitalofhair.de\/reliant\/wp-content\/uploads\/2026\/08\/augenbrauentransplantation-01-poster-864x1536.jpg 864w\" sizes=\"(max-width: 1080px) 100vw, 1080px\" \/>\t\t\t\t\t\t\t\t\t\t\t\t\t\t\t<\/div>\n\t\t\t\t<\/div>\n\t\t\t\t<div class=\"elementor-element elementor-element-7f3f3e1 elementor-widget elementor-widget-icon-box\" data-id=\"7f3f3e1\" data-element_type=\"widget\" data-widget_type=\"icon-box.default\">\n\t\t\t\t<div class=\"elementor-widget-container\">\n\t\t\t\t\t\t\t<div class=\"elementor-icon-box-wrapper\">\n\n\t\t\t\n\t\t\t\t\t\t<div class=\"elementor-icon-box-content\">\n\n\t\t\t\t\t\t\t\t\t<h3 class=\"elementor-icon-box-title\">\n\t\t\t\t\t\t<span  >\n\t\t\t\t\t\t\tKa\u015f Ekimi\t\t\t\t\t\t<\/span>\n\t\t\t\t\t<\/h3>\n\t\t\t\t\n\t\t\t\t\t\t\t\t\t<p class=\"elementor-icon-box-description\">\n\t\t\t\t\t\tKa\u015flar, t\u00fcm y\u00fcz\u00fcn ifadesini \u015fekillendirir. Vital of Hair\u2019de her ka\u015f ekimi, do\u011fal y\u00fcz hatlar\u0131na uygun \u015fekilde bireysel olarak planlan\u0131r \u2013 yapay de\u011fil, uyumlu g\u00f6r\u00fcnen bir sonu\u00e7 i\u00e7in.\n<br><br>\t\t\t\t\t<\/p>\n\t\t\t\t\n\t\t\t<\/div>\n\t\t\t\n\t\t<\/div>\n\t\t\t\t\t\t<\/div>\n\t\t\t\t<\/div>\n\t\t\t\t<div class=\"elementor-element elementor-element-e2ecb1e elementor-align-center elementor-widget elementor-widget-button\" data-id=\"e2ecb1e\" data-element_type=\"widget\" data-widget_type=\"button.default\">\n\t\t\t\t<div class=\"elementor-widget-container\">\n\t\t\t\t\t\t\t\t\t<div class=\"elementor-button-wrapper\">\n\t\t\t\t\t<a class=\"elementor-button elementor-button-link elementor-size-sm\" href=\"https:\/\/vitalofhair.de\/reliant\/hizmetlerimiz\/sakal-ekimi\/\">\n\t\t\t\t\t\t<span class=\"elementor-button-content-wrapper\">\n\t\t\t\t\t\t\t\t\t<span class=\"elementor-button-text\">Hizmeti \u0130ncele<\/span>\n\t\t\t\t\t<\/span>\n\t\t\t\t\t<\/a>\n\t\t\t\t<\/div>\n\t\t\t\t\t\t\t\t<\/div>\n\t\t\t\t<\/div>\n\t\t\t\t<\/div>\n\t\t<div class=\"elementor-element elementor-element-a06ef51 e-con-full e-flex elementor-invisible e-con e-child\" data-id=\"a06ef51\" data-element_type=\"container\" data-settings=\"{&quot;background_background&quot;:&quot;classic&quot;,&quot;animation&quot;:&quot;fadeInLeft&quot;,&quot;animation_delay&quot;:350}\">\n\t\t\t\t<div class=\"elementor-element elementor-element-2ccfb2cb elementor-widget elementor-widget-image\" data-id=\"2ccfb2cb\" data-element_type=\"widget\" data-widget_type=\"image.default\">\n\t\t\t\t<div class=\"elementor-widget-container\">\n\t\t\t\t\t\t\t\t\t\t\t\t\t\t\t<img loading=\"lazy\" decoding=\"async\" width=\"1448\" height=\"1086\" src=\"https:\/\/vitalofhair.de\/reliant\/wp-content\/uploads\/2026\/08\/prp-behandlung-vital-of-hair.jpeg\" class=\"attachment-full size-full wp-image-748\" alt=\"PRP-Behandlung bei Vital of Hair\" srcset=\"https:\/\/vitalofhair.de\/reliant\/wp-content\/uploads\/2026\/08\/prp-behandlung-vital-of-hair.jpeg 1448w, https:\/\/vitalofhair.de\/reliant\/wp-content\/uploads\/2026\/08\/prp-behandlung-vital-of-hair-300x225.jpeg 300w, https:\/\/vitalofhair.de\/reliant\/wp-content\/uploads\/2026\/08\/prp-behandlung-vital-of-hair-1024x768.jpeg 1024w, https:\/\/vitalofhair.de\/reliant\/wp-content\/uploads\/2026\/08\/prp-behandlung-vital-of-hair-768x576.jpeg 768w\" sizes=\"(max-width: 1448px) 100vw, 1448px\" \/>\t\t\t\t\t\t\t\t\t\t\t\t\t\t\t<\/div>\n\t\t\t\t<\/div>\n\t\t\t\t<div class=\"elementor-element elementor-element-7fbd6a74 elementor-widget elementor-widget-icon-box\" data-id=\"7fbd6a74\" data-element_type=\"widget\" data-widget_type=\"icon-box.default\">\n\t\t\t\t<div class=\"elementor-widget-container\">\n\t\t\t\t\t\t\t<div class=\"elementor-icon-box-wrapper\">\n\n\t\t\t\n\t\t\t\t\t\t<div class=\"elementor-icon-box-content\">\n\n\t\t\t\t\t\t\t\t\t<h3 class=\"elementor-icon-box-title\">\n\t\t\t\t\t\t<span  >\n\t\t\t\t\t\t\tPRP Tedavisi\t\t\t\t\t\t<\/span>\n\t\t\t\t\t<\/h3>\n\t\t\t\t\n\t\t\t\t\t\t\t\t\t<p class=\"elementor-icon-box-description\">\n\t\t\t\t\t\tSa\u00e7 d\u00f6k\u00fclmesini yava\u015flatmak, sa\u00e7 k\u00f6klerini g\u00fc\u00e7lendirmek ve sa\u00e7 kalitesini art\u0131rmak amac\u0131yla uygulanan do\u011fal ve g\u00fcvenli bir y\u00f6ntemdir. \t\t\t\t\t<\/p>\n\t\t\t\t\n\t\t\t<\/div>\n\t\t\t\n\t\t<\/div>\n\t\t\t\t\t\t<\/div>\n\t\t\t\t<\/div>\n\t\t\t\t<div class=\"elementor-element elementor-element-fab9f69 elementor-align-center elementor-widget elementor-widget-button\" data-id=\"fab9f69\" data-element_type=\"widget\" data-widget_type=\"button.default\">\n\t\t\t\t<div class=\"elementor-widget-container\">\n\t\t\t\t\t\t\t\t\t<div class=\"elementor-button-wrapper\">\n\t\t\t\t\t<a class=\"elementor-button elementor-button-link elementor-size-sm\" href=\"https:\/\/vitalofhair.de\/reliant\/hizmetlerimiz\/prp-tedavisi\/\">\n\t\t\t\t\t\t<span class=\"elementor-button-content-wrapper\">\n\t\t\t\t\t\t\t\t\t<span class=\"elementor-button-text\">Hizmeti \u0130ncele<\/span>\n\t\t\t\t\t<\/span>\n\t\t\t\t\t<\/a>\n\t\t\t\t<\/div>\n\t\t\t\t\t\t\t\t<\/div>\n\t\t\t\t<\/div>\n\t\t\t\t<\/div>\n\t\t<div class=\"elementor-element elementor-element-5e8417c3 e-con-full e-flex elementor-invisible e-con e-child\" data-id=\"5e8417c3\" data-element_type=\"container\" data-settings=\"{&quot;background_background&quot;:&quot;classic&quot;,&quot;animation&quot;:&quot;fadeInRight&quot;,&quot;animation_delay&quot;:350}\">\n\t\t\t\t<div class=\"elementor-element elementor-element-10ac0c00 elementor-widget elementor-widget-icon-box\" data-id=\"10ac0c00\" data-element_type=\"widget\" data-widget_type=\"icon-box.default\">\n\t\t\t\t<div class=\"elementor-widget-container\">\n\t\t\t\t\t\t\t<div class=\"elementor-icon-box-wrapper\">\n\n\t\t\t\n\t\t\t\t\t\t<div class=\"elementor-icon-box-content\">\n\n\t\t\t\t\t\t\t\t\t<h3 class=\"elementor-icon-box-title\">\n\t\t\t\t\t\t<span  >\n\t\t\t\t\t\t\tMezoterapi\t\t\t\t\t\t<\/span>\n\t\t\t\t\t<\/h3>\n\t\t\t\t\n\t\t\t\t\t\t\t\t\t<p class=\"elementor-icon-box-description\">\n\t\t\t\t\t\tSa\u00e7 d\u00f6k\u00fclmesini azaltmak, sa\u00e7lar\u0131n daha sa\u011fl\u0131kl\u0131 uzamas\u0131n\u0131 desteklemek amac\u0131yla uygulanan modern bir tedavi y\u00f6ntemidir.\t\t\t\t\t<\/p>\n\t\t\t\t\n\t\t\t<\/div>\n\t\t\t\n\t\t<\/div>\n\t\t\t\t\t\t<\/div>\n\t\t\t\t<\/div>\n\t\t\t\t<div class=\"elementor-element elementor-element-5bf9e2c elementor-align-center elementor-widget elementor-widget-button\" data-id=\"5bf9e2c\" data-element_type=\"widget\" data-widget_type=\"button.default\">\n\t\t\t\t<div class=\"elementor-widget-container\">\n\t\t\t\t\t\t\t\t\t<div class=\"elementor-button-wrapper\">\n\t\t\t\t\t<a class=\"elementor-button elementor-button-link elementor-size-sm\" href=\"https:\/\/vitalofhair.de\/reliant\/hizmetlerimiz\/mezoterapi\/\">\n\t\t\t\t\t\t<span class=\"elementor-button-content-wrapper\">\n\t\t\t\t\t\t\t\t\t<span class=\"elementor-button-text\">Hizmeti \u0130ncele<\/span>\n\t\t\t\t\t<\/span>\n\t\t\t\t\t<\/a>\n\t\t\t\t<\/div>\n\t\t\t\t\t\t\t\t<\/div>\n\t\t\t\t<\/div>\n\t\t\t\t<\/div>\n\t\t<div class=\"elementor-element elementor-element-417ef464 e-con-full e-flex elementor-invisible e-con e-child\" data-id=\"417ef464\" data-element_type=\"container\" data-settings=\"{&quot;background_background&quot;:&quot;classic&quot;,&quot;animation&quot;:&quot;fadeInRight&quot;,&quot;animation_delay&quot;:300}\">\n\t\t\t\t<div class=\"elementor-element elementor-element-67ae4af7 elementor-widget elementor-widget-image\" data-id=\"67ae4af7\" data-element_type=\"widget\" data-widget_type=\"image.default\">\n\t\t\t\t<div class=\"elementor-widget-container\">\n\t\t\t\t\t\t\t\t\t\t\t\t\t\t\t<img loading=\"lazy\" decoding=\"async\" width=\"1448\" height=\"1086\" src=\"https:\/\/vitalofhair.de\/reliant\/wp-content\/uploads\/2026\/08\/haaranalyse-vital-of-hair.jpeg\" class=\"attachment-full size-full wp-image-749\" alt=\"Haaranalyse bei Vital of Hair\" srcset=\"https:\/\/vitalofhair.de\/reliant\/wp-content\/uploads\/2026\/08\/haaranalyse-vital-of-hair.jpeg 1448w, https:\/\/vitalofhair.de\/reliant\/wp-content\/uploads\/2026\/08\/haaranalyse-vital-of-hair-300x225.jpeg 300w, https:\/\/vitalofhair.de\/reliant\/wp-content\/uploads\/2026\/08\/haaranalyse-vital-of-hair-1024x768.jpeg 1024w, https:\/\/vitalofhair.de\/reliant\/wp-content\/uploads\/2026\/08\/haaranalyse-vital-of-hair-768x576.jpeg 768w\" sizes=\"(max-width: 1448px) 100vw, 1448px\" \/>\t\t\t\t\t\t\t\t\t\t\t\t\t\t\t<\/div>\n\t\t\t\t<\/div>\n\t\t\t\t<div class=\"elementor-element elementor-element-39741014 elementor-widget elementor-widget-icon-box\" data-id=\"39741014\" data-element_type=\"widget\" data-widget_type=\"icon-box.default\">\n\t\t\t\t<div class=\"elementor-widget-container\">\n\t\t\t\t\t\t\t<div class=\"elementor-icon-box-wrapper\">\n\n\t\t\t\n\t\t\t\t\t\t<div class=\"elementor-icon-box-content\">\n\n\t\t\t\t\t\t\t\t\t<h3 class=\"elementor-icon-box-title\">\n\t\t\t\t\t\t<span  >\n\t\t\t\t\t\t\tSa\u00e7 Analizi\t\t\t\t\t\t<\/span>\n\t\t\t\t\t<\/h3>\n\t\t\t\t\n\t\t\t\t\t\t\t\t\t<p class=\"elementor-icon-box-description\">\n\t\t\t\t\t\t Sa\u00e7 yap\u0131s\u0131, sa\u00e7 derisi durumu ve d\u00f6k\u00fclme nedenlerinin detayl\u0131 \u015fekilde incelendi\u011fi profesyonel bir de\u011ferlendirme s\u00fcrecidir.\t\t\t\t\t<\/p>\n\t\t\t\t\n\t\t\t<\/div>\n\t\t\t\n\t\t<\/div>\n\t\t\t\t\t\t<\/div>\n\t\t\t\t<\/div>\n\t\t\t\t<div class=\"elementor-element elementor-element-3291f96 elementor-align-center elementor-widget elementor-widget-button\" data-id=\"3291f96\" data-element_type=\"widget\" data-widget_type=\"button.default\">\n\t\t\t\t<div class=\"elementor-widget-container\">\n\t\t\t\t\t\t\t\t\t<div class=\"elementor-button-wrapper\">\n\t\t\t\t\t<a class=\"elementor-button elementor-button-link elementor-size-sm\" href=\"https:\/\/vitalofhair.de\/reliant\/hizmetlerimiz\/sac-analizi\/\">\n\t\t\t\t\t\t<span class=\"elementor-button-content-wrapper\">\n\t\t\t\t\t\t\t\t\t<span class=\"elementor-button-text\">Hizmeti \u0130ncele<\/span>\n\t\t\t\t\t<\/span>\n\t\t\t\t\t<\/a>\n\t\t\t\t<\/div>\n\t\t\t\t\t\t\t\t<\/div>\n\t\t\t\t<\/div>\n\t\t\t\t<\/div>\n\t\t<div class=\"elementor-element elementor-element-45acda7d e-con-full e-flex elementor-invisible e-con e-child\" data-id=\"45acda7d\" data-element_type=\"container\" data-settings=\"{&quot;background_background&quot;:&quot;classic&quot;,&quot;animation&quot;:&quot;fadeInRight&quot;,&quot;animation_delay&quot;:200}\">\n\t\t\t\t<div class=\"elementor-element elementor-element-46f6a476 elementor-widget elementor-widget-icon-box\" data-id=\"46f6a476\" data-element_type=\"widget\" data-widget_type=\"icon-box.default\">\n\t\t\t\t<div class=\"elementor-widget-container\">\n\t\t\t\t\t\t\t<div class=\"elementor-icon-box-wrapper\">\n\n\t\t\t\n\t\t\t\t\t\t<div class=\"elementor-icon-box-content\">\n\n\t\t\t\t\t\t\t\t\t<h3 class=\"elementor-icon-box-title\">\n\t\t\t\t\t\t<span  >\n\t\t\t\t\t\t\tYara \u0130zi D\u00fczeltme\t\t\t\t\t\t<\/span>\n\t\t\t\t\t<\/h3>\n\t\t\t\t\n\t\t\t\t\t\t\t\t\t<p class=\"elementor-icon-box-description\">\n\t\t\t\t\t\tYara izi d\u00fczeltme uygulamalar\u0131, b\u00f6lgenin estetik b\u00fct\u00fcnl\u00fc\u011f\u00fcn\u00fc yeniden kazand\u0131rmaya y\u00f6nelik ki\u015fiye \u00f6zel \u00e7\u00f6z\u00fcmler sunar.\t\t\t\t\t<\/p>\n\t\t\t\t\n\t\t\t<\/div>\n\t\t\t\n\t\t<\/div>\n\t\t\t\t\t\t<\/div>\n\t\t\t\t<\/div>\n\t\t\t\t<div class=\"elementor-element elementor-element-072363a elementor-align-center elementor-widget elementor-widget-button\" data-id=\"072363a\" data-element_type=\"widget\" data-widget_type=\"button.default\">\n\t\t\t\t<div class=\"elementor-widget-container\">\n\t\t\t\t\t\t\t\t\t<div class=\"elementor-button-wrapper\">\n\t\t\t\t\t<a class=\"elementor-button elementor-button-link elementor-size-sm\" href=\"https:\/\/vitalofhair.de\/reliant\/hizmetlerimiz\/yara-izi-duzeltme\/\">\n\t\t\t\t\t\t<span class=\"elementor-button-content-wrapper\">\n\t\t\t\t\t\t\t\t\t<span class=\"elementor-button-text\">Hizmeti \u0130ncele<\/span>\n\t\t\t\t\t<\/span>\n\t\t\t\t\t<\/a>\n\t\t\t\t<\/div>\n\t\t\t\t\t\t\t\t<\/div>\n\t\t\t\t<\/div>\n\t\t\t\t<\/div>\n\t\t\t\t<\/div>\n\t\t\t\t\t<\/div>\n\t\t\t\t<\/div>\n\t\t\t\t<\/div>\n\t\t","protected":false},"excerpt":{"rendered":"<p>Hizmetlerimiz Sundu\u011fumuz Hizmetler Sa\u00e7 Ekimi Sa\u00e7 sa\u011fl\u0131\u011f\u0131 ve estetik alan\u0131nda bilimsel y\u00f6ntemleri, ki\u015fiye \u00f6zel \u00e7\u00f6z\u00fcmleri merkeze alan bir sa\u00e7 ekim ve tedavi klini\u011fidir. Hizmeti \u0130ncele Sakal Ekimi Sakal ekimi uygulamalar\u0131nda do\u011fal g\u00f6r\u00fcn\u00fcm\u00fc \u00f6n planda tutan, ki\u015fiye \u00f6zel ve kal\u0131c\u0131 \u00e7\u00f6z\u00fcmler sunuyoruz. Hizmeti \u0130ncele Ka\u015f Ekimi Ka\u015flar, t\u00fcm y\u00fcz\u00fcn ifadesini \u015fekillendirir. Vital of Hair\u2019de her ka\u015f [&hellip;]<\/p>\n","protected":false},"author":2,"featured_media":0,"parent":0,"menu_order":2,"comment_status":"closed","ping_status":"closed","template":"elementor_header_footer","meta":{"footnotes":""},"class_list":["post-126","page","type-page","status-publish","hentry"],"yoast_head":"<!-- This site is optimized with the Yoast SEO plugin v28.4 - https:\/\/yoast.com\/product\/yoast-seo-wordpress\/ -->\n<title>Hizmetlerimiz | Vital of Hair<\/title>\n<meta name=\"robots\" content=\"noindex, follow, max-snippet:-1, max-image-preview:large, max-video-preview:-1\" \/>\n<meta property=\"og:locale\" content=\"tr_TR\" \/>\n<meta property=\"og:type\" content=\"article\" \/>\n<meta property=\"og:title\" content=\"Hizmetlerimiz | Vital of Hair\" \/>\n<meta property=\"og:description\" content=\"Hizmetlerimiz Sundu\u011fumuz Hizmetler Sa\u00e7 Ekimi Sa\u00e7 sa\u011fl\u0131\u011f\u0131 ve estetik alan\u0131nda bilimsel y\u00f6ntemleri, ki\u015fiye \u00f6zel \u00e7\u00f6z\u00fcmleri merkeze alan bir sa\u00e7 ekim ve tedavi klini\u011fidir. Hizmeti \u0130ncele Sakal Ekimi Sakal ekimi uygulamalar\u0131nda do\u011fal g\u00f6r\u00fcn\u00fcm\u00fc \u00f6n planda tutan, ki\u015fiye \u00f6zel ve kal\u0131c\u0131 \u00e7\u00f6z\u00fcmler sunuyoruz. Hizmeti \u0130ncele Ka\u015f Ekimi Ka\u015flar, t\u00fcm y\u00fcz\u00fcn ifadesini \u015fekillendirir. Vital of Hair\u2019de her ka\u015f [&hellip;]\" \/>\n<meta property=\"og:url\" content=\"https:\/\/vitalofhair.de\/reliant\/hizmetlerimiz\/\" \/>\n<meta property=\"og:site_name\" content=\"Vital of Hair\" \/>\n<meta property=\"article:modified_time\" content=\"2026-08-31T20:55:53+00:00\" \/>\n<meta property=\"og:image\" content=\"https:\/\/vitalofhair.de\/reliant\/wp-content\/uploads\/2026\/08\/haartransplantation-vital-of-hair.jpeg\" \/>\n<meta name=\"twitter:card\" content=\"summary_large_image\" \/>\n<meta name=\"twitter:label1\" content=\"Tahmini okuma s\u00fcresi\" \/>\n\t<meta name=\"twitter:data1\" content=\"2 dakika\" \/>\n<script type=\"application\/ld+json\" class=\"yoast-schema-graph\">{\"@context\":\"https:\\\/\\\/schema.org\",\"@graph\":[{\"@type\":\"WebPage\",\"@id\":\"https:\\\/\\\/vitalofhair.de\\\/reliant\\\/hizmetlerimiz\\\/\",\"url\":\"https:\\\/\\\/vitalofhair.de\\\/reliant\\\/hizmetlerimiz\\\/\",\"name\":\"Hizmetlerimiz | Vital of Hair\",\"isPartOf\":{\"@id\":\"https:\\\/\\\/vitalofhair.de\\\/reliant\\\/#website\"},\"primaryImageOfPage\":{\"@id\":\"https:\\\/\\\/vitalofhair.de\\\/reliant\\\/hizmetlerimiz\\\/#primaryimage\"},\"image\":{\"@id\":\"https:\\\/\\\/vitalofhair.de\\\/reliant\\\/hizmetlerimiz\\\/#primaryimage\"},\"thumbnailUrl\":\"https:\\\/\\\/vitalofhair.de\\\/reliant\\\/wp-content\\\/uploads\\\/2026\\\/08\\\/haartransplantation-vital-of-hair.jpeg\",\"datePublished\":\"2025-12-17T12:24:04+00:00\",\"dateModified\":\"2026-08-31T20:55:53+00:00\",\"breadcrumb\":{\"@id\":\"https:\\\/\\\/vitalofhair.de\\\/reliant\\\/hizmetlerimiz\\\/#breadcrumb\"},\"inLanguage\":\"tr\",\"potentialAction\":[{\"@type\":\"ReadAction\",\"target\":[\"https:\\\/\\\/vitalofhair.de\\\/reliant\\\/hizmetlerimiz\\\/\"]}]},{\"@type\":\"ImageObject\",\"inLanguage\":\"tr\",\"@id\":\"https:\\\/\\\/vitalofhair.de\\\/reliant\\\/hizmetlerimiz\\\/#primaryimage\",\"url\":\"https:\\\/\\\/vitalofhair.de\\\/reliant\\\/wp-content\\\/uploads\\\/2026\\\/08\\\/haartransplantation-vital-of-hair.jpeg\",\"contentUrl\":\"https:\\\/\\\/vitalofhair.de\\\/reliant\\\/wp-content\\\/uploads\\\/2026\\\/08\\\/haartransplantation-vital-of-hair.jpeg\",\"width\":1254,\"height\":1254,\"caption\":\"Haartransplantation bei Vital of Hair\"},{\"@type\":\"BreadcrumbList\",\"@id\":\"https:\\\/\\\/vitalofhair.de\\\/reliant\\\/hizmetlerimiz\\\/#breadcrumb\",\"itemListElement\":[{\"@type\":\"ListItem\",\"position\":1,\"name\":\"Anasayfa\",\"item\":\"https:\\\/\\\/vitalofhair.de\\\/reliant\\\/de\\\/startseite\\\/\"},{\"@type\":\"ListItem\",\"position\":2,\"name\":\"Hizmetlerimiz\"}]},{\"@type\":\"WebSite\",\"@id\":\"https:\\\/\\\/vitalofhair.de\\\/reliant\\\/#website\",\"url\":\"https:\\\/\\\/vitalofhair.de\\\/reliant\\\/\",\"name\":\"Vital of Hair\",\"description\":\"\",\"publisher\":{\"@id\":\"https:\\\/\\\/vitalofhair.de\\\/reliant\\\/#organization\"},\"potentialAction\":[{\"@type\":\"SearchAction\",\"target\":{\"@type\":\"EntryPoint\",\"urlTemplate\":\"https:\\\/\\\/vitalofhair.de\\\/reliant\\\/?s={search_term_string}\"},\"query-input\":{\"@type\":\"PropertyValueSpecification\",\"valueRequired\":true,\"valueName\":\"search_term_string\"}}],\"inLanguage\":\"tr\"},{\"@type\":\"Organization\",\"@id\":\"https:\\\/\\\/vitalofhair.de\\\/reliant\\\/#organization\",\"name\":\"Vital of Hair\",\"url\":\"https:\\\/\\\/vitalofhair.de\\\/reliant\\\/\",\"logo\":{\"@type\":\"ImageObject\",\"inLanguage\":\"tr\",\"@id\":\"https:\\\/\\\/vitalofhair.de\\\/reliant\\\/#\\\/schema\\\/logo\\\/image\\\/\",\"url\":\"https:\\\/\\\/vitalofhair.de\\\/reliant\\\/wp-content\\\/uploads\\\/2025\\\/12\\\/vital-of-hair-logo.png\",\"contentUrl\":\"https:\\\/\\\/vitalofhair.de\\\/reliant\\\/wp-content\\\/uploads\\\/2025\\\/12\\\/vital-of-hair-logo.png\",\"width\":417,\"height\":108,\"caption\":\"Vital of Hair\"},\"image\":{\"@id\":\"https:\\\/\\\/vitalofhair.de\\\/reliant\\\/#\\\/schema\\\/logo\\\/image\\\/\"}}]}<\/script>\n<!-- \/ Yoast SEO plugin. -->","yoast_head_json":{"title":"Hizmetlerimiz | Vital of Hair","robots":{"index":"noindex","follow":"follow","max-snippet":"max-snippet:-1","max-image-preview":"max-image-preview:large","max-video-preview":"max-video-preview:-1"},"og_locale":"tr_TR","og_type":"article","og_title":"Hizmetlerimiz | Vital of Hair","og_description":"Hizmetlerimiz Sundu\u011fumuz Hizmetler Sa\u00e7 Ekimi Sa\u00e7 sa\u011fl\u0131\u011f\u0131 ve estetik alan\u0131nda bilimsel y\u00f6ntemleri, ki\u015fiye \u00f6zel \u00e7\u00f6z\u00fcmleri merkeze alan bir sa\u00e7 ekim ve tedavi klini\u011fidir. Hizmeti \u0130ncele Sakal Ekimi Sakal ekimi uygulamalar\u0131nda do\u011fal g\u00f6r\u00fcn\u00fcm\u00fc \u00f6n planda tutan, ki\u015fiye \u00f6zel ve kal\u0131c\u0131 \u00e7\u00f6z\u00fcmler sunuyoruz. Hizmeti \u0130ncele Ka\u015f Ekimi Ka\u015flar, t\u00fcm y\u00fcz\u00fcn ifadesini \u015fekillendirir. Vital of Hair\u2019de her ka\u015f [&hellip;]","og_url":"https:\/\/vitalofhair.de\/reliant\/hizmetlerimiz\/","og_site_name":"Vital of Hair","article_modified_time":"2026-08-31T20:55:53+00:00","og_image":[{"url":"https:\/\/vitalofhair.de\/reliant\/wp-content\/uploads\/2026\/08\/haartransplantation-vital-of-hair.jpeg","type":"","width":"","height":""}],"twitter_card":"summary_large_image","twitter_misc":{"Tahmini okuma s\u00fcresi":"2 dakika"},"schema":{"@context":"https:\/\/schema.org","@graph":[{"@type":"WebPage","@id":"https:\/\/vitalofhair.de\/reliant\/hizmetlerimiz\/","url":"https:\/\/vitalofhair.de\/reliant\/hizmetlerimiz\/","name":"Hizmetlerimiz | Vital of Hair","isPartOf":{"@id":"https:\/\/vitalofhair.de\/reliant\/#website"},"primaryImageOfPage":{"@id":"https:\/\/vitalofhair.de\/reliant\/hizmetlerimiz\/#primaryimage"},"image":{"@id":"https:\/\/vitalofhair.de\/reliant\/hizmetlerimiz\/#primaryimage"},"thumbnailUrl":"https:\/\/vitalofhair.de\/reliant\/wp-content\/uploads\/2026\/08\/haartransplantation-vital-of-hair.jpeg","datePublished":"2025-12-17T12:24:04+00:00","dateModified":"2026-08-31T20:55:53+00:00","breadcrumb":{"@id":"https:\/\/vitalofhair.de\/reliant\/hizmetlerimiz\/#breadcrumb"},"inLanguage":"tr","potentialAction":[{"@type":"ReadAction","target":["https:\/\/vitalofhair.de\/reliant\/hizmetlerimiz\/"]}]},{"@type":"ImageObject","inLanguage":"tr","@id":"https:\/\/vitalofhair.de\/reliant\/hizmetlerimiz\/#primaryimage","url":"https:\/\/vitalofhair.de\/reliant\/wp-content\/uploads\/2026\/08\/haartransplantation-vital-of-hair.jpeg","contentUrl":"https:\/\/vitalofhair.de\/reliant\/wp-content\/uploads\/2026\/08\/haartransplantation-vital-of-hair.jpeg","width":1254,"height":1254,"caption":"Haartransplantation bei Vital of Hair"},{"@type":"BreadcrumbList","@id":"https:\/\/vitalofhair.de\/reliant\/hizmetlerimiz\/#breadcrumb","itemListElement":[{"@type":"ListItem","position":1,"name":"Anasayfa","item":"https:\/\/vitalofhair.de\/reliant\/de\/startseite\/"},{"@type":"ListItem","position":2,"name":"Hizmetlerimiz"}]},{"@type":"WebSite","@id":"https:\/\/vitalofhair.de\/reliant\/#website","url":"https:\/\/vitalofhair.de\/reliant\/","name":"Vital of Hair","description":"","publisher":{"@id":"https:\/\/vitalofhair.de\/reliant\/#organization"},"potentialAction":[{"@type":"SearchAction","target":{"@type":"EntryPoint","urlTemplate":"https:\/\/vitalofhair.de\/reliant\/?s={search_term_string}"},"query-input":{"@type":"PropertyValueSpecification","valueRequired":true,"valueName":"search_term_string"}}],"inLanguage":"tr"},{"@type":"Organization","@id":"https:\/\/vitalofhair.de\/reliant\/#organization","name":"Vital of Hair","url":"https:\/\/vitalofhair.de\/reliant\/","logo":{"@type":"ImageObject","inLanguage":"tr","@id":"https:\/\/vitalofhair.de\/reliant\/#\/schema\/logo\/image\/","url":"https:\/\/vitalofhair.de\/reliant\/wp-content\/uploads\/2025\/12\/vital-of-hair-logo.png","contentUrl":"https:\/\/vitalofhair.de\/reliant\/wp-content\/uploads\/2025\/12\/vital-of-hair-logo.png","width":417,"height":108,"caption":"Vital of Hair"},"image":{"@id":"https:\/\/vitalofhair.de\/reliant\/#\/schema\/logo\/image\/"}}]}},"_links":{"self":[{"href":"https:\/\/vitalofhair.de\/reliant\/wp-json\/wp\/v2\/pages\/126","targetHints":{"allow":["GET"]}}],"collection":[{"href":"https:\/\/vitalofhair.de\/reliant\/wp-json\/wp\/v2\/pages"}],"about":[{"href":"https:\/\/vitalofhair.de\/reliant\/wp-json\/wp\/v2\/types\/page"}],"author":[{"embeddable":true,"href":"https:\/\/vitalofhair.de\/reliant\/wp-json\/wp\/v2\/users\/2"}],"replies":[{"embeddable":true,"href":"https:\/\/vitalofhair.de\/reliant\/wp-json\/wp\/v2\/comments?post=126"}],"version-history":[{"count":3,"href":"https:\/\/vitalofhair.de\/reliant\/wp-json\/wp\/v2\/pages\/126\/revisions"}],"predecessor-version":[{"id":1770,"href":"https:\/\/vitalofhair.de\/reliant\/wp-json\/wp\/v2\/pages\/126\/revisions\/1770"}],"wp:attachment":[{"href":"https:\/\/vitalofhair.de\/reliant\/wp-json\/wp\/v2\/media?parent=126"}],"curies":[{"name":"wp","href":"https:\/\/api.w.org\/{rel}","templated":true}]}}