{"id":1382,"date":"2026-08-26T09:55:45","date_gmt":"2026-08-26T06:55:45","guid":{"rendered":"https:\/\/vitalofhair.de\/?page_id=1382"},"modified":"2026-08-29T14:40:48","modified_gmt":"2026-08-29T11:40:48","slug":"kadin-sac-ekimi","status":"publish","type":"page","link":"https:\/\/vitalofhair.de\/reliant\/hizmetlerimiz\/kadin-sac-ekimi\/","title":{"rendered":"Kad\u0131nlarda Sa\u00e7 Ekimi"},"content":{"rendered":"\t\t<div data-elementor-type=\"wp-page\" data-elementor-id=\"1382\" class=\"elementor elementor-1382\" data-elementor-post-type=\"page\">\n\t\t\t\t<div class=\"elementor-element elementor-element-d397ba4 e-con-full e-flex e-con e-parent\" data-id=\"d397ba4\" data-element_type=\"container\">\n\t\t\t\t<div class=\"elementor-element elementor-element-a411b69 elementor-widget elementor-widget-template\" data-id=\"a411b69\" data-element_type=\"widget\" data-widget_type=\"template.default\">\n\t\t\t\t<div class=\"elementor-widget-container\">\n\t\t\t\t\t\t\t<div class=\"elementor-template\">\n\t\t\t\t\t<div data-elementor-type=\"page\" data-elementor-id=\"89\" class=\"elementor elementor-89\" data-elementor-post-type=\"elementor_library\">\n\t\t\t\t<div class=\"elementor-element elementor-element-35746bb e-flex e-con-boxed e-con e-parent\" data-id=\"35746bb\" data-element_type=\"container\" data-settings=\"{&quot;background_background&quot;:&quot;classic&quot;,&quot;animation&quot;:&quot;none&quot;}\">\n\t\t\t\t\t<div class=\"e-con-inner\">\n\t\t<div class=\"elementor-element elementor-element-d8ce537 e-con-full e-flex e-con e-child\" data-id=\"d8ce537\" data-element_type=\"container\">\n\t\t\t\t<div class=\"elementor-element elementor-element-65fcf51 elementor-widget elementor-widget-heading\" data-id=\"65fcf51\" data-element_type=\"widget\" data-widget_type=\"heading.default\">\n\t\t\t\t<div class=\"elementor-widget-container\">\n\t\t\t\t\t<h1 class=\"elementor-heading-title elementor-size-default\">Kad\u0131nlarda Sa\u00e7 Ekimi<\/h1>\t\t\t\t<\/div>\n\t\t\t\t<\/div>\n\t\t\t\t<\/div>\n\t\t\t\t\t<\/div>\n\t\t\t\t<\/div>\n\t\t\t\t<\/div>\n\t\t\t\t<\/div>\n\t\t\t\t\t\t<\/div>\n\t\t\t\t<\/div>\n\t\t\t\t<\/div>\n\t\t<div class=\"elementor-element elementor-element-24399a8 e-con-full e-flex e-con e-child\" data-id=\"24399a8\" data-element_type=\"container\">\n\t\t\t\t<div class=\"elementor-element elementor-element-4e55859 elementor-widget elementor-widget-heading\" data-id=\"4e55859\" data-element_type=\"widget\" data-widget_type=\"heading.default\">\n\t\t\t\t<div class=\"elementor-widget-container\">\n\t\t\t\t\t<h2 class=\"elementor-heading-title elementor-size-default\">Y\u00fcksek Bir Al\u0131n ve \u0130ncelen Sa\u00e7lar, Kendine \u00d6zg\u00fc Bir \u00c7\u00f6z\u00fcm\u00fc Hak Eder<\/h2>\t\t\t\t<\/div>\n\t\t\t\t<\/div>\n\t\t\t\t<div class=\"elementor-element elementor-element-bc5aec0 elementor-widget elementor-widget-text-editor\" data-id=\"bc5aec0\" data-element_type=\"widget\" data-widget_type=\"text-editor.default\">\n\t\t\t\t<div class=\"elementor-widget-container\">\n\t\t\t\t\t\t\t\t\t<p>Kad\u0131nlarda sa\u00e7 \u00e7izgisi erkeklerden farkl\u0131 bir seyir izler; genellikle belirgin bir \u015fakak gerilemesi olmadan, daha yayg\u0131n (diff\u00fcz) bir incelme \u015feklinde g\u00f6r\u00fcl\u00fcr. Vital of Hair&#8217;da her tedaviyi kad\u0131n kafa yap\u0131s\u0131na ve sa\u00e7 yap\u0131s\u0131na \u00f6zel olarak planl\u0131yoruz; hedefimiz yo\u011fun ve do\u011fal g\u00f6r\u00fcn\u00fcml\u00fc bir sonu\u00e7tur.<\/p>\t\t\t\t\t\t\t\t<\/div>\n\t\t\t\t<\/div>\n\t\t\t\t<div class=\"elementor-element elementor-element-a1963ed elementor-widget elementor-widget-heading\" data-id=\"a1963ed\" data-element_type=\"widget\" data-widget_type=\"heading.default\">\n\t\t\t\t<div class=\"elementor-widget-container\">\n\t\t\t\t\t<h2 class=\"elementor-heading-title elementor-size-default\">Kad\u0131nlarda Sa\u00e7 Ekimi Nedir?<\/h2>\t\t\t\t<\/div>\n\t\t\t\t<\/div>\n\t\t\t\t<div class=\"elementor-element elementor-element-dee3ae2 elementor-widget elementor-widget-text-editor\" data-id=\"dee3ae2\" data-element_type=\"widget\" data-widget_type=\"text-editor.default\">\n\t\t\t\t<div class=\"elementor-widget-container\">\n\t\t\t\t\t\t\t\t\t<p>Kad\u0131nlarda sa\u00e7 ekiminde, daha yo\u011fun k\u0131ll\u0131 don\u00f6r b\u00f6lgelerden sa\u011fl\u0131kl\u0131 sa\u00e7 k\u00f6kleri al\u0131n\u0131r ve incelen veya seyrekle\u015fen b\u00f6lgelere -genellikle sa\u00e7 \u00e7izgisi boyunca veya tepe\/orta ayr\u0131m b\u00f6lgesinde- \u00f6zenle nakledilir.<\/p>\t\t\t\t\t\t\t\t<\/div>\n\t\t\t\t<\/div>\n\t\t<div class=\"elementor-element elementor-element-8c7a13f e-con-full e-flex e-con e-child\" data-id=\"8c7a13f\" data-element_type=\"container\">\n\t\t<div class=\"elementor-element elementor-element-c8c549d e-con-full e-flex e-con e-child\" data-id=\"c8c549d\" data-element_type=\"container\">\n\t\t\t\t<div class=\"elementor-element elementor-element-356df53 elementor-widget elementor-widget-html\" data-id=\"356df53\" data-element_type=\"widget\" data-widget_type=\"html.default\">\n\t\t\t\t<div class=\"elementor-widget-container\">\n\t\t\t\t\t<div style=\"max-width:900px;margin:0 auto;padding:0 20px;\"><img decoding=\"async\" src=\"https:\/\/vitalofhair.de\/wp-content\/uploads\/2026\/08\/frauen-haartransplantation.jpeg\" alt=\"Kadin hastanin sac ekimi oncesi doktor tarafindan sac cizgisinin cizilmesi\" style=\"width:100%;height:auto;display:block;border-radius:16px;\" loading=\"lazy\" \/><\/div><\/div>\t\t\t\t<\/div>\n\t\t\t\t<\/div>\n\t\t\t\t<\/div>\n\t\t<div class=\"elementor-element elementor-element-74f70c0 e-con-full e-flex e-con e-child\" data-id=\"74f70c0\" data-element_type=\"container\">\n\t\t\t\t<div class=\"elementor-element elementor-element-983154e elementor-widget elementor-widget-heading\" data-id=\"983154e\" data-element_type=\"widget\" data-widget_type=\"heading.default\">\n\t\t\t\t<div class=\"elementor-widget-container\">\n\t\t\t\t\t<h2 class=\"elementor-heading-title elementor-size-default\">Kad\u0131nlarda Sa\u00e7 Ekimi \u0130\u00e7in Kimler Uygundur?<\/h2>\t\t\t\t<\/div>\n\t\t\t\t<\/div>\n\t\t\t\t<div class=\"elementor-element elementor-element-20d4707 elementor-widget elementor-widget-text-editor\" data-id=\"20d4707\" data-element_type=\"widget\" data-widget_type=\"text-editor.default\">\n\t\t\t\t<div class=\"elementor-widget-container\">\n\t\t\t\t\t\t\t\t\t<p>Diff\u00fcz sa\u00e7 d\u00f6k\u00fclmesi ya\u015fayan, sa\u00e7 \u00e7izgisi geri \u00e7ekilen, tepe\/ayr\u0131m b\u00f6lgesinde seyrekle\u015fme g\u00f6r\u00fclen veya hormonal de\u011fi\u015fiklikler sonras\u0131 sa\u00e7 kayb\u0131 ya\u015fayan kad\u0131nlar i\u00e7in uygundur. Detayl\u0131 bir sa\u00e7 analizi, bireysel durumda hangi y\u00f6ntemin uygun oldu\u011funu ortaya koyar.<\/p>\t\t\t\t\t\t\t\t<\/div>\n\t\t\t\t<\/div>\n\t\t\t\t<\/div>\n\t\t\t\t<\/div>\n\t\t\t\t<div class=\"elementor-element elementor-element-56693f2 elementor-widget elementor-widget-heading\" data-id=\"56693f2\" data-element_type=\"widget\" data-widget_type=\"heading.default\">\n\t\t\t\t<div class=\"elementor-widget-container\">\n\t\t\t\t\t<h2 class=\"elementor-heading-title elementor-size-default\">Kad\u0131nlarda Sa\u00e7 Ekimi Nas\u0131l Yap\u0131l\u0131r?<\/h2>\t\t\t\t<\/div>\n\t\t\t\t<\/div>\n\t\t\t\t<div class=\"elementor-element elementor-element-74af5e3 elementor-widget elementor-widget-text-editor\" data-id=\"74af5e3\" data-element_type=\"widget\" data-widget_type=\"text-editor.default\">\n\t\t\t\t<div class=\"elementor-widget-container\">\n\t\t\t\t\t\t\t\t\t<p>1. Sa\u00e7 Analizi ve Sa\u00e7 \u00c7izgisi Planlamas\u0131 \u2013 Kafa yap\u0131s\u0131, mevcut sa\u00e7 yo\u011funlu\u011fu ve sa\u00e7 \u00e7izgisinin do\u011fal seyri hastayla birlikte de\u011ferlendirilir ve ki\u015fiye \u00f6zel olarak \u00e7izilir.<\/p><p>2. Greft Al\u0131m\u0131 \u2013 Sa\u011fl\u0131kl\u0131 sa\u00e7 k\u00f6kleri, daha yo\u011fun k\u0131ll\u0131 don\u00f6r b\u00f6lgelerden nazik\u00e7e al\u0131n\u0131r.<\/p><p>3. Hassas Yerle\u015ftirme \u2013 Her greft, sa\u00e7\u0131n do\u011fal b\u00fcy\u00fcme y\u00f6n\u00fcn\u00fc takip edecek \u015fekilde tek tek ve do\u011fru a\u00e7\u0131yla yerle\u015ftirilir.<\/p>\t\t\t\t\t\t\t\t<\/div>\n\t\t\t\t<\/div>\n\t\t\t\t<div class=\"elementor-element elementor-element-791ac47 elementor-widget elementor-widget-heading\" data-id=\"791ac47\" data-element_type=\"widget\" data-widget_type=\"heading.default\">\n\t\t\t\t<div class=\"elementor-widget-container\">\n\t\t\t\t\t<h2 class=\"elementor-heading-title elementor-size-default\">Kad\u0131nlarda Sa\u00e7 Ekimi Teknikleri<\/h2>\t\t\t\t<\/div>\n\t\t\t\t<\/div>\n\t\t\t\t<div class=\"elementor-element elementor-element-d7e1968 elementor-widget elementor-widget-text-editor\" data-id=\"d7e1968\" data-element_type=\"widget\" data-widget_type=\"text-editor.default\">\n\t\t\t\t<div class=\"elementor-widget-container\">\n\t\t\t\t\t\t\t\t\t<p>Vital of Hair&#8217;da, mevcut duruma g\u00f6re FUE veya DHI tekni\u011fi uygulan\u0131r. Her iki y\u00f6ntem de tek tek sa\u00e7 k\u00f6klerinin hassas ve nazik bir \u015fekilde nakledilmesini sa\u011flar \u2013 g\u00f6r\u00fcn\u00fcr, \u00e7izgisel bir yara izi b\u0131rakmadan.<\/p>\t\t\t\t\t\t\t\t<\/div>\n\t\t\t\t<\/div>\n\t\t\t\t<div class=\"elementor-element elementor-element-95d0bc2 elementor-widget elementor-widget-heading\" data-id=\"95d0bc2\" data-element_type=\"widget\" data-widget_type=\"heading.default\">\n\t\t\t\t<div class=\"elementor-widget-container\">\n\t\t\t\t\t<h2 class=\"elementor-heading-title elementor-size-default\">Kad\u0131nlarda Sa\u00e7 Ekimi Sonras\u0131 \u0130yile\u015fme S\u00fcreci<\/h2>\t\t\t\t<\/div>\n\t\t\t\t<\/div>\n\t\t\t\t<div class=\"elementor-element elementor-element-8ca56c0 elementor-widget elementor-widget-text-editor\" data-id=\"8ca56c0\" data-element_type=\"widget\" data-widget_type=\"text-editor.default\">\n\t\t\t\t<div class=\"elementor-widget-container\">\n\t\t\t\t\t\t\t\t\t<p>Tedaviden sonraki ilk g\u00fcnlerde don\u00f6r ve al\u0131c\u0131 b\u00f6lgede hafif k\u0131zar\u0131kl\u0131klar g\u00f6r\u00fclebilir; bunlar k\u0131sa s\u00fcrede ge\u00e7er. Nakledilen sa\u00e7lar, sonraki aylarda kademeli olarak b\u00fcy\u00fcr ve mevcut sa\u00e7 \u015fekline do\u011fal bir \u015fekilde uyum sa\u011flayan bir sonu\u00e7 ortaya \u00e7\u0131kar.<\/p>\t\t\t\t\t\t\t\t<\/div>\n\t\t\t\t<\/div>\n\t\t\t\t<div class=\"elementor-element elementor-element-eab76d2 elementor-widget elementor-widget-heading\" data-id=\"eab76d2\" data-element_type=\"widget\" data-widget_type=\"heading.default\">\n\t\t\t\t<div class=\"elementor-widget-container\">\n\t\t\t\t\t<h2 class=\"elementor-heading-title elementor-size-default\">Kad\u0131nlarda Sa\u00e7 Ekimi \u0130\u00e7in Neden Vital of Hair?<\/h2>\t\t\t\t<\/div>\n\t\t\t\t<\/div>\n\t\t\t\t<div class=\"elementor-element elementor-element-64ffeb7 elementor-widget elementor-widget-text-editor\" data-id=\"64ffeb7\" data-element_type=\"widget\" data-widget_type=\"text-editor.default\">\n\t\t\t\t<div class=\"elementor-widget-container\">\n\t\t\t\t\t\t\t\t\t<p><b>Ki\u015fiye \u00f6zel sa\u00e7 \u00e7izgisi planlamas\u0131 \u2013 her tedavi, kad\u0131n kafa yap\u0131s\u0131na ve do\u011fal sa\u00e7 b\u00fcy\u00fcmesine g\u00f6re uyarlan\u0131r, asla \u015fablonik uygulanmaz.<\/b><\/p><p>Deneyimli ekip \u2013 kad\u0131n tipi sa\u00e7 d\u00f6k\u00fclmesinin \u00f6zel gereksinimleri konusunda deneyim.<\/p><p>Gizli ve \u00f6zel bak\u0131m \u2013 g\u00fcnl\u00fck s\u0131n\u0131rl\u0131 hasta say\u0131s\u0131yla ki\u015fisel, butik tarz\u0131 bak\u0131m.<\/p>\t\t\t\t\t\t\t\t<\/div>\n\t\t\t\t<\/div>\n\t\t\t\t<div class=\"elementor-element elementor-element-ae0f9a8 elementor-widget elementor-widget-heading\" data-id=\"ae0f9a8\" data-element_type=\"widget\" data-widget_type=\"heading.default\">\n\t\t\t\t<div class=\"elementor-widget-container\">\n\t\t\t\t\t<h2 class=\"elementor-heading-title elementor-size-default\">Do\u011fal G\u00f6r\u00fcn\u00fcml\u00fc Bir Sonu\u00e7 \u2013 Ba\u015ftan \u0130tibaren \u00d6zenle Planlanm\u0131\u015f<\/h2>\t\t\t\t<\/div>\n\t\t\t\t<\/div>\n\t\t\t\t<div class=\"elementor-element elementor-element-0ccd66d elementor-widget elementor-widget-text-editor\" data-id=\"0ccd66d\" data-element_type=\"widget\" data-widget_type=\"text-editor.default\">\n\t\t\t\t<div class=\"elementor-widget-container\">\n\t\t\t\t\t\t\t\t\t<p>Siz de daha yo\u011fun ve do\u011fal g\u00f6r\u00fcn\u00fcml\u00fc bir sa\u00e7 \u00e7izgisi istiyorsan\u0131z, ilk ad\u0131m \u00fccretsiz bir sa\u00e7 analiziyle ba\u015flar \u2013 ki\u015fisel, taahh\u00fct gerektirmeyen ve tamamen size \u00f6zel.<\/p>\t\t\t\t\t\t\t\t<\/div>\n\t\t\t\t<\/div>\n\t\t\t\t<\/div>\n\t\t<div class=\"elementor-element elementor-element-8ee2b8a e-con-full e-flex e-con e-child\" data-id=\"8ee2b8a\" data-element_type=\"container\">\n\t\t\t\t<div class=\"elementor-element elementor-element-38ec453 elementor-widget elementor-widget-text-editor\" data-id=\"38ec453\" data-element_type=\"widget\" data-widget_type=\"text-editor.default\">\n\t\t\t\t<div class=\"elementor-widget-container\">\n\t\t\t\t\t\t\t\t\t<p style=\"text-align:center;\">\u0130lginizi \u00e7ekebilir: <a href=\"https:\/\/vitalofhair.de\/hizmetlerimiz\/sac-ekimi\/\">Sa\u00e7 Ekimi<\/a> \u00b7 <a href=\"https:\/\/vitalofhair.de\/hizmetlerimiz\/sac-analizi\/\">Sa\u00e7 Analizi<\/a> \u00b7 <a href=\"https:\/\/vitalofhair.de\/hizmetlerimiz\/\">T\u00fcm Tedavilere Genel Bak\u0131\u015f<\/a><\/p>\t\t\t\t\t\t\t\t<\/div>\n\t\t\t\t<\/div>\n\t\t\t\t<\/div>\n\t\t\t\t<\/div>\n\t\t","protected":false},"excerpt":{"rendered":"<p>Y\u00fcksek Bir Al\u0131n ve \u0130ncelen Sa\u00e7lar, Kendine \u00d6zg\u00fc Bir \u00c7\u00f6z\u00fcm\u00fc Hak Eder Kad\u0131nlarda sa\u00e7 \u00e7izgisi erkeklerden farkl\u0131 bir seyir izler; genellikle belirgin bir \u015fakak gerilemesi olmadan, daha yayg\u0131n (diff\u00fcz) bir incelme \u015feklinde g\u00f6r\u00fcl\u00fcr. Vital of Hair&#8217;da her tedaviyi kad\u0131n kafa yap\u0131s\u0131na ve sa\u00e7 yap\u0131s\u0131na \u00f6zel olarak planl\u0131yoruz; hedefimiz yo\u011fun ve do\u011fal g\u00f6r\u00fcn\u00fcml\u00fc bir sonu\u00e7tur. Kad\u0131nlarda [&hellip;]<\/p>\n","protected":false},"author":3,"featured_media":0,"parent":126,"menu_order":0,"comment_status":"closed","ping_status":"closed","template":"","meta":{"footnotes":""},"class_list":["post-1382","page","type-page","status-publish","hentry"],"yoast_head":"<!-- This site is optimized with the Yoast SEO plugin v28.4 - https:\/\/yoast.com\/product\/yoast-seo-wordpress\/ -->\n<title>Kad\u0131nlarda Sa\u00e7 Ekimi | Vital of Hair<\/title>\n<meta name=\"robots\" content=\"noindex, follow, max-snippet:-1, max-image-preview:large, max-video-preview:-1\" \/>\n<meta property=\"og:locale\" content=\"tr_TR\" \/>\n<meta property=\"og:type\" content=\"article\" \/>\n<meta property=\"og:title\" content=\"Kad\u0131nlarda Sa\u00e7 Ekimi | Vital of Hair\" \/>\n<meta property=\"og:description\" content=\"Y\u00fcksek Bir Al\u0131n ve \u0130ncelen Sa\u00e7lar, Kendine \u00d6zg\u00fc Bir \u00c7\u00f6z\u00fcm\u00fc Hak Eder Kad\u0131nlarda sa\u00e7 \u00e7izgisi erkeklerden farkl\u0131 bir seyir izler; genellikle belirgin bir \u015fakak gerilemesi olmadan, daha yayg\u0131n (diff\u00fcz) bir incelme \u015feklinde g\u00f6r\u00fcl\u00fcr. Vital of Hair&#8217;da her tedaviyi kad\u0131n kafa yap\u0131s\u0131na ve sa\u00e7 yap\u0131s\u0131na \u00f6zel olarak planl\u0131yoruz; hedefimiz yo\u011fun ve do\u011fal g\u00f6r\u00fcn\u00fcml\u00fc bir sonu\u00e7tur. Kad\u0131nlarda [&hellip;]\" \/>\n<meta property=\"og:url\" content=\"https:\/\/vitalofhair.de\/reliant\/hizmetlerimiz\/kadin-sac-ekimi\/\" \/>\n<meta property=\"og:site_name\" content=\"Vital of Hair\" \/>\n<meta property=\"article:modified_time\" content=\"2026-08-29T11:40:48+00:00\" \/>\n<meta property=\"og:image\" content=\"https:\/\/vitalofhair.de\/wp-content\/uploads\/2026\/08\/frauen-haartransplantation.jpeg\" \/>\n<meta name=\"twitter:card\" content=\"summary_large_image\" \/>\n<meta name=\"twitter:label1\" content=\"Tahmini okuma s\u00fcresi\" \/>\n\t<meta name=\"twitter:data1\" content=\"3 dakika\" \/>\n<script type=\"application\/ld+json\" class=\"yoast-schema-graph\">{\"@context\":\"https:\\\/\\\/schema.org\",\"@graph\":[{\"@type\":\"WebPage\",\"@id\":\"https:\\\/\\\/vitalofhair.de\\\/reliant\\\/hizmetlerimiz\\\/kadin-sac-ekimi\\\/\",\"url\":\"https:\\\/\\\/vitalofhair.de\\\/reliant\\\/hizmetlerimiz\\\/kadin-sac-ekimi\\\/\",\"name\":\"Kad\u0131nlarda Sa\u00e7 Ekimi | Vital of Hair\",\"isPartOf\":{\"@id\":\"https:\\\/\\\/vitalofhair.de\\\/reliant\\\/#website\"},\"primaryImageOfPage\":{\"@id\":\"https:\\\/\\\/vitalofhair.de\\\/reliant\\\/hizmetlerimiz\\\/kadin-sac-ekimi\\\/#primaryimage\"},\"image\":{\"@id\":\"https:\\\/\\\/vitalofhair.de\\\/reliant\\\/hizmetlerimiz\\\/kadin-sac-ekimi\\\/#primaryimage\"},\"thumbnailUrl\":\"https:\\\/\\\/vitalofhair.de\\\/wp-content\\\/uploads\\\/2026\\\/08\\\/frauen-haartransplantation.jpeg\",\"datePublished\":\"2026-08-26T06:55:45+00:00\",\"dateModified\":\"2026-08-29T11:40:48+00:00\",\"breadcrumb\":{\"@id\":\"https:\\\/\\\/vitalofhair.de\\\/reliant\\\/hizmetlerimiz\\\/kadin-sac-ekimi\\\/#breadcrumb\"},\"inLanguage\":\"tr\",\"potentialAction\":[{\"@type\":\"ReadAction\",\"target\":[\"https:\\\/\\\/vitalofhair.de\\\/reliant\\\/hizmetlerimiz\\\/kadin-sac-ekimi\\\/\"]}]},{\"@type\":\"ImageObject\",\"inLanguage\":\"tr\",\"@id\":\"https:\\\/\\\/vitalofhair.de\\\/reliant\\\/hizmetlerimiz\\\/kadin-sac-ekimi\\\/#primaryimage\",\"url\":\"https:\\\/\\\/vitalofhair.de\\\/wp-content\\\/uploads\\\/2026\\\/08\\\/frauen-haartransplantation.jpeg\",\"contentUrl\":\"https:\\\/\\\/vitalofhair.de\\\/wp-content\\\/uploads\\\/2026\\\/08\\\/frauen-haartransplantation.jpeg\"},{\"@type\":\"BreadcrumbList\",\"@id\":\"https:\\\/\\\/vitalofhair.de\\\/reliant\\\/hizmetlerimiz\\\/kadin-sac-ekimi\\\/#breadcrumb\",\"itemListElement\":[{\"@type\":\"ListItem\",\"position\":1,\"name\":\"Anasayfa\",\"item\":\"https:\\\/\\\/vitalofhair.de\\\/reliant\\\/de\\\/startseite\\\/\"},{\"@type\":\"ListItem\",\"position\":2,\"name\":\"Kad\u0131nlarda Sa\u00e7 Ekimi\"}]},{\"@type\":\"WebSite\",\"@id\":\"https:\\\/\\\/vitalofhair.de\\\/reliant\\\/#website\",\"url\":\"https:\\\/\\\/vitalofhair.de\\\/reliant\\\/\",\"name\":\"Vital of Hair\",\"description\":\"\",\"publisher\":{\"@id\":\"https:\\\/\\\/vitalofhair.de\\\/reliant\\\/#organization\"},\"potentialAction\":[{\"@type\":\"SearchAction\",\"target\":{\"@type\":\"EntryPoint\",\"urlTemplate\":\"https:\\\/\\\/vitalofhair.de\\\/reliant\\\/?s={search_term_string}\"},\"query-input\":{\"@type\":\"PropertyValueSpecification\",\"valueRequired\":true,\"valueName\":\"search_term_string\"}}],\"inLanguage\":\"tr\"},{\"@type\":\"Organization\",\"@id\":\"https:\\\/\\\/vitalofhair.de\\\/reliant\\\/#organization\",\"name\":\"Vital of Hair\",\"url\":\"https:\\\/\\\/vitalofhair.de\\\/reliant\\\/\",\"logo\":{\"@type\":\"ImageObject\",\"inLanguage\":\"tr\",\"@id\":\"https:\\\/\\\/vitalofhair.de\\\/reliant\\\/#\\\/schema\\\/logo\\\/image\\\/\",\"url\":\"https:\\\/\\\/vitalofhair.de\\\/reliant\\\/wp-content\\\/uploads\\\/2025\\\/12\\\/vital-of-hair-logo.png\",\"contentUrl\":\"https:\\\/\\\/vitalofhair.de\\\/reliant\\\/wp-content\\\/uploads\\\/2025\\\/12\\\/vital-of-hair-logo.png\",\"width\":417,\"height\":108,\"caption\":\"Vital of Hair\"},\"image\":{\"@id\":\"https:\\\/\\\/vitalofhair.de\\\/reliant\\\/#\\\/schema\\\/logo\\\/image\\\/\"}}]}<\/script>\n<!-- \/ Yoast SEO plugin. -->","yoast_head_json":{"title":"Kad\u0131nlarda Sa\u00e7 Ekimi | Vital of Hair","robots":{"index":"noindex","follow":"follow","max-snippet":"max-snippet:-1","max-image-preview":"max-image-preview:large","max-video-preview":"max-video-preview:-1"},"og_locale":"tr_TR","og_type":"article","og_title":"Kad\u0131nlarda Sa\u00e7 Ekimi | Vital of Hair","og_description":"Y\u00fcksek Bir Al\u0131n ve \u0130ncelen Sa\u00e7lar, Kendine \u00d6zg\u00fc Bir \u00c7\u00f6z\u00fcm\u00fc Hak Eder Kad\u0131nlarda sa\u00e7 \u00e7izgisi erkeklerden farkl\u0131 bir seyir izler; genellikle belirgin bir \u015fakak gerilemesi olmadan, daha yayg\u0131n (diff\u00fcz) bir incelme \u015feklinde g\u00f6r\u00fcl\u00fcr. Vital of Hair&#8217;da her tedaviyi kad\u0131n kafa yap\u0131s\u0131na ve sa\u00e7 yap\u0131s\u0131na \u00f6zel olarak planl\u0131yoruz; hedefimiz yo\u011fun ve do\u011fal g\u00f6r\u00fcn\u00fcml\u00fc bir sonu\u00e7tur. Kad\u0131nlarda [&hellip;]","og_url":"https:\/\/vitalofhair.de\/reliant\/hizmetlerimiz\/kadin-sac-ekimi\/","og_site_name":"Vital of Hair","article_modified_time":"2026-08-29T11:40:48+00:00","og_image":[{"url":"https:\/\/vitalofhair.de\/wp-content\/uploads\/2026\/08\/frauen-haartransplantation.jpeg","type":"","width":"","height":""}],"twitter_card":"summary_large_image","twitter_misc":{"Tahmini okuma s\u00fcresi":"3 dakika"},"schema":{"@context":"https:\/\/schema.org","@graph":[{"@type":"WebPage","@id":"https:\/\/vitalofhair.de\/reliant\/hizmetlerimiz\/kadin-sac-ekimi\/","url":"https:\/\/vitalofhair.de\/reliant\/hizmetlerimiz\/kadin-sac-ekimi\/","name":"Kad\u0131nlarda Sa\u00e7 Ekimi | Vital of Hair","isPartOf":{"@id":"https:\/\/vitalofhair.de\/reliant\/#website"},"primaryImageOfPage":{"@id":"https:\/\/vitalofhair.de\/reliant\/hizmetlerimiz\/kadin-sac-ekimi\/#primaryimage"},"image":{"@id":"https:\/\/vitalofhair.de\/reliant\/hizmetlerimiz\/kadin-sac-ekimi\/#primaryimage"},"thumbnailUrl":"https:\/\/vitalofhair.de\/wp-content\/uploads\/2026\/08\/frauen-haartransplantation.jpeg","datePublished":"2026-08-26T06:55:45+00:00","dateModified":"2026-08-29T11:40:48+00:00","breadcrumb":{"@id":"https:\/\/vitalofhair.de\/reliant\/hizmetlerimiz\/kadin-sac-ekimi\/#breadcrumb"},"inLanguage":"tr","potentialAction":[{"@type":"ReadAction","target":["https:\/\/vitalofhair.de\/reliant\/hizmetlerimiz\/kadin-sac-ekimi\/"]}]},{"@type":"ImageObject","inLanguage":"tr","@id":"https:\/\/vitalofhair.de\/reliant\/hizmetlerimiz\/kadin-sac-ekimi\/#primaryimage","url":"https:\/\/vitalofhair.de\/wp-content\/uploads\/2026\/08\/frauen-haartransplantation.jpeg","contentUrl":"https:\/\/vitalofhair.de\/wp-content\/uploads\/2026\/08\/frauen-haartransplantation.jpeg"},{"@type":"BreadcrumbList","@id":"https:\/\/vitalofhair.de\/reliant\/hizmetlerimiz\/kadin-sac-ekimi\/#breadcrumb","itemListElement":[{"@type":"ListItem","position":1,"name":"Anasayfa","item":"https:\/\/vitalofhair.de\/reliant\/de\/startseite\/"},{"@type":"ListItem","position":2,"name":"Kad\u0131nlarda Sa\u00e7 Ekimi"}]},{"@type":"WebSite","@id":"https:\/\/vitalofhair.de\/reliant\/#website","url":"https:\/\/vitalofhair.de\/reliant\/","name":"Vital of Hair","description":"","publisher":{"@id":"https:\/\/vitalofhair.de\/reliant\/#organization"},"potentialAction":[{"@type":"SearchAction","target":{"@type":"EntryPoint","urlTemplate":"https:\/\/vitalofhair.de\/reliant\/?s={search_term_string}"},"query-input":{"@type":"PropertyValueSpecification","valueRequired":true,"valueName":"search_term_string"}}],"inLanguage":"tr"},{"@type":"Organization","@id":"https:\/\/vitalofhair.de\/reliant\/#organization","name":"Vital of Hair","url":"https:\/\/vitalofhair.de\/reliant\/","logo":{"@type":"ImageObject","inLanguage":"tr","@id":"https:\/\/vitalofhair.de\/reliant\/#\/schema\/logo\/image\/","url":"https:\/\/vitalofhair.de\/reliant\/wp-content\/uploads\/2025\/12\/vital-of-hair-logo.png","contentUrl":"https:\/\/vitalofhair.de\/reliant\/wp-content\/uploads\/2025\/12\/vital-of-hair-logo.png","width":417,"height":108,"caption":"Vital of Hair"},"image":{"@id":"https:\/\/vitalofhair.de\/reliant\/#\/schema\/logo\/image\/"}}]}},"_links":{"self":[{"href":"https:\/\/vitalofhair.de\/reliant\/wp-json\/wp\/v2\/pages\/1382","targetHints":{"allow":["GET"]}}],"collection":[{"href":"https:\/\/vitalofhair.de\/reliant\/wp-json\/wp\/v2\/pages"}],"about":[{"href":"https:\/\/vitalofhair.de\/reliant\/wp-json\/wp\/v2\/types\/page"}],"author":[{"embeddable":true,"href":"https:\/\/vitalofhair.de\/reliant\/wp-json\/wp\/v2\/users\/3"}],"replies":[{"embeddable":true,"href":"https:\/\/vitalofhair.de\/reliant\/wp-json\/wp\/v2\/comments?post=1382"}],"version-history":[{"count":3,"href":"https:\/\/vitalofhair.de\/reliant\/wp-json\/wp\/v2\/pages\/1382\/revisions"}],"predecessor-version":[{"id":1674,"href":"https:\/\/vitalofhair.de\/reliant\/wp-json\/wp\/v2\/pages\/1382\/revisions\/1674"}],"up":[{"embeddable":true,"href":"https:\/\/vitalofhair.de\/reliant\/wp-json\/wp\/v2\/pages\/126"}],"wp:attachment":[{"href":"https:\/\/vitalofhair.de\/reliant\/wp-json\/wp\/v2\/media?parent=1382"}],"curies":[{"name":"wp","href":"https:\/\/api.w.org\/{rel}","templated":true}]}}