{"id":152,"date":"2025-12-17T15:56:59","date_gmt":"2025-12-17T12:56:59","guid":{"rendered":"https:\/\/vitalofhair.de\/?page_id=152"},"modified":"2026-08-31T23:59:57","modified_gmt":"2026-08-31T20:59:57","slug":"hakkimizda","status":"publish","type":"page","link":"https:\/\/vitalofhair.de\/reliant\/hakkimizda\/","title":{"rendered":"Hakk\u0131m\u0131zda"},"content":{"rendered":"\t\t<div data-elementor-type=\"wp-page\" data-elementor-id=\"152\" class=\"elementor elementor-152\" data-elementor-post-type=\"page\">\n\t\t\t\t<div class=\"elementor-element elementor-element-4020bac e-con-full e-flex e-con e-parent\" data-id=\"4020bac\" data-element_type=\"container\">\n\t\t\t\t<div class=\"elementor-element elementor-element-42504ec elementor-widget elementor-widget-template\" data-id=\"42504ec\" data-element_type=\"widget\" data-widget_type=\"template.default\">\n\t\t\t\t<div class=\"elementor-widget-container\">\n\t\t\t\t\t\t\t<div class=\"elementor-template\">\n\t\t\t\t\t<div data-elementor-type=\"page\" data-elementor-id=\"89\" class=\"elementor elementor-89\" data-elementor-post-type=\"elementor_library\">\n\t\t\t\t<div class=\"elementor-element elementor-element-35746bb e-flex e-con-boxed e-con e-parent\" data-id=\"35746bb\" data-element_type=\"container\" data-settings=\"{&quot;background_background&quot;:&quot;classic&quot;,&quot;animation&quot;:&quot;none&quot;}\">\n\t\t\t\t\t<div class=\"e-con-inner\">\n\t\t<div class=\"elementor-element elementor-element-d8ce537 e-con-full e-flex e-con e-child\" data-id=\"d8ce537\" data-element_type=\"container\">\n\t\t\t\t<div class=\"elementor-element elementor-element-65fcf51 elementor-widget elementor-widget-heading\" data-id=\"65fcf51\" data-element_type=\"widget\" data-widget_type=\"heading.default\">\n\t\t\t\t<div class=\"elementor-widget-container\">\n\t\t\t\t\t<h1 class=\"elementor-heading-title elementor-size-default\">Hakk\u0131m\u0131zda<\/h1>\t\t\t\t<\/div>\n\t\t\t\t<\/div>\n\t\t\t\t<\/div>\n\t\t\t\t\t<\/div>\n\t\t\t\t<\/div>\n\t\t\t\t<\/div>\n\t\t\t\t<\/div>\n\t\t\t\t\t\t<\/div>\n\t\t\t\t<\/div>\n\t\t\t\t<\/div>\n\t\t<div class=\"elementor-element elementor-element-5c297657 e-flex e-con-boxed e-con e-parent\" data-id=\"5c297657\" data-element_type=\"container\" data-settings=\"{&quot;background_background&quot;:&quot;classic&quot;}\">\n\t\t\t\t\t<div class=\"e-con-inner\">\n\t\t<div class=\"elementor-element elementor-element-4969673d e-con-full e-flex e-con e-child\" data-id=\"4969673d\" data-element_type=\"container\">\n\t\t\t\t<div class=\"elementor-element elementor-element-5ce031ec elementor-widget__width-initial elementor-widget-mobile__width-initial elementor-invisible elementor-widget elementor-widget-image\" data-id=\"5ce031ec\" data-element_type=\"widget\" data-settings=\"{&quot;_animation&quot;:&quot;fadeInLeft&quot;,&quot;_animation_delay&quot;:200}\" data-widget_type=\"image.default\">\n\t\t\t\t<div class=\"elementor-widget-container\">\n\t\t\t\t\t\t\t\t\t\t\t\t\t\t\t<img fetchpriority=\"high\" decoding=\"async\" width=\"1696\" height=\"1129\" src=\"https:\/\/vitalofhair.de\/reliant\/wp-content\/uploads\/2025\/12\/vital-of-hair-hakkimizda-img2.jpg\" class=\"attachment-full size-full wp-image-173\" alt=\"Markierung der neuen Haarlinie vor einer Haartransplantation bei Vital of Hair\" srcset=\"https:\/\/vitalofhair.de\/reliant\/wp-content\/uploads\/2025\/12\/vital-of-hair-hakkimizda-img2.jpg 1696w, https:\/\/vitalofhair.de\/reliant\/wp-content\/uploads\/2025\/12\/vital-of-hair-hakkimizda-img2-300x200.jpg 300w, https:\/\/vitalofhair.de\/reliant\/wp-content\/uploads\/2025\/12\/vital-of-hair-hakkimizda-img2-1024x682.jpg 1024w, https:\/\/vitalofhair.de\/reliant\/wp-content\/uploads\/2025\/12\/vital-of-hair-hakkimizda-img2-768x511.jpg 768w, https:\/\/vitalofhair.de\/reliant\/wp-content\/uploads\/2025\/12\/vital-of-hair-hakkimizda-img2-1536x1022.jpg 1536w\" sizes=\"(max-width: 1696px) 100vw, 1696px\" \/>\t\t\t\t\t\t\t\t\t\t\t\t\t\t\t<\/div>\n\t\t\t\t<\/div>\n\t\t\t\t<\/div>\n\t\t<div class=\"elementor-element elementor-element-93a710b e-con-full e-flex elementor-invisible e-con e-child\" data-id=\"93a710b\" data-element_type=\"container\" data-settings=\"{&quot;animation&quot;:&quot;fadeInRight&quot;,&quot;animation_delay&quot;:200}\">\n\t\t\t\t<div class=\"elementor-element elementor-element-d6e4c29 elementor-widget elementor-widget-heading\" data-id=\"d6e4c29\" data-element_type=\"widget\" data-widget_type=\"heading.default\">\n\t\t\t\t<div class=\"elementor-widget-container\">\n\t\t\t\t\t<h6 class=\"elementor-heading-title elementor-size-default\">Hakk\u0131m\u0131zda<\/h6>\t\t\t\t<\/div>\n\t\t\t\t<\/div>\n\t\t\t\t<div class=\"elementor-element elementor-element-10e451bb elementor-widget elementor-widget-heading\" data-id=\"10e451bb\" data-element_type=\"widget\" data-widget_type=\"heading.default\">\n\t\t\t\t<div class=\"elementor-widget-container\">\n\t\t\t\t\t<h2 class=\"elementor-heading-title elementor-size-default\">Do\u011fal Sonu\u00e7lar, Bilimsel Yakla\u015f\u0131m\u0131 Ama\u00e7l\u0131yoruz.<\/h2>\t\t\t\t<\/div>\n\t\t\t\t<\/div>\n\t\t\t\t<div class=\"elementor-element elementor-element-12a019f3 elementor-widget-divider--view-line elementor-widget elementor-widget-divider\" data-id=\"12a019f3\" data-element_type=\"widget\" data-widget_type=\"divider.default\">\n\t\t\t\t<div class=\"elementor-widget-container\">\n\t\t\t\t\t\t\t<div class=\"elementor-divider\">\n\t\t\t<span class=\"elementor-divider-separator\">\n\t\t\t\t\t\t<\/span>\n\t\t<\/div>\n\t\t\t\t\t\t<\/div>\n\t\t\t\t<\/div>\n\t\t\t\t<div class=\"elementor-element elementor-element-e7455be elementor-widget elementor-widget-text-editor\" data-id=\"e7455be\" data-element_type=\"widget\" data-widget_type=\"text-editor.default\">\n\t\t\t\t<div class=\"elementor-widget-container\">\n\t\t\t\t\t\t\t\t\t<p data-start=\"307\" data-end=\"585\">Vital of Hair, sa\u00e7 sa\u011fl\u0131\u011f\u0131 ve estetik alan\u0131nda <strong data-start=\"354\" data-end=\"377\">bilimsel y\u00f6ntemleri<\/strong>, <strong data-start=\"379\" data-end=\"397\">etik de\u011ferleri<\/strong> ve <strong data-start=\"401\" data-end=\"426\">ki\u015fiye \u00f6zel \u00e7\u00f6z\u00fcmleri<\/strong> merkeze alan bir sa\u00e7 ekim ve tedavi klini\u011fidir. Amac\u0131m\u0131z; sadece sa\u00e7 kazand\u0131rmak de\u011fil, <strong data-start=\"515\" data-end=\"584\">ki\u015finin \u00f6zg\u00fcvenini ve ya\u015fam kalitesini kal\u0131c\u0131 \u015fekilde art\u0131rmakt\u0131r<\/strong>.<\/p><p data-start=\"587\" data-end=\"825\">Kuruldu\u011fumuz g\u00fcnden bu yana, her hastay\u0131 tek tip bir i\u015flemle de\u011fil; sa\u00e7 yap\u0131s\u0131, beklentileri, genetik \u00f6zellikleri ve ya\u015fam tarz\u0131 do\u011frultusunda <strong data-start=\"730\" data-end=\"763\">\u00f6zel olarak de\u011ferlendiriyoruz<\/strong>. \u00c7\u00fcnk\u00fc bizce ba\u015far\u0131l\u0131 bir sonu\u00e7, ancak do\u011fru analizle ba\u015flar.<\/p>\t\t\t\t\t\t\t\t<\/div>\n\t\t\t\t<\/div>\n\t\t<div class=\"elementor-element elementor-element-7bb3d5b8 e-con-full e-grid e-con e-child\" data-id=\"7bb3d5b8\" data-element_type=\"container\">\n\t\t\t\t<div class=\"elementor-element elementor-element-1c3d708 elementor-widget elementor-widget-image-box\" data-id=\"1c3d708\" data-element_type=\"widget\" data-widget_type=\"image-box.default\">\n\t\t\t\t<div class=\"elementor-widget-container\">\n\t\t\t\t\t<div class=\"elementor-image-box-wrapper\"><div class=\"elementor-image-box-content\"><h3 class=\"elementor-image-box-title\">Vizyonumuz<\/h3><p class=\"elementor-image-box-description\">Sa\u00e7 ekimi ve sa\u00e7 sa\u011fl\u0131\u011f\u0131 alan\u0131nda; do\u011fall\u0131\u011f\u0131, kaliteyi ve hasta memnuniyetini \u00f6n planda tutan, g\u00fcvenilir ve tercih edilen bir marka olmak.<\/p><\/div><\/div>\t\t\t\t<\/div>\n\t\t\t\t<\/div>\n\t\t\t\t<div class=\"elementor-element elementor-element-374cc828 elementor-widget elementor-widget-image-box\" data-id=\"374cc828\" data-element_type=\"widget\" data-widget_type=\"image-box.default\">\n\t\t\t\t<div class=\"elementor-widget-container\">\n\t\t\t\t\t<div class=\"elementor-image-box-wrapper\"><div class=\"elementor-image-box-content\"><h3 class=\"elementor-image-box-title\">Misyonumuz<\/h3><p class=\"elementor-image-box-description\">Bilimsel y\u00f6ntemler ve etik de\u011ferler do\u011frultusunda, her bireye en do\u011fru ve en do\u011fal \u00e7\u00f6z\u00fcm\u00fc sunarak kal\u0131c\u0131 memnuniyet sa\u011flamak.<\/p><\/div><\/div>\t\t\t\t<\/div>\n\t\t\t\t<\/div>\n\t\t\t\t<\/div>\n\t\t\t\t<\/div>\n\t\t\t\t\t<\/div>\n\t\t\t\t<\/div>\n\t\t<div class=\"elementor-element elementor-element-093fff9 e-flex e-con-boxed e-con e-parent\" data-id=\"093fff9\" data-element_type=\"container\" data-settings=\"{&quot;background_background&quot;:&quot;classic&quot;}\">\n\t\t\t\t\t<div class=\"e-con-inner\">\n\t\t<div class=\"elementor-element elementor-element-47b3ca2 e-con-full e-flex elementor-invisible e-con e-child\" data-id=\"47b3ca2\" data-element_type=\"container\" data-settings=\"{&quot;animation&quot;:&quot;fadeInRight&quot;,&quot;animation_delay&quot;:200}\">\n\t\t\t\t<div class=\"elementor-element elementor-element-e5a9e1f elementor-widget elementor-widget-heading\" data-id=\"e5a9e1f\" data-element_type=\"widget\" data-widget_type=\"heading.default\">\n\t\t\t\t<div class=\"elementor-widget-container\">\n\t\t\t\t\t<h6 class=\"elementor-heading-title elementor-size-default\">Hakk\u0131m\u0131zda<\/h6>\t\t\t\t<\/div>\n\t\t\t\t<\/div>\n\t\t\t\t<div class=\"elementor-element elementor-element-9a42647 elementor-widget elementor-widget-heading\" data-id=\"9a42647\" data-element_type=\"widget\" data-widget_type=\"heading.default\">\n\t\t\t\t<div class=\"elementor-widget-container\">\n\t\t\t\t\t<h2 class=\"elementor-heading-title elementor-size-default\">Uzman Ekibimiz \u0130le Ki\u015fiye \u00d6zel Planlama<\/h2>\t\t\t\t<\/div>\n\t\t\t\t<\/div>\n\t\t\t\t<div class=\"elementor-element elementor-element-b9a2b98 elementor-widget-divider--view-line elementor-widget elementor-widget-divider\" data-id=\"b9a2b98\" data-element_type=\"widget\" data-widget_type=\"divider.default\">\n\t\t\t\t<div class=\"elementor-widget-container\">\n\t\t\t\t\t\t\t<div class=\"elementor-divider\">\n\t\t\t<span class=\"elementor-divider-separator\">\n\t\t\t\t\t\t<\/span>\n\t\t<\/div>\n\t\t\t\t\t\t<\/div>\n\t\t\t\t<\/div>\n\t\t\t\t<div class=\"elementor-element elementor-element-49db4ed elementor-widget elementor-widget-text-editor\" data-id=\"49db4ed\" data-element_type=\"widget\" data-widget_type=\"text-editor.default\">\n\t\t\t\t<div class=\"elementor-widget-container\">\n\t\t\t\t\t\t\t\t\t<p data-start=\"307\" data-end=\"585\">Vital of Hair\u2019da t\u00fcm i\u015flemler; alan\u0131nda deneyimli, s\u00fcrekli e\u011fitimlerle kendini geli\u015ftiren <strong data-start=\"953\" data-end=\"975\">uzman sa\u011fl\u0131k ekibi<\/strong> taraf\u0131ndan ger\u00e7ekle\u015ftirilir. Klini\u011fimizde kullan\u0131lan t\u00fcm teknikler ve ekipmanlar, <strong data-start=\"1058\" data-end=\"1096\">uluslararas\u0131 sa\u011fl\u0131k standartlar\u0131na<\/strong> ve g\u00fcncel bilimsel verilere uygundur.<\/p><p data-start=\"1331\" data-end=\"1523\">Her bireyin sa\u00e7 yap\u0131s\u0131 ve d\u00f6k\u00fclme nedeni farkl\u0131d\u0131r. Bu nedenle Vital of Hair\u2019da s\u00fcre\u00e7, <strong data-start=\"1418\" data-end=\"1441\">detayl\u0131 sa\u00e7 analizi<\/strong> ile ba\u015flar. Elde edilen veriler do\u011frultusunda, ki\u015fiye en uygun y\u00f6ntem belirlenir:<\/p><ul data-start=\"1525\" data-end=\"1664\"><li data-start=\"1525\" data-end=\"1554\"><p data-start=\"1527\" data-end=\"1554\">DHI, FUE, Safir sa\u00e7 ekimi<\/p><\/li><li data-start=\"1555\" data-end=\"1570\"><p data-start=\"1557\" data-end=\"1570\">Sakal ekimi<\/p><\/li><li data-start=\"1571\" data-end=\"1605\"><p data-start=\"1573\" data-end=\"1605\">PRP ve mezoterapi uygulamalar\u0131<\/p><\/li><li data-start=\"1606\" data-end=\"1632\"><p data-start=\"1608\" data-end=\"1632\">Sa\u00e7 ve deri analizleri<\/p><\/li><li data-start=\"1633\" data-end=\"1664\"><p data-start=\"1635\" data-end=\"1664\">Yara izi d\u00fczeltme i\u015flemleri<\/p><\/li><\/ul><p data-start=\"1666\" data-end=\"1754\">T\u00fcm bu uygulamalar, <strong data-start=\"1686\" data-end=\"1730\">do\u011fal sonu\u00e7lar ve uzun vadeli memnuniyet<\/strong> hedeflenerek planlan\u0131r.<\/p>\t\t\t\t\t\t\t\t<\/div>\n\t\t\t\t<\/div>\n\t\t\t\t<\/div>\n\t\t<div class=\"elementor-element elementor-element-0a0f1f4 e-con-full e-flex e-con e-child\" data-id=\"0a0f1f4\" data-element_type=\"container\">\n\t\t\t\t<div class=\"elementor-element elementor-element-4706805 elementor-widget__width-initial elementor-widget-mobile__width-initial elementor-invisible elementor-widget elementor-widget-image\" data-id=\"4706805\" data-element_type=\"widget\" data-settings=\"{&quot;_animation&quot;:&quot;fadeInLeft&quot;,&quot;_animation_delay&quot;:200}\" data-widget_type=\"image.default\">\n\t\t\t\t<div class=\"elementor-widget-container\">\n\t\t\t\t\t\t\t\t\t\t\t\t\t\t\t<img decoding=\"async\" width=\"1943\" height=\"1293\" src=\"https:\/\/vitalofhair.de\/reliant\/wp-content\/uploads\/2025\/12\/vital-of-hair-hakkimizda-img1.jpg\" class=\"attachment-full size-full wp-image-172\" alt=\"Injektionsbehandlung im Rahmen der PRP-Behandlung bei Vital of Hair\" srcset=\"https:\/\/vitalofhair.de\/reliant\/wp-content\/uploads\/2025\/12\/vital-of-hair-hakkimizda-img1.jpg 1943w, https:\/\/vitalofhair.de\/reliant\/wp-content\/uploads\/2025\/12\/vital-of-hair-hakkimizda-img1-300x200.jpg 300w, https:\/\/vitalofhair.de\/reliant\/wp-content\/uploads\/2025\/12\/vital-of-hair-hakkimizda-img1-1024x681.jpg 1024w, https:\/\/vitalofhair.de\/reliant\/wp-content\/uploads\/2025\/12\/vital-of-hair-hakkimizda-img1-768x511.jpg 768w, https:\/\/vitalofhair.de\/reliant\/wp-content\/uploads\/2025\/12\/vital-of-hair-hakkimizda-img1-1536x1022.jpg 1536w\" sizes=\"(max-width: 1943px) 100vw, 1943px\" \/>\t\t\t\t\t\t\t\t\t\t\t\t\t\t\t<\/div>\n\t\t\t\t<\/div>\n\t\t\t\t<\/div>\n\t\t\t\t\t<\/div>\n\t\t\t\t<\/div>\n\t\t<div class=\"elementor-element elementor-element-68b517 e-flex e-con-boxed e-con e-parent\" data-id=\"68b517\" data-element_type=\"container\" data-settings=\"{&quot;background_background&quot;:&quot;classic&quot;}\">\n\t\t\t\t\t<div class=\"e-con-inner\">\n\t\t\t\t<div class=\"elementor-element elementor-element-beb22b elementor-widget elementor-widget-heading\" data-id=\"beb22b\" data-element_type=\"widget\" data-widget_type=\"heading.default\">\n\t\t\t\t<div class=\"elementor-widget-container\">\n\t\t\t\t\t<h6 class=\"elementor-heading-title elementor-size-default\">DOKTORLARIMIZ<\/h6>\t\t\t\t<\/div>\n\t\t\t\t<\/div>\n\t\t\t\t<div class=\"elementor-element elementor-element-9b2150 elementor-widget elementor-widget-heading\" data-id=\"9b2150\" data-element_type=\"widget\" data-widget_type=\"heading.default\">\n\t\t\t\t<div class=\"elementor-widget-container\">\n\t\t\t\t\t<h2 class=\"elementor-heading-title elementor-size-default\">Lokasyonlar\u0131m\u0131zda T\u0131bbi Uzmanl\u0131k<\/h2>\t\t\t\t<\/div>\n\t\t\t\t<\/div>\n\t\t\t\t<div class=\"elementor-element elementor-element-e6594d elementor-widget elementor-widget-text-editor\" data-id=\"e6594d\" data-element_type=\"widget\" data-widget_type=\"text-editor.default\">\n\t\t\t\t<div class=\"elementor-widget-container\">\n\t\t\t\t\t\t\t\t\tG\u00fctersloh ve \u0130stanbul&#39;da ki\u015fisel bak\u0131m ve t\u0131bbi uzmanl\u0131k.\t\t\t\t\t\t\t\t<\/div>\n\t\t\t\t<\/div>\n\t\t<div class=\"elementor-element elementor-element-f0b566 e-grid e-con-boxed e-con e-child\" data-id=\"f0b566\" data-element_type=\"container\">\n\t\t\t\t\t<div class=\"e-con-inner\">\n\t\t<div class=\"elementor-element elementor-element-f7b52f e-con-full e-flex e-con e-child\" data-id=\"f7b52f\" data-element_type=\"container\" data-settings=\"{&quot;background_background&quot;:&quot;classic&quot;}\">\n\t\t\t\t<div class=\"elementor-element elementor-element-946177 elementor-widget elementor-widget-image\" data-id=\"946177\" data-element_type=\"widget\" data-widget_type=\"image.default\">\n\t\t\t\t<div class=\"elementor-widget-container\">\n\t\t\t\t\t\t\t\t\t\t\t\t\t\t\t<img decoding=\"async\" width=\"1027\" height=\"1532\" src=\"https:\/\/vitalofhair.de\/reliant\/wp-content\/uploads\/2026\/08\/dr-esra-yilmaz-istanbul-NEU.jpeg\" class=\"attachment-full size-full wp-image-1531\" alt=\"\" srcset=\"https:\/\/vitalofhair.de\/reliant\/wp-content\/uploads\/2026\/08\/dr-esra-yilmaz-istanbul-NEU.jpeg 1027w, https:\/\/vitalofhair.de\/reliant\/wp-content\/uploads\/2026\/08\/dr-esra-yilmaz-istanbul-NEU-201x300.jpeg 201w, https:\/\/vitalofhair.de\/reliant\/wp-content\/uploads\/2026\/08\/dr-esra-yilmaz-istanbul-NEU-686x1024.jpeg 686w, https:\/\/vitalofhair.de\/reliant\/wp-content\/uploads\/2026\/08\/dr-esra-yilmaz-istanbul-NEU-768x1146.jpeg 768w\" sizes=\"(max-width: 1027px) 100vw, 1027px\" \/>\t\t\t\t\t\t\t\t\t\t\t\t\t\t\t<\/div>\n\t\t\t\t<\/div>\n\t\t\t\t<div class=\"elementor-element elementor-element-b485cb elementor-widget elementor-widget-heading\" data-id=\"b485cb\" data-element_type=\"widget\" data-widget_type=\"heading.default\">\n\t\t\t\t<div class=\"elementor-widget-container\">\n\t\t\t\t\t<h3 class=\"elementor-heading-title elementor-size-default\">Dr. Esra Y\u0131lmaz<\/h3>\t\t\t\t<\/div>\n\t\t\t\t<\/div>\n\t\t\t\t<div class=\"elementor-element elementor-element-10f6a3f elementor-widget elementor-widget-heading\" data-id=\"10f6a3f\" data-element_type=\"widget\" data-widget_type=\"heading.default\">\n\t\t\t\t<div class=\"elementor-widget-container\">\n\t\t\t\t\t<p class=\"elementor-heading-title elementor-size-default\">\u0130stanbul<\/p>\t\t\t\t<\/div>\n\t\t\t\t<\/div>\n\t\t\t\t<\/div>\n\t\t<div class=\"elementor-element elementor-element-bbee45 e-flex e-con-boxed e-con e-child\" data-id=\"bbee45\" data-element_type=\"container\" data-settings=\"{&quot;background_background&quot;:&quot;classic&quot;}\">\n\t\t\t\t\t<div class=\"e-con-inner\">\n\t\t\t\t<div class=\"elementor-element elementor-element-8864bb elementor-widget elementor-widget-image\" data-id=\"8864bb\" data-element_type=\"widget\" data-widget_type=\"image.default\">\n\t\t\t\t<div class=\"elementor-widget-container\">\n\t\t\t\t\t\t\t\t\t\t\t\t\t\t\t<img loading=\"lazy\" decoding=\"async\" width=\"1024\" height=\"1536\" src=\"https:\/\/vitalofhair.de\/reliant\/wp-content\/uploads\/2026\/08\/dr-buelent-duman-guetersloh.jpeg\" class=\"attachment-full size-full wp-image-1476\" alt=\"\" srcset=\"https:\/\/vitalofhair.de\/reliant\/wp-content\/uploads\/2026\/08\/dr-buelent-duman-guetersloh.jpeg 1024w, https:\/\/vitalofhair.de\/reliant\/wp-content\/uploads\/2026\/08\/dr-buelent-duman-guetersloh-200x300.jpeg 200w, https:\/\/vitalofhair.de\/reliant\/wp-content\/uploads\/2026\/08\/dr-buelent-duman-guetersloh-683x1024.jpeg 683w, https:\/\/vitalofhair.de\/reliant\/wp-content\/uploads\/2026\/08\/dr-buelent-duman-guetersloh-768x1152.jpeg 768w\" sizes=\"(max-width: 1024px) 100vw, 1024px\" \/>\t\t\t\t\t\t\t\t\t\t\t\t\t\t\t<\/div>\n\t\t\t\t<\/div>\n\t\t\t\t<div class=\"elementor-element elementor-element-bc62f9 elementor-widget elementor-widget-heading\" data-id=\"bc62f9\" data-element_type=\"widget\" data-widget_type=\"heading.default\">\n\t\t\t\t<div class=\"elementor-widget-container\">\n\t\t\t\t\t<h3 class=\"elementor-heading-title elementor-size-default\">Dr. B\u00fclent Duman<\/h3>\t\t\t\t<\/div>\n\t\t\t\t<\/div>\n\t\t\t\t<div class=\"elementor-element elementor-element-620029 elementor-widget elementor-widget-heading\" data-id=\"620029\" data-element_type=\"widget\" data-widget_type=\"heading.default\">\n\t\t\t\t<div class=\"elementor-widget-container\">\n\t\t\t\t\t<p class=\"elementor-heading-title elementor-size-default\">G\u00fctersloh<\/p>\t\t\t\t<\/div>\n\t\t\t\t<\/div>\n\t\t\t\t\t<\/div>\n\t\t\t\t<\/div>\n\t\t\t\t\t<\/div>\n\t\t\t\t<\/div>\n\t\t\t\t\t<\/div>\n\t\t\t\t<\/div>\n\t\t<div class=\"elementor-element elementor-element-f448fcb e-flex e-con-boxed e-con e-parent\" data-id=\"f448fcb\" data-element_type=\"container\" data-settings=\"{&quot;background_background&quot;:&quot;classic&quot;}\">\n\t\t\t\t\t<div class=\"e-con-inner\">\n\t\t\t\t<div class=\"elementor-element elementor-element-c4fca86 elementor-widget elementor-widget-heading\" data-id=\"c4fca86\" data-element_type=\"widget\" data-widget_type=\"heading.default\">\n\t\t\t\t<div class=\"elementor-widget-container\">\n\t\t\t\t\t<h6 class=\"elementor-heading-title elementor-size-default\">KURUCU &amp; Y\u00d6NET\u0130M<\/h6>\t\t\t\t<\/div>\n\t\t\t\t<\/div>\n\t\t\t\t<div class=\"elementor-element elementor-element-0834a7c elementor-widget elementor-widget-heading\" data-id=\"0834a7c\" data-element_type=\"widget\" data-widget_type=\"heading.default\">\n\t\t\t\t<div class=\"elementor-widget-container\">\n\t\t\t\t\t<h2 class=\"elementor-heading-title elementor-size-default\">Vital of Hair'\u0131n arkas\u0131ndaki ekip<\/h2>\t\t\t\t<\/div>\n\t\t\t\t<\/div>\n\t\t\t\t<div class=\"elementor-element elementor-element-1dec06f elementor-widget__width-initial elementor-widget elementor-widget-text-editor\" data-id=\"1dec06f\" data-element_type=\"widget\" data-widget_type=\"text-editor.default\">\n\t\t\t\t<div class=\"elementor-widget-container\">\n\t\t\t\t\t\t\t\t\t<p>Almanya&#39;da ve uluslararas\u0131 alanda ki\u015fisel dan\u0131\u015fmanl\u0131k, organizasyon ve marka geli\u015fimi.<\/p>\t\t\t\t\t\t\t\t<\/div>\n\t\t\t\t<\/div>\n\t\t<div class=\"elementor-element elementor-element-f93b9d0 e-grid e-con-full e-con e-child\" data-id=\"f93b9d0\" data-element_type=\"container\">\n\t\t<div class=\"elementor-element elementor-element-539af31 e-con-full e-flex e-con e-child\" data-id=\"539af31\" data-element_type=\"container\" data-settings=\"{&quot;background_background&quot;:&quot;classic&quot;}\">\n\t\t\t\t<div class=\"elementor-element elementor-element-fbcc16a elementor-widget elementor-widget-heading\" data-id=\"fbcc16a\" data-element_type=\"widget\" data-widget_type=\"heading.default\">\n\t\t\t\t<div class=\"elementor-widget-container\">\n\t\t\t\t\t<h3 class=\"elementor-heading-title elementor-size-default\">Mert G\u00fcnes<\/h3>\t\t\t\t<\/div>\n\t\t\t\t<\/div>\n\t\t\t\t<div class=\"elementor-element elementor-element-90755d9 elementor-widget elementor-widget-heading\" data-id=\"90755d9\" data-element_type=\"widget\" data-widget_type=\"heading.default\">\n\t\t\t\t<div class=\"elementor-widget-container\">\n\t\t\t\t\t<p class=\"elementor-heading-title elementor-size-default\">Vital of Hair Kurucusu<\/p>\t\t\t\t<\/div>\n\t\t\t\t<\/div>\n\t\t\t\t<div class=\"elementor-element elementor-element-fe7eac5 elementor-widget elementor-widget-text-editor\" data-id=\"fe7eac5\" data-element_type=\"widget\" data-widget_type=\"text-editor.default\">\n\t\t\t\t<div class=\"elementor-widget-container\">\n\t\t\t\t\t\t\t\t\tStrateji, marka yap\u0131lanmas\u0131 ve uluslararas\u0131 geli\u015fim\t\t\t\t\t\t\t\t<\/div>\n\t\t\t\t<\/div>\n\t\t\t\t<\/div>\n\t\t<div class=\"elementor-element elementor-element-e34ac50 e-con-full e-flex e-con e-child\" data-id=\"e34ac50\" data-element_type=\"container\" data-settings=\"{&quot;background_background&quot;:&quot;classic&quot;}\">\n\t\t\t\t<div class=\"elementor-element elementor-element-78e4cf4 elementor-widget elementor-widget-heading\" data-id=\"78e4cf4\" data-element_type=\"widget\" data-widget_type=\"heading.default\">\n\t\t\t\t<div class=\"elementor-widget-container\">\n\t\t\t\t\t<h3 class=\"elementor-heading-title elementor-size-default\">Maximilian Kimmel<\/h3>\t\t\t\t<\/div>\n\t\t\t\t<\/div>\n\t\t\t\t<div class=\"elementor-element elementor-element-2cf9232 elementor-widget elementor-widget-heading\" data-id=\"2cf9232\" data-element_type=\"widget\" data-widget_type=\"heading.default\">\n\t\t\t\t<div class=\"elementor-widget-container\">\n\t\t\t\t\t<p class=\"elementor-heading-title elementor-size-default\">Vital of Hair Almanya Sahibi<\/p>\t\t\t\t<\/div>\n\t\t\t\t<\/div>\n\t\t\t\t<div class=\"elementor-element elementor-element-6e9f151 elementor-widget elementor-widget-text-editor\" data-id=\"6e9f151\" data-element_type=\"widget\" data-widget_type=\"text-editor.default\">\n\t\t\t\t<div class=\"elementor-widget-container\">\n\t\t\t\t\t\t\t\t\t<p>Almanya&#39;da dan\u0131\u015fmanl\u0131k, organizasyon ve hasta deste\u011fi<\/p>\t\t\t\t\t\t\t\t<\/div>\n\t\t\t\t<\/div>\n\t\t\t\t<\/div>\n\t\t\t\t<\/div>\n\t\t\t\t\t<\/div>\n\t\t\t\t<\/div>\n\t\t\t\t<\/div>\n\t\t","protected":false},"excerpt":{"rendered":"<p>Hakk\u0131m\u0131zda Do\u011fal Sonu\u00e7lar, Bilimsel Yakla\u015f\u0131m\u0131 Ama\u00e7l\u0131yoruz. Vital of Hair, sa\u00e7 sa\u011fl\u0131\u011f\u0131 ve estetik alan\u0131nda bilimsel y\u00f6ntemleri, etik de\u011ferleri ve ki\u015fiye \u00f6zel \u00e7\u00f6z\u00fcmleri merkeze alan bir sa\u00e7 ekim ve tedavi klini\u011fidir. Amac\u0131m\u0131z; sadece sa\u00e7 kazand\u0131rmak de\u011fil, ki\u015finin \u00f6zg\u00fcvenini ve ya\u015fam kalitesini kal\u0131c\u0131 \u015fekilde art\u0131rmakt\u0131r. Kuruldu\u011fumuz g\u00fcnden bu yana, her hastay\u0131 tek tip bir i\u015flemle de\u011fil; sa\u00e7 [&hellip;]<\/p>\n","protected":false},"author":2,"featured_media":0,"parent":0,"menu_order":1,"comment_status":"closed","ping_status":"closed","template":"elementor_header_footer","meta":{"footnotes":""},"class_list":["post-152","page","type-page","status-publish","hentry"],"yoast_head":"<!-- This site is optimized with the Yoast SEO plugin v28.4 - https:\/\/yoast.com\/product\/yoast-seo-wordpress\/ -->\n<title>Hakk\u0131m\u0131zda | Vital of Hair<\/title>\n<meta name=\"robots\" content=\"noindex, follow, max-snippet:-1, max-image-preview:large, max-video-preview:-1\" \/>\n<meta property=\"og:locale\" content=\"tr_TR\" \/>\n<meta property=\"og:type\" content=\"article\" \/>\n<meta property=\"og:title\" content=\"Hakk\u0131m\u0131zda | Vital of Hair\" \/>\n<meta property=\"og:description\" content=\"Hakk\u0131m\u0131zda Do\u011fal Sonu\u00e7lar, Bilimsel Yakla\u015f\u0131m\u0131 Ama\u00e7l\u0131yoruz. Vital of Hair, sa\u00e7 sa\u011fl\u0131\u011f\u0131 ve estetik alan\u0131nda bilimsel y\u00f6ntemleri, etik de\u011ferleri ve ki\u015fiye \u00f6zel \u00e7\u00f6z\u00fcmleri merkeze alan bir sa\u00e7 ekim ve tedavi klini\u011fidir. Amac\u0131m\u0131z; sadece sa\u00e7 kazand\u0131rmak de\u011fil, ki\u015finin \u00f6zg\u00fcvenini ve ya\u015fam kalitesini kal\u0131c\u0131 \u015fekilde art\u0131rmakt\u0131r. Kuruldu\u011fumuz g\u00fcnden bu yana, her hastay\u0131 tek tip bir i\u015flemle de\u011fil; sa\u00e7 [&hellip;]\" \/>\n<meta property=\"og:url\" content=\"https:\/\/vitalofhair.de\/reliant\/hakkimizda\/\" \/>\n<meta property=\"og:site_name\" content=\"Vital of Hair\" \/>\n<meta property=\"article:modified_time\" content=\"2026-08-31T20:59:57+00:00\" \/>\n<meta property=\"og:image\" content=\"https:\/\/vitalofhair.de\/reliant\/wp-content\/uploads\/2025\/12\/vital-of-hair-hakkimizda-img2.jpg\" \/>\n<meta name=\"twitter:card\" content=\"summary_large_image\" \/>\n<meta name=\"twitter:label1\" content=\"Tahmini okuma s\u00fcresi\" \/>\n\t<meta name=\"twitter:data1\" content=\"3 dakika\" \/>\n<script type=\"application\/ld+json\" class=\"yoast-schema-graph\">{\"@context\":\"https:\\\/\\\/schema.org\",\"@graph\":[{\"@type\":\"WebPage\",\"@id\":\"https:\\\/\\\/vitalofhair.de\\\/reliant\\\/hakkimizda\\\/\",\"url\":\"https:\\\/\\\/vitalofhair.de\\\/reliant\\\/hakkimizda\\\/\",\"name\":\"Hakk\u0131m\u0131zda | Vital of Hair\",\"isPartOf\":{\"@id\":\"https:\\\/\\\/vitalofhair.de\\\/reliant\\\/#website\"},\"primaryImageOfPage\":{\"@id\":\"https:\\\/\\\/vitalofhair.de\\\/reliant\\\/hakkimizda\\\/#primaryimage\"},\"image\":{\"@id\":\"https:\\\/\\\/vitalofhair.de\\\/reliant\\\/hakkimizda\\\/#primaryimage\"},\"thumbnailUrl\":\"https:\\\/\\\/vitalofhair.de\\\/reliant\\\/wp-content\\\/uploads\\\/2025\\\/12\\\/vital-of-hair-hakkimizda-img2.jpg\",\"datePublished\":\"2025-12-17T12:56:59+00:00\",\"dateModified\":\"2026-08-31T20:59:57+00:00\",\"breadcrumb\":{\"@id\":\"https:\\\/\\\/vitalofhair.de\\\/reliant\\\/hakkimizda\\\/#breadcrumb\"},\"inLanguage\":\"tr\",\"potentialAction\":[{\"@type\":\"ReadAction\",\"target\":[\"https:\\\/\\\/vitalofhair.de\\\/reliant\\\/hakkimizda\\\/\"]}]},{\"@type\":\"ImageObject\",\"inLanguage\":\"tr\",\"@id\":\"https:\\\/\\\/vitalofhair.de\\\/reliant\\\/hakkimizda\\\/#primaryimage\",\"url\":\"https:\\\/\\\/vitalofhair.de\\\/reliant\\\/wp-content\\\/uploads\\\/2025\\\/12\\\/vital-of-hair-hakkimizda-img2.jpg\",\"contentUrl\":\"https:\\\/\\\/vitalofhair.de\\\/reliant\\\/wp-content\\\/uploads\\\/2025\\\/12\\\/vital-of-hair-hakkimizda-img2.jpg\",\"width\":1696,\"height\":1129,\"caption\":\"Markierung der neuen Haarlinie vor einer Haartransplantation bei Vital of Hair\"},{\"@type\":\"BreadcrumbList\",\"@id\":\"https:\\\/\\\/vitalofhair.de\\\/reliant\\\/hakkimizda\\\/#breadcrumb\",\"itemListElement\":[{\"@type\":\"ListItem\",\"position\":1,\"name\":\"Anasayfa\",\"item\":\"https:\\\/\\\/vitalofhair.de\\\/reliant\\\/de\\\/startseite\\\/\"},{\"@type\":\"ListItem\",\"position\":2,\"name\":\"Hakk\u0131m\u0131zda\"}]},{\"@type\":\"WebSite\",\"@id\":\"https:\\\/\\\/vitalofhair.de\\\/reliant\\\/#website\",\"url\":\"https:\\\/\\\/vitalofhair.de\\\/reliant\\\/\",\"name\":\"Vital of Hair\",\"description\":\"\",\"publisher\":{\"@id\":\"https:\\\/\\\/vitalofhair.de\\\/reliant\\\/#organization\"},\"potentialAction\":[{\"@type\":\"SearchAction\",\"target\":{\"@type\":\"EntryPoint\",\"urlTemplate\":\"https:\\\/\\\/vitalofhair.de\\\/reliant\\\/?s={search_term_string}\"},\"query-input\":{\"@type\":\"PropertyValueSpecification\",\"valueRequired\":true,\"valueName\":\"search_term_string\"}}],\"inLanguage\":\"tr\"},{\"@type\":\"Organization\",\"@id\":\"https:\\\/\\\/vitalofhair.de\\\/reliant\\\/#organization\",\"name\":\"Vital of Hair\",\"url\":\"https:\\\/\\\/vitalofhair.de\\\/reliant\\\/\",\"logo\":{\"@type\":\"ImageObject\",\"inLanguage\":\"tr\",\"@id\":\"https:\\\/\\\/vitalofhair.de\\\/reliant\\\/#\\\/schema\\\/logo\\\/image\\\/\",\"url\":\"https:\\\/\\\/vitalofhair.de\\\/reliant\\\/wp-content\\\/uploads\\\/2025\\\/12\\\/vital-of-hair-logo.png\",\"contentUrl\":\"https:\\\/\\\/vitalofhair.de\\\/reliant\\\/wp-content\\\/uploads\\\/2025\\\/12\\\/vital-of-hair-logo.png\",\"width\":417,\"height\":108,\"caption\":\"Vital of Hair\"},\"image\":{\"@id\":\"https:\\\/\\\/vitalofhair.de\\\/reliant\\\/#\\\/schema\\\/logo\\\/image\\\/\"}}]}<\/script>\n<!-- \/ Yoast SEO plugin. -->","yoast_head_json":{"title":"Hakk\u0131m\u0131zda | Vital of Hair","robots":{"index":"noindex","follow":"follow","max-snippet":"max-snippet:-1","max-image-preview":"max-image-preview:large","max-video-preview":"max-video-preview:-1"},"og_locale":"tr_TR","og_type":"article","og_title":"Hakk\u0131m\u0131zda | Vital of Hair","og_description":"Hakk\u0131m\u0131zda Do\u011fal Sonu\u00e7lar, Bilimsel Yakla\u015f\u0131m\u0131 Ama\u00e7l\u0131yoruz. Vital of Hair, sa\u00e7 sa\u011fl\u0131\u011f\u0131 ve estetik alan\u0131nda bilimsel y\u00f6ntemleri, etik de\u011ferleri ve ki\u015fiye \u00f6zel \u00e7\u00f6z\u00fcmleri merkeze alan bir sa\u00e7 ekim ve tedavi klini\u011fidir. Amac\u0131m\u0131z; sadece sa\u00e7 kazand\u0131rmak de\u011fil, ki\u015finin \u00f6zg\u00fcvenini ve ya\u015fam kalitesini kal\u0131c\u0131 \u015fekilde art\u0131rmakt\u0131r. Kuruldu\u011fumuz g\u00fcnden bu yana, her hastay\u0131 tek tip bir i\u015flemle de\u011fil; sa\u00e7 [&hellip;]","og_url":"https:\/\/vitalofhair.de\/reliant\/hakkimizda\/","og_site_name":"Vital of Hair","article_modified_time":"2026-08-31T20:59:57+00:00","og_image":[{"url":"https:\/\/vitalofhair.de\/reliant\/wp-content\/uploads\/2025\/12\/vital-of-hair-hakkimizda-img2.jpg","type":"","width":"","height":""}],"twitter_card":"summary_large_image","twitter_misc":{"Tahmini okuma s\u00fcresi":"3 dakika"},"schema":{"@context":"https:\/\/schema.org","@graph":[{"@type":"WebPage","@id":"https:\/\/vitalofhair.de\/reliant\/hakkimizda\/","url":"https:\/\/vitalofhair.de\/reliant\/hakkimizda\/","name":"Hakk\u0131m\u0131zda | Vital of Hair","isPartOf":{"@id":"https:\/\/vitalofhair.de\/reliant\/#website"},"primaryImageOfPage":{"@id":"https:\/\/vitalofhair.de\/reliant\/hakkimizda\/#primaryimage"},"image":{"@id":"https:\/\/vitalofhair.de\/reliant\/hakkimizda\/#primaryimage"},"thumbnailUrl":"https:\/\/vitalofhair.de\/reliant\/wp-content\/uploads\/2025\/12\/vital-of-hair-hakkimizda-img2.jpg","datePublished":"2025-12-17T12:56:59+00:00","dateModified":"2026-08-31T20:59:57+00:00","breadcrumb":{"@id":"https:\/\/vitalofhair.de\/reliant\/hakkimizda\/#breadcrumb"},"inLanguage":"tr","potentialAction":[{"@type":"ReadAction","target":["https:\/\/vitalofhair.de\/reliant\/hakkimizda\/"]}]},{"@type":"ImageObject","inLanguage":"tr","@id":"https:\/\/vitalofhair.de\/reliant\/hakkimizda\/#primaryimage","url":"https:\/\/vitalofhair.de\/reliant\/wp-content\/uploads\/2025\/12\/vital-of-hair-hakkimizda-img2.jpg","contentUrl":"https:\/\/vitalofhair.de\/reliant\/wp-content\/uploads\/2025\/12\/vital-of-hair-hakkimizda-img2.jpg","width":1696,"height":1129,"caption":"Markierung der neuen Haarlinie vor einer Haartransplantation bei Vital of Hair"},{"@type":"BreadcrumbList","@id":"https:\/\/vitalofhair.de\/reliant\/hakkimizda\/#breadcrumb","itemListElement":[{"@type":"ListItem","position":1,"name":"Anasayfa","item":"https:\/\/vitalofhair.de\/reliant\/de\/startseite\/"},{"@type":"ListItem","position":2,"name":"Hakk\u0131m\u0131zda"}]},{"@type":"WebSite","@id":"https:\/\/vitalofhair.de\/reliant\/#website","url":"https:\/\/vitalofhair.de\/reliant\/","name":"Vital of Hair","description":"","publisher":{"@id":"https:\/\/vitalofhair.de\/reliant\/#organization"},"potentialAction":[{"@type":"SearchAction","target":{"@type":"EntryPoint","urlTemplate":"https:\/\/vitalofhair.de\/reliant\/?s={search_term_string}"},"query-input":{"@type":"PropertyValueSpecification","valueRequired":true,"valueName":"search_term_string"}}],"inLanguage":"tr"},{"@type":"Organization","@id":"https:\/\/vitalofhair.de\/reliant\/#organization","name":"Vital of Hair","url":"https:\/\/vitalofhair.de\/reliant\/","logo":{"@type":"ImageObject","inLanguage":"tr","@id":"https:\/\/vitalofhair.de\/reliant\/#\/schema\/logo\/image\/","url":"https:\/\/vitalofhair.de\/reliant\/wp-content\/uploads\/2025\/12\/vital-of-hair-logo.png","contentUrl":"https:\/\/vitalofhair.de\/reliant\/wp-content\/uploads\/2025\/12\/vital-of-hair-logo.png","width":417,"height":108,"caption":"Vital of Hair"},"image":{"@id":"https:\/\/vitalofhair.de\/reliant\/#\/schema\/logo\/image\/"}}]}},"_links":{"self":[{"href":"https:\/\/vitalofhair.de\/reliant\/wp-json\/wp\/v2\/pages\/152","targetHints":{"allow":["GET"]}}],"collection":[{"href":"https:\/\/vitalofhair.de\/reliant\/wp-json\/wp\/v2\/pages"}],"about":[{"href":"https:\/\/vitalofhair.de\/reliant\/wp-json\/wp\/v2\/types\/page"}],"author":[{"embeddable":true,"href":"https:\/\/vitalofhair.de\/reliant\/wp-json\/wp\/v2\/users\/2"}],"replies":[{"embeddable":true,"href":"https:\/\/vitalofhair.de\/reliant\/wp-json\/wp\/v2\/comments?post=152"}],"version-history":[{"count":3,"href":"https:\/\/vitalofhair.de\/reliant\/wp-json\/wp\/v2\/pages\/152\/revisions"}],"predecessor-version":[{"id":1776,"href":"https:\/\/vitalofhair.de\/reliant\/wp-json\/wp\/v2\/pages\/152\/revisions\/1776"}],"wp:attachment":[{"href":"https:\/\/vitalofhair.de\/reliant\/wp-json\/wp\/v2\/media?parent=152"}],"curies":[{"name":"wp","href":"https:\/\/api.w.org\/{rel}","templated":true}]}}