{"id":188,"date":"2025-12-17T20:43:54","date_gmt":"2025-12-17T17:43:54","guid":{"rendered":"https:\/\/vitalofhair.de\/?page_id=188"},"modified":"2026-08-28T20:37:59","modified_gmt":"2026-08-28T17:37:59","slug":"sac-ekimi","status":"publish","type":"page","link":"https:\/\/vitalofhair.de\/reliant\/hizmetlerimiz\/sac-ekimi\/","title":{"rendered":"Sa\u00e7 Ekimi"},"content":{"rendered":"\t\t<div data-elementor-type=\"wp-page\" data-elementor-id=\"188\" class=\"elementor elementor-188\" data-elementor-post-type=\"page\">\n\t\t\t\t<div class=\"elementor-element elementor-element-6a6aaf1 e-con-full e-flex e-con e-parent\" data-id=\"6a6aaf1\" data-element_type=\"container\">\n\t\t\t\t<div class=\"elementor-element elementor-element-a520ad8 elementor-widget elementor-widget-template\" data-id=\"a520ad8\" data-element_type=\"widget\" data-widget_type=\"template.default\">\n\t\t\t\t<div class=\"elementor-widget-container\">\n\t\t\t\t\t\t\t<div class=\"elementor-template\">\n\t\t\t\t\t<div data-elementor-type=\"page\" data-elementor-id=\"89\" class=\"elementor elementor-89\" data-elementor-post-type=\"elementor_library\">\n\t\t\t\t<div class=\"elementor-element elementor-element-35746bb e-flex e-con-boxed e-con e-parent\" data-id=\"35746bb\" data-element_type=\"container\" data-settings=\"{&quot;background_background&quot;:&quot;classic&quot;,&quot;animation&quot;:&quot;none&quot;}\">\n\t\t\t\t\t<div class=\"e-con-inner\">\n\t\t<div class=\"elementor-element elementor-element-d8ce537 e-con-full e-flex e-con e-child\" data-id=\"d8ce537\" data-element_type=\"container\">\n\t\t\t\t<div class=\"elementor-element elementor-element-65fcf51 elementor-widget elementor-widget-heading\" data-id=\"65fcf51\" data-element_type=\"widget\" data-widget_type=\"heading.default\">\n\t\t\t\t<div class=\"elementor-widget-container\">\n\t\t\t\t\t<h1 class=\"elementor-heading-title elementor-size-default\">Sa\u00e7 Ekimi<\/h1>\t\t\t\t<\/div>\n\t\t\t\t<\/div>\n\t\t\t\t<\/div>\n\t\t\t\t\t<\/div>\n\t\t\t\t<\/div>\n\t\t\t\t<\/div>\n\t\t\t\t<\/div>\n\t\t\t\t\t\t<\/div>\n\t\t\t\t<\/div>\n\t\t\t\t<\/div>\n\t\t<div class=\"elementor-element elementor-element-2e5da045 e-flex e-con-boxed e-con e-parent\" data-id=\"2e5da045\" data-element_type=\"container\">\n\t\t\t\t\t<div class=\"e-con-inner\">\n\t\t<div class=\"elementor-element elementor-element-4a65c947 e-con-full e-flex e-con e-child\" data-id=\"4a65c947\" data-element_type=\"container\">\n\t\t\t\t<div class=\"elementor-element elementor-element-ed99e0f elementor-widget elementor-widget-image\" data-id=\"ed99e0f\" data-element_type=\"widget\" data-widget_type=\"image.default\">\n\t\t\t\t<div class=\"elementor-widget-container\">\n\t\t\t\t\t\t\t\t\t\t\t\t\t\t\t<img fetchpriority=\"high\" decoding=\"async\" width=\"1254\" height=\"1254\" src=\"https:\/\/vitalofhair.de\/reliant\/wp-content\/uploads\/2026\/08\/haartransplantation-vital-of-hair.jpeg\" class=\"attachment-2048x2048 size-2048x2048 wp-image-750\" alt=\"Haartransplantation bei Vital of Hair\" srcset=\"https:\/\/vitalofhair.de\/reliant\/wp-content\/uploads\/2026\/08\/haartransplantation-vital-of-hair.jpeg 1254w, https:\/\/vitalofhair.de\/reliant\/wp-content\/uploads\/2026\/08\/haartransplantation-vital-of-hair-300x300.jpeg 300w, https:\/\/vitalofhair.de\/reliant\/wp-content\/uploads\/2026\/08\/haartransplantation-vital-of-hair-1024x1024.jpeg 1024w, https:\/\/vitalofhair.de\/reliant\/wp-content\/uploads\/2026\/08\/haartransplantation-vital-of-hair-150x150.jpeg 150w, https:\/\/vitalofhair.de\/reliant\/wp-content\/uploads\/2026\/08\/haartransplantation-vital-of-hair-768x768.jpeg 768w\" sizes=\"(max-width: 1254px) 100vw, 1254px\" \/>\t\t\t\t\t\t\t\t\t\t\t\t\t\t\t<\/div>\n\t\t\t\t<\/div>\n\t\t\t\t<div class=\"elementor-element elementor-element-c1ccf6a elementor-widget elementor-widget-heading\" data-id=\"c1ccf6a\" data-element_type=\"widget\" data-widget_type=\"heading.default\">\n\t\t\t\t<div class=\"elementor-widget-container\">\n\t\t\t\t\t<h2 class=\"elementor-heading-title elementor-size-default\">DHI, FUE ve Safir Teknikleri ile Do\u011fal ve Kal\u0131c\u0131 Sonu\u00e7lar<\/h2>\t\t\t\t<\/div>\n\t\t\t\t<\/div>\n\t\t\t\t<div class=\"elementor-element elementor-element-9c9279c elementor-widget elementor-widget-text-editor\" data-id=\"9c9279c\" data-element_type=\"widget\" data-widget_type=\"text-editor.default\">\n\t\t\t\t<div class=\"elementor-widget-container\">\n\t\t\t\t\t\t\t\t\t<p data-start=\"307\" data-end=\"585\">Vital of Hair, sa\u00e7 sa\u011fl\u0131\u011f\u0131 ve estetik alan\u0131nda <strong data-start=\"354\" data-end=\"377\">bilimsel y\u00f6ntemleri<\/strong>, <strong data-start=\"379\" data-end=\"397\">etik de\u011ferleri<\/strong> ve <strong data-start=\"401\" data-end=\"426\">ki\u015fiye \u00f6zel \u00e7\u00f6z\u00fcmleri<\/strong> merkeze alan bir sa\u00e7 ekim ve tedavi klini\u011fidir. Amac\u0131m\u0131z; sadece sa\u00e7 kazand\u0131rmak de\u011fil, <strong data-start=\"515\" data-end=\"584\">ki\u015finin \u00f6zg\u00fcvenini ve ya\u015fam kalitesini kal\u0131c\u0131 \u015fekilde art\u0131rmakt\u0131r<\/strong>.<\/p><p data-start=\"587\" data-end=\"825\">Kuruldu\u011fumuz g\u00fcnden bu yana, her hastay\u0131 tek tip bir i\u015flemle de\u011fil; sa\u00e7 yap\u0131s\u0131, beklentileri, genetik \u00f6zellikleri ve ya\u015fam tarz\u0131 do\u011frultusunda <strong data-start=\"730\" data-end=\"763\">\u00f6zel olarak de\u011ferlendiriyoruz<\/strong>. \u00c7\u00fcnk\u00fc bizce ba\u015far\u0131l\u0131 bir sonu\u00e7, ancak do\u011fru analizle ba\u015flar.<\/p>\t\t\t\t\t\t\t\t<\/div>\n\t\t\t\t<\/div>\n\t\t\t\t<div class=\"elementor-element elementor-element-86fc344 elementor-widget elementor-widget-heading\" data-id=\"86fc344\" data-element_type=\"widget\" data-widget_type=\"heading.default\">\n\t\t\t\t<div class=\"elementor-widget-container\">\n\t\t\t\t\t<h2 class=\"elementor-heading-title elementor-size-default\">Sa\u00e7 Ekimi Nedir?<\/h2>\t\t\t\t<\/div>\n\t\t\t\t<\/div>\n\t\t\t\t<div class=\"elementor-element elementor-element-a98042c elementor-widget elementor-widget-text-editor\" data-id=\"a98042c\" data-element_type=\"widget\" data-widget_type=\"text-editor.default\">\n\t\t\t\t<div class=\"elementor-widget-container\">\n\t\t\t\t\t\t\t\t\t<p data-start=\"705\" data-end=\"986\">Sa\u00e7 ekimi; genetik, hormonal veya \u00e7evresel nedenlerle sa\u00e7 kayb\u0131 ya\u015fayan bireylerde, ki\u015finin kendi sa\u011fl\u0131kl\u0131 sa\u00e7 k\u00f6klerinin al\u0131narak d\u00f6k\u00fclme ya\u015fanan alanlara nakledilmesi i\u015flemidir. Kullan\u0131lan modern teknikler sayesinde sa\u00e7 ekimi i\u015flemi <strong data-start=\"940\" data-end=\"979\">konforlu, g\u00fcvenli ve do\u011fal sonu\u00e7lar<\/strong> sunar.<\/p><p data-start=\"988\" data-end=\"1087\">Vital of Hair\u2019da s\u00fcre\u00e7, detayl\u0131 bir sa\u00e7 analizi ile ba\u015flar ve tamamen ki\u015fiye \u00f6zel olarak planlan\u0131r.<\/p>\t\t\t\t\t\t\t\t<\/div>\n\t\t\t\t<\/div>\n\t\t\t\t<div class=\"elementor-element elementor-element-8738d6c elementor-widget elementor-widget-heading\" data-id=\"8738d6c\" data-element_type=\"widget\" data-widget_type=\"heading.default\">\n\t\t\t\t<div class=\"elementor-widget-container\">\n\t\t\t\t\t<h2 class=\"elementor-heading-title elementor-size-default\">Uygulad\u0131\u011f\u0131m\u0131z Sa\u00e7 Ekimi Teknikleri<\/h2>\t\t\t\t<\/div>\n\t\t\t\t<\/div>\n\t\t\t\t<div class=\"elementor-element elementor-element-d9f8601 elementor-widget elementor-widget-heading\" data-id=\"d9f8601\" data-element_type=\"widget\" data-widget_type=\"heading.default\">\n\t\t\t\t<div class=\"elementor-widget-container\">\n\t\t\t\t\t<h3 class=\"elementor-heading-title elementor-size-default\">DHI Sa\u00e7 Ekimi (Direct Hair Implantation)<\/h3>\t\t\t\t<\/div>\n\t\t\t\t<\/div>\n\t\t\t\t<div class=\"elementor-element elementor-element-20c55bd elementor-widget elementor-widget-text-editor\" data-id=\"20c55bd\" data-element_type=\"widget\" data-widget_type=\"text-editor.default\">\n\t\t\t\t<div class=\"elementor-widget-container\">\n\t\t\t\t\t\t\t\t\t<p data-start=\"1179\" data-end=\"1313\">DHI sa\u00e7 ekimi, \u00f6zel medikal kalemler kullan\u0131larak sa\u00e7 k\u00f6klerinin do\u011frudan ekim yap\u0131lacak alana yerle\u015ftirildi\u011fi geli\u015fmi\u015f bir tekniktir.<\/p><p data-start=\"1315\" data-end=\"1331\"><strong data-start=\"1315\" data-end=\"1331\">Avantajlar\u0131:<\/strong><\/p><ul data-start=\"1332\" data-end=\"1481\"><li data-start=\"1332\" data-end=\"1364\"><p data-start=\"1334\" data-end=\"1364\">Kanal a\u00e7\u0131lmadan ekim yap\u0131l\u0131r<\/p><\/li><li data-start=\"1365\" data-end=\"1402\"><p data-start=\"1367\" data-end=\"1402\">Daha s\u0131k ve kontroll\u00fc ekim imk\u00e2n\u0131<\/p><\/li><li data-start=\"1403\" data-end=\"1448\"><p data-start=\"1405\" data-end=\"1448\">Mevcut sa\u00e7lara zarar verme riski d\u00fc\u015f\u00fckt\u00fcr<\/p><\/li><li data-start=\"1449\" data-end=\"1481\"><p data-start=\"1451\" data-end=\"1481\">\u0130yile\u015fme s\u00fcresi daha k\u0131sad\u0131r<\/p><\/li><\/ul><p data-start=\"1483\" data-end=\"1578\">DHI tekni\u011fi, \u00f6zellikle s\u0131kla\u015ft\u0131rma i\u015flemleri ve s\u0131n\u0131rl\u0131 alanlarda sa\u00e7 ekimi i\u00e7in tercih edilir.<\/p>\t\t\t\t\t\t\t\t<\/div>\n\t\t\t\t<\/div>\n\t\t\t\t<div class=\"elementor-element elementor-element-017a474 elementor-widget elementor-widget-heading\" data-id=\"017a474\" data-element_type=\"widget\" data-widget_type=\"heading.default\">\n\t\t\t\t<div class=\"elementor-widget-container\">\n\t\t\t\t\t<h3 class=\"elementor-heading-title elementor-size-default\">FUE Sa\u00e7 Ekimi (Follicular Unit Extraction)<\/h3>\t\t\t\t<\/div>\n\t\t\t\t<\/div>\n\t\t\t\t<div class=\"elementor-element elementor-element-056323d elementor-widget elementor-widget-text-editor\" data-id=\"056323d\" data-element_type=\"widget\" data-widget_type=\"text-editor.default\">\n\t\t\t\t<div class=\"elementor-widget-container\">\n\t\t\t\t\t\t\t\t\t<p data-start=\"1633\" data-end=\"1772\">FUE sa\u00e7 ekimi, sa\u00e7 k\u00f6klerinin tek tek mikro motorlar yard\u0131m\u0131yla al\u0131n\u0131p, a\u00e7\u0131lan kanallara yerle\u015ftirildi\u011fi yayg\u0131n ve g\u00fcvenilir bir y\u00f6ntemdir.<\/p><p data-start=\"1774\" data-end=\"1790\"><strong data-start=\"1774\" data-end=\"1790\">Avantajlar\u0131:<\/strong><\/p><ul data-start=\"1791\" data-end=\"1922\"><li data-start=\"1791\" data-end=\"1815\"><p data-start=\"1793\" data-end=\"1815\">\u0130z b\u0131rakmayan teknik<\/p><\/li><li data-start=\"1816\" data-end=\"1850\"><p data-start=\"1818\" data-end=\"1850\">Geni\u015f alanlara uygulama imk\u00e2n\u0131<\/p><\/li><li data-start=\"1851\" data-end=\"1878\"><p data-start=\"1853\" data-end=\"1878\">Do\u011fal sa\u00e7 \u00e7\u0131k\u0131\u015f a\u00e7\u0131lar\u0131<\/p><\/li><li data-start=\"1879\" data-end=\"1922\"><p data-start=\"1881\" data-end=\"1922\">Y\u00fcksek greft say\u0131s\u0131yla ekim yap\u0131labilir<\/p><\/li><\/ul><p data-start=\"1924\" data-end=\"2006\">FUE y\u00f6ntemi, yo\u011fun sa\u00e7 kayb\u0131 ya\u015fayan ki\u015filer i\u00e7in etkili ve kal\u0131c\u0131 \u00e7\u00f6z\u00fcmler sunar.<\/p>\t\t\t\t\t\t\t\t<\/div>\n\t\t\t\t<\/div>\n\t\t\t\t<div class=\"elementor-element elementor-element-cdf0660 elementor-widget elementor-widget-heading\" data-id=\"cdf0660\" data-element_type=\"widget\" data-widget_type=\"heading.default\">\n\t\t\t\t<div class=\"elementor-widget-container\">\n\t\t\t\t\t<h3 class=\"elementor-heading-title elementor-size-default\">Safir Sa\u00e7 Ekimi<\/h3>\t\t\t\t<\/div>\n\t\t\t\t<\/div>\n\t\t\t\t<div class=\"elementor-element elementor-element-aa46147 elementor-widget elementor-widget-text-editor\" data-id=\"aa46147\" data-element_type=\"widget\" data-widget_type=\"text-editor.default\">\n\t\t\t\t<div class=\"elementor-widget-container\">\n\t\t\t\t\t\t\t\t\t<p data-start=\"2034\" data-end=\"2152\">Safir sa\u00e7 ekimi, FUE tekni\u011finin daha geli\u015fmi\u015f bir versiyonudur. Kanal a\u00e7ma i\u015flemi, safir u\u00e7lu \u00f6zel b\u0131\u00e7aklarla yap\u0131l\u0131r.<\/p><p data-start=\"2154\" data-end=\"2170\"><strong data-start=\"2154\" data-end=\"2170\">Avantajlar\u0131:<\/strong><\/p><ul data-start=\"2171\" data-end=\"2292\"><li data-start=\"2171\" data-end=\"2206\"><p data-start=\"2173\" data-end=\"2206\">Daha k\u00fc\u00e7\u00fck ve p\u00fcr\u00fczs\u00fcz kanallar<\/p><\/li><li data-start=\"2207\" data-end=\"2231\"><p data-start=\"2209\" data-end=\"2231\">Dokuya minimum zarar<\/p><\/li><li data-start=\"2232\" data-end=\"2262\"><p data-start=\"2234\" data-end=\"2262\">Daha h\u0131zl\u0131 iyile\u015fme s\u00fcreci<\/p><\/li><li data-start=\"2263\" data-end=\"2292\"><p data-start=\"2265\" data-end=\"2292\">Daha do\u011fal ve s\u0131k g\u00f6r\u00fcn\u00fcm<\/p><\/li><\/ul><p data-start=\"2294\" data-end=\"2381\">Safir tekni\u011fi, do\u011fal estetik beklentisi y\u00fcksek olan hastalar i\u00e7in ideal bir se\u00e7enektir.<\/p>\t\t\t\t\t\t\t\t<\/div>\n\t\t\t\t<\/div>\n\t\t\t\t<div class=\"elementor-element elementor-element-47afd3b elementor-widget elementor-widget-heading\" data-id=\"47afd3b\" data-element_type=\"widget\" data-widget_type=\"heading.default\">\n\t\t\t\t<div class=\"elementor-widget-container\">\n\t\t\t\t\t<h2 class=\"elementor-heading-title elementor-size-default\">Sa\u00e7 Ekimi S\u00fcreci Nas\u0131l \u0130lerler?<\/h2>\t\t\t\t<\/div>\n\t\t\t\t<\/div>\n\t\t\t\t<div class=\"elementor-element elementor-element-e94ae7e elementor-widget elementor-widget-text-editor\" data-id=\"e94ae7e\" data-element_type=\"widget\" data-widget_type=\"text-editor.default\">\n\t\t\t\t<div class=\"elementor-widget-container\">\n\t\t\t\t\t\t\t\t\t<ul><li data-start=\"2424\" data-end=\"2532\"><p data-start=\"2427\" data-end=\"2532\"><strong data-start=\"2427\" data-end=\"2454\">Sa\u00e7 Analizi ve Planlama<\/strong><br data-start=\"2454\" data-end=\"2457\" \/>Sa\u00e7 yap\u0131s\u0131, d\u00f6k\u00fclme tipi ve beklentiler detayl\u0131 \u015fekilde de\u011ferlendirilir.<\/p><\/li><li data-start=\"2534\" data-end=\"2601\"><p data-start=\"2537\" data-end=\"2601\"><strong data-start=\"2537\" data-end=\"2552\">Greft Al\u0131m\u0131<\/strong><br data-start=\"2552\" data-end=\"2555\" \/>Don\u00f6r b\u00f6lgeden sa\u011fl\u0131kl\u0131 sa\u00e7 k\u00f6kleri al\u0131n\u0131r.<\/p><\/li><li data-start=\"2603\" data-end=\"2719\"><p data-start=\"2606\" data-end=\"2719\"><strong data-start=\"2606\" data-end=\"2622\">Ekim A\u015famas\u0131<\/strong><br data-start=\"2622\" data-end=\"2625\" \/>Se\u00e7ilen teknik do\u011frultusunda, sa\u00e7 k\u00f6kleri do\u011fal a\u00e7\u0131 ve y\u00f6nlere uygun \u015fekilde yerle\u015ftirilir.<\/p><\/li><li data-start=\"2721\" data-end=\"2827\"><p data-start=\"2724\" data-end=\"2827\"><strong data-start=\"2724\" data-end=\"2745\">\u0130yile\u015fme ve Takip<\/strong><br data-start=\"2745\" data-end=\"2748\" \/>Operasyon sonras\u0131 s\u00fcre\u00e7 yak\u0131ndan takip edilir ve bak\u0131m \u00f6nerileri payla\u015f\u0131l\u0131r.<\/p><\/li><\/ul>\t\t\t\t\t\t\t\t<\/div>\n\t\t\t\t<\/div>\n\t\t\t\t<div class=\"elementor-element elementor-element-ead42fa elementor-widget elementor-widget-html\" data-id=\"ead42fa\" data-element_type=\"widget\" data-widget_type=\"html.default\">\n\t\t\t\t<div class=\"elementor-widget-container\">\n\t\t\t\t\t<div class=\"voh-htv2\">\n  <h2 class=\"voh-htv2__title\">Tek Greft Seviyesinde Hassasiyet<\/h2>\n  <p class=\"voh-htv2__sub\">Vital of Hair'deki bir tedaviden \u00fc\u00e7 ger\u00e7ek kesit \u2013 klinik odas\u0131ndaki s\u00fcre\u00e7ten greft al\u0131m\u0131n\u0131n yak\u0131n \u00e7ekimine kadar.<\/p>\n  <div class=\"voh-htv2__grid\">\n    <div class=\"voh-htv2__media voh-htv2__media--a\" style=\"--voh-poster:url('https:\/\/vitalofhair.de\/wp-content\/uploads\/2026\/08\/haartransplantation-01-poster.jpg')\">\n      <video\n        class=\"voh-htv2__video\"\n        muted\n        loop\n        playsinline\n        webkit-playsinline\n        preload=\"metadata\"\n        poster=\"https:\/\/vitalofhair.de\/wp-content\/uploads\/2026\/08\/haartransplantation-01-poster.jpg\"\n        aria-label=\"Vital of Hair'de bir greft i\u015fleminin yak\u0131n \u00e7ekimi\">\n        <source src=\"https:\/\/vitalofhair.de\/wp-content\/uploads\/2026\/08\/haartransplantation-01-web.mp4\" type=\"video\/mp4\">\n      <\/video>\n    <\/div>\n    <div class=\"voh-htv2__media voh-htv2__media--c\" style=\"--voh-poster:url('https:\/\/vitalofhair.de\/wp-content\/uploads\/2026\/08\/haartransplantation-poster.jpg')\">\n      <video\n        class=\"voh-htv2__video\"\n        muted\n        loop\n        playsinline\n        webkit-playsinline\n        preload=\"metadata\"\n        poster=\"https:\/\/vitalofhair.de\/wp-content\/uploads\/2026\/08\/haartransplantation-poster.jpg\"\n        aria-label=\"Vital of Hair'de bir sa\u00e7 ekiminden ba\u015fka bir yak\u0131n \u00e7ekim\">\n        <source src=\"https:\/\/vitalofhair.de\/wp-content\/uploads\/2026\/08\/haartransplantation-web.mp4\" type=\"video\/mp4\">\n      <\/video>\n    <\/div>\n    <div class=\"voh-htv2__media voh-htv2__media--b\" style=\"--voh-poster:url('https:\/\/vitalofhair.de\/wp-content\/uploads\/2026\/08\/ablauf-haartransplantation-istanbul-poster.jpg')\">\n      <video\n        class=\"voh-htv2__video\"\n        muted\n        loop\n        playsinline\n        webkit-playsinline\n        preload=\"metadata\"\n        poster=\"https:\/\/vitalofhair.de\/wp-content\/uploads\/2026\/08\/ablauf-haartransplantation-istanbul-poster.jpg\"\n        aria-label=\"Vital of Hair'de bir tedavinin s\u00fcreci\">\n        <source src=\"https:\/\/vitalofhair.de\/wp-content\/uploads\/2026\/08\/ablauf-haartransplantation-istanbul-web.mp4\" type=\"video\/mp4\">\n      <\/video>\n    <\/div>\n  <\/div>\n<\/div>\n\t\t\t\t<\/div>\n\t\t\t\t<\/div>\n\t\t\t\t<div class=\"elementor-element elementor-element-ce36d12 elementor-widget elementor-widget-heading\" data-id=\"ce36d12\" data-element_type=\"widget\" data-widget_type=\"heading.default\">\n\t\t\t\t<div class=\"elementor-widget-container\">\n\t\t\t\t\t<h2 class=\"elementor-heading-title elementor-size-default\">Vital of Hair\u2019da Sa\u00e7 Ekimi Neden Farkl\u0131?<\/h2>\t\t\t\t<\/div>\n\t\t\t\t<\/div>\n\t\t\t\t<div class=\"elementor-element elementor-element-fe49970 elementor-widget elementor-widget-text-editor\" data-id=\"fe49970\" data-element_type=\"widget\" data-widget_type=\"text-editor.default\">\n\t\t\t\t<div class=\"elementor-widget-container\">\n\t\t\t\t\t\t\t\t\t<ul data-start=\"2879\" data-end=\"3085\"><li data-start=\"2879\" data-end=\"2915\"><p data-start=\"2881\" data-end=\"2915\">Ki\u015fiye \u00f6zel sa\u00e7 ekimi planlamas\u0131<\/p><\/li><li data-start=\"2916\" data-end=\"2951\"><p data-start=\"2918\" data-end=\"2951\">Deneyimli ve uzman sa\u011fl\u0131k ekibi<\/p><\/li><li data-start=\"2952\" data-end=\"2995\"><p data-start=\"2954\" data-end=\"2995\">Uluslararas\u0131 standartlarda steril ortam<\/p><\/li><li data-start=\"2996\" data-end=\"3042\"><p data-start=\"2998\" data-end=\"3042\">Do\u011fal g\u00f6r\u00fcn\u00fcm\u00fc hedefleyen estetik yakla\u015f\u0131m<\/p><\/li><li data-start=\"3043\" data-end=\"3085\"><p data-start=\"3045\" data-end=\"3085\">Operasyon sonras\u0131 d\u00fczenli hasta takibi<\/p><\/li><\/ul><p data-start=\"3087\" data-end=\"3174\">Bizim i\u00e7in sa\u00e7 ekimi, sadece bir i\u015flem de\u011fil; <strong data-start=\"3133\" data-end=\"3173\">uzun vadeli bir memnuniyet s\u00fcrecidir<\/strong>.<\/p>\t\t\t\t\t\t\t\t<\/div>\n\t\t\t\t<\/div>\n\t\t\t\t<div class=\"elementor-element elementor-element-5dee1e2 elementor-widget elementor-widget-heading\" data-id=\"5dee1e2\" data-element_type=\"widget\" data-widget_type=\"heading.default\">\n\t\t\t\t<div class=\"elementor-widget-container\">\n\t\t\t\t\t<h2 class=\"elementor-heading-title elementor-size-default\">Kimler Sa\u00e7 Ekimi \u0130\u00e7in Uygundur?<\/h2>\t\t\t\t<\/div>\n\t\t\t\t<\/div>\n\t\t\t\t<div class=\"elementor-element elementor-element-c83e620 elementor-widget elementor-widget-text-editor\" data-id=\"c83e620\" data-element_type=\"widget\" data-widget_type=\"text-editor.default\">\n\t\t\t\t<div class=\"elementor-widget-container\">\n\t\t\t\t\t\t\t\t\t<ul data-start=\"3217\" data-end=\"3367\"><li data-start=\"3217\" data-end=\"3253\"><p data-start=\"3219\" data-end=\"3253\">Genetik sa\u00e7 d\u00f6k\u00fclmesi ya\u015fayanlar<\/p><\/li><li data-start=\"3254\" data-end=\"3287\"><p data-start=\"3256\" data-end=\"3287\">Sa\u00e7 \u00e7izgisi gerileyen ki\u015filer<\/p><\/li><li data-start=\"3288\" data-end=\"3327\"><p data-start=\"3290\" data-end=\"3327\">Tepe veya \u00f6n b\u00f6lge a\u00e7\u0131kl\u0131\u011f\u0131 olanlar<\/p><\/li><li data-start=\"3328\" data-end=\"3367\"><p data-start=\"3330\" data-end=\"3367\">Don\u00f6r b\u00f6lgesi yeterli olan bireyler<\/p><\/li><\/ul><p data-start=\"3369\" data-end=\"3433\">Uygunluk, mutlaka uzman de\u011ferlendirmesi sonras\u0131 belirlenmelidir.<\/p>\t\t\t\t\t\t\t\t<\/div>\n\t\t\t\t<\/div>\n\t\t\t\t<div class=\"elementor-element elementor-element-0ec5156 elementor-widget elementor-widget-heading\" data-id=\"0ec5156\" data-element_type=\"widget\" data-widget_type=\"heading.default\">\n\t\t\t\t<div class=\"elementor-widget-container\">\n\t\t\t\t\t<h2 class=\"elementor-heading-title elementor-size-default\">Do\u011fal Sa\u00e7lar, G\u00fc\u00e7l\u00fc Bir Ba\u015flang\u0131\u00e7<\/h2>\t\t\t\t<\/div>\n\t\t\t\t<\/div>\n\t\t\t\t<div class=\"elementor-element elementor-element-b55f04a elementor-widget elementor-widget-text-editor\" data-id=\"b55f04a\" data-element_type=\"widget\" data-widget_type=\"text-editor.default\">\n\t\t\t\t<div class=\"elementor-widget-container\">\n\t\t\t\t\t\t\t\t\t<p>E\u011fer siz de sa\u00e7 d\u00f6k\u00fclmesine kal\u0131c\u0131 bir \u00e7\u00f6z\u00fcm ar\u0131yorsan\u0131z, Vital of Hair\u2019da size en uygun sa\u00e7 ekimi y\u00f6ntemini birlikte belirleyebiliriz.<\/p>\t\t\t\t\t\t\t\t<\/div>\n\t\t\t\t<\/div>\n\t\t\t\t<\/div>\n\t\t\t\t\t<\/div>\n\t\t\t\t<\/div>\n\t\t\t\t<\/div>\n\t\t","protected":false},"excerpt":{"rendered":"<p>DHI, FUE ve Safir Teknikleri ile Do\u011fal ve Kal\u0131c\u0131 Sonu\u00e7lar Vital of Hair, sa\u00e7 sa\u011fl\u0131\u011f\u0131 ve estetik alan\u0131nda bilimsel y\u00f6ntemleri, etik de\u011ferleri ve ki\u015fiye \u00f6zel \u00e7\u00f6z\u00fcmleri merkeze alan bir sa\u00e7 ekim ve tedavi klini\u011fidir. Amac\u0131m\u0131z; sadece sa\u00e7 kazand\u0131rmak de\u011fil, ki\u015finin \u00f6zg\u00fcvenini ve ya\u015fam kalitesini kal\u0131c\u0131 \u015fekilde art\u0131rmakt\u0131r. Kuruldu\u011fumuz g\u00fcnden bu yana, her hastay\u0131 tek tip [&hellip;]<\/p>\n","protected":false},"author":2,"featured_media":0,"parent":126,"menu_order":0,"comment_status":"closed","ping_status":"closed","template":"elementor_header_footer","meta":{"footnotes":""},"class_list":["post-188","page","type-page","status-publish","hentry"],"yoast_head":"<!-- This site is optimized with the Yoast SEO plugin v28.4 - https:\/\/yoast.com\/product\/yoast-seo-wordpress\/ -->\n<title>Sa\u00e7 Ekimi | Vital of Hair<\/title>\n<meta name=\"robots\" content=\"noindex, follow, max-snippet:-1, max-image-preview:large, max-video-preview:-1\" \/>\n<meta property=\"og:locale\" content=\"tr_TR\" \/>\n<meta property=\"og:type\" content=\"article\" \/>\n<meta property=\"og:title\" content=\"Sa\u00e7 Ekimi | Vital of Hair\" \/>\n<meta property=\"og:description\" content=\"DHI, FUE ve Safir Teknikleri ile Do\u011fal ve Kal\u0131c\u0131 Sonu\u00e7lar Vital of Hair, sa\u00e7 sa\u011fl\u0131\u011f\u0131 ve estetik alan\u0131nda bilimsel y\u00f6ntemleri, etik de\u011ferleri ve ki\u015fiye \u00f6zel \u00e7\u00f6z\u00fcmleri merkeze alan bir sa\u00e7 ekim ve tedavi klini\u011fidir. Amac\u0131m\u0131z; sadece sa\u00e7 kazand\u0131rmak de\u011fil, ki\u015finin \u00f6zg\u00fcvenini ve ya\u015fam kalitesini kal\u0131c\u0131 \u015fekilde art\u0131rmakt\u0131r. Kuruldu\u011fumuz g\u00fcnden bu yana, her hastay\u0131 tek tip [&hellip;]\" \/>\n<meta property=\"og:url\" content=\"https:\/\/vitalofhair.de\/reliant\/hizmetlerimiz\/sac-ekimi\/\" \/>\n<meta property=\"og:site_name\" content=\"Vital of Hair\" \/>\n<meta property=\"article:modified_time\" content=\"2026-08-28T17:37:59+00:00\" \/>\n<meta property=\"og:image\" content=\"https:\/\/vitalofhair.de\/wp-content\/uploads\/2026\/08\/haartransplantation-vital-of-hair.jpeg\" \/>\n<meta name=\"twitter:card\" content=\"summary_large_image\" \/>\n<meta name=\"twitter:label1\" content=\"Tahmini okuma s\u00fcresi\" \/>\n\t<meta name=\"twitter:data1\" content=\"4 dakika\" \/>\n<script type=\"application\/ld+json\" class=\"yoast-schema-graph\">{\"@context\":\"https:\\\/\\\/schema.org\",\"@graph\":[{\"@type\":\"WebPage\",\"@id\":\"https:\\\/\\\/vitalofhair.de\\\/reliant\\\/hizmetlerimiz\\\/sac-ekimi\\\/\",\"url\":\"https:\\\/\\\/vitalofhair.de\\\/reliant\\\/hizmetlerimiz\\\/sac-ekimi\\\/\",\"name\":\"Sa\u00e7 Ekimi | Vital of Hair\",\"isPartOf\":{\"@id\":\"https:\\\/\\\/vitalofhair.de\\\/reliant\\\/#website\"},\"primaryImageOfPage\":{\"@id\":\"https:\\\/\\\/vitalofhair.de\\\/reliant\\\/hizmetlerimiz\\\/sac-ekimi\\\/#primaryimage\"},\"image\":{\"@id\":\"https:\\\/\\\/vitalofhair.de\\\/reliant\\\/hizmetlerimiz\\\/sac-ekimi\\\/#primaryimage\"},\"thumbnailUrl\":\"https:\\\/\\\/vitalofhair.de\\\/wp-content\\\/uploads\\\/2026\\\/08\\\/haartransplantation-vital-of-hair.jpeg\",\"datePublished\":\"2025-12-17T17:43:54+00:00\",\"dateModified\":\"2026-08-28T17:37:59+00:00\",\"breadcrumb\":{\"@id\":\"https:\\\/\\\/vitalofhair.de\\\/reliant\\\/hizmetlerimiz\\\/sac-ekimi\\\/#breadcrumb\"},\"inLanguage\":\"tr\",\"potentialAction\":[{\"@type\":\"ReadAction\",\"target\":[\"https:\\\/\\\/vitalofhair.de\\\/reliant\\\/hizmetlerimiz\\\/sac-ekimi\\\/\"]}]},{\"@type\":\"ImageObject\",\"inLanguage\":\"tr\",\"@id\":\"https:\\\/\\\/vitalofhair.de\\\/reliant\\\/hizmetlerimiz\\\/sac-ekimi\\\/#primaryimage\",\"url\":\"https:\\\/\\\/vitalofhair.de\\\/wp-content\\\/uploads\\\/2026\\\/08\\\/haartransplantation-vital-of-hair.jpeg\",\"contentUrl\":\"https:\\\/\\\/vitalofhair.de\\\/wp-content\\\/uploads\\\/2026\\\/08\\\/haartransplantation-vital-of-hair.jpeg\"},{\"@type\":\"BreadcrumbList\",\"@id\":\"https:\\\/\\\/vitalofhair.de\\\/reliant\\\/hizmetlerimiz\\\/sac-ekimi\\\/#breadcrumb\",\"itemListElement\":[{\"@type\":\"ListItem\",\"position\":1,\"name\":\"Anasayfa\",\"item\":\"https:\\\/\\\/vitalofhair.de\\\/reliant\\\/de\\\/startseite\\\/\"},{\"@type\":\"ListItem\",\"position\":2,\"name\":\"Hizmetlerimiz\",\"item\":\"https:\\\/\\\/vitalofhair.de\\\/reliant\\\/hizmetlerimiz\\\/\"},{\"@type\":\"ListItem\",\"position\":3,\"name\":\"Sa\u00e7 Ekimi\"}]},{\"@type\":\"WebSite\",\"@id\":\"https:\\\/\\\/vitalofhair.de\\\/reliant\\\/#website\",\"url\":\"https:\\\/\\\/vitalofhair.de\\\/reliant\\\/\",\"name\":\"Vital of Hair\",\"description\":\"\",\"publisher\":{\"@id\":\"https:\\\/\\\/vitalofhair.de\\\/reliant\\\/#organization\"},\"potentialAction\":[{\"@type\":\"SearchAction\",\"target\":{\"@type\":\"EntryPoint\",\"urlTemplate\":\"https:\\\/\\\/vitalofhair.de\\\/reliant\\\/?s={search_term_string}\"},\"query-input\":{\"@type\":\"PropertyValueSpecification\",\"valueRequired\":true,\"valueName\":\"search_term_string\"}}],\"inLanguage\":\"tr\"},{\"@type\":\"Organization\",\"@id\":\"https:\\\/\\\/vitalofhair.de\\\/reliant\\\/#organization\",\"name\":\"Vital of Hair\",\"url\":\"https:\\\/\\\/vitalofhair.de\\\/reliant\\\/\",\"logo\":{\"@type\":\"ImageObject\",\"inLanguage\":\"tr\",\"@id\":\"https:\\\/\\\/vitalofhair.de\\\/reliant\\\/#\\\/schema\\\/logo\\\/image\\\/\",\"url\":\"https:\\\/\\\/vitalofhair.de\\\/reliant\\\/wp-content\\\/uploads\\\/2025\\\/12\\\/vital-of-hair-logo.png\",\"contentUrl\":\"https:\\\/\\\/vitalofhair.de\\\/reliant\\\/wp-content\\\/uploads\\\/2025\\\/12\\\/vital-of-hair-logo.png\",\"width\":417,\"height\":108,\"caption\":\"Vital of Hair\"},\"image\":{\"@id\":\"https:\\\/\\\/vitalofhair.de\\\/reliant\\\/#\\\/schema\\\/logo\\\/image\\\/\"}}]}<\/script>\n<!-- \/ Yoast SEO plugin. -->","yoast_head_json":{"title":"Sa\u00e7 Ekimi | Vital of Hair","robots":{"index":"noindex","follow":"follow","max-snippet":"max-snippet:-1","max-image-preview":"max-image-preview:large","max-video-preview":"max-video-preview:-1"},"og_locale":"tr_TR","og_type":"article","og_title":"Sa\u00e7 Ekimi | Vital of Hair","og_description":"DHI, FUE ve Safir Teknikleri ile Do\u011fal ve Kal\u0131c\u0131 Sonu\u00e7lar Vital of Hair, sa\u00e7 sa\u011fl\u0131\u011f\u0131 ve estetik alan\u0131nda bilimsel y\u00f6ntemleri, etik de\u011ferleri ve ki\u015fiye \u00f6zel \u00e7\u00f6z\u00fcmleri merkeze alan bir sa\u00e7 ekim ve tedavi klini\u011fidir. Amac\u0131m\u0131z; sadece sa\u00e7 kazand\u0131rmak de\u011fil, ki\u015finin \u00f6zg\u00fcvenini ve ya\u015fam kalitesini kal\u0131c\u0131 \u015fekilde art\u0131rmakt\u0131r. Kuruldu\u011fumuz g\u00fcnden bu yana, her hastay\u0131 tek tip [&hellip;]","og_url":"https:\/\/vitalofhair.de\/reliant\/hizmetlerimiz\/sac-ekimi\/","og_site_name":"Vital of Hair","article_modified_time":"2026-08-28T17:37:59+00:00","og_image":[{"url":"https:\/\/vitalofhair.de\/wp-content\/uploads\/2026\/08\/haartransplantation-vital-of-hair.jpeg","type":"","width":"","height":""}],"twitter_card":"summary_large_image","twitter_misc":{"Tahmini okuma s\u00fcresi":"4 dakika"},"schema":{"@context":"https:\/\/schema.org","@graph":[{"@type":"WebPage","@id":"https:\/\/vitalofhair.de\/reliant\/hizmetlerimiz\/sac-ekimi\/","url":"https:\/\/vitalofhair.de\/reliant\/hizmetlerimiz\/sac-ekimi\/","name":"Sa\u00e7 Ekimi | Vital of Hair","isPartOf":{"@id":"https:\/\/vitalofhair.de\/reliant\/#website"},"primaryImageOfPage":{"@id":"https:\/\/vitalofhair.de\/reliant\/hizmetlerimiz\/sac-ekimi\/#primaryimage"},"image":{"@id":"https:\/\/vitalofhair.de\/reliant\/hizmetlerimiz\/sac-ekimi\/#primaryimage"},"thumbnailUrl":"https:\/\/vitalofhair.de\/wp-content\/uploads\/2026\/08\/haartransplantation-vital-of-hair.jpeg","datePublished":"2025-12-17T17:43:54+00:00","dateModified":"2026-08-28T17:37:59+00:00","breadcrumb":{"@id":"https:\/\/vitalofhair.de\/reliant\/hizmetlerimiz\/sac-ekimi\/#breadcrumb"},"inLanguage":"tr","potentialAction":[{"@type":"ReadAction","target":["https:\/\/vitalofhair.de\/reliant\/hizmetlerimiz\/sac-ekimi\/"]}]},{"@type":"ImageObject","inLanguage":"tr","@id":"https:\/\/vitalofhair.de\/reliant\/hizmetlerimiz\/sac-ekimi\/#primaryimage","url":"https:\/\/vitalofhair.de\/wp-content\/uploads\/2026\/08\/haartransplantation-vital-of-hair.jpeg","contentUrl":"https:\/\/vitalofhair.de\/wp-content\/uploads\/2026\/08\/haartransplantation-vital-of-hair.jpeg"},{"@type":"BreadcrumbList","@id":"https:\/\/vitalofhair.de\/reliant\/hizmetlerimiz\/sac-ekimi\/#breadcrumb","itemListElement":[{"@type":"ListItem","position":1,"name":"Anasayfa","item":"https:\/\/vitalofhair.de\/reliant\/de\/startseite\/"},{"@type":"ListItem","position":2,"name":"Hizmetlerimiz","item":"https:\/\/vitalofhair.de\/reliant\/hizmetlerimiz\/"},{"@type":"ListItem","position":3,"name":"Sa\u00e7 Ekimi"}]},{"@type":"WebSite","@id":"https:\/\/vitalofhair.de\/reliant\/#website","url":"https:\/\/vitalofhair.de\/reliant\/","name":"Vital of Hair","description":"","publisher":{"@id":"https:\/\/vitalofhair.de\/reliant\/#organization"},"potentialAction":[{"@type":"SearchAction","target":{"@type":"EntryPoint","urlTemplate":"https:\/\/vitalofhair.de\/reliant\/?s={search_term_string}"},"query-input":{"@type":"PropertyValueSpecification","valueRequired":true,"valueName":"search_term_string"}}],"inLanguage":"tr"},{"@type":"Organization","@id":"https:\/\/vitalofhair.de\/reliant\/#organization","name":"Vital of Hair","url":"https:\/\/vitalofhair.de\/reliant\/","logo":{"@type":"ImageObject","inLanguage":"tr","@id":"https:\/\/vitalofhair.de\/reliant\/#\/schema\/logo\/image\/","url":"https:\/\/vitalofhair.de\/reliant\/wp-content\/uploads\/2025\/12\/vital-of-hair-logo.png","contentUrl":"https:\/\/vitalofhair.de\/reliant\/wp-content\/uploads\/2025\/12\/vital-of-hair-logo.png","width":417,"height":108,"caption":"Vital of Hair"},"image":{"@id":"https:\/\/vitalofhair.de\/reliant\/#\/schema\/logo\/image\/"}}]}},"_links":{"self":[{"href":"https:\/\/vitalofhair.de\/reliant\/wp-json\/wp\/v2\/pages\/188","targetHints":{"allow":["GET"]}}],"collection":[{"href":"https:\/\/vitalofhair.de\/reliant\/wp-json\/wp\/v2\/pages"}],"about":[{"href":"https:\/\/vitalofhair.de\/reliant\/wp-json\/wp\/v2\/types\/page"}],"author":[{"embeddable":true,"href":"https:\/\/vitalofhair.de\/reliant\/wp-json\/wp\/v2\/users\/2"}],"replies":[{"embeddable":true,"href":"https:\/\/vitalofhair.de\/reliant\/wp-json\/wp\/v2\/comments?post=188"}],"version-history":[{"count":3,"href":"https:\/\/vitalofhair.de\/reliant\/wp-json\/wp\/v2\/pages\/188\/revisions"}],"predecessor-version":[{"id":1593,"href":"https:\/\/vitalofhair.de\/reliant\/wp-json\/wp\/v2\/pages\/188\/revisions\/1593"}],"up":[{"embeddable":true,"href":"https:\/\/vitalofhair.de\/reliant\/wp-json\/wp\/v2\/pages\/126"}],"wp:attachment":[{"href":"https:\/\/vitalofhair.de\/reliant\/wp-json\/wp\/v2\/media?parent=188"}],"curies":[{"name":"wp","href":"https:\/\/api.w.org\/{rel}","templated":true}]}}