{"id":199,"date":"2025-12-17T20:43:54","date_gmt":"2025-12-17T17:43:54","guid":{"rendered":"https:\/\/vitalofhair.de\/?page_id=199"},"modified":"2026-08-25T09:14:00","modified_gmt":"2026-08-25T06:14:00","slug":"sakal-ekimi","status":"publish","type":"page","link":"https:\/\/vitalofhair.de\/reliant\/hizmetlerimiz\/sakal-ekimi\/","title":{"rendered":"Sakal Ekimi"},"content":{"rendered":"\t\t<div data-elementor-type=\"wp-page\" data-elementor-id=\"199\" class=\"elementor elementor-199\" data-elementor-post-type=\"page\">\n\t\t\t\t<div class=\"elementor-element elementor-element-6a6aaf1 e-con-full e-flex e-con e-parent\" data-id=\"6a6aaf1\" data-element_type=\"container\">\n\t\t\t\t<div class=\"elementor-element elementor-element-a520ad8 elementor-widget elementor-widget-template\" data-id=\"a520ad8\" data-element_type=\"widget\" data-widget_type=\"template.default\">\n\t\t\t\t<div class=\"elementor-widget-container\">\n\t\t\t\t\t\t\t<div class=\"elementor-template\">\n\t\t\t\t\t<div data-elementor-type=\"page\" data-elementor-id=\"89\" class=\"elementor elementor-89\" data-elementor-post-type=\"elementor_library\">\n\t\t\t\t<div class=\"elementor-element elementor-element-35746bb e-flex e-con-boxed e-con e-parent\" data-id=\"35746bb\" data-element_type=\"container\" data-settings=\"{&quot;background_background&quot;:&quot;classic&quot;,&quot;animation&quot;:&quot;none&quot;}\">\n\t\t\t\t\t<div class=\"e-con-inner\">\n\t\t<div class=\"elementor-element elementor-element-d8ce537 e-con-full e-flex e-con e-child\" data-id=\"d8ce537\" data-element_type=\"container\">\n\t\t\t\t<div class=\"elementor-element elementor-element-65fcf51 elementor-widget elementor-widget-heading\" data-id=\"65fcf51\" data-element_type=\"widget\" data-widget_type=\"heading.default\">\n\t\t\t\t<div class=\"elementor-widget-container\">\n\t\t\t\t\t<h1 class=\"elementor-heading-title elementor-size-default\">Sakal Ekimi<\/h1>\t\t\t\t<\/div>\n\t\t\t\t<\/div>\n\t\t\t\t<\/div>\n\t\t\t\t\t<\/div>\n\t\t\t\t<\/div>\n\t\t\t\t<\/div>\n\t\t\t\t<\/div>\n\t\t\t\t\t\t<\/div>\n\t\t\t\t<\/div>\n\t\t\t\t<\/div>\n\t\t<div class=\"elementor-element elementor-element-2e5da045 e-flex e-con-boxed e-con e-parent\" data-id=\"2e5da045\" data-element_type=\"container\">\n\t\t\t\t\t<div class=\"e-con-inner\">\n\t\t<div class=\"elementor-element elementor-element-4a65c947 e-con-full e-flex e-con e-child\" data-id=\"4a65c947\" data-element_type=\"container\">\n\t\t\t\t<div class=\"elementor-element elementor-element-ed99e0f elementor-widget elementor-widget-image\" data-id=\"ed99e0f\" data-element_type=\"widget\" data-widget_type=\"image.default\">\n\t\t\t\t<div class=\"elementor-widget-container\">\n\t\t\t\t\t\t\t\t\t\t\t\t\t\t\t<img fetchpriority=\"high\" decoding=\"async\" width=\"1448\" height=\"1086\" src=\"https:\/\/vitalofhair.de\/reliant\/wp-content\/uploads\/2026\/08\/barttransplantation-vital-of-hair.jpeg\" class=\"attachment-2048x2048 size-2048x2048 wp-image-747\" alt=\"Barttransplantation bei Vital of Hair\" srcset=\"https:\/\/vitalofhair.de\/reliant\/wp-content\/uploads\/2026\/08\/barttransplantation-vital-of-hair.jpeg 1448w, https:\/\/vitalofhair.de\/reliant\/wp-content\/uploads\/2026\/08\/barttransplantation-vital-of-hair-300x225.jpeg 300w, https:\/\/vitalofhair.de\/reliant\/wp-content\/uploads\/2026\/08\/barttransplantation-vital-of-hair-1024x768.jpeg 1024w, https:\/\/vitalofhair.de\/reliant\/wp-content\/uploads\/2026\/08\/barttransplantation-vital-of-hair-768x576.jpeg 768w\" sizes=\"(max-width: 1448px) 100vw, 1448px\" \/>\t\t\t\t\t\t\t\t\t\t\t\t\t\t\t<\/div>\n\t\t\t\t<\/div>\n\t\t\t\t<div class=\"elementor-element elementor-element-c1ccf6a elementor-widget elementor-widget-heading\" data-id=\"c1ccf6a\" data-element_type=\"widget\" data-widget_type=\"heading.default\">\n\t\t\t\t<div class=\"elementor-widget-container\">\n\t\t\t\t\t<h2 class=\"elementor-heading-title elementor-size-default\">Do\u011fal G\u00f6r\u00fcn\u00fcml\u00fc, Kal\u0131c\u0131 ve Ki\u015fiye \u00d6zel \u00c7\u00f6z\u00fcmler<\/h2>\t\t\t\t<\/div>\n\t\t\t\t<\/div>\n\t\t\t\t<div class=\"elementor-element elementor-element-9c9279c elementor-widget elementor-widget-text-editor\" data-id=\"9c9279c\" data-element_type=\"widget\" data-widget_type=\"text-editor.default\">\n\t\t\t\t<div class=\"elementor-widget-container\">\n\t\t\t\t\t\t\t\t\t<p data-start=\"307\" data-end=\"585\">Sakal, erkek g\u00f6r\u00fcn\u00fcm\u00fcnde y\u00fcz hatlar\u0131n\u0131 belirginle\u015ftiren ve karakter kazand\u0131ran \u00f6nemli bir unsurdur. Genetik fakt\u00f6rler, hormonal nedenler, travmalar veya izler nedeniyle sakal \u00e7\u0131kmamas\u0131 ya da seyrek olmas\u0131 yayg\u0131n bir problemdir. Vital of Hair olarak, <strong data-start=\"527\" data-end=\"542\">sakal ekimi<\/strong> uygulamalar\u0131nda do\u011fal g\u00f6r\u00fcn\u00fcm\u00fc \u00f6n planda tutan, ki\u015fiye \u00f6zel ve kal\u0131c\u0131 \u00e7\u00f6z\u00fcmler sunuyoruz.<\/p>\t\t\t\t\t\t\t\t<\/div>\n\t\t\t\t<\/div>\n\t\t\t\t<div class=\"elementor-element elementor-element-86fc344 elementor-widget elementor-widget-heading\" data-id=\"86fc344\" data-element_type=\"widget\" data-widget_type=\"heading.default\">\n\t\t\t\t<div class=\"elementor-widget-container\">\n\t\t\t\t\t<h2 class=\"elementor-heading-title elementor-size-default\">Sakal Ekimi Nedir?<\/h2>\t\t\t\t<\/div>\n\t\t\t\t<\/div>\n\t\t\t\t<div class=\"elementor-element elementor-element-a98042c elementor-widget elementor-widget-text-editor\" data-id=\"a98042c\" data-element_type=\"widget\" data-widget_type=\"text-editor.default\">\n\t\t\t\t<div class=\"elementor-widget-container\">\n\t\t\t\t\t\t\t\t\t<p data-start=\"662\" data-end=\"886\">Sakal ekimi; ense b\u00f6lgesinden al\u0131nan sa\u011fl\u0131kl\u0131 sa\u00e7 k\u00f6klerinin, sakal \u00e7\u0131kmayan veya seyrek olan alanlara tek tek ekilmesi i\u015flemidir. Modern teknikler sayesinde sakal ekimi i\u015flemi <strong data-start=\"839\" data-end=\"878\">konforlu, g\u00fcvenli ve do\u011fal sonu\u00e7lar<\/strong> sa\u011flar.<\/p><p data-start=\"888\" data-end=\"990\">Vital of Hair\u2019da sakal ekimi s\u00fcreci, y\u00fcz hatlar\u0131 ve sakal y\u00f6n\u00fc dikkate al\u0131narak \u00f6zel olarak planlan\u0131r.<\/p>\t\t\t\t\t\t\t\t<\/div>\n\t\t\t\t<\/div>\n\t\t\t\t<div class=\"elementor-element elementor-element-6cbc5bd elementor-widget elementor-widget-heading\" data-id=\"6cbc5bd\" data-element_type=\"widget\" data-widget_type=\"heading.default\">\n\t\t\t\t<div class=\"elementor-widget-container\">\n\t\t\t\t\t<h2 class=\"elementor-heading-title elementor-size-default\">Sakal Ekimi Kimler \u0130\u00e7in Uygundur?<\/h2>\t\t\t\t<\/div>\n\t\t\t\t<\/div>\n\t\t\t\t<div class=\"elementor-element elementor-element-46c72fd elementor-widget elementor-widget-text-editor\" data-id=\"46c72fd\" data-element_type=\"widget\" data-widget_type=\"text-editor.default\">\n\t\t\t\t<div class=\"elementor-widget-container\">\n\t\t\t\t\t\t\t\t\t<ul data-start=\"1035\" data-end=\"1269\"><li data-start=\"1035\" data-end=\"1091\"><p data-start=\"1037\" data-end=\"1091\">Sakal \u00e7\u0131kmayan veya seyrek olan b\u00f6lgeleri bulunanlar<\/p><\/li><li data-start=\"1092\" data-end=\"1147\"><p data-start=\"1094\" data-end=\"1147\">Sakal bo\u015fluklar\u0131 nedeniyle estetik kayg\u0131 ya\u015fayanlar<\/p><\/li><li data-start=\"1148\" data-end=\"1207\"><p data-start=\"1150\" data-end=\"1207\">Yara izi, yan\u0131k veya travmaya ba\u011fl\u0131 sakal kayb\u0131 olanlar<\/p><\/li><li data-start=\"1208\" data-end=\"1269\"><p data-start=\"1210\" data-end=\"1269\">Sakal \u015feklini ve yo\u011funlu\u011funu belirginle\u015ftirmek isteyenler<\/p><\/li><\/ul><p data-start=\"1271\" data-end=\"1340\">Uygunluk, detayl\u0131 bir analiz ve uzman de\u011ferlendirmesi ile belirlenir.<\/p>\t\t\t\t\t\t\t\t<\/div>\n\t\t\t\t<\/div>\n\t\t\t\t<div class=\"elementor-element elementor-element-9acefe2 elementor-widget elementor-widget-heading\" data-id=\"9acefe2\" data-element_type=\"widget\" data-widget_type=\"heading.default\">\n\t\t\t\t<div class=\"elementor-widget-container\">\n\t\t\t\t\t<h2 class=\"elementor-heading-title elementor-size-default\">Sakal Ekimi Nas\u0131l Yap\u0131l\u0131r?<\/h2>\t\t\t\t<\/div>\n\t\t\t\t<\/div>\n\t\t\t\t<div class=\"elementor-element elementor-element-23d3281 elementor-widget elementor-widget-text-editor\" data-id=\"23d3281\" data-element_type=\"widget\" data-widget_type=\"text-editor.default\">\n\t\t\t\t<div class=\"elementor-widget-container\">\n\t\t\t\t\t\t\t\t\t<p data-start=\"1378\" data-end=\"1407\"><strong>1.Y\u00fcz ve Sakal Analizi<br \/><\/strong>Y\u00fcz yap\u0131s\u0131, sakal \u00e7\u0131k\u0131\u015f y\u00f6nleri ve istenen yo\u011funluk detayl\u0131 \u015fekilde de\u011ferlendirilir.<\/p><p data-start=\"1494\" data-end=\"1514\"><strong>2.Greft Al\u0131m\u0131<br \/><\/strong>Don\u00f6r b\u00f6lge olarak genellikle ense b\u00f6lgesi tercih edilir. Sa\u011fl\u0131kl\u0131 sa\u00e7 k\u00f6kleri tek tek al\u0131n\u0131r.<\/p><p data-start=\"1611\" data-end=\"1632\"><strong>3.Ekim A\u015famas\u0131<br \/><\/strong>Sakal k\u00f6kleri, do\u011fal \u00e7\u0131k\u0131\u015f a\u00e7\u0131s\u0131na ve y\u00fcz simetrisine uygun \u015fekilde yerle\u015ftirilir. Bu a\u015fama, do\u011fal g\u00f6r\u00fcn\u00fcm i\u00e7in en kritik s\u00fcre\u00e7tir.<\/p><p data-start=\"1766\" data-end=\"1792\"><strong>4.\u0130yile\u015fme ve Takip<br \/><\/strong>\u0130\u015flem sonras\u0131 bak\u0131m s\u00fcreci anlat\u0131l\u0131r ve d\u00fczenli kontrollerle iyile\u015fme takip edilir.<\/p>\t\t\t\t\t\t\t\t<\/div>\n\t\t\t\t<\/div>\n\t\t\t\t<div class=\"elementor-element elementor-element-e38983d elementor-widget elementor-widget-heading\" data-id=\"e38983d\" data-element_type=\"widget\" data-widget_type=\"heading.default\">\n\t\t\t\t<div class=\"elementor-widget-container\">\n\t\t\t\t\t<h2 class=\"elementor-heading-title elementor-size-default\">Sakal Ekimi Teknikleri<\/h2>\t\t\t\t<\/div>\n\t\t\t\t<\/div>\n\t\t\t\t<div class=\"elementor-element elementor-element-dc17370 elementor-widget elementor-widget-text-editor\" data-id=\"dc17370\" data-element_type=\"widget\" data-widget_type=\"text-editor.default\">\n\t\t\t\t<div class=\"elementor-widget-container\">\n\t\t\t\t\t\t\t\t\t<p data-start=\"1910\" data-end=\"2020\">Vital of Hair\u2019da sakal ekimi, ki\u015finin ihtiyac\u0131na g\u00f6re <strong data-start=\"1964\" data-end=\"1989\">DHI ve FUE teknikleri<\/strong> kullan\u0131larak ger\u00e7ekle\u015ftirilir.<\/p><p data-start=\"2022\" data-end=\"2037\"><strong data-start=\"2022\" data-end=\"2037\">Avantajlar:<\/strong><\/p><ul data-start=\"2038\" data-end=\"2150\"><li data-start=\"2038\" data-end=\"2067\"><p data-start=\"2040\" data-end=\"2067\">\u0130z b\u0131rakmayan uygulamalar<\/p><\/li><li data-start=\"2068\" data-end=\"2097\"><p data-start=\"2070\" data-end=\"2097\">Do\u011fal sakal \u00e7\u0131k\u0131\u015f y\u00f6nleri<\/p><\/li><li data-start=\"2098\" data-end=\"2125\"><p data-start=\"2100\" data-end=\"2125\">Kal\u0131c\u0131 ve yo\u011fun g\u00f6r\u00fcn\u00fcm<\/p><\/li><li data-start=\"2126\" data-end=\"2150\"><p data-start=\"2128\" data-end=\"2150\">K\u0131sa iyile\u015fme s\u00fcresi<\/p><\/li><\/ul>\t\t\t\t\t\t\t\t<\/div>\n\t\t\t\t<\/div>\n\t\t\t\t<div class=\"elementor-element elementor-element-d91c0c0 elementor-widget elementor-widget-heading\" data-id=\"d91c0c0\" data-element_type=\"widget\" data-widget_type=\"heading.default\">\n\t\t\t\t<div class=\"elementor-widget-container\">\n\t\t\t\t\t<h2 class=\"elementor-heading-title elementor-size-default\">Sakal Ekimi Sonras\u0131 S\u00fcre\u00e7<\/h2>\t\t\t\t<\/div>\n\t\t\t\t<\/div>\n\t\t\t\t<div class=\"elementor-element elementor-element-0724a6c elementor-widget elementor-widget-text-editor\" data-id=\"0724a6c\" data-element_type=\"widget\" data-widget_type=\"text-editor.default\">\n\t\t\t\t<div class=\"elementor-widget-container\">\n\t\t\t\t\t\t\t\t\t<ul data-start=\"2187\" data-end=\"2454\"><li data-start=\"2187\" data-end=\"2246\"><p data-start=\"2189\" data-end=\"2246\">\u0130lk g\u00fcnlerde hafif k\u0131zar\u0131kl\u0131k ve kabuklanma g\u00f6r\u00fclebilir<\/p><\/li><li data-start=\"2247\" data-end=\"2294\"><p data-start=\"2249\" data-end=\"2294\">Kabuklar genellikle 7\u201310 g\u00fcn i\u00e7inde d\u00f6k\u00fcl\u00fcr<\/p><\/li><li data-start=\"2295\" data-end=\"2354\"><p data-start=\"2297\" data-end=\"2354\">Ekilen sakallar ge\u00e7ici olarak d\u00f6k\u00fclebilir (\u015fok d\u00f6k\u00fclme)<\/p><\/li><li data-start=\"2355\" data-end=\"2412\"><p data-start=\"2357\" data-end=\"2412\">Kal\u0131c\u0131 sakallar ortalama 3\u20136 ay i\u00e7inde \u00e7\u0131kmaya ba\u015flar<\/p><\/li><li data-start=\"2413\" data-end=\"2454\"><p data-start=\"2415\" data-end=\"2454\">Nihai sonu\u00e7lar 8\u201312 ay i\u00e7inde g\u00f6r\u00fcl\u00fcr<\/p><\/li><\/ul><p data-start=\"2456\" data-end=\"2523\">Bu s\u00fcre\u00e7, Vital of Hair uzmanlar\u0131 taraf\u0131ndan yak\u0131ndan takip edilir.<\/p>\t\t\t\t\t\t\t\t<\/div>\n\t\t\t\t<\/div>\n\t\t\t\t<div class=\"elementor-element elementor-element-4549a54 elementor-widget elementor-widget-heading\" data-id=\"4549a54\" data-element_type=\"widget\" data-widget_type=\"heading.default\">\n\t\t\t\t<div class=\"elementor-widget-container\">\n\t\t\t\t\t<h2 class=\"elementor-heading-title elementor-size-default\">Vital of Hair\u2019da Sakal Ekimi Neden Tercih Edilir?<\/h2>\t\t\t\t<\/div>\n\t\t\t\t<\/div>\n\t\t\t\t<div class=\"elementor-element elementor-element-79c7759 elementor-widget elementor-widget-text-editor\" data-id=\"79c7759\" data-element_type=\"widget\" data-widget_type=\"text-editor.default\">\n\t\t\t\t<div class=\"elementor-widget-container\">\n\t\t\t\t\t\t\t\t\t<ul data-start=\"2584\" data-end=\"2767\"><li data-start=\"2584\" data-end=\"2614\"><p data-start=\"2586\" data-end=\"2614\">Ki\u015fiye \u00f6zel sakal tasar\u0131m\u0131<\/p><\/li><li data-start=\"2615\" data-end=\"2658\"><p data-start=\"2617\" data-end=\"2658\">Do\u011fal esteti\u011fi \u00f6n planda tutan yakla\u015f\u0131m<\/p><\/li><li data-start=\"2659\" data-end=\"2694\"><p data-start=\"2661\" data-end=\"2694\">Deneyimli ve uzman sa\u011fl\u0131k ekibi<\/p><\/li><li data-start=\"2695\" data-end=\"2729\"><p data-start=\"2697\" data-end=\"2729\">Modern ve steril klinik ortam\u0131<\/p><\/li><li data-start=\"2730\" data-end=\"2767\"><p data-start=\"2732\" data-end=\"2767\">Operasyon sonras\u0131 destek ve takip<\/p><\/li><\/ul><p data-start=\"2769\" data-end=\"2881\">Bizim i\u00e7in sakal ekimi; yaln\u0131zca bir i\u015flem de\u011fil, <strong data-start=\"2819\" data-end=\"2860\">y\u00fcz\u00fcn\u00fczle uyumlu bir estetik b\u00fct\u00fcnl\u00fck<\/strong> olu\u015fturma s\u00fcrecidir.<\/p>\t\t\t\t\t\t\t\t<\/div>\n\t\t\t\t<\/div>\n\t\t\t\t<div class=\"elementor-element elementor-element-3c07a80 elementor-widget elementor-widget-heading\" data-id=\"3c07a80\" data-element_type=\"widget\" data-widget_type=\"heading.default\">\n\t\t\t\t<div class=\"elementor-widget-container\">\n\t\t\t\t\t<h2 class=\"elementor-heading-title elementor-size-default\">Do\u011fal Sakallar, G\u00fc\u00e7l\u00fc Bir \u0130fade<\/h2>\t\t\t\t<\/div>\n\t\t\t\t<\/div>\n\t\t\t\t<div class=\"elementor-element elementor-element-280c9fc elementor-widget elementor-widget-text-editor\" data-id=\"280c9fc\" data-element_type=\"widget\" data-widget_type=\"text-editor.default\">\n\t\t\t\t<div class=\"elementor-widget-container\">\n\t\t\t\t\t\t\t\t\t<p>Siz de daha dolgun, simetrik ve do\u011fal g\u00f6r\u00fcn\u00fcml\u00fc sakallara sahip olmak istiyorsan\u0131z, Vital of Hair\u2019da size en uygun sakal ekimi plan\u0131n\u0131 birlikte olu\u015fturabiliriz.<\/p>\t\t\t\t\t\t\t\t<\/div>\n\t\t\t\t<\/div>\n\t\t\t\t<\/div>\n\t\t\t\t\t<\/div>\n\t\t\t\t<\/div>\n\t\t\t\t<\/div>\n\t\t","protected":false},"excerpt":{"rendered":"<p>Do\u011fal G\u00f6r\u00fcn\u00fcml\u00fc, Kal\u0131c\u0131 ve Ki\u015fiye \u00d6zel \u00c7\u00f6z\u00fcmler Sakal, erkek g\u00f6r\u00fcn\u00fcm\u00fcnde y\u00fcz hatlar\u0131n\u0131 belirginle\u015ftiren ve karakter kazand\u0131ran \u00f6nemli bir unsurdur. Genetik fakt\u00f6rler, hormonal nedenler, travmalar veya izler nedeniyle sakal \u00e7\u0131kmamas\u0131 ya da seyrek olmas\u0131 yayg\u0131n bir problemdir. Vital of Hair olarak, sakal ekimi uygulamalar\u0131nda do\u011fal g\u00f6r\u00fcn\u00fcm\u00fc \u00f6n planda tutan, ki\u015fiye \u00f6zel ve kal\u0131c\u0131 \u00e7\u00f6z\u00fcmler sunuyoruz. Sakal [&hellip;]<\/p>\n","protected":false},"author":2,"featured_media":0,"parent":126,"menu_order":1,"comment_status":"closed","ping_status":"closed","template":"elementor_header_footer","meta":{"footnotes":""},"class_list":["post-199","page","type-page","status-publish","hentry"],"yoast_head":"<!-- This site is optimized with the Yoast SEO plugin v28.4 - https:\/\/yoast.com\/product\/yoast-seo-wordpress\/ -->\n<title>Sakal Ekimi | Vital of Hair<\/title>\n<meta name=\"robots\" content=\"noindex, follow, max-snippet:-1, max-image-preview:large, max-video-preview:-1\" \/>\n<meta property=\"og:locale\" content=\"tr_TR\" \/>\n<meta property=\"og:type\" content=\"article\" \/>\n<meta property=\"og:title\" content=\"Sakal Ekimi | Vital of Hair\" \/>\n<meta property=\"og:description\" content=\"Do\u011fal G\u00f6r\u00fcn\u00fcml\u00fc, Kal\u0131c\u0131 ve Ki\u015fiye \u00d6zel \u00c7\u00f6z\u00fcmler Sakal, erkek g\u00f6r\u00fcn\u00fcm\u00fcnde y\u00fcz hatlar\u0131n\u0131 belirginle\u015ftiren ve karakter kazand\u0131ran \u00f6nemli bir unsurdur. Genetik fakt\u00f6rler, hormonal nedenler, travmalar veya izler nedeniyle sakal \u00e7\u0131kmamas\u0131 ya da seyrek olmas\u0131 yayg\u0131n bir problemdir. Vital of Hair olarak, sakal ekimi uygulamalar\u0131nda do\u011fal g\u00f6r\u00fcn\u00fcm\u00fc \u00f6n planda tutan, ki\u015fiye \u00f6zel ve kal\u0131c\u0131 \u00e7\u00f6z\u00fcmler sunuyoruz. Sakal [&hellip;]\" \/>\n<meta property=\"og:url\" content=\"https:\/\/vitalofhair.de\/reliant\/hizmetlerimiz\/sakal-ekimi\/\" \/>\n<meta property=\"og:site_name\" content=\"Vital of Hair\" \/>\n<meta property=\"article:modified_time\" content=\"2026-08-25T06:14:00+00:00\" \/>\n<meta property=\"og:image\" content=\"https:\/\/vitalofhair.de\/wp-content\/uploads\/2026\/08\/barttransplantation-vital-of-hair.jpeg\" \/>\n<meta name=\"twitter:card\" content=\"summary_large_image\" \/>\n<meta name=\"twitter:label1\" content=\"Tahmini okuma s\u00fcresi\" \/>\n\t<meta name=\"twitter:data1\" content=\"3 dakika\" \/>\n<script type=\"application\/ld+json\" class=\"yoast-schema-graph\">{\"@context\":\"https:\\\/\\\/schema.org\",\"@graph\":[{\"@type\":\"WebPage\",\"@id\":\"https:\\\/\\\/vitalofhair.de\\\/reliant\\\/hizmetlerimiz\\\/sakal-ekimi\\\/\",\"url\":\"https:\\\/\\\/vitalofhair.de\\\/reliant\\\/hizmetlerimiz\\\/sakal-ekimi\\\/\",\"name\":\"Sakal Ekimi | Vital of Hair\",\"isPartOf\":{\"@id\":\"https:\\\/\\\/vitalofhair.de\\\/reliant\\\/#website\"},\"primaryImageOfPage\":{\"@id\":\"https:\\\/\\\/vitalofhair.de\\\/reliant\\\/hizmetlerimiz\\\/sakal-ekimi\\\/#primaryimage\"},\"image\":{\"@id\":\"https:\\\/\\\/vitalofhair.de\\\/reliant\\\/hizmetlerimiz\\\/sakal-ekimi\\\/#primaryimage\"},\"thumbnailUrl\":\"https:\\\/\\\/vitalofhair.de\\\/wp-content\\\/uploads\\\/2026\\\/08\\\/barttransplantation-vital-of-hair.jpeg\",\"datePublished\":\"2025-12-17T17:43:54+00:00\",\"dateModified\":\"2026-08-25T06:14:00+00:00\",\"breadcrumb\":{\"@id\":\"https:\\\/\\\/vitalofhair.de\\\/reliant\\\/hizmetlerimiz\\\/sakal-ekimi\\\/#breadcrumb\"},\"inLanguage\":\"tr\",\"potentialAction\":[{\"@type\":\"ReadAction\",\"target\":[\"https:\\\/\\\/vitalofhair.de\\\/reliant\\\/hizmetlerimiz\\\/sakal-ekimi\\\/\"]}]},{\"@type\":\"ImageObject\",\"inLanguage\":\"tr\",\"@id\":\"https:\\\/\\\/vitalofhair.de\\\/reliant\\\/hizmetlerimiz\\\/sakal-ekimi\\\/#primaryimage\",\"url\":\"https:\\\/\\\/vitalofhair.de\\\/wp-content\\\/uploads\\\/2026\\\/08\\\/barttransplantation-vital-of-hair.jpeg\",\"contentUrl\":\"https:\\\/\\\/vitalofhair.de\\\/wp-content\\\/uploads\\\/2026\\\/08\\\/barttransplantation-vital-of-hair.jpeg\"},{\"@type\":\"BreadcrumbList\",\"@id\":\"https:\\\/\\\/vitalofhair.de\\\/reliant\\\/hizmetlerimiz\\\/sakal-ekimi\\\/#breadcrumb\",\"itemListElement\":[{\"@type\":\"ListItem\",\"position\":1,\"name\":\"Anasayfa\",\"item\":\"https:\\\/\\\/vitalofhair.de\\\/reliant\\\/de\\\/startseite\\\/\"},{\"@type\":\"ListItem\",\"position\":2,\"name\":\"Hizmetlerimiz\",\"item\":\"https:\\\/\\\/vitalofhair.de\\\/reliant\\\/hizmetlerimiz\\\/\"},{\"@type\":\"ListItem\",\"position\":3,\"name\":\"Sakal Ekimi\"}]},{\"@type\":\"WebSite\",\"@id\":\"https:\\\/\\\/vitalofhair.de\\\/reliant\\\/#website\",\"url\":\"https:\\\/\\\/vitalofhair.de\\\/reliant\\\/\",\"name\":\"Vital of Hair\",\"description\":\"\",\"publisher\":{\"@id\":\"https:\\\/\\\/vitalofhair.de\\\/reliant\\\/#organization\"},\"potentialAction\":[{\"@type\":\"SearchAction\",\"target\":{\"@type\":\"EntryPoint\",\"urlTemplate\":\"https:\\\/\\\/vitalofhair.de\\\/reliant\\\/?s={search_term_string}\"},\"query-input\":{\"@type\":\"PropertyValueSpecification\",\"valueRequired\":true,\"valueName\":\"search_term_string\"}}],\"inLanguage\":\"tr\"},{\"@type\":\"Organization\",\"@id\":\"https:\\\/\\\/vitalofhair.de\\\/reliant\\\/#organization\",\"name\":\"Vital of Hair\",\"url\":\"https:\\\/\\\/vitalofhair.de\\\/reliant\\\/\",\"logo\":{\"@type\":\"ImageObject\",\"inLanguage\":\"tr\",\"@id\":\"https:\\\/\\\/vitalofhair.de\\\/reliant\\\/#\\\/schema\\\/logo\\\/image\\\/\",\"url\":\"https:\\\/\\\/vitalofhair.de\\\/reliant\\\/wp-content\\\/uploads\\\/2025\\\/12\\\/vital-of-hair-logo.png\",\"contentUrl\":\"https:\\\/\\\/vitalofhair.de\\\/reliant\\\/wp-content\\\/uploads\\\/2025\\\/12\\\/vital-of-hair-logo.png\",\"width\":417,\"height\":108,\"caption\":\"Vital of Hair\"},\"image\":{\"@id\":\"https:\\\/\\\/vitalofhair.de\\\/reliant\\\/#\\\/schema\\\/logo\\\/image\\\/\"}}]}<\/script>\n<!-- \/ Yoast SEO plugin. -->","yoast_head_json":{"title":"Sakal Ekimi | Vital of Hair","robots":{"index":"noindex","follow":"follow","max-snippet":"max-snippet:-1","max-image-preview":"max-image-preview:large","max-video-preview":"max-video-preview:-1"},"og_locale":"tr_TR","og_type":"article","og_title":"Sakal Ekimi | Vital of Hair","og_description":"Do\u011fal G\u00f6r\u00fcn\u00fcml\u00fc, Kal\u0131c\u0131 ve Ki\u015fiye \u00d6zel \u00c7\u00f6z\u00fcmler Sakal, erkek g\u00f6r\u00fcn\u00fcm\u00fcnde y\u00fcz hatlar\u0131n\u0131 belirginle\u015ftiren ve karakter kazand\u0131ran \u00f6nemli bir unsurdur. Genetik fakt\u00f6rler, hormonal nedenler, travmalar veya izler nedeniyle sakal \u00e7\u0131kmamas\u0131 ya da seyrek olmas\u0131 yayg\u0131n bir problemdir. Vital of Hair olarak, sakal ekimi uygulamalar\u0131nda do\u011fal g\u00f6r\u00fcn\u00fcm\u00fc \u00f6n planda tutan, ki\u015fiye \u00f6zel ve kal\u0131c\u0131 \u00e7\u00f6z\u00fcmler sunuyoruz. Sakal [&hellip;]","og_url":"https:\/\/vitalofhair.de\/reliant\/hizmetlerimiz\/sakal-ekimi\/","og_site_name":"Vital of Hair","article_modified_time":"2026-08-25T06:14:00+00:00","og_image":[{"url":"https:\/\/vitalofhair.de\/wp-content\/uploads\/2026\/08\/barttransplantation-vital-of-hair.jpeg","type":"","width":"","height":""}],"twitter_card":"summary_large_image","twitter_misc":{"Tahmini okuma s\u00fcresi":"3 dakika"},"schema":{"@context":"https:\/\/schema.org","@graph":[{"@type":"WebPage","@id":"https:\/\/vitalofhair.de\/reliant\/hizmetlerimiz\/sakal-ekimi\/","url":"https:\/\/vitalofhair.de\/reliant\/hizmetlerimiz\/sakal-ekimi\/","name":"Sakal Ekimi | Vital of Hair","isPartOf":{"@id":"https:\/\/vitalofhair.de\/reliant\/#website"},"primaryImageOfPage":{"@id":"https:\/\/vitalofhair.de\/reliant\/hizmetlerimiz\/sakal-ekimi\/#primaryimage"},"image":{"@id":"https:\/\/vitalofhair.de\/reliant\/hizmetlerimiz\/sakal-ekimi\/#primaryimage"},"thumbnailUrl":"https:\/\/vitalofhair.de\/wp-content\/uploads\/2026\/08\/barttransplantation-vital-of-hair.jpeg","datePublished":"2025-12-17T17:43:54+00:00","dateModified":"2026-08-25T06:14:00+00:00","breadcrumb":{"@id":"https:\/\/vitalofhair.de\/reliant\/hizmetlerimiz\/sakal-ekimi\/#breadcrumb"},"inLanguage":"tr","potentialAction":[{"@type":"ReadAction","target":["https:\/\/vitalofhair.de\/reliant\/hizmetlerimiz\/sakal-ekimi\/"]}]},{"@type":"ImageObject","inLanguage":"tr","@id":"https:\/\/vitalofhair.de\/reliant\/hizmetlerimiz\/sakal-ekimi\/#primaryimage","url":"https:\/\/vitalofhair.de\/wp-content\/uploads\/2026\/08\/barttransplantation-vital-of-hair.jpeg","contentUrl":"https:\/\/vitalofhair.de\/wp-content\/uploads\/2026\/08\/barttransplantation-vital-of-hair.jpeg"},{"@type":"BreadcrumbList","@id":"https:\/\/vitalofhair.de\/reliant\/hizmetlerimiz\/sakal-ekimi\/#breadcrumb","itemListElement":[{"@type":"ListItem","position":1,"name":"Anasayfa","item":"https:\/\/vitalofhair.de\/reliant\/de\/startseite\/"},{"@type":"ListItem","position":2,"name":"Hizmetlerimiz","item":"https:\/\/vitalofhair.de\/reliant\/hizmetlerimiz\/"},{"@type":"ListItem","position":3,"name":"Sakal Ekimi"}]},{"@type":"WebSite","@id":"https:\/\/vitalofhair.de\/reliant\/#website","url":"https:\/\/vitalofhair.de\/reliant\/","name":"Vital of Hair","description":"","publisher":{"@id":"https:\/\/vitalofhair.de\/reliant\/#organization"},"potentialAction":[{"@type":"SearchAction","target":{"@type":"EntryPoint","urlTemplate":"https:\/\/vitalofhair.de\/reliant\/?s={search_term_string}"},"query-input":{"@type":"PropertyValueSpecification","valueRequired":true,"valueName":"search_term_string"}}],"inLanguage":"tr"},{"@type":"Organization","@id":"https:\/\/vitalofhair.de\/reliant\/#organization","name":"Vital of Hair","url":"https:\/\/vitalofhair.de\/reliant\/","logo":{"@type":"ImageObject","inLanguage":"tr","@id":"https:\/\/vitalofhair.de\/reliant\/#\/schema\/logo\/image\/","url":"https:\/\/vitalofhair.de\/reliant\/wp-content\/uploads\/2025\/12\/vital-of-hair-logo.png","contentUrl":"https:\/\/vitalofhair.de\/reliant\/wp-content\/uploads\/2025\/12\/vital-of-hair-logo.png","width":417,"height":108,"caption":"Vital of Hair"},"image":{"@id":"https:\/\/vitalofhair.de\/reliant\/#\/schema\/logo\/image\/"}}]}},"_links":{"self":[{"href":"https:\/\/vitalofhair.de\/reliant\/wp-json\/wp\/v2\/pages\/199","targetHints":{"allow":["GET"]}}],"collection":[{"href":"https:\/\/vitalofhair.de\/reliant\/wp-json\/wp\/v2\/pages"}],"about":[{"href":"https:\/\/vitalofhair.de\/reliant\/wp-json\/wp\/v2\/types\/page"}],"author":[{"embeddable":true,"href":"https:\/\/vitalofhair.de\/reliant\/wp-json\/wp\/v2\/users\/2"}],"replies":[{"embeddable":true,"href":"https:\/\/vitalofhair.de\/reliant\/wp-json\/wp\/v2\/comments?post=199"}],"version-history":[{"count":0,"href":"https:\/\/vitalofhair.de\/reliant\/wp-json\/wp\/v2\/pages\/199\/revisions"}],"up":[{"embeddable":true,"href":"https:\/\/vitalofhair.de\/reliant\/wp-json\/wp\/v2\/pages\/126"}],"wp:attachment":[{"href":"https:\/\/vitalofhair.de\/reliant\/wp-json\/wp\/v2\/media?parent=199"}],"curies":[{"name":"wp","href":"https:\/\/api.w.org\/{rel}","templated":true}]}}