{"id":207,"date":"2025-12-17T20:43:54","date_gmt":"2025-12-17T17:43:54","guid":{"rendered":"https:\/\/vitalofhair.de\/?page_id=207"},"modified":"2026-08-28T20:39:45","modified_gmt":"2026-08-28T17:39:45","slug":"prp-tedavisi","status":"publish","type":"page","link":"https:\/\/vitalofhair.de\/reliant\/hizmetlerimiz\/prp-tedavisi\/","title":{"rendered":"PRP Tedavisi"},"content":{"rendered":"\t\t<div data-elementor-type=\"wp-page\" data-elementor-id=\"207\" class=\"elementor elementor-207\" data-elementor-post-type=\"page\">\n\t\t\t\t<div class=\"elementor-element elementor-element-6a6aaf1 e-con-full e-flex e-con e-parent\" data-id=\"6a6aaf1\" data-element_type=\"container\">\n\t\t\t\t<div class=\"elementor-element elementor-element-a520ad8 elementor-widget elementor-widget-template\" data-id=\"a520ad8\" data-element_type=\"widget\" data-widget_type=\"template.default\">\n\t\t\t\t<div class=\"elementor-widget-container\">\n\t\t\t\t\t\t\t<div class=\"elementor-template\">\n\t\t\t\t\t<div data-elementor-type=\"page\" data-elementor-id=\"89\" class=\"elementor elementor-89\" data-elementor-post-type=\"elementor_library\">\n\t\t\t\t<div class=\"elementor-element elementor-element-35746bb e-flex e-con-boxed e-con e-parent\" data-id=\"35746bb\" data-element_type=\"container\" data-settings=\"{&quot;background_background&quot;:&quot;classic&quot;,&quot;animation&quot;:&quot;none&quot;}\">\n\t\t\t\t\t<div class=\"e-con-inner\">\n\t\t<div class=\"elementor-element elementor-element-d8ce537 e-con-full e-flex e-con e-child\" data-id=\"d8ce537\" data-element_type=\"container\">\n\t\t\t\t<div class=\"elementor-element elementor-element-65fcf51 elementor-widget elementor-widget-heading\" data-id=\"65fcf51\" data-element_type=\"widget\" data-widget_type=\"heading.default\">\n\t\t\t\t<div class=\"elementor-widget-container\">\n\t\t\t\t\t<h1 class=\"elementor-heading-title elementor-size-default\">PRP Tedavisi<\/h1>\t\t\t\t<\/div>\n\t\t\t\t<\/div>\n\t\t\t\t<\/div>\n\t\t\t\t\t<\/div>\n\t\t\t\t<\/div>\n\t\t\t\t<\/div>\n\t\t\t\t<\/div>\n\t\t\t\t\t\t<\/div>\n\t\t\t\t<\/div>\n\t\t\t\t<\/div>\n\t\t<div class=\"elementor-element elementor-element-2e5da045 e-flex e-con-boxed e-con e-parent\" data-id=\"2e5da045\" data-element_type=\"container\">\n\t\t\t\t\t<div class=\"e-con-inner\">\n\t\t<div class=\"elementor-element elementor-element-4a65c947 e-con-full e-flex e-con e-child\" data-id=\"4a65c947\" data-element_type=\"container\">\n\t\t\t\t<div class=\"elementor-element elementor-element-ed99e0f elementor-widget elementor-widget-image\" data-id=\"ed99e0f\" data-element_type=\"widget\" data-widget_type=\"image.default\">\n\t\t\t\t<div class=\"elementor-widget-container\">\n\t\t\t\t\t\t\t\t\t\t\t\t\t\t\t<img fetchpriority=\"high\" decoding=\"async\" width=\"1448\" height=\"1086\" src=\"https:\/\/vitalofhair.de\/reliant\/wp-content\/uploads\/2026\/08\/prp-behandlung-vital-of-hair.jpeg\" class=\"attachment-2048x2048 size-2048x2048 wp-image-748\" alt=\"PRP-Behandlung bei Vital of Hair\" srcset=\"https:\/\/vitalofhair.de\/reliant\/wp-content\/uploads\/2026\/08\/prp-behandlung-vital-of-hair.jpeg 1448w, https:\/\/vitalofhair.de\/reliant\/wp-content\/uploads\/2026\/08\/prp-behandlung-vital-of-hair-300x225.jpeg 300w, https:\/\/vitalofhair.de\/reliant\/wp-content\/uploads\/2026\/08\/prp-behandlung-vital-of-hair-1024x768.jpeg 1024w, https:\/\/vitalofhair.de\/reliant\/wp-content\/uploads\/2026\/08\/prp-behandlung-vital-of-hair-768x576.jpeg 768w\" sizes=\"(max-width: 1448px) 100vw, 1448px\" \/>\t\t\t\t\t\t\t\t\t\t\t\t\t\t\t<\/div>\n\t\t\t\t<\/div>\n\t\t\t\t<div class=\"elementor-element elementor-element-c1ccf6a elementor-widget elementor-widget-heading\" data-id=\"c1ccf6a\" data-element_type=\"widget\" data-widget_type=\"heading.default\">\n\t\t\t\t<div class=\"elementor-widget-container\">\n\t\t\t\t\t<h2 class=\"elementor-heading-title elementor-size-default\">Sa\u00e7 K\u00f6klerini G\u00fc\u00e7lendiren Do\u011fal ve Etkili Destek<\/h2>\t\t\t\t<\/div>\n\t\t\t\t<\/div>\n\t\t\t\t<div class=\"elementor-element elementor-element-9c9279c elementor-widget elementor-widget-text-editor\" data-id=\"9c9279c\" data-element_type=\"widget\" data-widget_type=\"text-editor.default\">\n\t\t\t\t<div class=\"elementor-widget-container\">\n\t\t\t\t\t\t\t\t\t<p data-start=\"307\" data-end=\"585\">PRP tedavisi, sa\u00e7 d\u00f6k\u00fclmesini yava\u015flatmak, sa\u00e7 k\u00f6klerini g\u00fc\u00e7lendirmek ve sa\u00e7 kalitesini art\u0131rmak amac\u0131yla uygulanan <strong data-start=\"437\" data-end=\"457\">do\u011fal ve g\u00fcvenli<\/strong> bir y\u00f6ntemdir. Vital of Hair\u2019da PRP tedavisi; bilimsel veriler \u0131\u015f\u0131\u011f\u0131nda, ki\u015fiye \u00f6zel planlanan protokollerle uygulan\u0131r.<\/p>\t\t\t\t\t\t\t\t<\/div>\n\t\t\t\t<\/div>\n\t\t\t\t<div class=\"elementor-element elementor-element-1d16c38 elementor-widget elementor-widget-html\" data-id=\"1d16c38\" data-element_type=\"widget\" data-widget_type=\"html.default\">\n\t\t\t\t<div class=\"elementor-widget-container\">\n\t\t\t\t\t<div class=\"voh-prpv\">\n  <h2 class=\"voh-prpv__title\">Ger\u00e7ek Tedavi, Ger\u00e7ek Sonu\u00e7<\/h2>\n  <p class=\"voh-prpv__sub\">A\u015fa\u011f\u0131daki video, Vital of Hair'de ger\u00e7ekle\u015ftirilen bir PRP tedavisinden ger\u00e7ek bir kesit g\u00f6stermektedir.<\/p>\n  <div class=\"voh-prpv__media\" style=\"--voh-poster:url('https:\/\/vitalofhair.de\/wp-content\/uploads\/2026\/08\/prp-behandlung-poster.jpg')\">\n    <video\n      class=\"voh-prpv__video\"\n      muted\n      loop\n      playsinline\n      webkit-playsinline\n      preload=\"metadata\"\n      poster=\"https:\/\/vitalofhair.de\/wp-content\/uploads\/2026\/08\/prp-behandlung-poster.jpg\"\n      aria-label=\"Vital of Hair'de ger\u00e7ek bir PRP tedavisi\">\n      <source src=\"https:\/\/vitalofhair.de\/wp-content\/uploads\/2026\/08\/prp-behandlung-web.mp4\" type=\"video\/mp4\">\n    <\/video>\n  <\/div>\n<\/div>\n\t\t\t\t<\/div>\n\t\t\t\t<\/div>\n\t\t\t\t<div class=\"elementor-element elementor-element-86fc344 elementor-widget elementor-widget-heading\" data-id=\"86fc344\" data-element_type=\"widget\" data-widget_type=\"heading.default\">\n\t\t\t\t<div class=\"elementor-widget-container\">\n\t\t\t\t\t<h2 class=\"elementor-heading-title elementor-size-default\">PRP Tedavisi Nedir?<\/h2>\t\t\t\t<\/div>\n\t\t\t\t<\/div>\n\t\t\t\t<div class=\"elementor-element elementor-element-a98042c elementor-widget elementor-widget-text-editor\" data-id=\"a98042c\" data-element_type=\"widget\" data-widget_type=\"text-editor.default\">\n\t\t\t\t<div class=\"elementor-widget-container\">\n\t\t\t\t\t\t\t\t\t<p data-start=\"608\" data-end=\"792\">PRP (Platelet Rich Plasma), ki\u015finin kendi kan\u0131ndan elde edilen, b\u00fcy\u00fcme fakt\u00f6rleri a\u00e7\u0131s\u0131ndan zengin plazman\u0131n sa\u00e7l\u0131 deriye enjekte edilmesi i\u015flemidir. Bu y\u00f6ntem, sa\u00e7 k\u00f6klerini uyararak:<\/p><ul data-start=\"793\" data-end=\"900\"><li data-start=\"793\" data-end=\"822\"><p data-start=\"795\" data-end=\"822\">Sa\u00e7 d\u00f6k\u00fclmesini azaltmay\u0131<\/p><\/li><li data-start=\"823\" data-end=\"854\"><p data-start=\"825\" data-end=\"854\">Sa\u00e7 k\u00f6klerini g\u00fc\u00e7lendirmeyi<\/p><\/li><li data-start=\"855\" data-end=\"900\"><p data-start=\"857\" data-end=\"900\">Sa\u00e7lar\u0131n daha kal\u0131n ve sa\u011fl\u0131kl\u0131 \u00e7\u0131kmas\u0131n\u0131<\/p><\/li><\/ul><p data-start=\"902\" data-end=\"910\">ama\u00e7lar.<\/p><p data-start=\"912\" data-end=\"1008\">PRP tedavisi, tamamen ki\u015finin kendi kan\u0131 kullan\u0131ld\u0131\u011f\u0131 i\u00e7in <strong data-start=\"971\" data-end=\"1007\">alerji riski son derece d\u00fc\u015f\u00fckt\u00fcr<\/strong>.<\/p>\t\t\t\t\t\t\t\t<\/div>\n\t\t\t\t<\/div>\n\t\t\t\t<div class=\"elementor-element elementor-element-11fa38b elementor-widget elementor-widget-heading\" data-id=\"11fa38b\" data-element_type=\"widget\" data-widget_type=\"heading.default\">\n\t\t\t\t<div class=\"elementor-widget-container\">\n\t\t\t\t\t<h2 class=\"elementor-heading-title elementor-size-default\">PRP Tedavisi Ne \u0130\u015fe Yarar?<\/h2>\t\t\t\t<\/div>\n\t\t\t\t<\/div>\n\t\t\t\t<div class=\"elementor-element elementor-element-0febe46 elementor-widget elementor-widget-text-editor\" data-id=\"0febe46\" data-element_type=\"widget\" data-widget_type=\"text-editor.default\">\n\t\t\t\t<div class=\"elementor-widget-container\">\n\t\t\t\t\t\t\t\t\t<p data-start=\"1046\" data-end=\"1133\">PRP uygulamas\u0131, sa\u00e7l\u0131 derideki h\u00fccre yenilenmesini destekler ve kan dola\u015f\u0131m\u0131n\u0131 art\u0131r\u0131r.<\/p><p data-start=\"1135\" data-end=\"1149\"><strong data-start=\"1135\" data-end=\"1149\">Faydalar\u0131:<\/strong><\/p><ul data-start=\"1150\" data-end=\"1341\"><li data-start=\"1150\" data-end=\"1180\"><p data-start=\"1152\" data-end=\"1180\">Sa\u00e7 d\u00f6k\u00fclmesini yava\u015flat\u0131r<\/p><\/li><li data-start=\"1181\" data-end=\"1212\"><p data-start=\"1183\" data-end=\"1212\">Sa\u00e7 tellerini kal\u0131nla\u015ft\u0131r\u0131r<\/p><\/li><li data-start=\"1213\" data-end=\"1252\"><p data-start=\"1215\" data-end=\"1252\">Sa\u00e7 k\u00f6klerini besler ve canland\u0131r\u0131r<\/p><\/li><li data-start=\"1253\" data-end=\"1291\"><p data-start=\"1255\" data-end=\"1291\">Mevcut sa\u00e7lar\u0131n kalitesini art\u0131r\u0131r<\/p><\/li><li data-start=\"1292\" data-end=\"1341\"><p data-start=\"1294\" data-end=\"1341\">Sa\u00e7 ekimi sonras\u0131 iyile\u015fme s\u00fcrecini destekler<\/p><\/li><\/ul>\t\t\t\t\t\t\t\t<\/div>\n\t\t\t\t<\/div>\n\t\t\t\t<div class=\"elementor-element elementor-element-bbf206e elementor-widget elementor-widget-heading\" data-id=\"bbf206e\" data-element_type=\"widget\" data-widget_type=\"heading.default\">\n\t\t\t\t<div class=\"elementor-widget-container\">\n\t\t\t\t\t<h2 class=\"elementor-heading-title elementor-size-default\">PRP Tedavisi Kimler \u0130\u00e7in Uygundur?<\/h2>\t\t\t\t<\/div>\n\t\t\t\t<\/div>\n\t\t\t\t<div class=\"elementor-element elementor-element-4239bd4 elementor-widget elementor-widget-text-editor\" data-id=\"4239bd4\" data-element_type=\"widget\" data-widget_type=\"text-editor.default\">\n\t\t\t\t<div class=\"elementor-widget-container\">\n\t\t\t\t\t\t\t\t\t<ul data-start=\"1387\" data-end=\"1582\"><li data-start=\"1387\" data-end=\"1426\"><p data-start=\"1389\" data-end=\"1426\">Erken evre sa\u00e7 d\u00f6k\u00fclmesi ya\u015fayanlar<\/p><\/li><li data-start=\"1427\" data-end=\"1469\"><p data-start=\"1429\" data-end=\"1469\">Sa\u00e7lar\u0131 incelmi\u015f ve zay\u0131flam\u0131\u015f ki\u015filer<\/p><\/li><li data-start=\"1470\" data-end=\"1533\"><p data-start=\"1472\" data-end=\"1533\">Sa\u00e7 ekimi \u00f6ncesi veya sonras\u0131 destekleyici tedavi arayanlar<\/p><\/li><li data-start=\"1534\" data-end=\"1582\"><p data-start=\"1536\" data-end=\"1582\">Sa\u00e7 derisi sa\u011fl\u0131\u011f\u0131n\u0131 g\u00fc\u00e7lendirmek isteyenler<\/p><\/li><\/ul><p data-start=\"1584\" data-end=\"1737\">PRP tedavisi, tamamen sa\u00e7s\u0131z b\u00f6lgelerde tek ba\u015f\u0131na yeterli bir \u00e7\u00f6z\u00fcm de\u011fildir; ancak mevcut sa\u00e7lar\u0131n korunmas\u0131 ve g\u00fc\u00e7lendirilmesi i\u00e7in olduk\u00e7a etkilidir.<\/p>\t\t\t\t\t\t\t\t<\/div>\n\t\t\t\t<\/div>\n\t\t\t\t<div class=\"elementor-element elementor-element-6bb97cd elementor-widget elementor-widget-heading\" data-id=\"6bb97cd\" data-element_type=\"widget\" data-widget_type=\"heading.default\">\n\t\t\t\t<div class=\"elementor-widget-container\">\n\t\t\t\t\t<h2 class=\"elementor-heading-title elementor-size-default\">PRP Tedavisi Nas\u0131l Uygulan\u0131r?<\/h2>\t\t\t\t<\/div>\n\t\t\t\t<\/div>\n\t\t\t\t<div class=\"elementor-element elementor-element-fd2b565 elementor-widget elementor-widget-text-editor\" data-id=\"fd2b565\" data-element_type=\"widget\" data-widget_type=\"text-editor.default\">\n\t\t\t\t<div class=\"elementor-widget-container\">\n\t\t\t\t\t\t\t\t\t<ul><li data-start=\"1778\" data-end=\"1832\"><p data-start=\"1781\" data-end=\"1832\"><strong data-start=\"1781\" data-end=\"1794\">Kan Al\u0131m\u0131<\/strong><br data-start=\"1794\" data-end=\"1797\" \/>Hastadan az miktarda kan al\u0131n\u0131r.<\/p><\/li><li data-start=\"1834\" data-end=\"1944\"><p data-start=\"1837\" data-end=\"1944\"><strong data-start=\"1837\" data-end=\"1858\">PRP Elde Edilmesi<\/strong><br data-start=\"1858\" data-end=\"1861\" \/>Kan, \u00f6zel cihazlarda ayr\u0131\u015ft\u0131r\u0131larak platelet y\u00f6n\u00fcnden zengin plazma elde edilir.<\/p><\/li><li data-start=\"1946\" data-end=\"2031\"><p data-start=\"1949\" data-end=\"2031\"><strong data-start=\"1949\" data-end=\"1961\">Uygulama<\/strong><br data-start=\"1961\" data-end=\"1964\" \/>Elde edilen PRP, sa\u00e7l\u0131 deriye mikro enjeksiyonlar ile uygulan\u0131r.<\/p><\/li><li data-start=\"2033\" data-end=\"2113\"><p data-start=\"2036\" data-end=\"2113\"><strong data-start=\"2036\" data-end=\"2052\">Takip S\u00fcreci<\/strong><br data-start=\"2052\" data-end=\"2055\" \/>Uygulama sonras\u0131 hasta g\u00fcnl\u00fck hayat\u0131na hemen d\u00f6nebilir.<\/p><\/li><\/ul>\t\t\t\t\t\t\t\t<\/div>\n\t\t\t\t<\/div>\n\t\t\t\t<div class=\"elementor-element elementor-element-0d2f39d elementor-widget elementor-widget-heading\" data-id=\"0d2f39d\" data-element_type=\"widget\" data-widget_type=\"heading.default\">\n\t\t\t\t<div class=\"elementor-widget-container\">\n\t\t\t\t\t<h2 class=\"elementor-heading-title elementor-size-default\">PRP Tedavisi Ka\u00e7 Seans Uygulan\u0131r?<\/h2>\t\t\t\t<\/div>\n\t\t\t\t<\/div>\n\t\t\t\t<div class=\"elementor-element elementor-element-d9c67aa elementor-widget elementor-widget-text-editor\" data-id=\"d9c67aa\" data-element_type=\"widget\" data-widget_type=\"text-editor.default\">\n\t\t\t\t<div class=\"elementor-widget-container\">\n\t\t\t\t\t\t\t\t\t<p data-start=\"2158\" data-end=\"2182\">PRP tedavisi genellikle:<\/p><ul data-start=\"2183\" data-end=\"2231\"><li data-start=\"2183\" data-end=\"2205\"><p data-start=\"2185\" data-end=\"2205\">3\u20134 seans \u015feklinde<\/p><\/li><li data-start=\"2206\" data-end=\"2231\"><p data-start=\"2208\" data-end=\"2231\">2\u20134 hafta aral\u0131klarla<\/p><\/li><\/ul><p data-start=\"2233\" data-end=\"2335\">planlan\u0131r. Seans say\u0131s\u0131, sa\u00e7 d\u00f6k\u00fclme seviyesi ve hedeflenen sonuca g\u00f6re ki\u015fiye \u00f6zel olarak belirlenir.<\/p>\t\t\t\t\t\t\t\t<\/div>\n\t\t\t\t<\/div>\n\t\t\t\t<div class=\"elementor-element elementor-element-a8296e8 elementor-widget elementor-widget-heading\" data-id=\"a8296e8\" data-element_type=\"widget\" data-widget_type=\"heading.default\">\n\t\t\t\t<div class=\"elementor-widget-container\">\n\t\t\t\t\t<h2 class=\"elementor-heading-title elementor-size-default\">PRP Tedavisi Sonras\u0131 S\u00fcre\u00e7<\/h2>\t\t\t\t<\/div>\n\t\t\t\t<\/div>\n\t\t\t\t<div class=\"elementor-element elementor-element-3942102 elementor-widget elementor-widget-text-editor\" data-id=\"3942102\" data-element_type=\"widget\" data-widget_type=\"text-editor.default\">\n\t\t\t\t<div class=\"elementor-widget-container\">\n\t\t\t\t\t\t\t\t\t<ul><li data-start=\"2373\" data-end=\"2422\"><p data-start=\"2375\" data-end=\"2422\">\u0130\u015flem sonras\u0131 g\u00fcnl\u00fck hayata hemen d\u00f6n\u00fclebilir<\/p><\/li><li data-start=\"2423\" data-end=\"2461\"><p data-start=\"2425\" data-end=\"2461\">Hafif k\u0131zar\u0131kl\u0131k k\u0131sa s\u00fcrede ge\u00e7er<\/p><\/li><li data-start=\"2462\" data-end=\"2514\"><p data-start=\"2464\" data-end=\"2514\">\u0130lk etkiler birka\u00e7 hafta i\u00e7inde g\u00f6r\u00fclmeye ba\u015flar<\/p><\/li><li data-start=\"2515\" data-end=\"2558\"><p data-start=\"2517\" data-end=\"2558\">D\u00fczenli uygulamalarla sonu\u00e7lar g\u00fc\u00e7lenir<\/p><\/li><\/ul>\t\t\t\t\t\t\t\t<\/div>\n\t\t\t\t<\/div>\n\t\t\t\t<div class=\"elementor-element elementor-element-b46395e elementor-widget elementor-widget-heading\" data-id=\"b46395e\" data-element_type=\"widget\" data-widget_type=\"heading.default\">\n\t\t\t\t<div class=\"elementor-widget-container\">\n\t\t\t\t\t<h2 class=\"elementor-heading-title elementor-size-default\">Vital of Hair\u2019da PRP Tedavisi Neden Tercih Edilir?<\/h2>\t\t\t\t<\/div>\n\t\t\t\t<\/div>\n\t\t\t\t<div class=\"elementor-element elementor-element-18f7527 elementor-widget elementor-widget-text-editor\" data-id=\"18f7527\" data-element_type=\"widget\" data-widget_type=\"text-editor.default\">\n\t\t\t\t<div class=\"elementor-widget-container\">\n\t\t\t\t\t\t\t\t\t<ul data-start=\"2620\" data-end=\"2791\"><li data-start=\"2620\" data-end=\"2648\"><p data-start=\"2622\" data-end=\"2648\">Ki\u015fiye \u00f6zel tedavi plan\u0131<\/p><\/li><li data-start=\"2649\" data-end=\"2675\"><p data-start=\"2651\" data-end=\"2675\">Deneyimli sa\u011fl\u0131k ekibi<\/p><\/li><li data-start=\"2676\" data-end=\"2709\"><p data-start=\"2678\" data-end=\"2709\">Steril ve modern klinik ortam<\/p><\/li><li data-start=\"2710\" data-end=\"2758\"><p data-start=\"2712\" data-end=\"2758\">Sa\u00e7 ekimi ile kombine edilebilen protokoller<\/p><\/li><li data-start=\"2759\" data-end=\"2791\"><p data-start=\"2761\" data-end=\"2791\">G\u00fcvenli ve do\u011fal uygulamalar<\/p><\/li><\/ul><p data-start=\"2793\" data-end=\"2927\">Vital of Hair\u2019da PRP tedavisi, tek ba\u015f\u0131na bir i\u015flem de\u011fil; <strong data-start=\"2852\" data-end=\"2908\">sa\u00e7 sa\u011fl\u0131\u011f\u0131n\u0131 uzun vadede korumaya y\u00f6nelik bir s\u00fcre\u00e7<\/strong> olarak ele al\u0131n\u0131r.<\/p>\t\t\t\t\t\t\t\t<\/div>\n\t\t\t\t<\/div>\n\t\t\t\t<div class=\"elementor-element elementor-element-c661b5f elementor-widget elementor-widget-heading\" data-id=\"c661b5f\" data-element_type=\"widget\" data-widget_type=\"heading.default\">\n\t\t\t\t<div class=\"elementor-widget-container\">\n\t\t\t\t\t<h2 class=\"elementor-heading-title elementor-size-default\">Daha G\u00fc\u00e7l\u00fc Sa\u00e7lar \u0130\u00e7in Do\u011fru Destek<\/h2>\t\t\t\t<\/div>\n\t\t\t\t<\/div>\n\t\t\t\t<div class=\"elementor-element elementor-element-6254471 elementor-widget elementor-widget-text-editor\" data-id=\"6254471\" data-element_type=\"widget\" data-widget_type=\"text-editor.default\">\n\t\t\t\t<div class=\"elementor-widget-container\">\n\t\t\t\t\t\t\t\t\t<p>E\u011fer sa\u00e7 d\u00f6k\u00fclmesini yava\u015flatmak, mevcut sa\u00e7lar\u0131n\u0131z\u0131 g\u00fc\u00e7lendirmek ve sa\u00e7 sa\u011fl\u0131\u011f\u0131n\u0131z\u0131 desteklemek istiyorsan\u0131z, PRP tedavisi sizin i\u00e7in etkili bir se\u00e7enek olabilir.<\/p>\t\t\t\t\t\t\t\t<\/div>\n\t\t\t\t<\/div>\n\t\t\t\t<\/div>\n\t\t\t\t\t<\/div>\n\t\t\t\t<\/div>\n\t\t\t\t<\/div>\n\t\t","protected":false},"excerpt":{"rendered":"<p>Sa\u00e7 K\u00f6klerini G\u00fc\u00e7lendiren Do\u011fal ve Etkili Destek PRP tedavisi, sa\u00e7 d\u00f6k\u00fclmesini yava\u015flatmak, sa\u00e7 k\u00f6klerini g\u00fc\u00e7lendirmek ve sa\u00e7 kalitesini art\u0131rmak amac\u0131yla uygulanan do\u011fal ve g\u00fcvenli bir y\u00f6ntemdir. Vital of Hair\u2019da PRP tedavisi; bilimsel veriler \u0131\u015f\u0131\u011f\u0131nda, ki\u015fiye \u00f6zel planlanan protokollerle uygulan\u0131r. Ger\u00e7ek Tedavi, Ger\u00e7ek Sonu\u00e7 A\u015fa\u011f\u0131daki video, Vital of Hair&#8217;de ger\u00e7ekle\u015ftirilen bir PRP tedavisinden ger\u00e7ek bir kesit [&hellip;]<\/p>\n","protected":false},"author":2,"featured_media":0,"parent":126,"menu_order":2,"comment_status":"closed","ping_status":"closed","template":"elementor_header_footer","meta":{"footnotes":""},"class_list":["post-207","page","type-page","status-publish","hentry"],"yoast_head":"<!-- This site is optimized with the Yoast SEO plugin v28.4 - https:\/\/yoast.com\/product\/yoast-seo-wordpress\/ -->\n<title>PRP Tedavisi | Vital of Hair<\/title>\n<meta name=\"robots\" content=\"noindex, follow, max-snippet:-1, max-image-preview:large, max-video-preview:-1\" \/>\n<meta property=\"og:locale\" content=\"tr_TR\" \/>\n<meta property=\"og:type\" content=\"article\" \/>\n<meta property=\"og:title\" content=\"PRP Tedavisi | Vital of Hair\" \/>\n<meta property=\"og:description\" content=\"Sa\u00e7 K\u00f6klerini G\u00fc\u00e7lendiren Do\u011fal ve Etkili Destek PRP tedavisi, sa\u00e7 d\u00f6k\u00fclmesini yava\u015flatmak, sa\u00e7 k\u00f6klerini g\u00fc\u00e7lendirmek ve sa\u00e7 kalitesini art\u0131rmak amac\u0131yla uygulanan do\u011fal ve g\u00fcvenli bir y\u00f6ntemdir. Vital of Hair\u2019da PRP tedavisi; bilimsel veriler \u0131\u015f\u0131\u011f\u0131nda, ki\u015fiye \u00f6zel planlanan protokollerle uygulan\u0131r. Ger\u00e7ek Tedavi, Ger\u00e7ek Sonu\u00e7 A\u015fa\u011f\u0131daki video, Vital of Hair&#8217;de ger\u00e7ekle\u015ftirilen bir PRP tedavisinden ger\u00e7ek bir kesit [&hellip;]\" \/>\n<meta property=\"og:url\" content=\"https:\/\/vitalofhair.de\/reliant\/hizmetlerimiz\/prp-tedavisi\/\" \/>\n<meta property=\"og:site_name\" content=\"Vital of Hair\" \/>\n<meta property=\"article:modified_time\" content=\"2026-08-28T17:39:45+00:00\" \/>\n<meta property=\"og:image\" content=\"https:\/\/vitalofhair.de\/wp-content\/uploads\/2026\/08\/prp-behandlung-vital-of-hair.jpeg\" \/>\n<meta name=\"twitter:card\" content=\"summary_large_image\" \/>\n<meta name=\"twitter:label1\" content=\"Tahmini okuma s\u00fcresi\" \/>\n\t<meta name=\"twitter:data1\" content=\"3 dakika\" \/>\n<script type=\"application\/ld+json\" class=\"yoast-schema-graph\">{\"@context\":\"https:\\\/\\\/schema.org\",\"@graph\":[{\"@type\":\"WebPage\",\"@id\":\"https:\\\/\\\/vitalofhair.de\\\/reliant\\\/hizmetlerimiz\\\/prp-tedavisi\\\/\",\"url\":\"https:\\\/\\\/vitalofhair.de\\\/reliant\\\/hizmetlerimiz\\\/prp-tedavisi\\\/\",\"name\":\"PRP Tedavisi | Vital of Hair\",\"isPartOf\":{\"@id\":\"https:\\\/\\\/vitalofhair.de\\\/reliant\\\/#website\"},\"primaryImageOfPage\":{\"@id\":\"https:\\\/\\\/vitalofhair.de\\\/reliant\\\/hizmetlerimiz\\\/prp-tedavisi\\\/#primaryimage\"},\"image\":{\"@id\":\"https:\\\/\\\/vitalofhair.de\\\/reliant\\\/hizmetlerimiz\\\/prp-tedavisi\\\/#primaryimage\"},\"thumbnailUrl\":\"https:\\\/\\\/vitalofhair.de\\\/wp-content\\\/uploads\\\/2026\\\/08\\\/prp-behandlung-vital-of-hair.jpeg\",\"datePublished\":\"2025-12-17T17:43:54+00:00\",\"dateModified\":\"2026-08-28T17:39:45+00:00\",\"breadcrumb\":{\"@id\":\"https:\\\/\\\/vitalofhair.de\\\/reliant\\\/hizmetlerimiz\\\/prp-tedavisi\\\/#breadcrumb\"},\"inLanguage\":\"tr\",\"potentialAction\":[{\"@type\":\"ReadAction\",\"target\":[\"https:\\\/\\\/vitalofhair.de\\\/reliant\\\/hizmetlerimiz\\\/prp-tedavisi\\\/\"]}]},{\"@type\":\"ImageObject\",\"inLanguage\":\"tr\",\"@id\":\"https:\\\/\\\/vitalofhair.de\\\/reliant\\\/hizmetlerimiz\\\/prp-tedavisi\\\/#primaryimage\",\"url\":\"https:\\\/\\\/vitalofhair.de\\\/wp-content\\\/uploads\\\/2026\\\/08\\\/prp-behandlung-vital-of-hair.jpeg\",\"contentUrl\":\"https:\\\/\\\/vitalofhair.de\\\/wp-content\\\/uploads\\\/2026\\\/08\\\/prp-behandlung-vital-of-hair.jpeg\"},{\"@type\":\"BreadcrumbList\",\"@id\":\"https:\\\/\\\/vitalofhair.de\\\/reliant\\\/hizmetlerimiz\\\/prp-tedavisi\\\/#breadcrumb\",\"itemListElement\":[{\"@type\":\"ListItem\",\"position\":1,\"name\":\"Anasayfa\",\"item\":\"https:\\\/\\\/vitalofhair.de\\\/reliant\\\/de\\\/startseite\\\/\"},{\"@type\":\"ListItem\",\"position\":2,\"name\":\"Hizmetlerimiz\",\"item\":\"https:\\\/\\\/vitalofhair.de\\\/reliant\\\/hizmetlerimiz\\\/\"},{\"@type\":\"ListItem\",\"position\":3,\"name\":\"PRP Tedavisi\"}]},{\"@type\":\"WebSite\",\"@id\":\"https:\\\/\\\/vitalofhair.de\\\/reliant\\\/#website\",\"url\":\"https:\\\/\\\/vitalofhair.de\\\/reliant\\\/\",\"name\":\"Vital of Hair\",\"description\":\"\",\"publisher\":{\"@id\":\"https:\\\/\\\/vitalofhair.de\\\/reliant\\\/#organization\"},\"potentialAction\":[{\"@type\":\"SearchAction\",\"target\":{\"@type\":\"EntryPoint\",\"urlTemplate\":\"https:\\\/\\\/vitalofhair.de\\\/reliant\\\/?s={search_term_string}\"},\"query-input\":{\"@type\":\"PropertyValueSpecification\",\"valueRequired\":true,\"valueName\":\"search_term_string\"}}],\"inLanguage\":\"tr\"},{\"@type\":\"Organization\",\"@id\":\"https:\\\/\\\/vitalofhair.de\\\/reliant\\\/#organization\",\"name\":\"Vital of Hair\",\"url\":\"https:\\\/\\\/vitalofhair.de\\\/reliant\\\/\",\"logo\":{\"@type\":\"ImageObject\",\"inLanguage\":\"tr\",\"@id\":\"https:\\\/\\\/vitalofhair.de\\\/reliant\\\/#\\\/schema\\\/logo\\\/image\\\/\",\"url\":\"https:\\\/\\\/vitalofhair.de\\\/reliant\\\/wp-content\\\/uploads\\\/2025\\\/12\\\/vital-of-hair-logo.png\",\"contentUrl\":\"https:\\\/\\\/vitalofhair.de\\\/reliant\\\/wp-content\\\/uploads\\\/2025\\\/12\\\/vital-of-hair-logo.png\",\"width\":417,\"height\":108,\"caption\":\"Vital of Hair\"},\"image\":{\"@id\":\"https:\\\/\\\/vitalofhair.de\\\/reliant\\\/#\\\/schema\\\/logo\\\/image\\\/\"}}]}<\/script>\n<!-- \/ Yoast SEO plugin. -->","yoast_head_json":{"title":"PRP Tedavisi | Vital of Hair","robots":{"index":"noindex","follow":"follow","max-snippet":"max-snippet:-1","max-image-preview":"max-image-preview:large","max-video-preview":"max-video-preview:-1"},"og_locale":"tr_TR","og_type":"article","og_title":"PRP Tedavisi | Vital of Hair","og_description":"Sa\u00e7 K\u00f6klerini G\u00fc\u00e7lendiren Do\u011fal ve Etkili Destek PRP tedavisi, sa\u00e7 d\u00f6k\u00fclmesini yava\u015flatmak, sa\u00e7 k\u00f6klerini g\u00fc\u00e7lendirmek ve sa\u00e7 kalitesini art\u0131rmak amac\u0131yla uygulanan do\u011fal ve g\u00fcvenli bir y\u00f6ntemdir. Vital of Hair\u2019da PRP tedavisi; bilimsel veriler \u0131\u015f\u0131\u011f\u0131nda, ki\u015fiye \u00f6zel planlanan protokollerle uygulan\u0131r. Ger\u00e7ek Tedavi, Ger\u00e7ek Sonu\u00e7 A\u015fa\u011f\u0131daki video, Vital of Hair&#8217;de ger\u00e7ekle\u015ftirilen bir PRP tedavisinden ger\u00e7ek bir kesit [&hellip;]","og_url":"https:\/\/vitalofhair.de\/reliant\/hizmetlerimiz\/prp-tedavisi\/","og_site_name":"Vital of Hair","article_modified_time":"2026-08-28T17:39:45+00:00","og_image":[{"url":"https:\/\/vitalofhair.de\/wp-content\/uploads\/2026\/08\/prp-behandlung-vital-of-hair.jpeg","type":"","width":"","height":""}],"twitter_card":"summary_large_image","twitter_misc":{"Tahmini okuma s\u00fcresi":"3 dakika"},"schema":{"@context":"https:\/\/schema.org","@graph":[{"@type":"WebPage","@id":"https:\/\/vitalofhair.de\/reliant\/hizmetlerimiz\/prp-tedavisi\/","url":"https:\/\/vitalofhair.de\/reliant\/hizmetlerimiz\/prp-tedavisi\/","name":"PRP Tedavisi | Vital of Hair","isPartOf":{"@id":"https:\/\/vitalofhair.de\/reliant\/#website"},"primaryImageOfPage":{"@id":"https:\/\/vitalofhair.de\/reliant\/hizmetlerimiz\/prp-tedavisi\/#primaryimage"},"image":{"@id":"https:\/\/vitalofhair.de\/reliant\/hizmetlerimiz\/prp-tedavisi\/#primaryimage"},"thumbnailUrl":"https:\/\/vitalofhair.de\/wp-content\/uploads\/2026\/08\/prp-behandlung-vital-of-hair.jpeg","datePublished":"2025-12-17T17:43:54+00:00","dateModified":"2026-08-28T17:39:45+00:00","breadcrumb":{"@id":"https:\/\/vitalofhair.de\/reliant\/hizmetlerimiz\/prp-tedavisi\/#breadcrumb"},"inLanguage":"tr","potentialAction":[{"@type":"ReadAction","target":["https:\/\/vitalofhair.de\/reliant\/hizmetlerimiz\/prp-tedavisi\/"]}]},{"@type":"ImageObject","inLanguage":"tr","@id":"https:\/\/vitalofhair.de\/reliant\/hizmetlerimiz\/prp-tedavisi\/#primaryimage","url":"https:\/\/vitalofhair.de\/wp-content\/uploads\/2026\/08\/prp-behandlung-vital-of-hair.jpeg","contentUrl":"https:\/\/vitalofhair.de\/wp-content\/uploads\/2026\/08\/prp-behandlung-vital-of-hair.jpeg"},{"@type":"BreadcrumbList","@id":"https:\/\/vitalofhair.de\/reliant\/hizmetlerimiz\/prp-tedavisi\/#breadcrumb","itemListElement":[{"@type":"ListItem","position":1,"name":"Anasayfa","item":"https:\/\/vitalofhair.de\/reliant\/de\/startseite\/"},{"@type":"ListItem","position":2,"name":"Hizmetlerimiz","item":"https:\/\/vitalofhair.de\/reliant\/hizmetlerimiz\/"},{"@type":"ListItem","position":3,"name":"PRP Tedavisi"}]},{"@type":"WebSite","@id":"https:\/\/vitalofhair.de\/reliant\/#website","url":"https:\/\/vitalofhair.de\/reliant\/","name":"Vital of Hair","description":"","publisher":{"@id":"https:\/\/vitalofhair.de\/reliant\/#organization"},"potentialAction":[{"@type":"SearchAction","target":{"@type":"EntryPoint","urlTemplate":"https:\/\/vitalofhair.de\/reliant\/?s={search_term_string}"},"query-input":{"@type":"PropertyValueSpecification","valueRequired":true,"valueName":"search_term_string"}}],"inLanguage":"tr"},{"@type":"Organization","@id":"https:\/\/vitalofhair.de\/reliant\/#organization","name":"Vital of Hair","url":"https:\/\/vitalofhair.de\/reliant\/","logo":{"@type":"ImageObject","inLanguage":"tr","@id":"https:\/\/vitalofhair.de\/reliant\/#\/schema\/logo\/image\/","url":"https:\/\/vitalofhair.de\/reliant\/wp-content\/uploads\/2025\/12\/vital-of-hair-logo.png","contentUrl":"https:\/\/vitalofhair.de\/reliant\/wp-content\/uploads\/2025\/12\/vital-of-hair-logo.png","width":417,"height":108,"caption":"Vital of Hair"},"image":{"@id":"https:\/\/vitalofhair.de\/reliant\/#\/schema\/logo\/image\/"}}]}},"_links":{"self":[{"href":"https:\/\/vitalofhair.de\/reliant\/wp-json\/wp\/v2\/pages\/207","targetHints":{"allow":["GET"]}}],"collection":[{"href":"https:\/\/vitalofhair.de\/reliant\/wp-json\/wp\/v2\/pages"}],"about":[{"href":"https:\/\/vitalofhair.de\/reliant\/wp-json\/wp\/v2\/types\/page"}],"author":[{"embeddable":true,"href":"https:\/\/vitalofhair.de\/reliant\/wp-json\/wp\/v2\/users\/2"}],"replies":[{"embeddable":true,"href":"https:\/\/vitalofhair.de\/reliant\/wp-json\/wp\/v2\/comments?post=207"}],"version-history":[{"count":3,"href":"https:\/\/vitalofhair.de\/reliant\/wp-json\/wp\/v2\/pages\/207\/revisions"}],"predecessor-version":[{"id":1599,"href":"https:\/\/vitalofhair.de\/reliant\/wp-json\/wp\/v2\/pages\/207\/revisions\/1599"}],"up":[{"embeddable":true,"href":"https:\/\/vitalofhair.de\/reliant\/wp-json\/wp\/v2\/pages\/126"}],"wp:attachment":[{"href":"https:\/\/vitalofhair.de\/reliant\/wp-json\/wp\/v2\/media?parent=207"}],"curies":[{"name":"wp","href":"https:\/\/api.w.org\/{rel}","templated":true}]}}