{"id":223,"date":"2025-12-17T20:43:54","date_gmt":"2025-12-17T17:43:54","guid":{"rendered":"https:\/\/vitalofhair.de\/?page_id=223"},"modified":"2026-08-22T15:34:18","modified_gmt":"2026-08-22T12:34:18","slug":"sac-analizi","status":"publish","type":"page","link":"https:\/\/vitalofhair.de\/reliant\/hizmetlerimiz\/sac-analizi\/","title":{"rendered":"Sa\u00e7 Analizi"},"content":{"rendered":"\t\t<div data-elementor-type=\"wp-page\" data-elementor-id=\"223\" class=\"elementor elementor-223\" data-elementor-post-type=\"page\">\n\t\t\t\t<div class=\"elementor-element elementor-element-6a6aaf1 e-con-full e-flex e-con e-parent\" data-id=\"6a6aaf1\" data-element_type=\"container\">\n\t\t\t\t<div class=\"elementor-element elementor-element-a520ad8 elementor-widget elementor-widget-template\" data-id=\"a520ad8\" data-element_type=\"widget\" data-widget_type=\"template.default\">\n\t\t\t\t<div class=\"elementor-widget-container\">\n\t\t\t\t\t\t\t<div class=\"elementor-template\">\n\t\t\t\t\t<div data-elementor-type=\"page\" data-elementor-id=\"89\" class=\"elementor elementor-89\" data-elementor-post-type=\"elementor_library\">\n\t\t\t\t<div class=\"elementor-element elementor-element-35746bb e-flex e-con-boxed e-con e-parent\" data-id=\"35746bb\" data-element_type=\"container\" data-settings=\"{&quot;background_background&quot;:&quot;classic&quot;,&quot;animation&quot;:&quot;none&quot;}\">\n\t\t\t\t\t<div class=\"e-con-inner\">\n\t\t<div class=\"elementor-element elementor-element-d8ce537 e-con-full e-flex e-con e-child\" data-id=\"d8ce537\" data-element_type=\"container\">\n\t\t\t\t<div class=\"elementor-element elementor-element-65fcf51 elementor-widget elementor-widget-heading\" data-id=\"65fcf51\" data-element_type=\"widget\" data-widget_type=\"heading.default\">\n\t\t\t\t<div class=\"elementor-widget-container\">\n\t\t\t\t\t<h1 class=\"elementor-heading-title elementor-size-default\">Sa\u00e7 Analizi<\/h1>\t\t\t\t<\/div>\n\t\t\t\t<\/div>\n\t\t\t\t<\/div>\n\t\t\t\t\t<\/div>\n\t\t\t\t<\/div>\n\t\t\t\t<\/div>\n\t\t\t\t<\/div>\n\t\t\t\t\t\t<\/div>\n\t\t\t\t<\/div>\n\t\t\t\t<\/div>\n\t\t<div class=\"elementor-element elementor-element-2e5da045 e-flex e-con-boxed e-con e-parent\" data-id=\"2e5da045\" data-element_type=\"container\">\n\t\t\t\t\t<div class=\"e-con-inner\">\n\t\t<div class=\"elementor-element elementor-element-4a65c947 e-con-full e-flex e-con e-child\" data-id=\"4a65c947\" data-element_type=\"container\">\n\t\t\t\t<div class=\"elementor-element elementor-element-ed99e0f elementor-widget elementor-widget-image\" data-id=\"ed99e0f\" data-element_type=\"widget\" data-widget_type=\"image.default\">\n\t\t\t\t<div class=\"elementor-widget-container\">\n\t\t\t\t\t\t\t\t\t\t\t\t\t\t\t<img fetchpriority=\"high\" decoding=\"async\" width=\"1448\" height=\"1086\" src=\"https:\/\/vitalofhair.de\/reliant\/wp-content\/uploads\/2026\/08\/haaranalyse-vital-of-hair.jpeg\" class=\"attachment-2048x2048 size-2048x2048 wp-image-749\" alt=\"Haaranalyse bei Vital of Hair\" srcset=\"https:\/\/vitalofhair.de\/reliant\/wp-content\/uploads\/2026\/08\/haaranalyse-vital-of-hair.jpeg 1448w, https:\/\/vitalofhair.de\/reliant\/wp-content\/uploads\/2026\/08\/haaranalyse-vital-of-hair-300x225.jpeg 300w, https:\/\/vitalofhair.de\/reliant\/wp-content\/uploads\/2026\/08\/haaranalyse-vital-of-hair-1024x768.jpeg 1024w, https:\/\/vitalofhair.de\/reliant\/wp-content\/uploads\/2026\/08\/haaranalyse-vital-of-hair-768x576.jpeg 768w\" sizes=\"(max-width: 1448px) 100vw, 1448px\" \/>\t\t\t\t\t\t\t\t\t\t\t\t\t\t\t<\/div>\n\t\t\t\t<\/div>\n\t\t\t\t<div class=\"elementor-element elementor-element-c1ccf6a elementor-widget elementor-widget-heading\" data-id=\"c1ccf6a\" data-element_type=\"widget\" data-widget_type=\"heading.default\">\n\t\t\t\t<div class=\"elementor-widget-container\">\n\t\t\t\t\t<h2 class=\"elementor-heading-title elementor-size-default\">Do\u011fru Tedavinin \u0130lk ve En \u00d6nemli Ad\u0131m\u0131<\/h2>\t\t\t\t<\/div>\n\t\t\t\t<\/div>\n\t\t\t\t<div class=\"elementor-element elementor-element-9c9279c elementor-widget elementor-widget-text-editor\" data-id=\"9c9279c\" data-element_type=\"widget\" data-widget_type=\"text-editor.default\">\n\t\t\t\t<div class=\"elementor-widget-container\">\n\t\t\t\t\t\t\t\t\t<p data-start=\"307\" data-end=\"585\">Sa\u00e7 d\u00f6k\u00fclmesi ve sa\u00e7 problemlerinde ba\u015far\u0131l\u0131 bir sonu\u00e7 elde edebilmenin temelinde <strong data-start=\"396\" data-end=\"417\">do\u011fru sa\u00e7 analizi<\/strong> yer al\u0131r. Vital of Hair\u2019da sa\u00e7 analizi; sa\u00e7 yap\u0131s\u0131, sa\u00e7 derisi durumu ve d\u00f6k\u00fclme nedenlerinin detayl\u0131 \u015fekilde incelendi\u011fi, ki\u015fiye \u00f6zel yol haritas\u0131n\u0131n belirlendi\u011fi profesyonel bir de\u011ferlendirme s\u00fcrecidir.<\/p>\t\t\t\t\t\t\t\t<\/div>\n\t\t\t\t<\/div>\n\t\t\t\t<div class=\"elementor-element elementor-element-86fc344 elementor-widget elementor-widget-heading\" data-id=\"86fc344\" data-element_type=\"widget\" data-widget_type=\"heading.default\">\n\t\t\t\t<div class=\"elementor-widget-container\">\n\t\t\t\t\t<h2 class=\"elementor-heading-title elementor-size-default\">Sa\u00e7 Analizi Nedir?<\/h2>\t\t\t\t<\/div>\n\t\t\t\t<\/div>\n\t\t\t\t<div class=\"elementor-element elementor-element-a98042c elementor-widget elementor-widget-text-editor\" data-id=\"a98042c\" data-element_type=\"widget\" data-widget_type=\"text-editor.default\">\n\t\t\t\t<div class=\"elementor-widget-container\">\n\t\t\t\t\t\t\t\t\t<p data-start=\"652\" data-end=\"829\">Sa\u00e7 analizi; sa\u00e7 tellerinin kal\u0131nl\u0131\u011f\u0131, yo\u011funlu\u011fu, sa\u00e7 derisinin durumu ve d\u00f6k\u00fclme tipi gibi bir\u00e7ok fakt\u00f6r\u00fcn uzmanlar taraf\u0131ndan de\u011ferlendirilmesi i\u015flemidir. Bu analiz sayesinde:<\/p><ul data-start=\"830\" data-end=\"919\"><li data-start=\"830\" data-end=\"857\"><p data-start=\"832\" data-end=\"857\">Sa\u00e7 d\u00f6k\u00fclmesinin nedeni<\/p><\/li><li data-start=\"858\" data-end=\"897\"><p data-start=\"860\" data-end=\"897\">Uygun tedavi veya sa\u00e7 ekimi y\u00f6ntemi<\/p><\/li><li data-start=\"898\" data-end=\"919\"><p data-start=\"900\" data-end=\"919\">Beklenen sonu\u00e7lar<\/p><\/li><\/ul><p data-start=\"921\" data-end=\"948\">net bir \u015fekilde belirlenir.<\/p><p data-start=\"950\" data-end=\"1042\">Vital of Hair\u2019da sa\u00e7 analizi, modern cihazlar ve uzman de\u011ferlendirmesi ile ger\u00e7ekle\u015ftirilir.<\/p>\t\t\t\t\t\t\t\t<\/div>\n\t\t\t\t<\/div>\n\t\t\t\t<div class=\"elementor-element elementor-element-a275d85 elementor-widget elementor-widget-heading\" data-id=\"a275d85\" data-element_type=\"widget\" data-widget_type=\"heading.default\">\n\t\t\t\t<div class=\"elementor-widget-container\">\n\t\t\t\t\t<h2 class=\"elementor-heading-title elementor-size-default\">Sa\u00e7 Analizi Neden \u00d6nemlidir?<\/h2>\t\t\t\t<\/div>\n\t\t\t\t<\/div>\n\t\t\t\t<div class=\"elementor-element elementor-element-1b70b08 elementor-widget elementor-widget-text-editor\" data-id=\"1b70b08\" data-element_type=\"widget\" data-widget_type=\"text-editor.default\">\n\t\t\t\t<div class=\"elementor-widget-container\">\n\t\t\t\t\t\t\t\t\t<p data-start=\"1082\" data-end=\"1194\">Her sa\u00e7 d\u00f6k\u00fclmesi ayn\u0131 sebepten kaynaklanmaz. Yanl\u0131\u015f te\u015fhis, yanl\u0131\u015f tedaviye ve yetersiz sonu\u00e7lara yol a\u00e7abilir.<\/p><p data-start=\"1196\" data-end=\"1225\"><strong data-start=\"1196\" data-end=\"1225\">Sa\u00e7 analizinin faydalar\u0131:<\/strong><\/p><ul data-start=\"1226\" data-end=\"1428\"><li data-start=\"1226\" data-end=\"1277\"><p data-start=\"1228\" data-end=\"1277\">Ki\u015fiye \u00f6zel tedavi plan\u0131 olu\u015fturulmas\u0131n\u0131 sa\u011flar<\/p><\/li><li data-start=\"1278\" data-end=\"1316\"><p data-start=\"1280\" data-end=\"1316\">Gereksiz uygulamalar\u0131n \u00f6n\u00fcne ge\u00e7er<\/p><\/li><li data-start=\"1317\" data-end=\"1362\"><p data-start=\"1319\" data-end=\"1362\">Sa\u00e7 ekimi i\u00e7in uygunluk durumunu belirler<\/p><\/li><li data-start=\"1363\" data-end=\"1428\"><p data-start=\"1365\" data-end=\"1428\">Daha do\u011fal ve ba\u015far\u0131l\u0131 sonu\u00e7lar elde edilmesine yard\u0131mc\u0131 olur<\/p><\/li><\/ul>\t\t\t\t\t\t\t\t<\/div>\n\t\t\t\t<\/div>\n\t\t\t\t<div class=\"elementor-element elementor-element-faea4a9 elementor-widget elementor-widget-heading\" data-id=\"faea4a9\" data-element_type=\"widget\" data-widget_type=\"heading.default\">\n\t\t\t\t<div class=\"elementor-widget-container\">\n\t\t\t\t\t<h2 class=\"elementor-heading-title elementor-size-default\">Sa\u00e7 Analizi Kimler \u0130\u00e7in Uygundur?<\/h2>\t\t\t\t<\/div>\n\t\t\t\t<\/div>\n\t\t\t\t<div class=\"elementor-element elementor-element-2b3db2a elementor-widget elementor-widget-text-editor\" data-id=\"2b3db2a\" data-element_type=\"widget\" data-widget_type=\"text-editor.default\">\n\t\t\t\t<div class=\"elementor-widget-container\">\n\t\t\t\t\t\t\t\t\t<ul><li data-start=\"1473\" data-end=\"1516\"><p data-start=\"1475\" data-end=\"1516\">Sa\u00e7 d\u00f6k\u00fclmesi ya\u015fayan kad\u0131n ve erkekler<\/p><\/li><li data-start=\"1517\" data-end=\"1564\"><p data-start=\"1519\" data-end=\"1564\">Sa\u00e7lar\u0131nda incelme ve seyrelme fark edenler<\/p><\/li><li data-start=\"1565\" data-end=\"1594\"><p data-start=\"1567\" data-end=\"1594\">Sa\u00e7 ekimi d\u00fc\u015f\u00fcnen ki\u015filer<\/p><\/li><li data-start=\"1595\" data-end=\"1675\"><p data-start=\"1597\" data-end=\"1675\">PRP veya mezoterapi gibi tedavilere ba\u015flamadan \u00f6nce de\u011ferlendirme isteyenler<\/p><\/li><\/ul>\t\t\t\t\t\t\t\t<\/div>\n\t\t\t\t<\/div>\n\t\t\t\t<div class=\"elementor-element elementor-element-9502627 elementor-widget elementor-widget-heading\" data-id=\"9502627\" data-element_type=\"widget\" data-widget_type=\"heading.default\">\n\t\t\t\t<div class=\"elementor-widget-container\">\n\t\t\t\t\t<h2 class=\"elementor-heading-title elementor-size-default\">Sa\u00e7 Analizi Nas\u0131l Yap\u0131l\u0131r?<\/h2>\t\t\t\t<\/div>\n\t\t\t\t<\/div>\n\t\t\t\t<div class=\"elementor-element elementor-element-e6beb5c elementor-widget elementor-widget-text-editor\" data-id=\"e6beb5c\" data-element_type=\"widget\" data-widget_type=\"text-editor.default\">\n\t\t\t\t<div class=\"elementor-widget-container\">\n\t\t\t\t\t\t\t\t\t<ul><li data-start=\"1713\" data-end=\"1818\"><p data-start=\"1716\" data-end=\"1818\"><strong data-start=\"1716\" data-end=\"1748\">Sa\u00e7 ve Sa\u00e7 Derisi \u0130ncelemesi<\/strong><br data-start=\"1748\" data-end=\"1751\" \/>Sa\u00e7 yo\u011funlu\u011fu, sa\u00e7 k\u00f6kleri ve sa\u00e7 derisi durumu de\u011ferlendirilir.<\/p><\/li><li data-start=\"1820\" data-end=\"1917\"><p data-start=\"1823\" data-end=\"1917\"><strong data-start=\"1823\" data-end=\"1855\">D\u00f6k\u00fclme Tipinin Belirlenmesi<\/strong><br data-start=\"1855\" data-end=\"1858\" \/>Genetik, hormonal veya \u00e7evresel fakt\u00f6rler analiz edilir.<\/p><\/li><li data-start=\"1919\" data-end=\"2019\"><p data-start=\"1922\" data-end=\"2019\"><strong data-start=\"1922\" data-end=\"1943\">Tedavi Planlamas\u0131<\/strong><br data-start=\"1943\" data-end=\"1946\" \/>Sa\u00e7 ekimi, PRP, mezoterapi veya kombine tedavi se\u00e7enekleri belirlenir.<\/p><\/li><li data-start=\"2021\" data-end=\"2125\"><p data-start=\"2024\" data-end=\"2125\"><strong data-start=\"2024\" data-end=\"2056\">Bilgilendirme ve Y\u00f6nlendirme<\/strong><br data-start=\"2056\" data-end=\"2059\" \/>S\u00fcre\u00e7, beklentiler ve olas\u0131 sonu\u00e7lar detayl\u0131 \u015fekilde anlat\u0131l\u0131r.<\/p><\/li><\/ul>\t\t\t\t\t\t\t\t<\/div>\n\t\t\t\t<\/div>\n\t\t\t\t<div class=\"elementor-element elementor-element-0c80c69 elementor-widget elementor-widget-heading\" data-id=\"0c80c69\" data-element_type=\"widget\" data-widget_type=\"heading.default\">\n\t\t\t\t<div class=\"elementor-widget-container\">\n\t\t\t\t\t<h2 class=\"elementor-heading-title elementor-size-default\">Sa\u00e7 Analizi Sonras\u0131 Ne Yap\u0131l\u0131r?<\/h2>\t\t\t\t<\/div>\n\t\t\t\t<\/div>\n\t\t\t\t<div class=\"elementor-element elementor-element-f4a8b78 elementor-widget elementor-widget-text-editor\" data-id=\"f4a8b78\" data-element_type=\"widget\" data-widget_type=\"text-editor.default\">\n\t\t\t\t<div class=\"elementor-widget-container\">\n\t\t\t\t\t\t\t\t\t<p data-start=\"2168\" data-end=\"2213\">Sa\u00e7 analizi sonras\u0131, ki\u015finin ihtiyac\u0131na g\u00f6re:<\/p><ul data-start=\"2214\" data-end=\"2324\"><li data-start=\"2214\" data-end=\"2238\"><p data-start=\"2216\" data-end=\"2238\">Sa\u00e7 ekimi planlamas\u0131<\/p><\/li><li data-start=\"2239\" data-end=\"2290\"><p data-start=\"2241\" data-end=\"2290\">PRP veya mezoterapi gibi destekleyici tedaviler<\/p><\/li><li data-start=\"2291\" data-end=\"2324\"><p data-start=\"2293\" data-end=\"2324\">Sa\u00e7 bak\u0131m ve koruma \u00f6nerileri<\/p><\/li><\/ul><p data-start=\"2326\" data-end=\"2427\">sunulur. Ama\u00e7; yaln\u0131zca mevcut durumu de\u011ferlendirmek de\u011fil, <strong data-start=\"2386\" data-end=\"2426\">uzun vadeli sa\u00e7 sa\u011fl\u0131\u011f\u0131n\u0131 korumakt\u0131r<\/strong>.<\/p>\t\t\t\t\t\t\t\t<\/div>\n\t\t\t\t<\/div>\n\t\t\t\t<div class=\"elementor-element elementor-element-11af55c elementor-widget elementor-widget-heading\" data-id=\"11af55c\" data-element_type=\"widget\" data-widget_type=\"heading.default\">\n\t\t\t\t<div class=\"elementor-widget-container\">\n\t\t\t\t\t<h2 class=\"elementor-heading-title elementor-size-default\">Vital of Hair\u2019da Sa\u00e7 Analizi Neden Farkl\u0131?<\/h2>\t\t\t\t<\/div>\n\t\t\t\t<\/div>\n\t\t\t\t<div class=\"elementor-element elementor-element-7c7c701 elementor-widget elementor-widget-text-editor\" data-id=\"7c7c701\" data-element_type=\"widget\" data-widget_type=\"text-editor.default\">\n\t\t\t\t<div class=\"elementor-widget-container\">\n\t\t\t\t\t\t\t\t\t<ul data-start=\"2481\" data-end=\"2676\"><li data-start=\"2481\" data-end=\"2528\"><p data-start=\"2483\" data-end=\"2528\">Uzman sa\u011fl\u0131k ekibi taraf\u0131ndan de\u011ferlendirme<\/p><\/li><li data-start=\"2529\" data-end=\"2553\"><p data-start=\"2531\" data-end=\"2553\">Ki\u015fiye \u00f6zel yakla\u015f\u0131m<\/p><\/li><li data-start=\"2554\" data-end=\"2589\"><p data-start=\"2556\" data-end=\"2589\">\u015eeffaf ve detayl\u0131 bilgilendirme<\/p><\/li><li data-start=\"2590\" data-end=\"2630\"><p data-start=\"2592\" data-end=\"2630\">Gereksiz i\u015flem \u00f6nerilerinden ka\u00e7\u0131nma<\/p><\/li><li data-start=\"2631\" data-end=\"2676\"><p data-start=\"2633\" data-end=\"2676\">Tedavi s\u00fcreci boyunca dan\u0131\u015fmanl\u0131k deste\u011fi<\/p><\/li><\/ul><p data-start=\"2678\" data-end=\"2771\">Vital of Hair\u2019da sa\u00e7 analizi, t\u00fcm uygulamalar\u0131n temelini olu\u015fturan <strong data-start=\"2745\" data-end=\"2770\">stratejik bir ad\u0131md\u0131r<\/strong>.<\/p>\t\t\t\t\t\t\t\t<\/div>\n\t\t\t\t<\/div>\n\t\t\t\t<div class=\"elementor-element elementor-element-2f8f1a5 elementor-widget elementor-widget-heading\" data-id=\"2f8f1a5\" data-element_type=\"widget\" data-widget_type=\"heading.default\">\n\t\t\t\t<div class=\"elementor-widget-container\">\n\t\t\t\t\t<h2 class=\"elementor-heading-title elementor-size-default\">Do\u011fru Analiz, Do\u011fru Sonu\u00e7<\/h2>\t\t\t\t<\/div>\n\t\t\t\t<\/div>\n\t\t\t\t<div class=\"elementor-element elementor-element-e7f8fc2 elementor-widget elementor-widget-text-editor\" data-id=\"e7f8fc2\" data-element_type=\"widget\" data-widget_type=\"text-editor.default\">\n\t\t\t\t<div class=\"elementor-widget-container\">\n\t\t\t\t\t\t\t\t\t<p>Sa\u00e7 d\u00f6k\u00fclmesi ve sa\u00e7 problemleri i\u00e7in en do\u011fru \u00e7\u00f6z\u00fcm\u00fc belirlemek, ancak do\u011fru bir sa\u00e7 analizi ile m\u00fcmk\u00fcnd\u00fcr.<\/p>\t\t\t\t\t\t\t\t<\/div>\n\t\t\t\t<\/div>\n\t\t\t\t<\/div>\n\t\t\t\t\t<\/div>\n\t\t\t\t<\/div>\n\t\t\t\t<\/div>\n\t\t","protected":false},"excerpt":{"rendered":"<p>Do\u011fru Tedavinin \u0130lk ve En \u00d6nemli Ad\u0131m\u0131 Sa\u00e7 d\u00f6k\u00fclmesi ve sa\u00e7 problemlerinde ba\u015far\u0131l\u0131 bir sonu\u00e7 elde edebilmenin temelinde do\u011fru sa\u00e7 analizi yer al\u0131r. Vital of Hair\u2019da sa\u00e7 analizi; sa\u00e7 yap\u0131s\u0131, sa\u00e7 derisi durumu ve d\u00f6k\u00fclme nedenlerinin detayl\u0131 \u015fekilde incelendi\u011fi, ki\u015fiye \u00f6zel yol haritas\u0131n\u0131n belirlendi\u011fi profesyonel bir de\u011ferlendirme s\u00fcrecidir. Sa\u00e7 Analizi Nedir? Sa\u00e7 analizi; sa\u00e7 tellerinin [&hellip;]<\/p>\n","protected":false},"author":2,"featured_media":0,"parent":126,"menu_order":4,"comment_status":"closed","ping_status":"closed","template":"elementor_header_footer","meta":{"footnotes":""},"class_list":["post-223","page","type-page","status-publish","hentry"],"yoast_head":"<!-- This site is optimized with the Yoast SEO plugin v28.4 - https:\/\/yoast.com\/product\/yoast-seo-wordpress\/ -->\n<title>Sa\u00e7 Analizi | Vital of Hair<\/title>\n<meta name=\"robots\" content=\"noindex, follow, max-snippet:-1, max-image-preview:large, max-video-preview:-1\" \/>\n<meta property=\"og:locale\" content=\"tr_TR\" \/>\n<meta property=\"og:type\" content=\"article\" \/>\n<meta property=\"og:title\" content=\"Sa\u00e7 Analizi | Vital of Hair\" \/>\n<meta property=\"og:description\" content=\"Do\u011fru Tedavinin \u0130lk ve En \u00d6nemli Ad\u0131m\u0131 Sa\u00e7 d\u00f6k\u00fclmesi ve sa\u00e7 problemlerinde ba\u015far\u0131l\u0131 bir sonu\u00e7 elde edebilmenin temelinde do\u011fru sa\u00e7 analizi yer al\u0131r. Vital of Hair\u2019da sa\u00e7 analizi; sa\u00e7 yap\u0131s\u0131, sa\u00e7 derisi durumu ve d\u00f6k\u00fclme nedenlerinin detayl\u0131 \u015fekilde incelendi\u011fi, ki\u015fiye \u00f6zel yol haritas\u0131n\u0131n belirlendi\u011fi profesyonel bir de\u011ferlendirme s\u00fcrecidir. Sa\u00e7 Analizi Nedir? Sa\u00e7 analizi; sa\u00e7 tellerinin [&hellip;]\" \/>\n<meta property=\"og:url\" content=\"https:\/\/vitalofhair.de\/reliant\/hizmetlerimiz\/sac-analizi\/\" \/>\n<meta property=\"og:site_name\" content=\"Vital of Hair\" \/>\n<meta property=\"article:modified_time\" content=\"2026-08-22T12:34:18+00:00\" \/>\n<meta property=\"og:image\" content=\"https:\/\/vitalofhair.de\/wp-content\/uploads\/2026\/08\/haaranalyse-vital-of-hair.jpeg\" \/>\n<meta name=\"twitter:card\" content=\"summary_large_image\" \/>\n<meta name=\"twitter:label1\" content=\"Tahmini okuma s\u00fcresi\" \/>\n\t<meta name=\"twitter:data1\" content=\"3 dakika\" \/>\n<script type=\"application\/ld+json\" class=\"yoast-schema-graph\">{\"@context\":\"https:\\\/\\\/schema.org\",\"@graph\":[{\"@type\":\"WebPage\",\"@id\":\"https:\\\/\\\/vitalofhair.de\\\/reliant\\\/hizmetlerimiz\\\/sac-analizi\\\/\",\"url\":\"https:\\\/\\\/vitalofhair.de\\\/reliant\\\/hizmetlerimiz\\\/sac-analizi\\\/\",\"name\":\"Sa\u00e7 Analizi | Vital of Hair\",\"isPartOf\":{\"@id\":\"https:\\\/\\\/vitalofhair.de\\\/reliant\\\/#website\"},\"primaryImageOfPage\":{\"@id\":\"https:\\\/\\\/vitalofhair.de\\\/reliant\\\/hizmetlerimiz\\\/sac-analizi\\\/#primaryimage\"},\"image\":{\"@id\":\"https:\\\/\\\/vitalofhair.de\\\/reliant\\\/hizmetlerimiz\\\/sac-analizi\\\/#primaryimage\"},\"thumbnailUrl\":\"https:\\\/\\\/vitalofhair.de\\\/wp-content\\\/uploads\\\/2026\\\/08\\\/haaranalyse-vital-of-hair.jpeg\",\"datePublished\":\"2025-12-17T17:43:54+00:00\",\"dateModified\":\"2026-08-22T12:34:18+00:00\",\"breadcrumb\":{\"@id\":\"https:\\\/\\\/vitalofhair.de\\\/reliant\\\/hizmetlerimiz\\\/sac-analizi\\\/#breadcrumb\"},\"inLanguage\":\"tr\",\"potentialAction\":[{\"@type\":\"ReadAction\",\"target\":[\"https:\\\/\\\/vitalofhair.de\\\/reliant\\\/hizmetlerimiz\\\/sac-analizi\\\/\"]}]},{\"@type\":\"ImageObject\",\"inLanguage\":\"tr\",\"@id\":\"https:\\\/\\\/vitalofhair.de\\\/reliant\\\/hizmetlerimiz\\\/sac-analizi\\\/#primaryimage\",\"url\":\"https:\\\/\\\/vitalofhair.de\\\/wp-content\\\/uploads\\\/2026\\\/08\\\/haaranalyse-vital-of-hair.jpeg\",\"contentUrl\":\"https:\\\/\\\/vitalofhair.de\\\/wp-content\\\/uploads\\\/2026\\\/08\\\/haaranalyse-vital-of-hair.jpeg\"},{\"@type\":\"BreadcrumbList\",\"@id\":\"https:\\\/\\\/vitalofhair.de\\\/reliant\\\/hizmetlerimiz\\\/sac-analizi\\\/#breadcrumb\",\"itemListElement\":[{\"@type\":\"ListItem\",\"position\":1,\"name\":\"Anasayfa\",\"item\":\"https:\\\/\\\/vitalofhair.de\\\/reliant\\\/de\\\/startseite\\\/\"},{\"@type\":\"ListItem\",\"position\":2,\"name\":\"Hizmetlerimiz\",\"item\":\"https:\\\/\\\/vitalofhair.de\\\/reliant\\\/hizmetlerimiz\\\/\"},{\"@type\":\"ListItem\",\"position\":3,\"name\":\"Sa\u00e7 Analizi\"}]},{\"@type\":\"WebSite\",\"@id\":\"https:\\\/\\\/vitalofhair.de\\\/reliant\\\/#website\",\"url\":\"https:\\\/\\\/vitalofhair.de\\\/reliant\\\/\",\"name\":\"Vital of Hair\",\"description\":\"\",\"publisher\":{\"@id\":\"https:\\\/\\\/vitalofhair.de\\\/reliant\\\/#organization\"},\"potentialAction\":[{\"@type\":\"SearchAction\",\"target\":{\"@type\":\"EntryPoint\",\"urlTemplate\":\"https:\\\/\\\/vitalofhair.de\\\/reliant\\\/?s={search_term_string}\"},\"query-input\":{\"@type\":\"PropertyValueSpecification\",\"valueRequired\":true,\"valueName\":\"search_term_string\"}}],\"inLanguage\":\"tr\"},{\"@type\":\"Organization\",\"@id\":\"https:\\\/\\\/vitalofhair.de\\\/reliant\\\/#organization\",\"name\":\"Vital of Hair\",\"url\":\"https:\\\/\\\/vitalofhair.de\\\/reliant\\\/\",\"logo\":{\"@type\":\"ImageObject\",\"inLanguage\":\"tr\",\"@id\":\"https:\\\/\\\/vitalofhair.de\\\/reliant\\\/#\\\/schema\\\/logo\\\/image\\\/\",\"url\":\"https:\\\/\\\/vitalofhair.de\\\/reliant\\\/wp-content\\\/uploads\\\/2025\\\/12\\\/vital-of-hair-logo.png\",\"contentUrl\":\"https:\\\/\\\/vitalofhair.de\\\/reliant\\\/wp-content\\\/uploads\\\/2025\\\/12\\\/vital-of-hair-logo.png\",\"width\":417,\"height\":108,\"caption\":\"Vital of Hair\"},\"image\":{\"@id\":\"https:\\\/\\\/vitalofhair.de\\\/reliant\\\/#\\\/schema\\\/logo\\\/image\\\/\"}}]}<\/script>\n<!-- \/ Yoast SEO plugin. -->","yoast_head_json":{"title":"Sa\u00e7 Analizi | Vital of Hair","robots":{"index":"noindex","follow":"follow","max-snippet":"max-snippet:-1","max-image-preview":"max-image-preview:large","max-video-preview":"max-video-preview:-1"},"og_locale":"tr_TR","og_type":"article","og_title":"Sa\u00e7 Analizi | Vital of Hair","og_description":"Do\u011fru Tedavinin \u0130lk ve En \u00d6nemli Ad\u0131m\u0131 Sa\u00e7 d\u00f6k\u00fclmesi ve sa\u00e7 problemlerinde ba\u015far\u0131l\u0131 bir sonu\u00e7 elde edebilmenin temelinde do\u011fru sa\u00e7 analizi yer al\u0131r. Vital of Hair\u2019da sa\u00e7 analizi; sa\u00e7 yap\u0131s\u0131, sa\u00e7 derisi durumu ve d\u00f6k\u00fclme nedenlerinin detayl\u0131 \u015fekilde incelendi\u011fi, ki\u015fiye \u00f6zel yol haritas\u0131n\u0131n belirlendi\u011fi profesyonel bir de\u011ferlendirme s\u00fcrecidir. Sa\u00e7 Analizi Nedir? Sa\u00e7 analizi; sa\u00e7 tellerinin [&hellip;]","og_url":"https:\/\/vitalofhair.de\/reliant\/hizmetlerimiz\/sac-analizi\/","og_site_name":"Vital of Hair","article_modified_time":"2026-08-22T12:34:18+00:00","og_image":[{"url":"https:\/\/vitalofhair.de\/wp-content\/uploads\/2026\/08\/haaranalyse-vital-of-hair.jpeg","type":"","width":"","height":""}],"twitter_card":"summary_large_image","twitter_misc":{"Tahmini okuma s\u00fcresi":"3 dakika"},"schema":{"@context":"https:\/\/schema.org","@graph":[{"@type":"WebPage","@id":"https:\/\/vitalofhair.de\/reliant\/hizmetlerimiz\/sac-analizi\/","url":"https:\/\/vitalofhair.de\/reliant\/hizmetlerimiz\/sac-analizi\/","name":"Sa\u00e7 Analizi | Vital of Hair","isPartOf":{"@id":"https:\/\/vitalofhair.de\/reliant\/#website"},"primaryImageOfPage":{"@id":"https:\/\/vitalofhair.de\/reliant\/hizmetlerimiz\/sac-analizi\/#primaryimage"},"image":{"@id":"https:\/\/vitalofhair.de\/reliant\/hizmetlerimiz\/sac-analizi\/#primaryimage"},"thumbnailUrl":"https:\/\/vitalofhair.de\/wp-content\/uploads\/2026\/08\/haaranalyse-vital-of-hair.jpeg","datePublished":"2025-12-17T17:43:54+00:00","dateModified":"2026-08-22T12:34:18+00:00","breadcrumb":{"@id":"https:\/\/vitalofhair.de\/reliant\/hizmetlerimiz\/sac-analizi\/#breadcrumb"},"inLanguage":"tr","potentialAction":[{"@type":"ReadAction","target":["https:\/\/vitalofhair.de\/reliant\/hizmetlerimiz\/sac-analizi\/"]}]},{"@type":"ImageObject","inLanguage":"tr","@id":"https:\/\/vitalofhair.de\/reliant\/hizmetlerimiz\/sac-analizi\/#primaryimage","url":"https:\/\/vitalofhair.de\/wp-content\/uploads\/2026\/08\/haaranalyse-vital-of-hair.jpeg","contentUrl":"https:\/\/vitalofhair.de\/wp-content\/uploads\/2026\/08\/haaranalyse-vital-of-hair.jpeg"},{"@type":"BreadcrumbList","@id":"https:\/\/vitalofhair.de\/reliant\/hizmetlerimiz\/sac-analizi\/#breadcrumb","itemListElement":[{"@type":"ListItem","position":1,"name":"Anasayfa","item":"https:\/\/vitalofhair.de\/reliant\/de\/startseite\/"},{"@type":"ListItem","position":2,"name":"Hizmetlerimiz","item":"https:\/\/vitalofhair.de\/reliant\/hizmetlerimiz\/"},{"@type":"ListItem","position":3,"name":"Sa\u00e7 Analizi"}]},{"@type":"WebSite","@id":"https:\/\/vitalofhair.de\/reliant\/#website","url":"https:\/\/vitalofhair.de\/reliant\/","name":"Vital of Hair","description":"","publisher":{"@id":"https:\/\/vitalofhair.de\/reliant\/#organization"},"potentialAction":[{"@type":"SearchAction","target":{"@type":"EntryPoint","urlTemplate":"https:\/\/vitalofhair.de\/reliant\/?s={search_term_string}"},"query-input":{"@type":"PropertyValueSpecification","valueRequired":true,"valueName":"search_term_string"}}],"inLanguage":"tr"},{"@type":"Organization","@id":"https:\/\/vitalofhair.de\/reliant\/#organization","name":"Vital of Hair","url":"https:\/\/vitalofhair.de\/reliant\/","logo":{"@type":"ImageObject","inLanguage":"tr","@id":"https:\/\/vitalofhair.de\/reliant\/#\/schema\/logo\/image\/","url":"https:\/\/vitalofhair.de\/reliant\/wp-content\/uploads\/2025\/12\/vital-of-hair-logo.png","contentUrl":"https:\/\/vitalofhair.de\/reliant\/wp-content\/uploads\/2025\/12\/vital-of-hair-logo.png","width":417,"height":108,"caption":"Vital of Hair"},"image":{"@id":"https:\/\/vitalofhair.de\/reliant\/#\/schema\/logo\/image\/"}}]}},"_links":{"self":[{"href":"https:\/\/vitalofhair.de\/reliant\/wp-json\/wp\/v2\/pages\/223","targetHints":{"allow":["GET"]}}],"collection":[{"href":"https:\/\/vitalofhair.de\/reliant\/wp-json\/wp\/v2\/pages"}],"about":[{"href":"https:\/\/vitalofhair.de\/reliant\/wp-json\/wp\/v2\/types\/page"}],"author":[{"embeddable":true,"href":"https:\/\/vitalofhair.de\/reliant\/wp-json\/wp\/v2\/users\/2"}],"replies":[{"embeddable":true,"href":"https:\/\/vitalofhair.de\/reliant\/wp-json\/wp\/v2\/comments?post=223"}],"version-history":[{"count":0,"href":"https:\/\/vitalofhair.de\/reliant\/wp-json\/wp\/v2\/pages\/223\/revisions"}],"up":[{"embeddable":true,"href":"https:\/\/vitalofhair.de\/reliant\/wp-json\/wp\/v2\/pages\/126"}],"wp:attachment":[{"href":"https:\/\/vitalofhair.de\/reliant\/wp-json\/wp\/v2\/media?parent=223"}],"curies":[{"name":"wp","href":"https:\/\/api.w.org\/{rel}","templated":true}]}}