{"id":231,"date":"2025-12-17T20:43:54","date_gmt":"2025-12-17T17:43:54","guid":{"rendered":"https:\/\/vitalofhair.de\/?page_id=231"},"modified":"2026-08-22T15:35:45","modified_gmt":"2026-08-22T12:35:45","slug":"yara-izi-duzeltme","status":"publish","type":"page","link":"https:\/\/vitalofhair.de\/reliant\/hizmetlerimiz\/yara-izi-duzeltme\/","title":{"rendered":"Yara \u0130zi D\u00fczeltme"},"content":{"rendered":"\t\t<div data-elementor-type=\"wp-page\" data-elementor-id=\"231\" class=\"elementor elementor-231\" data-elementor-post-type=\"page\">\n\t\t\t\t<div class=\"elementor-element elementor-element-6a6aaf1 e-con-full e-flex e-con e-parent\" data-id=\"6a6aaf1\" data-element_type=\"container\">\n\t\t\t\t<div class=\"elementor-element elementor-element-a520ad8 elementor-widget elementor-widget-template\" data-id=\"a520ad8\" data-element_type=\"widget\" data-widget_type=\"template.default\">\n\t\t\t\t<div class=\"elementor-widget-container\">\n\t\t\t\t\t\t\t<div class=\"elementor-template\">\n\t\t\t\t\t<div data-elementor-type=\"page\" data-elementor-id=\"89\" class=\"elementor elementor-89\" data-elementor-post-type=\"elementor_library\">\n\t\t\t\t<div class=\"elementor-element elementor-element-35746bb e-flex e-con-boxed e-con e-parent\" data-id=\"35746bb\" data-element_type=\"container\" data-settings=\"{&quot;background_background&quot;:&quot;classic&quot;,&quot;animation&quot;:&quot;none&quot;}\">\n\t\t\t\t\t<div class=\"e-con-inner\">\n\t\t<div class=\"elementor-element elementor-element-d8ce537 e-con-full e-flex e-con e-child\" data-id=\"d8ce537\" data-element_type=\"container\">\n\t\t\t\t<div class=\"elementor-element elementor-element-65fcf51 elementor-widget elementor-widget-heading\" data-id=\"65fcf51\" data-element_type=\"widget\" data-widget_type=\"heading.default\">\n\t\t\t\t<div class=\"elementor-widget-container\">\n\t\t\t\t\t<h1 class=\"elementor-heading-title elementor-size-default\">Yara \u0130zi D\u00fczeltme<\/h1>\t\t\t\t<\/div>\n\t\t\t\t<\/div>\n\t\t\t\t<\/div>\n\t\t\t\t\t<\/div>\n\t\t\t\t<\/div>\n\t\t\t\t<\/div>\n\t\t\t\t<\/div>\n\t\t\t\t\t\t<\/div>\n\t\t\t\t<\/div>\n\t\t\t\t<\/div>\n\t\t<div class=\"elementor-element elementor-element-2e5da045 e-flex e-con-boxed e-con e-parent\" data-id=\"2e5da045\" data-element_type=\"container\">\n\t\t\t\t\t<div class=\"e-con-inner\">\n\t\t<div class=\"elementor-element elementor-element-4a65c947 e-con-full e-flex e-con e-child\" data-id=\"4a65c947\" data-element_type=\"container\">\n\t\t\t\t<div class=\"elementor-element elementor-element-c1ccf6a elementor-widget elementor-widget-heading\" data-id=\"c1ccf6a\" data-element_type=\"widget\" data-widget_type=\"heading.default\">\n\t\t\t\t<div class=\"elementor-widget-container\">\n\t\t\t\t\t<h2 class=\"elementor-heading-title elementor-size-default\">\u0130z G\u00f6r\u00fcn\u00fcm\u00fcn\u00fc Azaltmaya Y\u00f6nelik Etkili ve Ki\u015fiye \u00d6zel Uygulamalar<\/h2>\t\t\t\t<\/div>\n\t\t\t\t<\/div>\n\t\t\t\t<div class=\"elementor-element elementor-element-9c9279c elementor-widget elementor-widget-text-editor\" data-id=\"9c9279c\" data-element_type=\"widget\" data-widget_type=\"text-editor.default\">\n\t\t\t\t<div class=\"elementor-widget-container\">\n\t\t\t\t\t\t\t\t\t<p data-start=\"307\" data-end=\"585\">Yara izleri; kaza, cerrahi m\u00fcdahale, yan\u0131k veya \u00e7e\u015fitli travmalar sonras\u0131nda olu\u015fabilir ve estetik a\u00e7\u0131dan rahats\u0131zl\u0131k verebilir. \u00d6zellikle sa\u00e7l\u0131 deride olu\u015fan izler, sa\u00e7 \u00e7\u0131k\u0131\u015f\u0131n\u0131 engelleyerek kal\u0131c\u0131 g\u00f6r\u00fcnt\u00fc sorunlar\u0131na yol a\u00e7abilir. Vital of Hair\u2019da yara izi d\u00fczeltme uygulamalar\u0131, iz g\u00f6r\u00fcn\u00fcm\u00fcn\u00fc azaltmaya ve b\u00f6lgenin estetik b\u00fct\u00fcnl\u00fc\u011f\u00fcn\u00fc yeniden kazand\u0131rmaya y\u00f6nelik <strong data-start=\"704\" data-end=\"728\">ki\u015fiye \u00f6zel \u00e7\u00f6z\u00fcmler<\/strong> sunar.<\/p>\t\t\t\t\t\t\t\t<\/div>\n\t\t\t\t<\/div>\n\t\t\t\t<div class=\"elementor-element elementor-element-86fc344 elementor-widget elementor-widget-heading\" data-id=\"86fc344\" data-element_type=\"widget\" data-widget_type=\"heading.default\">\n\t\t\t\t<div class=\"elementor-widget-container\">\n\t\t\t\t\t<h2 class=\"elementor-heading-title elementor-size-default\">Yara \u0130zi D\u00fczeltme Nedir?<\/h2>\t\t\t\t<\/div>\n\t\t\t\t<\/div>\n\t\t\t\t<div class=\"elementor-element elementor-element-a98042c elementor-widget elementor-widget-text-editor\" data-id=\"a98042c\" data-element_type=\"widget\" data-widget_type=\"text-editor.default\">\n\t\t\t\t<div class=\"elementor-widget-container\">\n\t\t\t\t\t\t\t\t\t<p data-start=\"771\" data-end=\"985\">Yara izi d\u00fczeltme; ciltte veya sa\u00e7l\u0131 deride olu\u015fan izlerin g\u00f6r\u00fcn\u00fcm\u00fcn\u00fc azaltmak, doku yap\u0131s\u0131n\u0131 iyile\u015ftirmek ve gerekirse bu b\u00f6lgelerde sa\u00e7 \u00e7\u0131k\u0131\u015f\u0131n\u0131 desteklemek amac\u0131yla uygulanan medikal ve estetik i\u015flemleri kapsar.<\/p><p data-start=\"987\" data-end=\"1082\">Vital of Hair\u2019da yara izi t\u00fcr\u00fc, derinli\u011fi ve bulundu\u011fu b\u00f6lgeye g\u00f6re en uygun y\u00f6ntem belirlenir.<\/p>\t\t\t\t\t\t\t\t<\/div>\n\t\t\t\t<\/div>\n\t\t\t\t<div class=\"elementor-element elementor-element-07964fe elementor-widget elementor-widget-heading\" data-id=\"07964fe\" data-element_type=\"widget\" data-widget_type=\"heading.default\">\n\t\t\t\t<div class=\"elementor-widget-container\">\n\t\t\t\t\t<h2 class=\"elementor-heading-title elementor-size-default\">Hangi Yara \u0130zlerinde Uygulanabilir?<\/h2>\t\t\t\t<\/div>\n\t\t\t\t<\/div>\n\t\t\t\t<div class=\"elementor-element elementor-element-4046a86 elementor-widget elementor-widget-text-editor\" data-id=\"4046a86\" data-element_type=\"widget\" data-widget_type=\"text-editor.default\">\n\t\t\t\t<div class=\"elementor-widget-container\">\n\t\t\t\t\t\t\t\t\t<ul data-start=\"1129\" data-end=\"1272\"><li data-start=\"1129\" data-end=\"1172\"><p data-start=\"1131\" data-end=\"1172\">Sa\u00e7 ekimi veya cerrahi operasyon izleri<\/p><\/li><li data-start=\"1173\" data-end=\"1211\"><p data-start=\"1175\" data-end=\"1211\">Kaza ve travmaya ba\u011fl\u0131 yara izleri<\/p><\/li><li data-start=\"1212\" data-end=\"1228\"><p data-start=\"1214\" data-end=\"1228\">Yan\u0131k izleri<\/p><\/li><li data-start=\"1229\" data-end=\"1272\"><p data-start=\"1231\" data-end=\"1272\">Sa\u00e7l\u0131 deride sa\u00e7 \u00e7\u0131kmayan izli b\u00f6lgeler<\/p><\/li><\/ul><p data-start=\"1274\" data-end=\"1353\">Her yara izi i\u00e7in uygulanacak y\u00f6ntem, detayl\u0131 de\u011ferlendirme sonras\u0131 belirlenir.<\/p>\t\t\t\t\t\t\t\t<\/div>\n\t\t\t\t<\/div>\n\t\t\t\t<div class=\"elementor-element elementor-element-dd44088 elementor-widget elementor-widget-heading\" data-id=\"dd44088\" data-element_type=\"widget\" data-widget_type=\"heading.default\">\n\t\t\t\t<div class=\"elementor-widget-container\">\n\t\t\t\t\t<h2 class=\"elementor-heading-title elementor-size-default\">Yara \u0130zi D\u00fczeltme Nas\u0131l Yap\u0131l\u0131r?<\/h2>\t\t\t\t<\/div>\n\t\t\t\t<\/div>\n\t\t\t\t<div class=\"elementor-element elementor-element-ffbfc28 elementor-widget elementor-widget-text-editor\" data-id=\"ffbfc28\" data-element_type=\"widget\" data-widget_type=\"text-editor.default\">\n\t\t\t\t<div class=\"elementor-widget-container\">\n\t\t\t\t\t\t\t\t\t<p data-start=\"1397\" data-end=\"1487\">Uygulama y\u00f6ntemi; yaran\u0131n tipi, derinli\u011fi ve bulundu\u011fu alana g\u00f6re de\u011fi\u015fiklik g\u00f6sterebilir.<\/p><p data-start=\"1489\" data-end=\"1519\">Uygulanabilecek Y\u00f6ntemler:<\/p><ul data-start=\"1520\" data-end=\"1668\"><li data-start=\"1520\" data-end=\"1548\"><p data-start=\"1522\" data-end=\"1548\">PRP destekli uygulamalar<\/p><\/li><li data-start=\"1549\" data-end=\"1582\"><p data-start=\"1551\" data-end=\"1582\">Mezoterapi destekli tedaviler<\/p><\/li><li data-start=\"1583\" data-end=\"1620\"><p data-start=\"1585\" data-end=\"1620\">Sa\u00e7l\u0131 deride iz \u00fczerine sa\u00e7 ekimi<\/p><\/li><li data-start=\"1621\" data-end=\"1668\"><p data-start=\"1623\" data-end=\"1668\">Doku yenilenmesini destekleyici protokoller<\/p><\/li><\/ul><p data-start=\"1670\" data-end=\"1768\">Ama\u00e7; iz g\u00f6r\u00fcn\u00fcm\u00fcn\u00fc azaltmak ve b\u00f6lgenin do\u011fal yap\u0131s\u0131na m\u00fcmk\u00fcn olan en yak\u0131n sonucu elde etmektir.<\/p>\t\t\t\t\t\t\t\t<\/div>\n\t\t\t\t<\/div>\n\t\t\t\t<div class=\"elementor-element elementor-element-6e05c57 elementor-widget elementor-widget-heading\" data-id=\"6e05c57\" data-element_type=\"widget\" data-widget_type=\"heading.default\">\n\t\t\t\t<div class=\"elementor-widget-container\">\n\t\t\t\t\t<h2 class=\"elementor-heading-title elementor-size-default\">Yara \u0130zi D\u00fczeltme Kimler \u0130\u00e7in Uygundur?<\/h2>\t\t\t\t<\/div>\n\t\t\t\t<\/div>\n\t\t\t\t<div class=\"elementor-element elementor-element-2143955 elementor-widget elementor-widget-text-editor\" data-id=\"2143955\" data-element_type=\"widget\" data-widget_type=\"text-editor.default\">\n\t\t\t\t<div class=\"elementor-widget-container\">\n\t\t\t\t\t\t\t\t\t<ul data-start=\"1819\" data-end=\"2005\"><li data-start=\"1819\" data-end=\"1879\"><p data-start=\"1821\" data-end=\"1879\">Estetik olarak yara izlerinden rahats\u0131zl\u0131k duyan ki\u015filer<\/p><\/li><li data-start=\"1880\" data-end=\"1939\"><p data-start=\"1882\" data-end=\"1939\">Sa\u00e7l\u0131 deride iz nedeniyle sa\u00e7 \u00e7\u0131kmayan alanlar\u0131 olanlar<\/p><\/li><li data-start=\"1940\" data-end=\"2005\"><p data-start=\"1942\" data-end=\"2005\">Cerrahi veya travma sonras\u0131 iz g\u00f6r\u00fcn\u00fcm\u00fcn\u00fc azaltmak isteyenler<\/p><\/li><\/ul><p data-start=\"2007\" data-end=\"2071\">Uygunluk, mutlaka uzman de\u011ferlendirmesi sonras\u0131 belirlenmelidir.<\/p>\t\t\t\t\t\t\t\t<\/div>\n\t\t\t\t<\/div>\n\t\t\t\t<div class=\"elementor-element elementor-element-1063c58 elementor-widget elementor-widget-heading\" data-id=\"1063c58\" data-element_type=\"widget\" data-widget_type=\"heading.default\">\n\t\t\t\t<div class=\"elementor-widget-container\">\n\t\t\t\t\t<h2 class=\"elementor-heading-title elementor-size-default\">Yara \u0130zi D\u00fczeltme Sonras\u0131 S\u00fcre\u00e7<\/h2>\t\t\t\t<\/div>\n\t\t\t\t<\/div>\n\t\t\t\t<div class=\"elementor-element elementor-element-12244e0 elementor-widget elementor-widget-text-editor\" data-id=\"12244e0\" data-element_type=\"widget\" data-widget_type=\"text-editor.default\">\n\t\t\t\t<div class=\"elementor-widget-container\">\n\t\t\t\t\t\t\t\t\t<ul><li data-start=\"2114\" data-end=\"2160\"><p data-start=\"2116\" data-end=\"2160\">Uygulama sonras\u0131 g\u00fcnl\u00fck hayata h\u0131zl\u0131 d\u00f6n\u00fc\u015f<\/p><\/li><li data-start=\"2161\" data-end=\"2213\"><p data-start=\"2163\" data-end=\"2213\">Hafif k\u0131zar\u0131kl\u0131k ve hassasiyet k\u0131sa s\u00fcrede ge\u00e7er<\/p><\/li><li data-start=\"2214\" data-end=\"2270\"><p data-start=\"2216\" data-end=\"2270\">\u0130yile\u015fme s\u00fcreci ki\u015fiye g\u00f6re de\u011fi\u015fkenlik g\u00f6sterebilir<\/p><\/li><li data-start=\"2271\" data-end=\"2313\"><p data-start=\"2273\" data-end=\"2313\">D\u00fczenli takip ile sonu\u00e7lar desteklenir<\/p><\/li><\/ul>\t\t\t\t\t\t\t\t<\/div>\n\t\t\t\t<\/div>\n\t\t\t\t<div class=\"elementor-element elementor-element-9de223d elementor-widget elementor-widget-heading\" data-id=\"9de223d\" data-element_type=\"widget\" data-widget_type=\"heading.default\">\n\t\t\t\t<div class=\"elementor-widget-container\">\n\t\t\t\t\t<h2 class=\"elementor-heading-title elementor-size-default\">Vital of Hair\u2019da Yara \u0130zi D\u00fczeltme Neden Tercih Edilir?<\/h2>\t\t\t\t<\/div>\n\t\t\t\t<\/div>\n\t\t\t\t<div class=\"elementor-element elementor-element-4c3767e elementor-widget elementor-widget-text-editor\" data-id=\"4c3767e\" data-element_type=\"widget\" data-widget_type=\"text-editor.default\">\n\t\t\t\t<div class=\"elementor-widget-container\">\n\t\t\t\t\t\t\t\t\t<ul data-start=\"2380\" data-end=\"2582\"><li data-start=\"2380\" data-end=\"2421\"><p data-start=\"2382\" data-end=\"2421\">Ki\u015fiye \u00f6zel de\u011ferlendirme ve planlama<\/p><\/li><li data-start=\"2422\" data-end=\"2448\"><p data-start=\"2424\" data-end=\"2448\">Deneyimli sa\u011fl\u0131k ekibi<\/p><\/li><li data-start=\"2449\" data-end=\"2482\"><p data-start=\"2451\" data-end=\"2482\">Modern ve steril klinik ortam<\/p><\/li><li data-start=\"2483\" data-end=\"2536\"><p data-start=\"2485\" data-end=\"2536\">PRP, mezoterapi ve sa\u00e7 ekimi ile kombine \u00e7\u00f6z\u00fcmler<\/p><\/li><li data-start=\"2537\" data-end=\"2582\"><p data-start=\"2539\" data-end=\"2582\">Ger\u00e7ek\u00e7i beklenti ve \u015feffaf bilgilendirme<\/p><\/li><\/ul><p data-start=\"2584\" data-end=\"2743\">Vital of Hair\u2019da yara izi d\u00fczeltme, yaln\u0131zca estetik bir i\u015flem de\u011fil; <strong data-start=\"2654\" data-end=\"2724\">ki\u015finin kendini daha iyi hissetmesini sa\u011flayan bir iyile\u015fme s\u00fcreci<\/strong> olarak ele al\u0131n\u0131r.<\/p>\t\t\t\t\t\t\t\t<\/div>\n\t\t\t\t<\/div>\n\t\t\t\t<div class=\"elementor-element elementor-element-c99a356 elementor-widget elementor-widget-heading\" data-id=\"c99a356\" data-element_type=\"widget\" data-widget_type=\"heading.default\">\n\t\t\t\t<div class=\"elementor-widget-container\">\n\t\t\t\t\t<h2 class=\"elementor-heading-title elementor-size-default\">\u0130zleri De\u011fil, Do\u011fal G\u00f6r\u00fcn\u00fcm\u00fc \u00d6n Plana \u00c7\u0131kar\u0131n<\/h2>\t\t\t\t<\/div>\n\t\t\t\t<\/div>\n\t\t\t\t<div class=\"elementor-element elementor-element-7d47db8 elementor-widget elementor-widget-text-editor\" data-id=\"7d47db8\" data-element_type=\"widget\" data-widget_type=\"text-editor.default\">\n\t\t\t\t<div class=\"elementor-widget-container\">\n\t\t\t\t\t\t\t\t\t<p>Yara izlerinin g\u00f6r\u00fcn\u00fcm\u00fcn\u00fc azaltmak ve daha p\u00fcr\u00fczs\u00fcz bir cilt veya sa\u00e7l\u0131 deri g\u00f6r\u00fcn\u00fcm\u00fcne kavu\u015fmak m\u00fcmk\u00fcnd\u00fcr.<\/p>\t\t\t\t\t\t\t\t<\/div>\n\t\t\t\t<\/div>\n\t\t\t\t<\/div>\n\t\t\t\t\t<\/div>\n\t\t\t\t<\/div>\n\t\t\t\t<\/div>\n\t\t","protected":false},"excerpt":{"rendered":"<p>\u0130z G\u00f6r\u00fcn\u00fcm\u00fcn\u00fc Azaltmaya Y\u00f6nelik Etkili ve Ki\u015fiye \u00d6zel Uygulamalar Yara izleri; kaza, cerrahi m\u00fcdahale, yan\u0131k veya \u00e7e\u015fitli travmalar sonras\u0131nda olu\u015fabilir ve estetik a\u00e7\u0131dan rahats\u0131zl\u0131k verebilir. \u00d6zellikle sa\u00e7l\u0131 deride olu\u015fan izler, sa\u00e7 \u00e7\u0131k\u0131\u015f\u0131n\u0131 engelleyerek kal\u0131c\u0131 g\u00f6r\u00fcnt\u00fc sorunlar\u0131na yol a\u00e7abilir. Vital of Hair\u2019da yara izi d\u00fczeltme uygulamalar\u0131, iz g\u00f6r\u00fcn\u00fcm\u00fcn\u00fc azaltmaya ve b\u00f6lgenin estetik b\u00fct\u00fcnl\u00fc\u011f\u00fcn\u00fc yeniden kazand\u0131rmaya y\u00f6nelik [&hellip;]<\/p>\n","protected":false},"author":2,"featured_media":0,"parent":126,"menu_order":4,"comment_status":"closed","ping_status":"closed","template":"elementor_header_footer","meta":{"footnotes":""},"class_list":["post-231","page","type-page","status-publish","hentry"],"yoast_head":"<!-- This site is optimized with the Yoast SEO plugin v28.4 - https:\/\/yoast.com\/product\/yoast-seo-wordpress\/ -->\n<title>Yara \u0130zi D\u00fczeltme | Vital of Hair<\/title>\n<meta name=\"robots\" content=\"noindex, follow, max-snippet:-1, max-image-preview:large, max-video-preview:-1\" \/>\n<meta property=\"og:locale\" content=\"tr_TR\" \/>\n<meta property=\"og:type\" content=\"article\" \/>\n<meta property=\"og:title\" content=\"Yara \u0130zi D\u00fczeltme | Vital of Hair\" \/>\n<meta property=\"og:description\" content=\"\u0130z G\u00f6r\u00fcn\u00fcm\u00fcn\u00fc Azaltmaya Y\u00f6nelik Etkili ve Ki\u015fiye \u00d6zel Uygulamalar Yara izleri; kaza, cerrahi m\u00fcdahale, yan\u0131k veya \u00e7e\u015fitli travmalar sonras\u0131nda olu\u015fabilir ve estetik a\u00e7\u0131dan rahats\u0131zl\u0131k verebilir. \u00d6zellikle sa\u00e7l\u0131 deride olu\u015fan izler, sa\u00e7 \u00e7\u0131k\u0131\u015f\u0131n\u0131 engelleyerek kal\u0131c\u0131 g\u00f6r\u00fcnt\u00fc sorunlar\u0131na yol a\u00e7abilir. Vital of Hair\u2019da yara izi d\u00fczeltme uygulamalar\u0131, iz g\u00f6r\u00fcn\u00fcm\u00fcn\u00fc azaltmaya ve b\u00f6lgenin estetik b\u00fct\u00fcnl\u00fc\u011f\u00fcn\u00fc yeniden kazand\u0131rmaya y\u00f6nelik [&hellip;]\" \/>\n<meta property=\"og:url\" content=\"https:\/\/vitalofhair.de\/reliant\/hizmetlerimiz\/yara-izi-duzeltme\/\" \/>\n<meta property=\"og:site_name\" content=\"Vital of Hair\" \/>\n<meta property=\"article:modified_time\" content=\"2026-08-22T12:35:45+00:00\" \/>\n<meta name=\"twitter:card\" content=\"summary_large_image\" \/>\n<meta name=\"twitter:label1\" content=\"Tahmini okuma s\u00fcresi\" \/>\n\t<meta name=\"twitter:data1\" content=\"3 dakika\" \/>\n<script type=\"application\/ld+json\" class=\"yoast-schema-graph\">{\"@context\":\"https:\\\/\\\/schema.org\",\"@graph\":[{\"@type\":\"WebPage\",\"@id\":\"https:\\\/\\\/vitalofhair.de\\\/reliant\\\/hizmetlerimiz\\\/yara-izi-duzeltme\\\/\",\"url\":\"https:\\\/\\\/vitalofhair.de\\\/reliant\\\/hizmetlerimiz\\\/yara-izi-duzeltme\\\/\",\"name\":\"Yara \u0130zi D\u00fczeltme | Vital of Hair\",\"isPartOf\":{\"@id\":\"https:\\\/\\\/vitalofhair.de\\\/reliant\\\/#website\"},\"datePublished\":\"2025-12-17T17:43:54+00:00\",\"dateModified\":\"2026-08-22T12:35:45+00:00\",\"breadcrumb\":{\"@id\":\"https:\\\/\\\/vitalofhair.de\\\/reliant\\\/hizmetlerimiz\\\/yara-izi-duzeltme\\\/#breadcrumb\"},\"inLanguage\":\"tr\",\"potentialAction\":[{\"@type\":\"ReadAction\",\"target\":[\"https:\\\/\\\/vitalofhair.de\\\/reliant\\\/hizmetlerimiz\\\/yara-izi-duzeltme\\\/\"]}]},{\"@type\":\"BreadcrumbList\",\"@id\":\"https:\\\/\\\/vitalofhair.de\\\/reliant\\\/hizmetlerimiz\\\/yara-izi-duzeltme\\\/#breadcrumb\",\"itemListElement\":[{\"@type\":\"ListItem\",\"position\":1,\"name\":\"Anasayfa\",\"item\":\"https:\\\/\\\/vitalofhair.de\\\/reliant\\\/de\\\/startseite\\\/\"},{\"@type\":\"ListItem\",\"position\":2,\"name\":\"Hizmetlerimiz\",\"item\":\"https:\\\/\\\/vitalofhair.de\\\/reliant\\\/hizmetlerimiz\\\/\"},{\"@type\":\"ListItem\",\"position\":3,\"name\":\"Yara \u0130zi D\u00fczeltme\"}]},{\"@type\":\"WebSite\",\"@id\":\"https:\\\/\\\/vitalofhair.de\\\/reliant\\\/#website\",\"url\":\"https:\\\/\\\/vitalofhair.de\\\/reliant\\\/\",\"name\":\"Vital of Hair\",\"description\":\"\",\"publisher\":{\"@id\":\"https:\\\/\\\/vitalofhair.de\\\/reliant\\\/#organization\"},\"potentialAction\":[{\"@type\":\"SearchAction\",\"target\":{\"@type\":\"EntryPoint\",\"urlTemplate\":\"https:\\\/\\\/vitalofhair.de\\\/reliant\\\/?s={search_term_string}\"},\"query-input\":{\"@type\":\"PropertyValueSpecification\",\"valueRequired\":true,\"valueName\":\"search_term_string\"}}],\"inLanguage\":\"tr\"},{\"@type\":\"Organization\",\"@id\":\"https:\\\/\\\/vitalofhair.de\\\/reliant\\\/#organization\",\"name\":\"Vital of Hair\",\"url\":\"https:\\\/\\\/vitalofhair.de\\\/reliant\\\/\",\"logo\":{\"@type\":\"ImageObject\",\"inLanguage\":\"tr\",\"@id\":\"https:\\\/\\\/vitalofhair.de\\\/reliant\\\/#\\\/schema\\\/logo\\\/image\\\/\",\"url\":\"https:\\\/\\\/vitalofhair.de\\\/reliant\\\/wp-content\\\/uploads\\\/2025\\\/12\\\/vital-of-hair-logo.png\",\"contentUrl\":\"https:\\\/\\\/vitalofhair.de\\\/reliant\\\/wp-content\\\/uploads\\\/2025\\\/12\\\/vital-of-hair-logo.png\",\"width\":417,\"height\":108,\"caption\":\"Vital of Hair\"},\"image\":{\"@id\":\"https:\\\/\\\/vitalofhair.de\\\/reliant\\\/#\\\/schema\\\/logo\\\/image\\\/\"}}]}<\/script>\n<!-- \/ Yoast SEO plugin. -->","yoast_head_json":{"title":"Yara \u0130zi D\u00fczeltme | Vital of Hair","robots":{"index":"noindex","follow":"follow","max-snippet":"max-snippet:-1","max-image-preview":"max-image-preview:large","max-video-preview":"max-video-preview:-1"},"og_locale":"tr_TR","og_type":"article","og_title":"Yara \u0130zi D\u00fczeltme | Vital of Hair","og_description":"\u0130z G\u00f6r\u00fcn\u00fcm\u00fcn\u00fc Azaltmaya Y\u00f6nelik Etkili ve Ki\u015fiye \u00d6zel Uygulamalar Yara izleri; kaza, cerrahi m\u00fcdahale, yan\u0131k veya \u00e7e\u015fitli travmalar sonras\u0131nda olu\u015fabilir ve estetik a\u00e7\u0131dan rahats\u0131zl\u0131k verebilir. \u00d6zellikle sa\u00e7l\u0131 deride olu\u015fan izler, sa\u00e7 \u00e7\u0131k\u0131\u015f\u0131n\u0131 engelleyerek kal\u0131c\u0131 g\u00f6r\u00fcnt\u00fc sorunlar\u0131na yol a\u00e7abilir. Vital of Hair\u2019da yara izi d\u00fczeltme uygulamalar\u0131, iz g\u00f6r\u00fcn\u00fcm\u00fcn\u00fc azaltmaya ve b\u00f6lgenin estetik b\u00fct\u00fcnl\u00fc\u011f\u00fcn\u00fc yeniden kazand\u0131rmaya y\u00f6nelik [&hellip;]","og_url":"https:\/\/vitalofhair.de\/reliant\/hizmetlerimiz\/yara-izi-duzeltme\/","og_site_name":"Vital of Hair","article_modified_time":"2026-08-22T12:35:45+00:00","twitter_card":"summary_large_image","twitter_misc":{"Tahmini okuma s\u00fcresi":"3 dakika"},"schema":{"@context":"https:\/\/schema.org","@graph":[{"@type":"WebPage","@id":"https:\/\/vitalofhair.de\/reliant\/hizmetlerimiz\/yara-izi-duzeltme\/","url":"https:\/\/vitalofhair.de\/reliant\/hizmetlerimiz\/yara-izi-duzeltme\/","name":"Yara \u0130zi D\u00fczeltme | Vital of Hair","isPartOf":{"@id":"https:\/\/vitalofhair.de\/reliant\/#website"},"datePublished":"2025-12-17T17:43:54+00:00","dateModified":"2026-08-22T12:35:45+00:00","breadcrumb":{"@id":"https:\/\/vitalofhair.de\/reliant\/hizmetlerimiz\/yara-izi-duzeltme\/#breadcrumb"},"inLanguage":"tr","potentialAction":[{"@type":"ReadAction","target":["https:\/\/vitalofhair.de\/reliant\/hizmetlerimiz\/yara-izi-duzeltme\/"]}]},{"@type":"BreadcrumbList","@id":"https:\/\/vitalofhair.de\/reliant\/hizmetlerimiz\/yara-izi-duzeltme\/#breadcrumb","itemListElement":[{"@type":"ListItem","position":1,"name":"Anasayfa","item":"https:\/\/vitalofhair.de\/reliant\/de\/startseite\/"},{"@type":"ListItem","position":2,"name":"Hizmetlerimiz","item":"https:\/\/vitalofhair.de\/reliant\/hizmetlerimiz\/"},{"@type":"ListItem","position":3,"name":"Yara \u0130zi D\u00fczeltme"}]},{"@type":"WebSite","@id":"https:\/\/vitalofhair.de\/reliant\/#website","url":"https:\/\/vitalofhair.de\/reliant\/","name":"Vital of Hair","description":"","publisher":{"@id":"https:\/\/vitalofhair.de\/reliant\/#organization"},"potentialAction":[{"@type":"SearchAction","target":{"@type":"EntryPoint","urlTemplate":"https:\/\/vitalofhair.de\/reliant\/?s={search_term_string}"},"query-input":{"@type":"PropertyValueSpecification","valueRequired":true,"valueName":"search_term_string"}}],"inLanguage":"tr"},{"@type":"Organization","@id":"https:\/\/vitalofhair.de\/reliant\/#organization","name":"Vital of Hair","url":"https:\/\/vitalofhair.de\/reliant\/","logo":{"@type":"ImageObject","inLanguage":"tr","@id":"https:\/\/vitalofhair.de\/reliant\/#\/schema\/logo\/image\/","url":"https:\/\/vitalofhair.de\/reliant\/wp-content\/uploads\/2025\/12\/vital-of-hair-logo.png","contentUrl":"https:\/\/vitalofhair.de\/reliant\/wp-content\/uploads\/2025\/12\/vital-of-hair-logo.png","width":417,"height":108,"caption":"Vital of Hair"},"image":{"@id":"https:\/\/vitalofhair.de\/reliant\/#\/schema\/logo\/image\/"}}]}},"_links":{"self":[{"href":"https:\/\/vitalofhair.de\/reliant\/wp-json\/wp\/v2\/pages\/231","targetHints":{"allow":["GET"]}}],"collection":[{"href":"https:\/\/vitalofhair.de\/reliant\/wp-json\/wp\/v2\/pages"}],"about":[{"href":"https:\/\/vitalofhair.de\/reliant\/wp-json\/wp\/v2\/types\/page"}],"author":[{"embeddable":true,"href":"https:\/\/vitalofhair.de\/reliant\/wp-json\/wp\/v2\/users\/2"}],"replies":[{"embeddable":true,"href":"https:\/\/vitalofhair.de\/reliant\/wp-json\/wp\/v2\/comments?post=231"}],"version-history":[{"count":0,"href":"https:\/\/vitalofhair.de\/reliant\/wp-json\/wp\/v2\/pages\/231\/revisions"}],"up":[{"embeddable":true,"href":"https:\/\/vitalofhair.de\/reliant\/wp-json\/wp\/v2\/pages\/126"}],"wp:attachment":[{"href":"https:\/\/vitalofhair.de\/reliant\/wp-json\/wp\/v2\/media?parent=231"}],"curies":[{"name":"wp","href":"https:\/\/api.w.org\/{rel}","templated":true}]}}