{"id":414,"date":"2026-01-05T23:05:39","date_gmt":"2026-01-05T20:05:39","guid":{"rendered":"https:\/\/vitalofhair.de\/?page_id=414"},"modified":"2026-08-31T23:24:22","modified_gmt":"2026-08-31T20:24:22","slug":"prp-behandlung","status":"publish","type":"page","link":"https:\/\/vitalofhair.de\/reliant\/de\/unsere-dienstleistungen\/prp-behandlung\/","title":{"rendered":"PRP-Behandlung"},"content":{"rendered":"\t\t<div data-elementor-type=\"wp-page\" data-elementor-id=\"414\" class=\"elementor elementor-414\" data-elementor-post-type=\"page\">\n\t\t\t\t<div class=\"elementor-element elementor-element-6a6aaf1 e-con-full e-flex e-con e-parent\" data-id=\"6a6aaf1\" data-element_type=\"container\">\n\t\t\t\t<div class=\"elementor-element elementor-element-a520ad8 elementor-widget elementor-widget-template\" data-id=\"a520ad8\" data-element_type=\"widget\" data-widget_type=\"template.default\">\n\t\t\t\t<div class=\"elementor-widget-container\">\n\t\t\t\t\t\t\t<div class=\"elementor-template\">\n\t\t\t\t\t<div data-elementor-type=\"page\" data-elementor-id=\"89\" class=\"elementor elementor-89\" data-elementor-post-type=\"elementor_library\">\n\t\t\t\t<div class=\"elementor-element elementor-element-35746bb e-flex e-con-boxed e-con e-parent\" data-id=\"35746bb\" data-element_type=\"container\" data-settings=\"{&quot;background_background&quot;:&quot;classic&quot;,&quot;animation&quot;:&quot;none&quot;}\">\n\t\t\t\t\t<div class=\"e-con-inner\">\n\t\t<div class=\"elementor-element elementor-element-d8ce537 e-con-full e-flex e-con e-child\" data-id=\"d8ce537\" data-element_type=\"container\">\n\t\t\t\t<div class=\"elementor-element elementor-element-65fcf51 elementor-widget elementor-widget-heading\" data-id=\"65fcf51\" data-element_type=\"widget\" data-widget_type=\"heading.default\">\n\t\t\t\t<div class=\"elementor-widget-container\">\n\t\t\t\t\t<h1 class=\"elementor-heading-title elementor-size-default\">PRP-Behandlung<\/h1>\t\t\t\t<\/div>\n\t\t\t\t<\/div>\n\t\t\t\t<\/div>\n\t\t\t\t\t<\/div>\n\t\t\t\t<\/div>\n\t\t\t\t<\/div>\n\t\t\t\t<\/div>\n\t\t\t\t\t\t<\/div>\n\t\t\t\t<\/div>\n\t\t\t\t<\/div>\n\t\t<div class=\"elementor-element elementor-element-2e5da045 e-flex e-con-boxed e-con e-parent\" data-id=\"2e5da045\" data-element_type=\"container\">\n\t\t\t\t\t<div class=\"e-con-inner\">\n\t\t<div class=\"elementor-element elementor-element-4a65c947 e-con-full e-flex e-con e-child\" data-id=\"4a65c947\" data-element_type=\"container\">\n\t\t\t\t<div class=\"elementor-element elementor-element-ed99e0f elementor-widget elementor-widget-image\" data-id=\"ed99e0f\" data-element_type=\"widget\" data-widget_type=\"image.default\">\n\t\t\t\t<div class=\"elementor-widget-container\">\n\t\t\t\t\t\t\t\t\t\t\t\t\t\t\t<img fetchpriority=\"high\" decoding=\"async\" width=\"1448\" height=\"1086\" src=\"https:\/\/vitalofhair.de\/reliant\/wp-content\/uploads\/2026\/08\/prp-behandlung-vital-of-hair.jpeg\" class=\"attachment-2048x2048 size-2048x2048 wp-image-748\" alt=\"PRP-Behandlung bei Vital of Hair\" srcset=\"https:\/\/vitalofhair.de\/reliant\/wp-content\/uploads\/2026\/08\/prp-behandlung-vital-of-hair.jpeg 1448w, https:\/\/vitalofhair.de\/reliant\/wp-content\/uploads\/2026\/08\/prp-behandlung-vital-of-hair-300x225.jpeg 300w, https:\/\/vitalofhair.de\/reliant\/wp-content\/uploads\/2026\/08\/prp-behandlung-vital-of-hair-1024x768.jpeg 1024w, https:\/\/vitalofhair.de\/reliant\/wp-content\/uploads\/2026\/08\/prp-behandlung-vital-of-hair-768x576.jpeg 768w\" sizes=\"(max-width: 1448px) 100vw, 1448px\" \/>\t\t\t\t\t\t\t\t\t\t\t\t\t\t\t<\/div>\n\t\t\t\t<\/div>\n\t\t\t\t<div class=\"elementor-element elementor-element-c1ccf6a elementor-widget elementor-widget-heading\" data-id=\"c1ccf6a\" data-element_type=\"widget\" data-widget_type=\"heading.default\">\n\t\t\t\t<div class=\"elementor-widget-container\">\n\t\t\t\t\t<h2 class=\"elementor-heading-title elementor-size-default\">Nat\u00fcrliche und wirksame Unterst\u00fctzung zur St\u00e4rkung der Haarfollikel.<\/h2>\t\t\t\t<\/div>\n\t\t\t\t<\/div>\n\t\t\t\t<div class=\"elementor-element elementor-element-9c9279c elementor-widget elementor-widget-text-editor\" data-id=\"9c9279c\" data-element_type=\"widget\" data-widget_type=\"text-editor.default\">\n\t\t\t\t<div class=\"elementor-widget-container\">\n\t\t\t\t\t\t\t\t\t<p data-start=\"307\" data-end=\"585\">Die PRP-Therapie ist eine nat\u00fcrliche und sichere Methode, um Haarausfall zu verlangsamen, die Haarfollikel zu st\u00e4rken und die Haarqualit\u00e4t zu verbessern. Bei Vital of Hair wird die PRP-Therapie nach individuell auf jeden Patienten abgestimmten Protokollen auf Basis wissenschaftlicher Erkenntnisse angewendet.<\/p>\t\t\t\t\t\t\t\t<\/div>\n\t\t\t\t<\/div>\n\t\t\t\t<div class=\"elementor-element elementor-element-2b0e444 elementor-widget elementor-widget-html\" data-id=\"2b0e444\" data-element_type=\"widget\" data-widget_type=\"html.default\">\n\t\t\t\t<div class=\"elementor-widget-container\">\n\t\t\t\t\t<div class=\"voh-prpv\">\n  <h2 class=\"voh-prpv__title\">Echte Behandlung, echtes Ergebnis<\/h2>\n  <p class=\"voh-prpv__sub\">Das folgende Video zeigt einen echten Ausschnitt aus einer PRP-Behandlung bei Vital of Hair.<\/p>\n  <div class=\"voh-prpv__media\" style=\"--voh-poster:url('https:\/\/vitalofhair.de\/reliant\/wp-content\/uploads\/2026\/08\/prp-behandlung-poster.jpg')\">\n    <video\n      class=\"voh-prpv__video\"\n      muted\n      loop\n      playsinline\n      webkit-playsinline\n      preload=\"metadata\"\n      poster=\"https:\/\/vitalofhair.de\/reliant\/wp-content\/uploads\/2026\/08\/prp-behandlung-poster.jpg\"\n      aria-label=\"Echte PRP-Behandlung bei Vital of Hair\">\n      <source src=\"https:\/\/vitalofhair.de\/reliant\/wp-content\/uploads\/2026\/08\/prp-behandlung-web.mp4\" type=\"video\/mp4\">\n    <\/video>\n  <\/div>\n<\/div>\n\t\t\t\t<\/div>\n\t\t\t\t<\/div>\n\t\t\t\t<div class=\"elementor-element elementor-element-86fc344 elementor-widget elementor-widget-heading\" data-id=\"86fc344\" data-element_type=\"widget\" data-widget_type=\"heading.default\">\n\t\t\t\t<div class=\"elementor-widget-container\">\n\t\t\t\t\t<h2 class=\"elementor-heading-title elementor-size-default\">Was ist eine PRP-Behandlung?<\/h2>\t\t\t\t<\/div>\n\t\t\t\t<\/div>\n\t\t\t\t<div class=\"elementor-element elementor-element-a98042c elementor-widget elementor-widget-text-editor\" data-id=\"a98042c\" data-element_type=\"widget\" data-widget_type=\"text-editor.default\">\n\t\t\t\t<div class=\"elementor-widget-container\">\n\t\t\t\t\t\t\t\t\t<p>PRP (Pl\u00e4ttchenreiches Plasma) ist ein Verfahren, bei dem aus dem Eigenblut des Patienten gewonnenes, mit Wachstumsfaktoren angereichertes Plasma in die Kopfhaut injiziert wird. Diese Methode stimuliert die Haarfollikel mit dem Ziel:<\/p><ul><li>Haarausfall zu reduzieren<\/li><li>Haarfollikel zu st\u00e4rken<\/li><li>Dickeres und ges\u00fcnderes Haarwachstum zu f\u00f6rdern<\/li><\/ul><p><br \/>Da bei der PRP-Behandlung ausschlie\u00dflich Eigenblut verwendet wird, ist das Risiko allergischer Reaktionen \u00e4u\u00dferst gering.<\/p>\t\t\t\t\t\t\t\t<\/div>\n\t\t\t\t<\/div>\n\t\t\t\t<div class=\"elementor-element elementor-element-11fa38b elementor-widget elementor-widget-heading\" data-id=\"11fa38b\" data-element_type=\"widget\" data-widget_type=\"heading.default\">\n\t\t\t\t<div class=\"elementor-widget-container\">\n\t\t\t\t\t<h2 class=\"elementor-heading-title elementor-size-default\">Welche Vorteile bietet die PRP-Behandlung?<\/h2>\t\t\t\t<\/div>\n\t\t\t\t<\/div>\n\t\t\t\t<div class=\"elementor-element elementor-element-0febe46 elementor-widget elementor-widget-text-editor\" data-id=\"0febe46\" data-element_type=\"widget\" data-widget_type=\"text-editor.default\">\n\t\t\t\t<div class=\"elementor-widget-container\">\n\t\t\t\t\t\t\t\t\t<p>Die PRP-Behandlung f\u00f6rdert die Zellregeneration der Kopfhaut und verbessert die Durchblutung.<\/p><p><strong>Vorteile:<\/strong><\/p><ul><li>Verlangsamt Haarausfall<\/li><li>St\u00e4rkt das Haar<\/li><li>N\u00e4hrt und revitalisiert die Haarfollikel<\/li><li>Verbessert die Haarqualit\u00e4t<\/li><\/ul><p>Unterst\u00fctzt den Heilungsprozess nach einer Haartransplantation<\/p>\t\t\t\t\t\t\t\t<\/div>\n\t\t\t\t<\/div>\n\t\t\t\t<div class=\"elementor-element elementor-element-bbf206e elementor-widget elementor-widget-heading\" data-id=\"bbf206e\" data-element_type=\"widget\" data-widget_type=\"heading.default\">\n\t\t\t\t<div class=\"elementor-widget-container\">\n\t\t\t\t\t<h2 class=\"elementor-heading-title elementor-size-default\">F\u00fcr wen ist die PRP-Behandlung geeignet?<\/h2>\t\t\t\t<\/div>\n\t\t\t\t<\/div>\n\t\t\t\t<div class=\"elementor-element elementor-element-4239bd4 elementor-widget elementor-widget-text-editor\" data-id=\"4239bd4\" data-element_type=\"widget\" data-widget_type=\"text-editor.default\">\n\t\t\t\t<div class=\"elementor-widget-container\">\n\t\t\t\t\t\t\t\t\t<ul data-start=\"1387\" data-end=\"1582\"><li data-start=\"1387\" data-end=\"1426\"><p>F\u00fcr alle, die beginnenden Haarausfall bemerken<\/p><\/li><li data-start=\"1387\" data-end=\"1426\"><p>F\u00fcr Personen mit d\u00fcnner werdendem und geschw\u00e4chtem Haar<\/p><\/li><li data-start=\"1387\" data-end=\"1426\"><p>F\u00fcr alle, die eine unterst\u00fctzende Behandlung vor oder nach einer Haartransplantation w\u00fcnschen<\/p><\/li><li data-start=\"1387\" data-end=\"1426\"><p>F\u00fcr alle, die ihre Kopfhaut st\u00e4rken m\u00f6chten<\/p><p>Eine PRP-Behandlung allein reicht nicht aus, um vollst\u00e4ndig kahle Stellen zu behandeln; sie ist jedoch sehr wirksam, um das vorhandene Haar zu sch\u00fctzen und zu st\u00e4rken.<\/p><\/li><\/ul>\t\t\t\t\t\t\t\t<\/div>\n\t\t\t\t<\/div>\n\t\t\t\t<div class=\"elementor-element elementor-element-6bb97cd elementor-widget elementor-widget-heading\" data-id=\"6bb97cd\" data-element_type=\"widget\" data-widget_type=\"heading.default\">\n\t\t\t\t<div class=\"elementor-widget-container\">\n\t\t\t\t\t<h2 class=\"elementor-heading-title elementor-size-default\">Wie wird die PRP-Behandlung angewendet?<\/h2>\t\t\t\t<\/div>\n\t\t\t\t<\/div>\n\t\t\t\t<div class=\"elementor-element elementor-element-fd2b565 elementor-widget elementor-widget-text-editor\" data-id=\"fd2b565\" data-element_type=\"widget\" data-widget_type=\"text-editor.default\">\n\t\t\t\t<div class=\"elementor-widget-container\">\n\t\t\t\t\t\t\t\t\t<ul><li data-start=\"1778\" data-end=\"1832\"><p><strong>Blutentnahme<\/strong><br \/>Dem Patienten wird eine kleine Menge Blut entnommen.<\/p><\/li><li data-start=\"1778\" data-end=\"1832\"><p><strong>PRP-Herstellung<\/strong><br \/>Das Blut wird mithilfe spezieller Ger\u00e4te getrennt, um pl\u00e4ttchenreiches Plasma zu gewinnen.<\/p><\/li><li data-start=\"1778\" data-end=\"1832\"><p><strong>Anwendung<\/strong><br \/>Das gewonnene PRP wird mittels Mikroinjektionen in die Kopfhaut eingebracht.<\/p><\/li><li data-start=\"1778\" data-end=\"1832\"><p><strong>Nachsorge<\/strong><br \/>Der Patient kann nach der Anwendung sofort wieder seinen gewohnten Alltag aufnehmen.<\/p><\/li><\/ul>\t\t\t\t\t\t\t\t<\/div>\n\t\t\t\t<\/div>\n\t\t\t\t<div class=\"elementor-element elementor-element-0d2f39d elementor-widget elementor-widget-heading\" data-id=\"0d2f39d\" data-element_type=\"widget\" data-widget_type=\"heading.default\">\n\t\t\t\t<div class=\"elementor-widget-container\">\n\t\t\t\t\t<h2 class=\"elementor-heading-title elementor-size-default\">Wie viele PRP-Behandlungssitzungen sind erforderlich?<\/h2>\t\t\t\t<\/div>\n\t\t\t\t<\/div>\n\t\t\t\t<div class=\"elementor-element elementor-element-d9c67aa elementor-widget elementor-widget-text-editor\" data-id=\"d9c67aa\" data-element_type=\"widget\" data-widget_type=\"text-editor.default\">\n\t\t\t\t<div class=\"elementor-widget-container\">\n\t\t\t\t\t\t\t\t\t<p>Eine PRP-Behandlung wird \u00fcblicherweise wie folgt geplant:<\/p><ul><li>3\u20134 Sitzungen<\/li><li>im Abstand von 2\u20134 Wochen<\/li><\/ul><p>Die Anzahl der Sitzungen richtet sich nach dem Ausma\u00df des Haarausfalls und dem gew\u00fcnschten Ergebnis.<\/p>\t\t\t\t\t\t\t\t<\/div>\n\t\t\t\t<\/div>\n\t\t\t\t<div class=\"elementor-element elementor-element-a8296e8 elementor-widget elementor-widget-heading\" data-id=\"a8296e8\" data-element_type=\"widget\" data-widget_type=\"heading.default\">\n\t\t\t\t<div class=\"elementor-widget-container\">\n\t\t\t\t\t<h2 class=\"elementor-heading-title elementor-size-default\">Nachbehandlungsprozess mit PRP<\/h2>\t\t\t\t<\/div>\n\t\t\t\t<\/div>\n\t\t\t\t<div class=\"elementor-element elementor-element-3942102 elementor-widget elementor-widget-text-editor\" data-id=\"3942102\" data-element_type=\"widget\" data-widget_type=\"text-editor.default\">\n\t\t\t\t<div class=\"elementor-widget-container\">\n\t\t\t\t\t\t\t\t\t<ul><li data-start=\"2373\" data-end=\"2422\"><p>Sie k\u00f6nnen direkt nach der Behandlung wieder Ihren gewohnten Alltag aufnehmen.<\/p><\/li><li data-start=\"2373\" data-end=\"2422\"><p>Leichte R\u00f6tungen klingen schnell ab.<\/p><\/li><li data-start=\"2373\" data-end=\"2422\"><p>Die ersten Ergebnisse sind innerhalb weniger Wochen sichtbar.<\/p><\/li><li data-start=\"2373\" data-end=\"2422\"><p>Regelm\u00e4\u00dfige Anwendungen verst\u00e4rken die Wirkung.<\/p><\/li><\/ul>\t\t\t\t\t\t\t\t<\/div>\n\t\t\t\t<\/div>\n\t\t\t\t<div class=\"elementor-element elementor-element-b46395e elementor-widget elementor-widget-heading\" data-id=\"b46395e\" data-element_type=\"widget\" data-widget_type=\"heading.default\">\n\t\t\t\t<div class=\"elementor-widget-container\">\n\t\t\t\t\t<h2 class=\"elementor-heading-title elementor-size-default\">Warum sollten Sie sich f\u00fcr eine PRP-Behandlung bei Vital of Hair entscheiden?<\/h2>\t\t\t\t<\/div>\n\t\t\t\t<\/div>\n\t\t\t\t<div class=\"elementor-element elementor-element-18f7527 elementor-widget elementor-widget-text-editor\" data-id=\"18f7527\" data-element_type=\"widget\" data-widget_type=\"text-editor.default\">\n\t\t\t\t<div class=\"elementor-widget-container\">\n\t\t\t\t\t\t\t\t\t<ul data-start=\"2620\" data-end=\"2791\"><li data-start=\"2620\" data-end=\"2648\"><p>Individueller Behandlungsplan<\/p><\/li><li data-start=\"2620\" data-end=\"2648\"><p>Erfahrenes \u00c4rzteteam<\/p><\/li><li data-start=\"2620\" data-end=\"2648\"><p>Steriles und modernes Klinikambiente<\/p><\/li><li data-start=\"2620\" data-end=\"2648\"><p>Behandlungsprotokolle, die mit Haartransplantationen kombiniert werden k\u00f6nnen<\/p><\/li><li data-start=\"2620\" data-end=\"2648\"><p>Sichere und nat\u00fcrliche Anwendungen<\/p><p>Bei Vital of Hair ist die PRP-Behandlung keine Einzelbehandlung, sondern ein Prozess zur langfristigen Erhaltung der Haargesundheit.<\/p><\/li><\/ul>\t\t\t\t\t\t\t\t<\/div>\n\t\t\t\t<\/div>\n\t\t\t\t<div class=\"elementor-element elementor-element-c661b5f elementor-widget elementor-widget-heading\" data-id=\"c661b5f\" data-element_type=\"widget\" data-widget_type=\"heading.default\">\n\t\t\t\t<div class=\"elementor-widget-container\">\n\t\t\t\t\t<h2 class=\"elementor-heading-title elementor-size-default\">Die richtige Unterst\u00fctzung f\u00fcr kr\u00e4ftigeres Haar<\/h2>\t\t\t\t<\/div>\n\t\t\t\t<\/div>\n\t\t\t\t<div class=\"elementor-element elementor-element-6254471 elementor-widget elementor-widget-text-editor\" data-id=\"6254471\" data-element_type=\"widget\" data-widget_type=\"text-editor.default\">\n\t\t\t\t<div class=\"elementor-widget-container\">\n\t\t\t\t\t\t\t\t\t<p>Wenn Sie Haarausfall verlangsamen, Ihr vorhandenes Haar st\u00e4rken und die allgemeine Haargesundheit unterst\u00fctzen m\u00f6chten, k\u00f6nnte eine PRP-Behandlung eine wirksame Option f\u00fcr Sie sein.<\/p>\t\t\t\t\t\t\t\t<\/div>\n\t\t\t\t<\/div>\n\t\t\t\t<\/div>\n\t\t<div class=\"elementor-element elementor-element-fac1543 e-con-full e-flex e-con e-child\" data-id=\"fac1543\" data-element_type=\"container\">\n\t\t\t\t<div class=\"elementor-element elementor-element-4ca1901 elementor-widget elementor-widget-text-editor\" data-id=\"4ca1901\" data-element_type=\"widget\" data-widget_type=\"text-editor.default\">\n\t\t\t\t<div class=\"elementor-widget-container\">\n\t\t\t\t\t\t\t\t\t<p style=\"text-align:center;\">Das k\u00f6nnte Sie auch interessieren: <a href=\"https:\/\/vitalofhair.de\/reliant\/de\/unsere-dienstleistungen\/haartransplantation\/\">Haartransplantation<\/a> &middot; <a href=\"https:\/\/vitalofhair.de\/reliant\/de\/unsere-dienstleistungen\/mesotherapie\/\">Mesotherapie<\/a> &middot; <a href=\"https:\/\/vitalofhair.de\/reliant\/de\/unsere-dienstleistungen\/\">Alle Behandlungen im \u00dcberblick<\/a><\/p>\t\t\t\t\t\t\t\t<\/div>\n\t\t\t\t<\/div>\n\t\t\t\t<\/div>\n\t\t\t\t\t<\/div>\n\t\t\t\t<\/div>\n\t\t\t\t<\/div>\n\t\t","protected":false},"excerpt":{"rendered":"<p>Nat\u00fcrliche und wirksame Unterst\u00fctzung zur St\u00e4rkung der Haarfollikel. Die PRP-Therapie ist eine nat\u00fcrliche und sichere Methode, um Haarausfall zu verlangsamen, die Haarfollikel zu st\u00e4rken und die Haarqualit\u00e4t zu verbessern. Bei Vital of Hair wird die PRP-Therapie nach individuell auf jeden Patienten abgestimmten Protokollen auf Basis wissenschaftlicher Erkenntnisse angewendet. Echte Behandlung, echtes Ergebnis Das folgende Video [&hellip;]<\/p>\n","protected":false},"author":2,"featured_media":0,"parent":387,"menu_order":2,"comment_status":"closed","ping_status":"closed","template":"elementor_header_footer","meta":{"footnotes":""},"class_list":["post-414","page","type-page","status-publish","hentry"],"yoast_head":"<!-- This site is optimized with the Yoast SEO plugin v28.3 - https:\/\/yoast.com\/product\/yoast-seo-wordpress\/ -->\n<title>PRP-Behandlung | Vital of Hair<\/title>\n<meta name=\"description\" content=\"PRP-Therapie mit k\u00f6rpereigenem Plasma st\u00e4rkt die Haarfollikel und verlangsamt Haarausfall. Individuelle Protokolle bei Vital of Hair \u2013 jetzt Termin vereinbaren.\" \/>\n<meta name=\"robots\" content=\"noindex, follow, max-snippet:-1, max-image-preview:large, max-video-preview:-1\" \/>\n<meta property=\"og:locale\" content=\"tr_TR\" \/>\n<meta property=\"og:type\" content=\"article\" \/>\n<meta property=\"og:title\" content=\"PRP-Behandlung | Vital of Hair\" \/>\n<meta property=\"og:description\" content=\"PRP-Therapie mit k\u00f6rpereigenem Plasma st\u00e4rkt die Haarfollikel und verlangsamt Haarausfall. Individuelle Protokolle bei Vital of Hair \u2013 jetzt Termin vereinbaren.\" \/>\n<meta property=\"og:url\" content=\"https:\/\/vitalofhair.de\/reliant\/de\/unsere-dienstleistungen\/prp-behandlung\/\" \/>\n<meta property=\"og:site_name\" content=\"Vital of Hair\" \/>\n<meta property=\"article:modified_time\" content=\"2026-08-31T20:24:22+00:00\" \/>\n<meta property=\"og:image\" content=\"https:\/\/vitalofhair.de\/reliant\/wp-content\/uploads\/2026\/08\/prp-behandlung-vital-of-hair.jpeg\" \/>\n<meta name=\"twitter:card\" content=\"summary_large_image\" \/>\n<meta name=\"twitter:label1\" content=\"Tahmini okuma s\u00fcresi\" \/>\n\t<meta name=\"twitter:data1\" content=\"3 dakika\" \/>\n<script type=\"application\/ld+json\" class=\"yoast-schema-graph\">{\"@context\":\"https:\\\/\\\/schema.org\",\"@graph\":[{\"@type\":\"WebPage\",\"@id\":\"https:\\\/\\\/vitalofhair.de\\\/reliant\\\/de\\\/unsere-dienstleistungen\\\/prp-behandlung\\\/\",\"url\":\"https:\\\/\\\/vitalofhair.de\\\/reliant\\\/de\\\/unsere-dienstleistungen\\\/prp-behandlung\\\/\",\"name\":\"PRP-Behandlung | Vital of Hair\",\"isPartOf\":{\"@id\":\"https:\\\/\\\/vitalofhair.de\\\/reliant\\\/#website\"},\"primaryImageOfPage\":{\"@id\":\"https:\\\/\\\/vitalofhair.de\\\/reliant\\\/de\\\/unsere-dienstleistungen\\\/prp-behandlung\\\/#primaryimage\"},\"image\":{\"@id\":\"https:\\\/\\\/vitalofhair.de\\\/reliant\\\/de\\\/unsere-dienstleistungen\\\/prp-behandlung\\\/#primaryimage\"},\"thumbnailUrl\":\"https:\\\/\\\/vitalofhair.de\\\/reliant\\\/wp-content\\\/uploads\\\/2026\\\/08\\\/prp-behandlung-vital-of-hair.jpeg\",\"datePublished\":\"2026-01-05T20:05:39+00:00\",\"dateModified\":\"2026-08-31T20:24:22+00:00\",\"description\":\"PRP-Therapie mit k\u00f6rpereigenem Plasma st\u00e4rkt die Haarfollikel und verlangsamt Haarausfall. Individuelle Protokolle bei Vital of Hair \u2013 jetzt Termin vereinbaren.\",\"breadcrumb\":{\"@id\":\"https:\\\/\\\/vitalofhair.de\\\/reliant\\\/de\\\/unsere-dienstleistungen\\\/prp-behandlung\\\/#breadcrumb\"},\"inLanguage\":\"tr\",\"potentialAction\":[{\"@type\":\"ReadAction\",\"target\":[\"https:\\\/\\\/vitalofhair.de\\\/reliant\\\/de\\\/unsere-dienstleistungen\\\/prp-behandlung\\\/\"]}]},{\"@type\":\"ImageObject\",\"inLanguage\":\"tr\",\"@id\":\"https:\\\/\\\/vitalofhair.de\\\/reliant\\\/de\\\/unsere-dienstleistungen\\\/prp-behandlung\\\/#primaryimage\",\"url\":\"https:\\\/\\\/vitalofhair.de\\\/reliant\\\/wp-content\\\/uploads\\\/2026\\\/08\\\/prp-behandlung-vital-of-hair.jpeg\",\"contentUrl\":\"https:\\\/\\\/vitalofhair.de\\\/reliant\\\/wp-content\\\/uploads\\\/2026\\\/08\\\/prp-behandlung-vital-of-hair.jpeg\",\"width\":1448,\"height\":1086,\"caption\":\"PRP-Behandlung bei Vital of Hair\"},{\"@type\":\"BreadcrumbList\",\"@id\":\"https:\\\/\\\/vitalofhair.de\\\/reliant\\\/de\\\/unsere-dienstleistungen\\\/prp-behandlung\\\/#breadcrumb\",\"itemListElement\":[{\"@type\":\"ListItem\",\"position\":1,\"name\":\"Anasayfa\",\"item\":\"https:\\\/\\\/vitalofhair.de\\\/reliant\\\/de\\\/startseite\\\/\"},{\"@type\":\"ListItem\",\"position\":2,\"name\":\"Unsere Dienstleistungen\",\"item\":\"https:\\\/\\\/vitalofhair.de\\\/reliant\\\/de\\\/unsere-dienstleistungen\\\/\"},{\"@type\":\"ListItem\",\"position\":3,\"name\":\"PRP-Behandlung\"}]},{\"@type\":\"WebSite\",\"@id\":\"https:\\\/\\\/vitalofhair.de\\\/reliant\\\/#website\",\"url\":\"https:\\\/\\\/vitalofhair.de\\\/reliant\\\/\",\"name\":\"Vital of Hair\",\"description\":\"\",\"publisher\":{\"@id\":\"https:\\\/\\\/vitalofhair.de\\\/reliant\\\/#organization\"},\"potentialAction\":[{\"@type\":\"SearchAction\",\"target\":{\"@type\":\"EntryPoint\",\"urlTemplate\":\"https:\\\/\\\/vitalofhair.de\\\/reliant\\\/?s={search_term_string}\"},\"query-input\":{\"@type\":\"PropertyValueSpecification\",\"valueRequired\":true,\"valueName\":\"search_term_string\"}}],\"inLanguage\":\"tr\"},{\"@type\":\"Organization\",\"@id\":\"https:\\\/\\\/vitalofhair.de\\\/reliant\\\/#organization\",\"name\":\"Vital of Hair\",\"url\":\"https:\\\/\\\/vitalofhair.de\\\/reliant\\\/\",\"logo\":{\"@type\":\"ImageObject\",\"inLanguage\":\"tr\",\"@id\":\"https:\\\/\\\/vitalofhair.de\\\/reliant\\\/#\\\/schema\\\/logo\\\/image\\\/\",\"url\":\"https:\\\/\\\/vitalofhair.de\\\/reliant\\\/wp-content\\\/uploads\\\/2025\\\/12\\\/vital-of-hair-logo.png\",\"contentUrl\":\"https:\\\/\\\/vitalofhair.de\\\/reliant\\\/wp-content\\\/uploads\\\/2025\\\/12\\\/vital-of-hair-logo.png\",\"width\":417,\"height\":108,\"caption\":\"Vital of Hair\"},\"image\":{\"@id\":\"https:\\\/\\\/vitalofhair.de\\\/reliant\\\/#\\\/schema\\\/logo\\\/image\\\/\"}}]}<\/script>\n<!-- \/ Yoast SEO plugin. -->","yoast_head_json":{"title":"PRP-Behandlung | Vital of Hair","description":"PRP-Therapie mit k\u00f6rpereigenem Plasma st\u00e4rkt die Haarfollikel und verlangsamt Haarausfall. Individuelle Protokolle bei Vital of Hair \u2013 jetzt Termin vereinbaren.","robots":{"index":"noindex","follow":"follow","max-snippet":"max-snippet:-1","max-image-preview":"max-image-preview:large","max-video-preview":"max-video-preview:-1"},"og_locale":"tr_TR","og_type":"article","og_title":"PRP-Behandlung | Vital of Hair","og_description":"PRP-Therapie mit k\u00f6rpereigenem Plasma st\u00e4rkt die Haarfollikel und verlangsamt Haarausfall. Individuelle Protokolle bei Vital of Hair \u2013 jetzt Termin vereinbaren.","og_url":"https:\/\/vitalofhair.de\/reliant\/de\/unsere-dienstleistungen\/prp-behandlung\/","og_site_name":"Vital of Hair","article_modified_time":"2026-08-31T20:24:22+00:00","og_image":[{"url":"https:\/\/vitalofhair.de\/reliant\/wp-content\/uploads\/2026\/08\/prp-behandlung-vital-of-hair.jpeg","type":"","width":"","height":""}],"twitter_card":"summary_large_image","twitter_misc":{"Tahmini okuma s\u00fcresi":"3 dakika"},"schema":{"@context":"https:\/\/schema.org","@graph":[{"@type":"WebPage","@id":"https:\/\/vitalofhair.de\/reliant\/de\/unsere-dienstleistungen\/prp-behandlung\/","url":"https:\/\/vitalofhair.de\/reliant\/de\/unsere-dienstleistungen\/prp-behandlung\/","name":"PRP-Behandlung | Vital of Hair","isPartOf":{"@id":"https:\/\/vitalofhair.de\/reliant\/#website"},"primaryImageOfPage":{"@id":"https:\/\/vitalofhair.de\/reliant\/de\/unsere-dienstleistungen\/prp-behandlung\/#primaryimage"},"image":{"@id":"https:\/\/vitalofhair.de\/reliant\/de\/unsere-dienstleistungen\/prp-behandlung\/#primaryimage"},"thumbnailUrl":"https:\/\/vitalofhair.de\/reliant\/wp-content\/uploads\/2026\/08\/prp-behandlung-vital-of-hair.jpeg","datePublished":"2026-01-05T20:05:39+00:00","dateModified":"2026-08-31T20:24:22+00:00","description":"PRP-Therapie mit k\u00f6rpereigenem Plasma st\u00e4rkt die Haarfollikel und verlangsamt Haarausfall. Individuelle Protokolle bei Vital of Hair \u2013 jetzt Termin vereinbaren.","breadcrumb":{"@id":"https:\/\/vitalofhair.de\/reliant\/de\/unsere-dienstleistungen\/prp-behandlung\/#breadcrumb"},"inLanguage":"tr","potentialAction":[{"@type":"ReadAction","target":["https:\/\/vitalofhair.de\/reliant\/de\/unsere-dienstleistungen\/prp-behandlung\/"]}]},{"@type":"ImageObject","inLanguage":"tr","@id":"https:\/\/vitalofhair.de\/reliant\/de\/unsere-dienstleistungen\/prp-behandlung\/#primaryimage","url":"https:\/\/vitalofhair.de\/reliant\/wp-content\/uploads\/2026\/08\/prp-behandlung-vital-of-hair.jpeg","contentUrl":"https:\/\/vitalofhair.de\/reliant\/wp-content\/uploads\/2026\/08\/prp-behandlung-vital-of-hair.jpeg","width":1448,"height":1086,"caption":"PRP-Behandlung bei Vital of Hair"},{"@type":"BreadcrumbList","@id":"https:\/\/vitalofhair.de\/reliant\/de\/unsere-dienstleistungen\/prp-behandlung\/#breadcrumb","itemListElement":[{"@type":"ListItem","position":1,"name":"Anasayfa","item":"https:\/\/vitalofhair.de\/reliant\/de\/startseite\/"},{"@type":"ListItem","position":2,"name":"Unsere Dienstleistungen","item":"https:\/\/vitalofhair.de\/reliant\/de\/unsere-dienstleistungen\/"},{"@type":"ListItem","position":3,"name":"PRP-Behandlung"}]},{"@type":"WebSite","@id":"https:\/\/vitalofhair.de\/reliant\/#website","url":"https:\/\/vitalofhair.de\/reliant\/","name":"Vital of Hair","description":"","publisher":{"@id":"https:\/\/vitalofhair.de\/reliant\/#organization"},"potentialAction":[{"@type":"SearchAction","target":{"@type":"EntryPoint","urlTemplate":"https:\/\/vitalofhair.de\/reliant\/?s={search_term_string}"},"query-input":{"@type":"PropertyValueSpecification","valueRequired":true,"valueName":"search_term_string"}}],"inLanguage":"tr"},{"@type":"Organization","@id":"https:\/\/vitalofhair.de\/reliant\/#organization","name":"Vital of Hair","url":"https:\/\/vitalofhair.de\/reliant\/","logo":{"@type":"ImageObject","inLanguage":"tr","@id":"https:\/\/vitalofhair.de\/reliant\/#\/schema\/logo\/image\/","url":"https:\/\/vitalofhair.de\/reliant\/wp-content\/uploads\/2025\/12\/vital-of-hair-logo.png","contentUrl":"https:\/\/vitalofhair.de\/reliant\/wp-content\/uploads\/2025\/12\/vital-of-hair-logo.png","width":417,"height":108,"caption":"Vital of Hair"},"image":{"@id":"https:\/\/vitalofhair.de\/reliant\/#\/schema\/logo\/image\/"}}]}},"_links":{"self":[{"href":"https:\/\/vitalofhair.de\/reliant\/wp-json\/wp\/v2\/pages\/414","targetHints":{"allow":["GET"]}}],"collection":[{"href":"https:\/\/vitalofhair.de\/reliant\/wp-json\/wp\/v2\/pages"}],"about":[{"href":"https:\/\/vitalofhair.de\/reliant\/wp-json\/wp\/v2\/types\/page"}],"author":[{"embeddable":true,"href":"https:\/\/vitalofhair.de\/reliant\/wp-json\/wp\/v2\/users\/2"}],"replies":[{"embeddable":true,"href":"https:\/\/vitalofhair.de\/reliant\/wp-json\/wp\/v2\/comments?post=414"}],"version-history":[{"count":9,"href":"https:\/\/vitalofhair.de\/reliant\/wp-json\/wp\/v2\/pages\/414\/revisions"}],"predecessor-version":[{"id":1740,"href":"https:\/\/vitalofhair.de\/reliant\/wp-json\/wp\/v2\/pages\/414\/revisions\/1740"}],"up":[{"embeddable":true,"href":"https:\/\/vitalofhair.de\/reliant\/wp-json\/wp\/v2\/pages\/387"}],"wp:attachment":[{"href":"https:\/\/vitalofhair.de\/reliant\/wp-json\/wp\/v2\/media?parent=414"}],"curies":[{"name":"wp","href":"https:\/\/api.w.org\/{rel}","templated":true}]}}