{"id":427,"date":"2026-01-05T23:23:23","date_gmt":"2026-01-05T20:23:23","guid":{"rendered":"https:\/\/vitalofhair.de\/?page_id=427"},"modified":"2026-08-31T23:26:55","modified_gmt":"2026-08-31T20:26:55","slug":"haaranalyse","status":"publish","type":"page","link":"https:\/\/vitalofhair.de\/reliant\/de\/unsere-dienstleistungen\/haaranalyse\/","title":{"rendered":"Haaranalyse"},"content":{"rendered":"\t\t<div data-elementor-type=\"wp-page\" data-elementor-id=\"427\" class=\"elementor elementor-427\" data-elementor-post-type=\"page\">\n\t\t\t\t<div class=\"elementor-element elementor-element-6a6aaf1 e-con-full e-flex e-con e-parent\" data-id=\"6a6aaf1\" data-element_type=\"container\">\n\t\t\t\t<div class=\"elementor-element elementor-element-a520ad8 elementor-widget elementor-widget-template\" data-id=\"a520ad8\" data-element_type=\"widget\" data-widget_type=\"template.default\">\n\t\t\t\t<div class=\"elementor-widget-container\">\n\t\t\t\t\t\t\t<div class=\"elementor-template\">\n\t\t\t\t\t<div data-elementor-type=\"page\" data-elementor-id=\"89\" class=\"elementor elementor-89\" data-elementor-post-type=\"elementor_library\">\n\t\t\t\t<div class=\"elementor-element elementor-element-35746bb e-flex e-con-boxed e-con e-parent\" data-id=\"35746bb\" data-element_type=\"container\" data-settings=\"{&quot;background_background&quot;:&quot;classic&quot;,&quot;animation&quot;:&quot;none&quot;}\">\n\t\t\t\t\t<div class=\"e-con-inner\">\n\t\t<div class=\"elementor-element elementor-element-d8ce537 e-con-full e-flex e-con e-child\" data-id=\"d8ce537\" data-element_type=\"container\">\n\t\t\t\t<div class=\"elementor-element elementor-element-65fcf51 elementor-widget elementor-widget-heading\" data-id=\"65fcf51\" data-element_type=\"widget\" data-widget_type=\"heading.default\">\n\t\t\t\t<div class=\"elementor-widget-container\">\n\t\t\t\t\t<h1 class=\"elementor-heading-title elementor-size-default\">Haaranalyse<\/h1>\t\t\t\t<\/div>\n\t\t\t\t<\/div>\n\t\t\t\t<\/div>\n\t\t\t\t\t<\/div>\n\t\t\t\t<\/div>\n\t\t\t\t<\/div>\n\t\t\t\t<\/div>\n\t\t\t\t\t\t<\/div>\n\t\t\t\t<\/div>\n\t\t\t\t<\/div>\n\t\t<div class=\"elementor-element elementor-element-2e5da045 e-flex e-con-boxed e-con e-parent\" data-id=\"2e5da045\" data-element_type=\"container\">\n\t\t\t\t\t<div class=\"e-con-inner\">\n\t\t<div class=\"elementor-element elementor-element-4a65c947 e-con-full e-flex e-con e-child\" data-id=\"4a65c947\" data-element_type=\"container\">\n\t\t\t\t<div class=\"elementor-element elementor-element-ed99e0f elementor-widget elementor-widget-image\" data-id=\"ed99e0f\" data-element_type=\"widget\" data-widget_type=\"image.default\">\n\t\t\t\t<div class=\"elementor-widget-container\">\n\t\t\t\t\t\t\t\t\t\t\t\t\t\t\t<img fetchpriority=\"high\" decoding=\"async\" width=\"1448\" height=\"1086\" src=\"https:\/\/vitalofhair.de\/reliant\/wp-content\/uploads\/2026\/08\/haaranalyse-vital-of-hair.jpeg\" class=\"attachment-2048x2048 size-2048x2048 wp-image-749\" alt=\"Haaranalyse bei Vital of Hair\" srcset=\"https:\/\/vitalofhair.de\/reliant\/wp-content\/uploads\/2026\/08\/haaranalyse-vital-of-hair.jpeg 1448w, https:\/\/vitalofhair.de\/reliant\/wp-content\/uploads\/2026\/08\/haaranalyse-vital-of-hair-300x225.jpeg 300w, https:\/\/vitalofhair.de\/reliant\/wp-content\/uploads\/2026\/08\/haaranalyse-vital-of-hair-1024x768.jpeg 1024w, https:\/\/vitalofhair.de\/reliant\/wp-content\/uploads\/2026\/08\/haaranalyse-vital-of-hair-768x576.jpeg 768w\" sizes=\"(max-width: 1448px) 100vw, 1448px\" \/>\t\t\t\t\t\t\t\t\t\t\t\t\t\t\t<\/div>\n\t\t\t\t<\/div>\n\t\t\t\t<div class=\"elementor-element elementor-element-c1ccf6a elementor-widget elementor-widget-heading\" data-id=\"c1ccf6a\" data-element_type=\"widget\" data-widget_type=\"heading.default\">\n\t\t\t\t<div class=\"elementor-widget-container\">\n\t\t\t\t\t<h2 class=\"elementor-heading-title elementor-size-default\">Der erste und wichtigste Schritt hin zur richtigen Behandlung<\/h2>\t\t\t\t<\/div>\n\t\t\t\t<\/div>\n\t\t\t\t<div class=\"elementor-element elementor-element-9c9279c elementor-widget elementor-widget-text-editor\" data-id=\"9c9279c\" data-element_type=\"widget\" data-widget_type=\"text-editor.default\">\n\t\t\t\t<div class=\"elementor-widget-container\">\n\t\t\t\t\t\t\t\t\t<p data-start=\"307\" data-end=\"585\">F\u00fcr eine erfolgreiche Behandlung von Haarausfall und anderen Haarproblemen ist eine pr\u00e4zise Haaranalyse unerl\u00e4sslich. Bei Vital of Hair f\u00fchren wir eine professionelle Haaranalyse durch, bei der wir Haarstruktur, Kopfhautzustand und die Ursachen des Haarausfalls genauestens untersuchen und daraus einen individuellen Behandlungsplan erstellen.<\/p>\t\t\t\t\t\t\t\t<\/div>\n\t\t\t\t<\/div>\n\t\t\t\t<div class=\"elementor-element elementor-element-86fc344 elementor-widget elementor-widget-heading\" data-id=\"86fc344\" data-element_type=\"widget\" data-widget_type=\"heading.default\">\n\t\t\t\t<div class=\"elementor-widget-container\">\n\t\t\t\t\t<h2 class=\"elementor-heading-title elementor-size-default\">Was ist eine Haaranalyse?<\/h2>\t\t\t\t<\/div>\n\t\t\t\t<\/div>\n\t\t\t\t<div class=\"elementor-element elementor-element-a98042c elementor-widget elementor-widget-text-editor\" data-id=\"a98042c\" data-element_type=\"widget\" data-widget_type=\"text-editor.default\">\n\t\t\t\t<div class=\"elementor-widget-container\">\n\t\t\t\t\t\t\t\t\t<p>Die Haaranalyse ist ein Verfahren, bei dem Experten verschiedene Faktoren wie Haardicke, Haardichte, Kopfhautzustand und Art des Haarausfalls beurteilen. Diese Analyse hilft, Folgendes zu bestimmen:<\/p><ul><li>Die Ursache des Haarausfalls<\/li><li>Die geeignete Behandlung oder Haartransplantationsmethode<\/li><li>Die zu erwartenden Ergebnisse<\/li><li>Ein klares Verst\u00e4ndnis dieser Faktoren.<\/li><\/ul><p>Bei Vital of Hair wird die Haaranalyse mit modernster Ausr\u00fcstung und von Experten durchgef\u00fchrt.<\/p>\t\t\t\t\t\t\t\t<\/div>\n\t\t\t\t<\/div>\n\t\t\t\t<div class=\"elementor-element elementor-element-a275d85 elementor-widget elementor-widget-heading\" data-id=\"a275d85\" data-element_type=\"widget\" data-widget_type=\"heading.default\">\n\t\t\t\t<div class=\"elementor-widget-container\">\n\t\t\t\t\t<h2 class=\"elementor-heading-title elementor-size-default\">Warum ist die Haaranalyse wichtig?<\/h2>\t\t\t\t<\/div>\n\t\t\t\t<\/div>\n\t\t\t\t<div class=\"elementor-element elementor-element-1b70b08 elementor-widget elementor-widget-text-editor\" data-id=\"1b70b08\" data-element_type=\"widget\" data-widget_type=\"text-editor.default\">\n\t\t\t\t<div class=\"elementor-widget-container\">\n\t\t\t\t\t\t\t\t\t<p>Nicht jeder Haarausfall hat die gleichen Ursachen. Eine Fehldiagnose kann zu einer falschen Behandlung und unbefriedigenden Ergebnissen f\u00fchren.<\/p><p>Vorteile einer Haaranalyse:<\/p><ul><li>Erm\u00f6glicht die Erstellung eines individuellen Behandlungsplans.<\/li><li>Vermeidet unn\u00f6tige Eingriffe.<\/li><li>Bestimmt die Eignung f\u00fcr eine Haartransplantation.<\/li><\/ul><p><br \/>Tr\u00e4gt zu nat\u00fcrlicheren und erfolgreicheren Ergebnissen bei.<\/p>\t\t\t\t\t\t\t\t<\/div>\n\t\t\t\t<\/div>\n\t\t\t\t<div class=\"elementor-element elementor-element-faea4a9 elementor-widget elementor-widget-heading\" data-id=\"faea4a9\" data-element_type=\"widget\" data-widget_type=\"heading.default\">\n\t\t\t\t<div class=\"elementor-widget-container\">\n\t\t\t\t\t<h2 class=\"elementor-heading-title elementor-size-default\">Wer eignet sich f\u00fcr eine Haaranalyse?<\/h2>\t\t\t\t<\/div>\n\t\t\t\t<\/div>\n\t\t\t\t<div class=\"elementor-element elementor-element-2b3db2a elementor-widget elementor-widget-text-editor\" data-id=\"2b3db2a\" data-element_type=\"widget\" data-widget_type=\"text-editor.default\">\n\t\t\t\t<div class=\"elementor-widget-container\">\n\t\t\t\t\t\t\t\t\t<ul><li data-start=\"1473\" data-end=\"1516\"><p>F\u00fcr Frauen und M\u00e4nner mit Haarausfall<\/p><\/li><li data-start=\"1473\" data-end=\"1516\"><p>F\u00fcr alle, die d\u00fcnner werdendes und lichteres Haar bemerken<\/p><\/li><li data-start=\"1473\" data-end=\"1516\"><p>F\u00fcr alle, die eine Haartransplantation in Erw\u00e4gung ziehen<\/p><\/li><li data-start=\"1473\" data-end=\"1516\"><p>F\u00fcr alle, die sich vor Behandlungen wie PRP oder Mesotherapie beraten lassen m\u00f6chten<\/p><\/li><\/ul>\t\t\t\t\t\t\t\t<\/div>\n\t\t\t\t<\/div>\n\t\t\t\t<div class=\"elementor-element elementor-element-9502627 elementor-widget elementor-widget-heading\" data-id=\"9502627\" data-element_type=\"widget\" data-widget_type=\"heading.default\">\n\t\t\t\t<div class=\"elementor-widget-container\">\n\t\t\t\t\t<h2 class=\"elementor-heading-title elementor-size-default\">Wie wird eine Haaranalyse durchgef\u00fchrt?<\/h2>\t\t\t\t<\/div>\n\t\t\t\t<\/div>\n\t\t\t\t<div class=\"elementor-element elementor-element-e6beb5c elementor-widget elementor-widget-text-editor\" data-id=\"e6beb5c\" data-element_type=\"widget\" data-widget_type=\"text-editor.default\">\n\t\t\t\t<div class=\"elementor-widget-container\">\n\t\t\t\t\t\t\t\t\t<ul><li data-start=\"1713\" data-end=\"1818\"><p><strong>Haar- und Kopfhautuntersuchung<\/strong><br \/>Haardichte, Haarfollikel und Kopfhautzustand werden beurteilt.<\/p><\/li><li data-start=\"1713\" data-end=\"1818\"><p><strong>Bestimmung der Haarausfallart<\/strong><br \/>Genetische, hormonelle oder umweltbedingte Faktoren werden analysiert.<\/p><\/li><li data-start=\"1713\" data-end=\"1818\"><p><strong>Behandlungsplanung<\/strong><br \/>Haartransplantation, PRP, Mesotherapie oder kombinierte Behandlungsoptionen werden festgelegt.<\/p><\/li><li data-start=\"1713\" data-end=\"1818\"><p><strong>Information und Beratung<\/strong><br \/>Der Ablauf, die zu erwartenden Ergebnisse und die m\u00f6glichen Resultate werden ausf\u00fchrlich erl\u00e4utert.<\/p><\/li><\/ul>\t\t\t\t\t\t\t\t<\/div>\n\t\t\t\t<\/div>\n\t\t\t\t<div class=\"elementor-element elementor-element-0c80c69 elementor-widget elementor-widget-heading\" data-id=\"0c80c69\" data-element_type=\"widget\" data-widget_type=\"heading.default\">\n\t\t\t\t<div class=\"elementor-widget-container\">\n\t\t\t\t\t<h2 class=\"elementor-heading-title elementor-size-default\">Was geschieht nach einer Haaranalyse?<\/h2>\t\t\t\t<\/div>\n\t\t\t\t<\/div>\n\t\t\t\t<div class=\"elementor-element elementor-element-f4a8b78 elementor-widget elementor-widget-text-editor\" data-id=\"f4a8b78\" data-element_type=\"widget\" data-widget_type=\"text-editor.default\">\n\t\t\t\t<div class=\"elementor-widget-container\">\n\t\t\t\t\t\t\t\t\t<p>Nach einer Haaranalyse bieten wir Ihnen, je nach Ihren individuellen Bed\u00fcrfnissen, Folgendes an:<\/p><ul><li>Planung einer Haartransplantation<\/li><li>Unterst\u00fctzende Behandlungen wie PRP oder Mesotherapie<\/li><li>Empfehlungen zur Haarpflege und zum Haarschutz.<\/li><\/ul><p><br \/>Ziel ist es, nicht nur den aktuellen Zustand zu beurteilen, sondern auch die langfristige Gesundheit Ihrer Haare zu sch\u00fctzen.<\/p>\t\t\t\t\t\t\t\t<\/div>\n\t\t\t\t<\/div>\n\t\t\t\t<div class=\"elementor-element elementor-element-11af55c elementor-widget elementor-widget-heading\" data-id=\"11af55c\" data-element_type=\"widget\" data-widget_type=\"heading.default\">\n\t\t\t\t<div class=\"elementor-widget-container\">\n\t\t\t\t\t<h2 class=\"elementor-heading-title elementor-size-default\">Warum unterscheidet sich die Haaranalyse bei Vital of Hair?<\/h2>\t\t\t\t<\/div>\n\t\t\t\t<\/div>\n\t\t\t\t<div class=\"elementor-element elementor-element-7c7c701 elementor-widget elementor-widget-text-editor\" data-id=\"7c7c701\" data-element_type=\"widget\" data-widget_type=\"text-editor.default\">\n\t\t\t\t<div class=\"elementor-widget-container\">\n\t\t\t\t\t\t\t\t\t<ul data-start=\"2481\" data-end=\"2676\"><li data-start=\"2481\" data-end=\"2528\"><p>Beurteilung durch ein erfahrenes Gesundheitsteam<\/p><\/li><li data-start=\"2481\" data-end=\"2528\"><p>Individuelle Beratung<\/p><\/li><li data-start=\"2481\" data-end=\"2528\"><p>Transparente und detaillierte Informationen<\/p><\/li><li data-start=\"2481\" data-end=\"2528\"><p>Vermeidung unn\u00f6tiger Behandlungsempfehlungen<\/p><\/li><li data-start=\"2481\" data-end=\"2528\"><p>Beratung und Begleitung w\u00e4hrend des gesamten Behandlungsprozesses<\/p><p>Bei Vital of Hair ist die Haaranalyse ein strategischer Schritt und die Grundlage jeder Anwendung.<\/p><\/li><\/ul>\t\t\t\t\t\t\t\t<\/div>\n\t\t\t\t<\/div>\n\t\t\t\t<div class=\"elementor-element elementor-element-2f8f1a5 elementor-widget elementor-widget-heading\" data-id=\"2f8f1a5\" data-element_type=\"widget\" data-widget_type=\"heading.default\">\n\t\t\t\t<div class=\"elementor-widget-container\">\n\t\t\t\t\t<h2 class=\"elementor-heading-title elementor-size-default\">Richtige Analyse, richtiges Ergebnis<\/h2>\t\t\t\t<\/div>\n\t\t\t\t<\/div>\n\t\t\t\t<div class=\"elementor-element elementor-element-e7f8fc2 elementor-widget elementor-widget-text-editor\" data-id=\"e7f8fc2\" data-element_type=\"widget\" data-widget_type=\"text-editor.default\">\n\t\t\t\t<div class=\"elementor-widget-container\">\n\t\t\t\t\t\t\t\t\t<p>Die effektivste L\u00f6sung f\u00fcr Haarausfall und Haarprobleme l\u00e4sst sich nur durch eine gr\u00fcndliche Haaranalyse ermitteln.<\/p>\t\t\t\t\t\t\t\t<\/div>\n\t\t\t\t<\/div>\n\t\t\t\t<\/div>\n\t\t<div class=\"elementor-element elementor-element-196ff42 e-con-full e-flex e-con e-child\" data-id=\"196ff42\" data-element_type=\"container\">\n\t\t\t\t<div class=\"elementor-element elementor-element-5d837c9 elementor-widget elementor-widget-text-editor\" data-id=\"5d837c9\" data-element_type=\"widget\" data-widget_type=\"text-editor.default\">\n\t\t\t\t<div class=\"elementor-widget-container\">\n\t\t\t\t\t\t\t\t\t<p style=\"text-align:center;\">Das k\u00f6nnte Sie auch interessieren: <a href=\"https:\/\/vitalofhair.de\/reliant\/de\/unsere-dienstleistungen\/haartransplantation\/\">Haartransplantation<\/a> &middot; <a href=\"https:\/\/vitalofhair.de\/reliant\/de\/unsere-dienstleistungen\/mesotherapie\/\">Mesotherapie<\/a> &middot; <a href=\"https:\/\/vitalofhair.de\/reliant\/de\/unsere-dienstleistungen\/\">Alle Behandlungen im \u00dcberblick<\/a><\/p>\t\t\t\t\t\t\t\t<\/div>\n\t\t\t\t<\/div>\n\t\t\t\t<\/div>\n\t\t\t\t\t<\/div>\n\t\t\t\t<\/div>\n\t\t\t\t<\/div>\n\t\t","protected":false},"excerpt":{"rendered":"<p>Der erste und wichtigste Schritt hin zur richtigen Behandlung F\u00fcr eine erfolgreiche Behandlung von Haarausfall und anderen Haarproblemen ist eine pr\u00e4zise Haaranalyse unerl\u00e4sslich. Bei Vital of Hair f\u00fchren wir eine professionelle Haaranalyse durch, bei der wir Haarstruktur, Kopfhautzustand und die Ursachen des Haarausfalls genauestens untersuchen und daraus einen individuellen Behandlungsplan erstellen. Was ist eine Haaranalyse? [&hellip;]<\/p>\n","protected":false},"author":2,"featured_media":0,"parent":387,"menu_order":4,"comment_status":"closed","ping_status":"closed","template":"elementor_header_footer","meta":{"footnotes":""},"class_list":["post-427","page","type-page","status-publish","hentry"],"yoast_head":"<!-- This site is optimized with the Yoast SEO plugin v28.3 - https:\/\/yoast.com\/product\/yoast-seo-wordpress\/ -->\n<title>Haaranalyse | Vital of Hair<\/title>\n<meta name=\"description\" content=\"Professionelle Haaranalyse als Grundlage jeder Behandlung: Haardichte, Kopfhautzustand und Ursache des Haarausfalls werden pr\u00e4zise untersucht. Jetzt Termin bei Vital of Hair vereinbaren.\" \/>\n<meta name=\"robots\" content=\"noindex, follow, max-snippet:-1, max-image-preview:large, max-video-preview:-1\" \/>\n<meta property=\"og:locale\" content=\"tr_TR\" \/>\n<meta property=\"og:type\" content=\"article\" \/>\n<meta property=\"og:title\" content=\"Haaranalyse | Vital of Hair\" \/>\n<meta property=\"og:description\" content=\"Professionelle Haaranalyse als Grundlage jeder Behandlung: Haardichte, Kopfhautzustand und Ursache des Haarausfalls werden pr\u00e4zise untersucht. Jetzt Termin bei Vital of Hair vereinbaren.\" \/>\n<meta property=\"og:url\" content=\"https:\/\/vitalofhair.de\/reliant\/de\/unsere-dienstleistungen\/haaranalyse\/\" \/>\n<meta property=\"og:site_name\" content=\"Vital of Hair\" \/>\n<meta property=\"article:modified_time\" content=\"2026-08-31T20:26:55+00:00\" \/>\n<meta property=\"og:image\" content=\"https:\/\/vitalofhair.de\/reliant\/wp-content\/uploads\/2026\/08\/haaranalyse-vital-of-hair.jpeg\" \/>\n<meta name=\"twitter:card\" content=\"summary_large_image\" \/>\n<meta name=\"twitter:label1\" content=\"Tahmini okuma s\u00fcresi\" \/>\n\t<meta name=\"twitter:data1\" content=\"3 dakika\" \/>\n<script type=\"application\/ld+json\" class=\"yoast-schema-graph\">{\"@context\":\"https:\\\/\\\/schema.org\",\"@graph\":[{\"@type\":\"WebPage\",\"@id\":\"https:\\\/\\\/vitalofhair.de\\\/reliant\\\/de\\\/unsere-dienstleistungen\\\/haaranalyse\\\/\",\"url\":\"https:\\\/\\\/vitalofhair.de\\\/reliant\\\/de\\\/unsere-dienstleistungen\\\/haaranalyse\\\/\",\"name\":\"Haaranalyse | Vital of Hair\",\"isPartOf\":{\"@id\":\"https:\\\/\\\/vitalofhair.de\\\/reliant\\\/#website\"},\"primaryImageOfPage\":{\"@id\":\"https:\\\/\\\/vitalofhair.de\\\/reliant\\\/de\\\/unsere-dienstleistungen\\\/haaranalyse\\\/#primaryimage\"},\"image\":{\"@id\":\"https:\\\/\\\/vitalofhair.de\\\/reliant\\\/de\\\/unsere-dienstleistungen\\\/haaranalyse\\\/#primaryimage\"},\"thumbnailUrl\":\"https:\\\/\\\/vitalofhair.de\\\/reliant\\\/wp-content\\\/uploads\\\/2026\\\/08\\\/haaranalyse-vital-of-hair.jpeg\",\"datePublished\":\"2026-01-05T20:23:23+00:00\",\"dateModified\":\"2026-08-31T20:26:55+00:00\",\"description\":\"Professionelle Haaranalyse als Grundlage jeder Behandlung: Haardichte, Kopfhautzustand und Ursache des Haarausfalls werden pr\u00e4zise untersucht. Jetzt Termin bei Vital of Hair vereinbaren.\",\"breadcrumb\":{\"@id\":\"https:\\\/\\\/vitalofhair.de\\\/reliant\\\/de\\\/unsere-dienstleistungen\\\/haaranalyse\\\/#breadcrumb\"},\"inLanguage\":\"tr\",\"potentialAction\":[{\"@type\":\"ReadAction\",\"target\":[\"https:\\\/\\\/vitalofhair.de\\\/reliant\\\/de\\\/unsere-dienstleistungen\\\/haaranalyse\\\/\"]}]},{\"@type\":\"ImageObject\",\"inLanguage\":\"tr\",\"@id\":\"https:\\\/\\\/vitalofhair.de\\\/reliant\\\/de\\\/unsere-dienstleistungen\\\/haaranalyse\\\/#primaryimage\",\"url\":\"https:\\\/\\\/vitalofhair.de\\\/reliant\\\/wp-content\\\/uploads\\\/2026\\\/08\\\/haaranalyse-vital-of-hair.jpeg\",\"contentUrl\":\"https:\\\/\\\/vitalofhair.de\\\/reliant\\\/wp-content\\\/uploads\\\/2026\\\/08\\\/haaranalyse-vital-of-hair.jpeg\",\"width\":1448,\"height\":1086,\"caption\":\"Haaranalyse bei Vital of Hair\"},{\"@type\":\"BreadcrumbList\",\"@id\":\"https:\\\/\\\/vitalofhair.de\\\/reliant\\\/de\\\/unsere-dienstleistungen\\\/haaranalyse\\\/#breadcrumb\",\"itemListElement\":[{\"@type\":\"ListItem\",\"position\":1,\"name\":\"Anasayfa\",\"item\":\"https:\\\/\\\/vitalofhair.de\\\/reliant\\\/de\\\/startseite\\\/\"},{\"@type\":\"ListItem\",\"position\":2,\"name\":\"Unsere Dienstleistungen\",\"item\":\"https:\\\/\\\/vitalofhair.de\\\/reliant\\\/de\\\/unsere-dienstleistungen\\\/\"},{\"@type\":\"ListItem\",\"position\":3,\"name\":\"Haaranalyse\"}]},{\"@type\":\"WebSite\",\"@id\":\"https:\\\/\\\/vitalofhair.de\\\/reliant\\\/#website\",\"url\":\"https:\\\/\\\/vitalofhair.de\\\/reliant\\\/\",\"name\":\"Vital of Hair\",\"description\":\"\",\"publisher\":{\"@id\":\"https:\\\/\\\/vitalofhair.de\\\/reliant\\\/#organization\"},\"potentialAction\":[{\"@type\":\"SearchAction\",\"target\":{\"@type\":\"EntryPoint\",\"urlTemplate\":\"https:\\\/\\\/vitalofhair.de\\\/reliant\\\/?s={search_term_string}\"},\"query-input\":{\"@type\":\"PropertyValueSpecification\",\"valueRequired\":true,\"valueName\":\"search_term_string\"}}],\"inLanguage\":\"tr\"},{\"@type\":\"Organization\",\"@id\":\"https:\\\/\\\/vitalofhair.de\\\/reliant\\\/#organization\",\"name\":\"Vital of Hair\",\"url\":\"https:\\\/\\\/vitalofhair.de\\\/reliant\\\/\",\"logo\":{\"@type\":\"ImageObject\",\"inLanguage\":\"tr\",\"@id\":\"https:\\\/\\\/vitalofhair.de\\\/reliant\\\/#\\\/schema\\\/logo\\\/image\\\/\",\"url\":\"https:\\\/\\\/vitalofhair.de\\\/reliant\\\/wp-content\\\/uploads\\\/2025\\\/12\\\/vital-of-hair-logo.png\",\"contentUrl\":\"https:\\\/\\\/vitalofhair.de\\\/reliant\\\/wp-content\\\/uploads\\\/2025\\\/12\\\/vital-of-hair-logo.png\",\"width\":417,\"height\":108,\"caption\":\"Vital of Hair\"},\"image\":{\"@id\":\"https:\\\/\\\/vitalofhair.de\\\/reliant\\\/#\\\/schema\\\/logo\\\/image\\\/\"}}]}<\/script>\n<!-- \/ Yoast SEO plugin. -->","yoast_head_json":{"title":"Haaranalyse | Vital of Hair","description":"Professionelle Haaranalyse als Grundlage jeder Behandlung: Haardichte, Kopfhautzustand und Ursache des Haarausfalls werden pr\u00e4zise untersucht. Jetzt Termin bei Vital of Hair vereinbaren.","robots":{"index":"noindex","follow":"follow","max-snippet":"max-snippet:-1","max-image-preview":"max-image-preview:large","max-video-preview":"max-video-preview:-1"},"og_locale":"tr_TR","og_type":"article","og_title":"Haaranalyse | Vital of Hair","og_description":"Professionelle Haaranalyse als Grundlage jeder Behandlung: Haardichte, Kopfhautzustand und Ursache des Haarausfalls werden pr\u00e4zise untersucht. Jetzt Termin bei Vital of Hair vereinbaren.","og_url":"https:\/\/vitalofhair.de\/reliant\/de\/unsere-dienstleistungen\/haaranalyse\/","og_site_name":"Vital of Hair","article_modified_time":"2026-08-31T20:26:55+00:00","og_image":[{"url":"https:\/\/vitalofhair.de\/reliant\/wp-content\/uploads\/2026\/08\/haaranalyse-vital-of-hair.jpeg","type":"","width":"","height":""}],"twitter_card":"summary_large_image","twitter_misc":{"Tahmini okuma s\u00fcresi":"3 dakika"},"schema":{"@context":"https:\/\/schema.org","@graph":[{"@type":"WebPage","@id":"https:\/\/vitalofhair.de\/reliant\/de\/unsere-dienstleistungen\/haaranalyse\/","url":"https:\/\/vitalofhair.de\/reliant\/de\/unsere-dienstleistungen\/haaranalyse\/","name":"Haaranalyse | Vital of Hair","isPartOf":{"@id":"https:\/\/vitalofhair.de\/reliant\/#website"},"primaryImageOfPage":{"@id":"https:\/\/vitalofhair.de\/reliant\/de\/unsere-dienstleistungen\/haaranalyse\/#primaryimage"},"image":{"@id":"https:\/\/vitalofhair.de\/reliant\/de\/unsere-dienstleistungen\/haaranalyse\/#primaryimage"},"thumbnailUrl":"https:\/\/vitalofhair.de\/reliant\/wp-content\/uploads\/2026\/08\/haaranalyse-vital-of-hair.jpeg","datePublished":"2026-01-05T20:23:23+00:00","dateModified":"2026-08-31T20:26:55+00:00","description":"Professionelle Haaranalyse als Grundlage jeder Behandlung: Haardichte, Kopfhautzustand und Ursache des Haarausfalls werden pr\u00e4zise untersucht. Jetzt Termin bei Vital of Hair vereinbaren.","breadcrumb":{"@id":"https:\/\/vitalofhair.de\/reliant\/de\/unsere-dienstleistungen\/haaranalyse\/#breadcrumb"},"inLanguage":"tr","potentialAction":[{"@type":"ReadAction","target":["https:\/\/vitalofhair.de\/reliant\/de\/unsere-dienstleistungen\/haaranalyse\/"]}]},{"@type":"ImageObject","inLanguage":"tr","@id":"https:\/\/vitalofhair.de\/reliant\/de\/unsere-dienstleistungen\/haaranalyse\/#primaryimage","url":"https:\/\/vitalofhair.de\/reliant\/wp-content\/uploads\/2026\/08\/haaranalyse-vital-of-hair.jpeg","contentUrl":"https:\/\/vitalofhair.de\/reliant\/wp-content\/uploads\/2026\/08\/haaranalyse-vital-of-hair.jpeg","width":1448,"height":1086,"caption":"Haaranalyse bei Vital of Hair"},{"@type":"BreadcrumbList","@id":"https:\/\/vitalofhair.de\/reliant\/de\/unsere-dienstleistungen\/haaranalyse\/#breadcrumb","itemListElement":[{"@type":"ListItem","position":1,"name":"Anasayfa","item":"https:\/\/vitalofhair.de\/reliant\/de\/startseite\/"},{"@type":"ListItem","position":2,"name":"Unsere Dienstleistungen","item":"https:\/\/vitalofhair.de\/reliant\/de\/unsere-dienstleistungen\/"},{"@type":"ListItem","position":3,"name":"Haaranalyse"}]},{"@type":"WebSite","@id":"https:\/\/vitalofhair.de\/reliant\/#website","url":"https:\/\/vitalofhair.de\/reliant\/","name":"Vital of Hair","description":"","publisher":{"@id":"https:\/\/vitalofhair.de\/reliant\/#organization"},"potentialAction":[{"@type":"SearchAction","target":{"@type":"EntryPoint","urlTemplate":"https:\/\/vitalofhair.de\/reliant\/?s={search_term_string}"},"query-input":{"@type":"PropertyValueSpecification","valueRequired":true,"valueName":"search_term_string"}}],"inLanguage":"tr"},{"@type":"Organization","@id":"https:\/\/vitalofhair.de\/reliant\/#organization","name":"Vital of Hair","url":"https:\/\/vitalofhair.de\/reliant\/","logo":{"@type":"ImageObject","inLanguage":"tr","@id":"https:\/\/vitalofhair.de\/reliant\/#\/schema\/logo\/image\/","url":"https:\/\/vitalofhair.de\/reliant\/wp-content\/uploads\/2025\/12\/vital-of-hair-logo.png","contentUrl":"https:\/\/vitalofhair.de\/reliant\/wp-content\/uploads\/2025\/12\/vital-of-hair-logo.png","width":417,"height":108,"caption":"Vital of Hair"},"image":{"@id":"https:\/\/vitalofhair.de\/reliant\/#\/schema\/logo\/image\/"}}]}},"_links":{"self":[{"href":"https:\/\/vitalofhair.de\/reliant\/wp-json\/wp\/v2\/pages\/427","targetHints":{"allow":["GET"]}}],"collection":[{"href":"https:\/\/vitalofhair.de\/reliant\/wp-json\/wp\/v2\/pages"}],"about":[{"href":"https:\/\/vitalofhair.de\/reliant\/wp-json\/wp\/v2\/types\/page"}],"author":[{"embeddable":true,"href":"https:\/\/vitalofhair.de\/reliant\/wp-json\/wp\/v2\/users\/2"}],"replies":[{"embeddable":true,"href":"https:\/\/vitalofhair.de\/reliant\/wp-json\/wp\/v2\/comments?post=427"}],"version-history":[{"count":6,"href":"https:\/\/vitalofhair.de\/reliant\/wp-json\/wp\/v2\/pages\/427\/revisions"}],"predecessor-version":[{"id":1743,"href":"https:\/\/vitalofhair.de\/reliant\/wp-json\/wp\/v2\/pages\/427\/revisions\/1743"}],"up":[{"embeddable":true,"href":"https:\/\/vitalofhair.de\/reliant\/wp-json\/wp\/v2\/pages\/387"}],"wp:attachment":[{"href":"https:\/\/vitalofhair.de\/reliant\/wp-json\/wp\/v2\/media?parent=427"}],"curies":[{"name":"wp","href":"https:\/\/api.w.org\/{rel}","templated":true}]}}