{"id":432,"date":"2026-01-05T23:28:31","date_gmt":"2026-01-05T20:28:31","guid":{"rendered":"https:\/\/vitalofhair.de\/?page_id=432"},"modified":"2026-08-29T14:36:58","modified_gmt":"2026-08-29T11:36:58","slug":"narbenkorrektur","status":"publish","type":"page","link":"https:\/\/vitalofhair.de\/reliant\/de\/unsere-dienstleistungen\/narbenkorrektur\/","title":{"rendered":"Narbenkorrektur"},"content":{"rendered":"\t\t<div data-elementor-type=\"wp-page\" data-elementor-id=\"432\" class=\"elementor elementor-432\" data-elementor-post-type=\"page\">\n\t\t\t\t<div class=\"elementor-element elementor-element-6a6aaf1 e-con-full e-flex e-con e-parent\" data-id=\"6a6aaf1\" data-element_type=\"container\">\n\t\t\t\t<div class=\"elementor-element elementor-element-a520ad8 elementor-widget elementor-widget-template\" data-id=\"a520ad8\" data-element_type=\"widget\" data-widget_type=\"template.default\">\n\t\t\t\t<div class=\"elementor-widget-container\">\n\t\t\t\t\t\t\t<div class=\"elementor-template\">\n\t\t\t\t\t<div data-elementor-type=\"page\" data-elementor-id=\"89\" class=\"elementor elementor-89\" data-elementor-post-type=\"elementor_library\">\n\t\t\t\t<div class=\"elementor-element elementor-element-35746bb e-flex e-con-boxed e-con e-parent\" data-id=\"35746bb\" data-element_type=\"container\" data-settings=\"{&quot;background_background&quot;:&quot;classic&quot;,&quot;animation&quot;:&quot;none&quot;}\">\n\t\t\t\t\t<div class=\"e-con-inner\">\n\t\t<div class=\"elementor-element elementor-element-d8ce537 e-con-full e-flex e-con e-child\" data-id=\"d8ce537\" data-element_type=\"container\">\n\t\t\t\t<div class=\"elementor-element elementor-element-65fcf51 elementor-widget elementor-widget-heading\" data-id=\"65fcf51\" data-element_type=\"widget\" data-widget_type=\"heading.default\">\n\t\t\t\t<div class=\"elementor-widget-container\">\n\t\t\t\t\t<h1 class=\"elementor-heading-title elementor-size-default\">Narbenkorrektur<\/h1>\t\t\t\t<\/div>\n\t\t\t\t<\/div>\n\t\t\t\t<\/div>\n\t\t\t\t\t<\/div>\n\t\t\t\t<\/div>\n\t\t\t\t<\/div>\n\t\t\t\t<\/div>\n\t\t\t\t\t\t<\/div>\n\t\t\t\t<\/div>\n\t\t\t\t<\/div>\n\t\t<div class=\"elementor-element elementor-element-2e5da045 e-flex e-con-boxed e-con e-parent\" data-id=\"2e5da045\" data-element_type=\"container\">\n\t\t\t\t\t<div class=\"e-con-inner\">\n\t\t<div class=\"elementor-element elementor-element-4a65c947 e-con-full e-flex e-con e-child\" data-id=\"4a65c947\" data-element_type=\"container\">\n\t\t\t\t<div class=\"elementor-element elementor-element-c1ccf6a elementor-widget elementor-widget-heading\" data-id=\"c1ccf6a\" data-element_type=\"widget\" data-widget_type=\"heading.default\">\n\t\t\t\t<div class=\"elementor-widget-container\">\n\t\t\t\t\t<h2 class=\"elementor-heading-title elementor-size-default\">Wirksame und personalisierte Behandlungen zur Reduzierung des Erscheinungsbildes von Narben<\/h2>\t\t\t\t<\/div>\n\t\t\t\t<\/div>\n\t\t\t\t<div class=\"elementor-element elementor-element-9c9279c elementor-widget elementor-widget-text-editor\" data-id=\"9c9279c\" data-element_type=\"widget\" data-widget_type=\"text-editor.default\">\n\t\t\t\t<div class=\"elementor-widget-container\">\n\t\t\t\t\t\t\t\t\t<p data-start=\"307\" data-end=\"585\">Narben k\u00f6nnen nach Unf\u00e4llen, Operationen, Verbrennungen oder anderen Traumata entstehen und als \u00e4sthetisch st\u00f6rend empfunden werden. Insbesondere Narben auf der Kopfhaut k\u00f6nnen das Haarwachstum beeintr\u00e4chtigen und so zu dauerhaften kosmetischen Problemen f\u00fchren. Bei Vital of Hair bieten wir Ihnen individuelle L\u00f6sungen zur Narbenkorrektur, die darauf abzielen, das Erscheinungsbild von Narben zu verbessern und die \u00e4sthetische Integrit\u00e4t des betroffenen Bereichs wiederherzustellen.<\/p>\t\t\t\t\t\t\t\t<\/div>\n\t\t\t\t<\/div>\n\t\t\t\t<div class=\"elementor-element elementor-element-86fc344 elementor-widget elementor-widget-heading\" data-id=\"86fc344\" data-element_type=\"widget\" data-widget_type=\"heading.default\">\n\t\t\t\t<div class=\"elementor-widget-container\">\n\t\t\t\t\t<h2 class=\"elementor-heading-title elementor-size-default\">Was ist Narbenkorrektur?<\/h2>\t\t\t\t<\/div>\n\t\t\t\t<\/div>\n\t\t\t\t<div class=\"elementor-element elementor-element-a98042c elementor-widget elementor-widget-text-editor\" data-id=\"a98042c\" data-element_type=\"widget\" data-widget_type=\"text-editor.default\">\n\t\t\t\t<div class=\"elementor-widget-container\">\n\t\t\t\t\t\t\t\t\t<p>Die Narbenkorrektur umfasst medizinische und \u00e4sthetische Verfahren zur Reduzierung des Erscheinungsbildes von Narben auf Haut und Kopfhaut, zur Verbesserung der Gewebestruktur und, falls erforderlich, zur F\u00f6rderung des Haarwachstums in diesen Bereichen.<\/p><p>Bei Vital of Hair wird die am besten geeignete Methode anhand von Art, Tiefe und Lage der Narbe bestimmt.<\/p>\t\t\t\t\t\t\t\t<\/div>\n\t\t\t\t<\/div>\n\t\t\t\t<div class=\"elementor-element elementor-element-07964fe elementor-widget elementor-widget-heading\" data-id=\"07964fe\" data-element_type=\"widget\" data-widget_type=\"heading.default\">\n\t\t\t\t<div class=\"elementor-widget-container\">\n\t\t\t\t\t<h2 class=\"elementor-heading-title elementor-size-default\">Auf welche Arten von Narben kann es angewendet werden?<\/h2>\t\t\t\t<\/div>\n\t\t\t\t<\/div>\n\t\t\t\t<div class=\"elementor-element elementor-element-4046a86 elementor-widget elementor-widget-text-editor\" data-id=\"4046a86\" data-element_type=\"widget\" data-widget_type=\"text-editor.default\">\n\t\t\t\t<div class=\"elementor-widget-container\">\n\t\t\t\t\t\t\t\t\t<ul data-start=\"1129\" data-end=\"1272\"><li data-start=\"1129\" data-end=\"1172\"><p>Haartransplantation oder Operationsnarben<\/p><\/li><li data-start=\"1129\" data-end=\"1172\"><p>Narben nach Unf\u00e4llen und Verletzungen<\/p><\/li><li data-start=\"1129\" data-end=\"1172\"><p>Brandnarben<\/p><\/li><li data-start=\"1129\" data-end=\"1172\"><p>Vernarbte Stellen auf der Kopfhaut, an denen keine Haare wachsen<\/p><p>Die jeweils geeignete Behandlungsmethode wird nach einer ausf\u00fchrlichen Untersuchung festgelegt.<\/p><\/li><\/ul>\t\t\t\t\t\t\t\t<\/div>\n\t\t\t\t<\/div>\n\t\t\t\t<div class=\"elementor-element elementor-element-dd44088 elementor-widget elementor-widget-heading\" data-id=\"dd44088\" data-element_type=\"widget\" data-widget_type=\"heading.default\">\n\t\t\t\t<div class=\"elementor-widget-container\">\n\t\t\t\t\t<h2 class=\"elementor-heading-title elementor-size-default\">Wie wird eine Narbenkorrektur durchgef\u00fchrt?<\/h2>\t\t\t\t<\/div>\n\t\t\t\t<\/div>\n\t\t\t\t<div class=\"elementor-element elementor-element-ffbfc28 elementor-widget elementor-widget-text-editor\" data-id=\"ffbfc28\" data-element_type=\"widget\" data-widget_type=\"text-editor.default\">\n\t\t\t\t<div class=\"elementor-widget-container\">\n\t\t\t\t\t\t\t\t\t<p>Die Anwendungsmethode kann je nach Art, Tiefe und Lage der Wunde variieren.<\/p><ul><li>M\u00f6gliche Methoden:<\/li><li>PRP-gest\u00fctzte Behandlungen<\/li><li>Mesotherapie-gest\u00fctzte Behandlungen<\/li><li>Haartransplantation auf Narbengewebe der Kopfhaut<\/li><li>Protokolle zur Unterst\u00fctzung der Geweberegeneration<\/li><\/ul><p>Ziel ist es, das Erscheinungsbild von Narben zu reduzieren und ein Ergebnis zu erzielen, das der nat\u00fcrlichen Struktur des betroffenen Bereichs so nahe wie m\u00f6glich kommt.<\/p>\t\t\t\t\t\t\t\t<\/div>\n\t\t\t\t<\/div>\n\t\t\t\t<div class=\"elementor-element elementor-element-6e05c57 elementor-widget elementor-widget-heading\" data-id=\"6e05c57\" data-element_type=\"widget\" data-widget_type=\"heading.default\">\n\t\t\t\t<div class=\"elementor-widget-container\">\n\t\t\t\t\t<h2 class=\"elementor-heading-title elementor-size-default\">Wer kommt f\u00fcr eine Narbenkorrektur in Frage?<\/h2>\t\t\t\t<\/div>\n\t\t\t\t<\/div>\n\t\t\t\t<div class=\"elementor-element elementor-element-2143955 elementor-widget elementor-widget-text-editor\" data-id=\"2143955\" data-element_type=\"widget\" data-widget_type=\"text-editor.default\">\n\t\t\t\t<div class=\"elementor-widget-container\">\n\t\t\t\t\t\t\t\t\t<ul data-start=\"1819\" data-end=\"2005\"><li data-start=\"1819\" data-end=\"1879\"><p>Personen, die sich durch Narben \u00e4sthetisch gest\u00f6rt f\u00fchlen<\/p><\/li><li data-start=\"1819\" data-end=\"1879\"><p>Personen mit narbenbedingten Haarausfallstellen auf der Kopfhaut<\/p><\/li><li data-start=\"1819\" data-end=\"1879\"><p>Personen, die das Erscheinungsbild von Narben nach Operationen oder Verletzungen verbessern m\u00f6chten<\/p><\/li><li data-start=\"1819\" data-end=\"1879\"><p>Die Eignung wird nach einer fach\u00e4rztlichen Untersuchung festgestellt.<\/p><\/li><\/ul>\t\t\t\t\t\t\t\t<\/div>\n\t\t\t\t<\/div>\n\t\t\t\t<div class=\"elementor-element elementor-element-1063c58 elementor-widget elementor-widget-heading\" data-id=\"1063c58\" data-element_type=\"widget\" data-widget_type=\"heading.default\">\n\t\t\t\t<div class=\"elementor-widget-container\">\n\t\t\t\t\t<h2 class=\"elementor-heading-title elementor-size-default\">Nachbehandlungsprozess zur Narbenreduzierung<\/h2>\t\t\t\t<\/div>\n\t\t\t\t<\/div>\n\t\t\t\t<div class=\"elementor-element elementor-element-12244e0 elementor-widget elementor-widget-text-editor\" data-id=\"12244e0\" data-element_type=\"widget\" data-widget_type=\"text-editor.default\">\n\t\t\t\t<div class=\"elementor-widget-container\">\n\t\t\t\t\t\t\t\t\t<ul><li data-start=\"2114\" data-end=\"2160\"><p>Schnelle R\u00fcckkehr zum Alltag nach dem Eingriff<\/p><\/li><li data-start=\"2114\" data-end=\"2160\"><p>Leichte R\u00f6tungen und Druckempfindlichkeit klingen schnell ab.<\/p><\/li><li data-start=\"2114\" data-end=\"2160\"><p>Die Heilungsdauer kann individuell variieren.<\/p><\/li><li data-start=\"2114\" data-end=\"2160\"><p>Regelm\u00e4\u00dfige Nachuntersuchungen unterst\u00fctzen den Behandlungserfolg.<\/p><\/li><\/ul>\t\t\t\t\t\t\t\t<\/div>\n\t\t\t\t<\/div>\n\t\t\t\t<div class=\"elementor-element elementor-element-9de223d elementor-widget elementor-widget-heading\" data-id=\"9de223d\" data-element_type=\"widget\" data-widget_type=\"heading.default\">\n\t\t\t\t<div class=\"elementor-widget-container\">\n\t\t\t\t\t<h2 class=\"elementor-heading-title elementor-size-default\">Warum sollten Sie sich f\u00fcr eine Narbenkorrektur bei Vital of Hair entscheiden?<\/h2>\t\t\t\t<\/div>\n\t\t\t\t<\/div>\n\t\t\t\t<div class=\"elementor-element elementor-element-4c3767e elementor-widget elementor-widget-text-editor\" data-id=\"4c3767e\" data-element_type=\"widget\" data-widget_type=\"text-editor.default\">\n\t\t\t\t<div class=\"elementor-widget-container\">\n\t\t\t\t\t\t\t\t\t<ul data-start=\"2380\" data-end=\"2582\"><li data-start=\"2380\" data-end=\"2421\"><p>Individuelle Beratung und Behandlungsplanung<\/p><\/li><li data-start=\"2380\" data-end=\"2421\"><p>Erfahrenes Gesundheitsteam<\/p><\/li><li data-start=\"2380\" data-end=\"2421\"><p>Moderne und sterile Klinikumgebung<\/p><\/li><li data-start=\"2380\" data-end=\"2421\"><p>Kombinierte Behandlungen mit PRP, Mesotherapie und Haartransplantation<\/p><\/li><li data-start=\"2380\" data-end=\"2421\"><p>Realistische Erwartungen und transparente Informationen<\/p><\/li><li data-start=\"2380\" data-end=\"2421\"><p>Bei Vital of Hair ist die Narbenkorrektur nicht nur ein \u00e4sthetischer Eingriff, sondern ein ganzheitlicher Heilungsprozess, der zu einem besseren K\u00f6rpergef\u00fchl beitr\u00e4gt.<\/p><\/li><\/ul>\t\t\t\t\t\t\t\t<\/div>\n\t\t\t\t<\/div>\n\t\t\t\t<div class=\"elementor-element elementor-element-c99a356 elementor-widget elementor-widget-heading\" data-id=\"c99a356\" data-element_type=\"widget\" data-widget_type=\"heading.default\">\n\t\t\t\t<div class=\"elementor-widget-container\">\n\t\t\t\t\t<h2 class=\"elementor-heading-title elementor-size-default\">Konzentriere dich auf das nat\u00fcrliche Aussehen, nicht auf die Makel.<\/h2>\t\t\t\t<\/div>\n\t\t\t\t<\/div>\n\t\t\t\t<div class=\"elementor-element elementor-element-7d47db8 elementor-widget elementor-widget-text-editor\" data-id=\"7d47db8\" data-element_type=\"widget\" data-widget_type=\"text-editor.default\">\n\t\t\t\t<div class=\"elementor-widget-container\">\n\t\t\t\t\t\t\t\t\t<p>Es ist m\u00f6glich, das Erscheinungsbild von Narben zu reduzieren und einen glatteren Teint und eine glattere Kopfhaut zu erzielen.<\/p>\t\t\t\t\t\t\t\t<\/div>\n\t\t\t\t<\/div>\n\t\t\t\t<\/div>\n\t\t<div class=\"elementor-element elementor-element-5b34186 e-con-full e-flex e-con e-child\" data-id=\"5b34186\" data-element_type=\"container\">\n\t\t\t\t<div class=\"elementor-element elementor-element-6099d08 elementor-widget elementor-widget-text-editor\" data-id=\"6099d08\" data-element_type=\"widget\" data-widget_type=\"text-editor.default\">\n\t\t\t\t<div class=\"elementor-widget-container\">\n\t\t\t\t\t\t\t\t\t<p style=\"text-align:center;\">Das k\u00f6nnte Sie auch interessieren: <a href=\"https:\/\/vitalofhair.de\/de\/unsere-dienstleistungen\/haartransplantation\/\">Haartransplantation<\/a> &middot; <a href=\"https:\/\/vitalofhair.de\/de\/unsere-dienstleistungen\/prp-behandlung\/\">PRP-Behandlung<\/a> &middot; <a href=\"https:\/\/vitalofhair.de\/de\/unsere-dienstleistungen\/\">Alle Behandlungen im \u00dcberblick<\/a><\/p>\t\t\t\t\t\t\t\t<\/div>\n\t\t\t\t<\/div>\n\t\t\t\t<\/div>\n\t\t\t\t\t<\/div>\n\t\t\t\t<\/div>\n\t\t\t\t<\/div>\n\t\t","protected":false},"excerpt":{"rendered":"<p>Wirksame und personalisierte Behandlungen zur Reduzierung des Erscheinungsbildes von Narben Narben k\u00f6nnen nach Unf\u00e4llen, Operationen, Verbrennungen oder anderen Traumata entstehen und als \u00e4sthetisch st\u00f6rend empfunden werden. Insbesondere Narben auf der Kopfhaut k\u00f6nnen das Haarwachstum beeintr\u00e4chtigen und so zu dauerhaften kosmetischen Problemen f\u00fchren. Bei Vital of Hair bieten wir Ihnen individuelle L\u00f6sungen zur Narbenkorrektur, die darauf [&hellip;]<\/p>\n","protected":false},"author":2,"featured_media":0,"parent":387,"menu_order":4,"comment_status":"closed","ping_status":"closed","template":"elementor_header_footer","meta":{"footnotes":""},"class_list":["post-432","page","type-page","status-publish","hentry"],"yoast_head":"<!-- This site is optimized with the Yoast SEO plugin v28.4 - https:\/\/yoast.com\/product\/yoast-seo-wordpress\/ -->\n<title>Narbenkorrektur | Vital of Hair<\/title>\n<meta name=\"description\" content=\"Individuelle Narbenkorrektur f\u00fcr Kopfhaut und Haut \u2013 kombiniert mit PRP, Mesotherapie oder Haartransplantation. Vital of Hair ber\u00e4t Sie pers\u00f6nlich \u2013 jetzt Termin vereinbaren.\" \/>\n<meta name=\"robots\" content=\"noindex, follow, max-snippet:-1, max-image-preview:large, max-video-preview:-1\" \/>\n<meta property=\"og:locale\" content=\"tr_TR\" \/>\n<meta property=\"og:type\" content=\"article\" \/>\n<meta property=\"og:title\" content=\"Narbenkorrektur | Vital of Hair\" \/>\n<meta property=\"og:description\" content=\"Individuelle Narbenkorrektur f\u00fcr Kopfhaut und Haut \u2013 kombiniert mit PRP, Mesotherapie oder Haartransplantation. Vital of Hair ber\u00e4t Sie pers\u00f6nlich \u2013 jetzt Termin vereinbaren.\" \/>\n<meta property=\"og:url\" content=\"https:\/\/vitalofhair.de\/reliant\/de\/unsere-dienstleistungen\/narbenkorrektur\/\" \/>\n<meta property=\"og:site_name\" content=\"Vital of Hair\" \/>\n<meta property=\"article:modified_time\" content=\"2026-08-29T11:36:58+00:00\" \/>\n<meta name=\"twitter:card\" content=\"summary_large_image\" \/>\n<meta name=\"twitter:label1\" content=\"Tahmini okuma s\u00fcresi\" \/>\n\t<meta name=\"twitter:data1\" content=\"3 dakika\" \/>\n<script type=\"application\/ld+json\" class=\"yoast-schema-graph\">{\"@context\":\"https:\\\/\\\/schema.org\",\"@graph\":[{\"@type\":\"WebPage\",\"@id\":\"https:\\\/\\\/vitalofhair.de\\\/reliant\\\/de\\\/unsere-dienstleistungen\\\/narbenkorrektur\\\/\",\"url\":\"https:\\\/\\\/vitalofhair.de\\\/reliant\\\/de\\\/unsere-dienstleistungen\\\/narbenkorrektur\\\/\",\"name\":\"Narbenkorrektur | Vital of Hair\",\"isPartOf\":{\"@id\":\"https:\\\/\\\/vitalofhair.de\\\/reliant\\\/#website\"},\"datePublished\":\"2026-01-05T20:28:31+00:00\",\"dateModified\":\"2026-08-29T11:36:58+00:00\",\"description\":\"Individuelle Narbenkorrektur f\u00fcr Kopfhaut und Haut \u2013 kombiniert mit PRP, Mesotherapie oder Haartransplantation. Vital of Hair ber\u00e4t Sie pers\u00f6nlich \u2013 jetzt Termin vereinbaren.\",\"breadcrumb\":{\"@id\":\"https:\\\/\\\/vitalofhair.de\\\/reliant\\\/de\\\/unsere-dienstleistungen\\\/narbenkorrektur\\\/#breadcrumb\"},\"inLanguage\":\"tr\",\"potentialAction\":[{\"@type\":\"ReadAction\",\"target\":[\"https:\\\/\\\/vitalofhair.de\\\/reliant\\\/de\\\/unsere-dienstleistungen\\\/narbenkorrektur\\\/\"]}]},{\"@type\":\"BreadcrumbList\",\"@id\":\"https:\\\/\\\/vitalofhair.de\\\/reliant\\\/de\\\/unsere-dienstleistungen\\\/narbenkorrektur\\\/#breadcrumb\",\"itemListElement\":[{\"@type\":\"ListItem\",\"position\":1,\"name\":\"Anasayfa\",\"item\":\"https:\\\/\\\/vitalofhair.de\\\/reliant\\\/de\\\/startseite\\\/\"},{\"@type\":\"ListItem\",\"position\":2,\"name\":\"Unsere Dienstleistungen\",\"item\":\"https:\\\/\\\/vitalofhair.de\\\/reliant\\\/de\\\/unsere-dienstleistungen\\\/\"},{\"@type\":\"ListItem\",\"position\":3,\"name\":\"Narbenkorrektur\"}]},{\"@type\":\"WebSite\",\"@id\":\"https:\\\/\\\/vitalofhair.de\\\/reliant\\\/#website\",\"url\":\"https:\\\/\\\/vitalofhair.de\\\/reliant\\\/\",\"name\":\"Vital of Hair\",\"description\":\"\",\"publisher\":{\"@id\":\"https:\\\/\\\/vitalofhair.de\\\/reliant\\\/#organization\"},\"potentialAction\":[{\"@type\":\"SearchAction\",\"target\":{\"@type\":\"EntryPoint\",\"urlTemplate\":\"https:\\\/\\\/vitalofhair.de\\\/reliant\\\/?s={search_term_string}\"},\"query-input\":{\"@type\":\"PropertyValueSpecification\",\"valueRequired\":true,\"valueName\":\"search_term_string\"}}],\"inLanguage\":\"tr\"},{\"@type\":\"Organization\",\"@id\":\"https:\\\/\\\/vitalofhair.de\\\/reliant\\\/#organization\",\"name\":\"Vital of Hair\",\"url\":\"https:\\\/\\\/vitalofhair.de\\\/reliant\\\/\",\"logo\":{\"@type\":\"ImageObject\",\"inLanguage\":\"tr\",\"@id\":\"https:\\\/\\\/vitalofhair.de\\\/reliant\\\/#\\\/schema\\\/logo\\\/image\\\/\",\"url\":\"https:\\\/\\\/vitalofhair.de\\\/reliant\\\/wp-content\\\/uploads\\\/2025\\\/12\\\/vital-of-hair-logo.png\",\"contentUrl\":\"https:\\\/\\\/vitalofhair.de\\\/reliant\\\/wp-content\\\/uploads\\\/2025\\\/12\\\/vital-of-hair-logo.png\",\"width\":417,\"height\":108,\"caption\":\"Vital of Hair\"},\"image\":{\"@id\":\"https:\\\/\\\/vitalofhair.de\\\/reliant\\\/#\\\/schema\\\/logo\\\/image\\\/\"}}]}<\/script>\n<!-- \/ Yoast SEO plugin. -->","yoast_head_json":{"title":"Narbenkorrektur | Vital of Hair","description":"Individuelle Narbenkorrektur f\u00fcr Kopfhaut und Haut \u2013 kombiniert mit PRP, Mesotherapie oder Haartransplantation. Vital of Hair ber\u00e4t Sie pers\u00f6nlich \u2013 jetzt Termin vereinbaren.","robots":{"index":"noindex","follow":"follow","max-snippet":"max-snippet:-1","max-image-preview":"max-image-preview:large","max-video-preview":"max-video-preview:-1"},"og_locale":"tr_TR","og_type":"article","og_title":"Narbenkorrektur | Vital of Hair","og_description":"Individuelle Narbenkorrektur f\u00fcr Kopfhaut und Haut \u2013 kombiniert mit PRP, Mesotherapie oder Haartransplantation. Vital of Hair ber\u00e4t Sie pers\u00f6nlich \u2013 jetzt Termin vereinbaren.","og_url":"https:\/\/vitalofhair.de\/reliant\/de\/unsere-dienstleistungen\/narbenkorrektur\/","og_site_name":"Vital of Hair","article_modified_time":"2026-08-29T11:36:58+00:00","twitter_card":"summary_large_image","twitter_misc":{"Tahmini okuma s\u00fcresi":"3 dakika"},"schema":{"@context":"https:\/\/schema.org","@graph":[{"@type":"WebPage","@id":"https:\/\/vitalofhair.de\/reliant\/de\/unsere-dienstleistungen\/narbenkorrektur\/","url":"https:\/\/vitalofhair.de\/reliant\/de\/unsere-dienstleistungen\/narbenkorrektur\/","name":"Narbenkorrektur | Vital of Hair","isPartOf":{"@id":"https:\/\/vitalofhair.de\/reliant\/#website"},"datePublished":"2026-01-05T20:28:31+00:00","dateModified":"2026-08-29T11:36:58+00:00","description":"Individuelle Narbenkorrektur f\u00fcr Kopfhaut und Haut \u2013 kombiniert mit PRP, Mesotherapie oder Haartransplantation. Vital of Hair ber\u00e4t Sie pers\u00f6nlich \u2013 jetzt Termin vereinbaren.","breadcrumb":{"@id":"https:\/\/vitalofhair.de\/reliant\/de\/unsere-dienstleistungen\/narbenkorrektur\/#breadcrumb"},"inLanguage":"tr","potentialAction":[{"@type":"ReadAction","target":["https:\/\/vitalofhair.de\/reliant\/de\/unsere-dienstleistungen\/narbenkorrektur\/"]}]},{"@type":"BreadcrumbList","@id":"https:\/\/vitalofhair.de\/reliant\/de\/unsere-dienstleistungen\/narbenkorrektur\/#breadcrumb","itemListElement":[{"@type":"ListItem","position":1,"name":"Anasayfa","item":"https:\/\/vitalofhair.de\/reliant\/de\/startseite\/"},{"@type":"ListItem","position":2,"name":"Unsere Dienstleistungen","item":"https:\/\/vitalofhair.de\/reliant\/de\/unsere-dienstleistungen\/"},{"@type":"ListItem","position":3,"name":"Narbenkorrektur"}]},{"@type":"WebSite","@id":"https:\/\/vitalofhair.de\/reliant\/#website","url":"https:\/\/vitalofhair.de\/reliant\/","name":"Vital of Hair","description":"","publisher":{"@id":"https:\/\/vitalofhair.de\/reliant\/#organization"},"potentialAction":[{"@type":"SearchAction","target":{"@type":"EntryPoint","urlTemplate":"https:\/\/vitalofhair.de\/reliant\/?s={search_term_string}"},"query-input":{"@type":"PropertyValueSpecification","valueRequired":true,"valueName":"search_term_string"}}],"inLanguage":"tr"},{"@type":"Organization","@id":"https:\/\/vitalofhair.de\/reliant\/#organization","name":"Vital of Hair","url":"https:\/\/vitalofhair.de\/reliant\/","logo":{"@type":"ImageObject","inLanguage":"tr","@id":"https:\/\/vitalofhair.de\/reliant\/#\/schema\/logo\/image\/","url":"https:\/\/vitalofhair.de\/reliant\/wp-content\/uploads\/2025\/12\/vital-of-hair-logo.png","contentUrl":"https:\/\/vitalofhair.de\/reliant\/wp-content\/uploads\/2025\/12\/vital-of-hair-logo.png","width":417,"height":108,"caption":"Vital of Hair"},"image":{"@id":"https:\/\/vitalofhair.de\/reliant\/#\/schema\/logo\/image\/"}}]}},"_links":{"self":[{"href":"https:\/\/vitalofhair.de\/reliant\/wp-json\/wp\/v2\/pages\/432","targetHints":{"allow":["GET"]}}],"collection":[{"href":"https:\/\/vitalofhair.de\/reliant\/wp-json\/wp\/v2\/pages"}],"about":[{"href":"https:\/\/vitalofhair.de\/reliant\/wp-json\/wp\/v2\/types\/page"}],"author":[{"embeddable":true,"href":"https:\/\/vitalofhair.de\/reliant\/wp-json\/wp\/v2\/users\/2"}],"replies":[{"embeddable":true,"href":"https:\/\/vitalofhair.de\/reliant\/wp-json\/wp\/v2\/comments?post=432"}],"version-history":[{"count":3,"href":"https:\/\/vitalofhair.de\/reliant\/wp-json\/wp\/v2\/pages\/432\/revisions"}],"predecessor-version":[{"id":1665,"href":"https:\/\/vitalofhair.de\/reliant\/wp-json\/wp\/v2\/pages\/432\/revisions\/1665"}],"up":[{"embeddable":true,"href":"https:\/\/vitalofhair.de\/reliant\/wp-json\/wp\/v2\/pages\/387"}],"wp:attachment":[{"href":"https:\/\/vitalofhair.de\/reliant\/wp-json\/wp\/v2\/media?parent=432"}],"curies":[{"name":"wp","href":"https:\/\/api.w.org\/{rel}","templated":true}]}}