{"id":441,"date":"2026-01-06T00:09:43","date_gmt":"2026-01-05T21:09:43","guid":{"rendered":"https:\/\/vitalofhair.de\/?page_id=441"},"modified":"2026-08-21T21:57:12","modified_gmt":"2026-08-21T18:57:12","slug":"haufig-gestellte-fragen","status":"publish","type":"page","link":"https:\/\/vitalofhair.de\/reliant\/de\/haufig-gestellte-fragen\/","title":{"rendered":"H\u00e4ufig gestellte Fragen"},"content":{"rendered":"\t\t<div data-elementor-type=\"wp-page\" data-elementor-id=\"441\" class=\"elementor elementor-441\" data-elementor-post-type=\"page\">\n\t\t\t\t<div class=\"elementor-element elementor-element-abd42b1 e-con-full e-flex e-con e-parent\" data-id=\"abd42b1\" data-element_type=\"container\">\n\t\t\t\t<div class=\"elementor-element elementor-element-2645f4b elementor-widget elementor-widget-template\" data-id=\"2645f4b\" data-element_type=\"widget\" data-widget_type=\"template.default\">\n\t\t\t\t<div class=\"elementor-widget-container\">\n\t\t\t\t\t\t\t<div class=\"elementor-template\">\n\t\t\t\t\t<div data-elementor-type=\"page\" data-elementor-id=\"89\" class=\"elementor elementor-89\" data-elementor-post-type=\"elementor_library\">\n\t\t\t\t<div class=\"elementor-element elementor-element-35746bb e-flex e-con-boxed e-con e-parent\" data-id=\"35746bb\" data-element_type=\"container\" data-settings=\"{&quot;background_background&quot;:&quot;classic&quot;,&quot;animation&quot;:&quot;none&quot;}\">\n\t\t\t\t\t<div class=\"e-con-inner\">\n\t\t<div class=\"elementor-element elementor-element-d8ce537 e-con-full e-flex e-con e-child\" data-id=\"d8ce537\" data-element_type=\"container\">\n\t\t\t\t<div class=\"elementor-element elementor-element-65fcf51 elementor-widget elementor-widget-heading\" data-id=\"65fcf51\" data-element_type=\"widget\" data-widget_type=\"heading.default\">\n\t\t\t\t<div class=\"elementor-widget-container\">\n\t\t\t\t\t<h1 class=\"elementor-heading-title elementor-size-default\">H\u00e4ufig gestellte Fragen<\/h1>\t\t\t\t<\/div>\n\t\t\t\t<\/div>\n\t\t\t\t<\/div>\n\t\t\t\t\t<\/div>\n\t\t\t\t<\/div>\n\t\t\t\t<\/div>\n\t\t\t\t<\/div>\n\t\t\t\t\t\t<\/div>\n\t\t\t\t<\/div>\n\t\t\t\t<\/div>\n\t\t<div class=\"elementor-element elementor-element-27fc92ca e-flex e-con-boxed e-con e-parent\" data-id=\"27fc92ca\" data-element_type=\"container\">\n\t\t\t\t\t<div class=\"e-con-inner\">\n\t\t<div class=\"elementor-element elementor-element-174b142e e-con-full e-flex elementor-invisible e-con e-child\" data-id=\"174b142e\" data-element_type=\"container\" data-settings=\"{&quot;animation&quot;:&quot;fadeInRight&quot;,&quot;animation_delay&quot;:300}\">\n\t\t\t\t<div class=\"elementor-element elementor-element-52d476df elementor-widget elementor-widget-elementskit-accordion\" data-id=\"52d476df\" data-element_type=\"widget\" data-widget_type=\"elementskit-accordion.default\">\n\t\t\t\t<div class=\"elementor-widget-container\">\n\t\t\t\t\t<div class=\"ekit-wid-con\" >\n        <div class=\"elementskit-accordion accoedion-primary\" id=\"accordion-6a9a43d5e0b05\">\n\n            \n                <div class=\"elementskit-card active\">\n                    <div class=\"elementskit-card-header\" id=\"primaryHeading-0-52d476df\" role=\"heading\" aria-level=\"3\">\n                        <a href=\"#collapse-01d8d796a9a43d5e0b05\" class=\"ekit-accordion--toggler elementskit-btn-link collapsed\" role=\"button\" data-ekit-toggle=\"collapse\" data-target=\"#Collapse-01d8d796a9a43d5e0b05\" aria-expanded=\"true\" aria-controls=\"Collapse-01d8d796a9a43d5e0b05\">\n                            \n                            <span class=\"ekit-accordion-title\">Wer kommt f\u00fcr eine Haartransplantation in Frage?<\/span>\n\n                            \n                                <div class=\"ekit_accordion_icon_group\">\n                                    <div class=\"ekit_accordion_normal_icon\">\n                                        <!-- Normal Icon -->\n\t\t\t\t\t\t\t\t\t\t<i class=\"fas fa-chevron-down\"><\/i>                                    <\/div>\n\n                                    <div class=\"ekit_accordion_active_icon\">\n                                        <!-- Active Icon -->\n\t\t\t\t\t\t\t\t\t\t<i class=\"fas fa-chevron-up\"><\/i>                                    <\/div>\n                                <\/div>\n\n                            \n                                                    <\/a>\n                    <\/div>\n\n                    <div id=\"Collapse-01d8d796a9a43d5e0b05\" class=\" show collapse\" role=\"region\" aria-labelledby=\"primaryHeading-0-52d476df\" data-parent=\"#accordion-6a9a43d5e0b05\">\n\n                        <div class=\"elementskit-card-body ekit-accordion--content\">\n                            <p>Eine Haartransplantation ist die ideale L\u00f6sung f\u00fcr Menschen mit ausreichendem Spenderbereich, dauerhaftem Haarausfall und einem guten allgemeinen Gesundheitszustand. Bei Vital of Hair wird jeder Patient vor dem Eingriff einer detaillierten Haaranalyse und -bewertung unterzogen.<\/p>                        <\/div>\n\n                    <\/div>\n\n                <\/div><!-- .elementskit-card END -->\n\n                \n                <div class=\"elementskit-card \">\n                    <div class=\"elementskit-card-header\" id=\"primaryHeading-1-52d476df\" role=\"heading\" aria-level=\"3\">\n                        <a href=\"#collapse-34a98be6a9a43d5e0b05\" class=\"ekit-accordion--toggler elementskit-btn-link collapsed\" role=\"button\" data-ekit-toggle=\"collapse\" data-target=\"#Collapse-34a98be6a9a43d5e0b05\" aria-expanded=\"false\" aria-controls=\"Collapse-34a98be6a9a43d5e0b05\">\n                            \n                            <span class=\"ekit-accordion-title\">Ist eine Haartransplantation ein dauerhafter Eingriff?<\/span>\n\n                            \n                                <div class=\"ekit_accordion_icon_group\">\n                                    <div class=\"ekit_accordion_normal_icon\">\n                                        <!-- Normal Icon -->\n\t\t\t\t\t\t\t\t\t\t<i class=\"fas fa-chevron-down\"><\/i>                                    <\/div>\n\n                                    <div class=\"ekit_accordion_active_icon\">\n                                        <!-- Active Icon -->\n\t\t\t\t\t\t\t\t\t\t<i class=\"fas fa-chevron-up\"><\/i>                                    <\/div>\n                                <\/div>\n\n                            \n                                                    <\/a>\n                    <\/div>\n\n                    <div id=\"Collapse-34a98be6a9a43d5e0b05\" class=\" collapse\" role=\"region\" aria-labelledby=\"primaryHeading-1-52d476df\" data-parent=\"#accordion-6a9a43d5e0b05\">\n\n                        <div class=\"elementskit-card-body ekit-accordion--content\">\n                            <p>Ja. Bei einer Haartransplantation werden Haarfollikel aus Bereichen entnommen, die genetisch bedingt resistent gegen Haarausfall sind. Mit der richtigen Technik und sorgf\u00e4ltiger Planung ist das transplantierte Haar dauerhaft.<\/p>                        <\/div>\n\n                    <\/div>\n\n                <\/div><!-- .elementskit-card END -->\n\n                \n                <div class=\"elementskit-card \">\n                    <div class=\"elementskit-card-header\" id=\"primaryHeading-2-52d476df\" role=\"heading\" aria-level=\"3\">\n                        <a href=\"#collapse-12a35ed6a9a43d5e0b05\" class=\"ekit-accordion--toggler elementskit-btn-link collapsed\" role=\"button\" data-ekit-toggle=\"collapse\" data-target=\"#Collapse-12a35ed6a9a43d5e0b05\" aria-expanded=\"false\" aria-controls=\"Collapse-12a35ed6a9a43d5e0b05\">\n                            \n                            <span class=\"ekit-accordion-title\">K\u00f6nnen auch Frauen eine Haartransplantation durchf\u00fchren lassen?<\/span>\n\n                            \n                                <div class=\"ekit_accordion_icon_group\">\n                                    <div class=\"ekit_accordion_normal_icon\">\n                                        <!-- Normal Icon -->\n\t\t\t\t\t\t\t\t\t\t<i class=\"fas fa-chevron-down\"><\/i>                                    <\/div>\n\n                                    <div class=\"ekit_accordion_active_icon\">\n                                        <!-- Active Icon -->\n\t\t\t\t\t\t\t\t\t\t<i class=\"fas fa-chevron-up\"><\/i>                                    <\/div>\n                                <\/div>\n\n                            \n                                                    <\/a>\n                    <\/div>\n\n                    <div id=\"Collapse-12a35ed6a9a43d5e0b05\" class=\" collapse\" role=\"region\" aria-labelledby=\"primaryHeading-2-52d476df\" data-parent=\"#accordion-6a9a43d5e0b05\">\n\n                        <div class=\"elementskit-card-body ekit-accordion--content\">\n                            <p>Ja. Eine Haartransplantation ist auch f\u00fcr Frauen mit geeignetem Haarausfall und ausreichendem Spenderbereich m\u00f6glich. Bei Vital of Hair erstellen wir individuelle Behandlungspl\u00e4ne f\u00fcr Frauen.<\/p>                        <\/div>\n\n                    <\/div>\n\n                <\/div><!-- .elementskit-card END -->\n\n                \n                <div class=\"elementskit-card \">\n                    <div class=\"elementskit-card-header\" id=\"primaryHeading-3-52d476df\" role=\"heading\" aria-level=\"3\">\n                        <a href=\"#collapse-75bf6b16a9a43d5e0b05\" class=\"ekit-accordion--toggler elementskit-btn-link collapsed\" role=\"button\" data-ekit-toggle=\"collapse\" data-target=\"#Collapse-75bf6b16a9a43d5e0b05\" aria-expanded=\"false\" aria-controls=\"Collapse-75bf6b16a9a43d5e0b05\">\n                            \n                            <span class=\"ekit-accordion-title\">Wie lange dauert eine Haartransplantation?<\/span>\n\n                            \n                                <div class=\"ekit_accordion_icon_group\">\n                                    <div class=\"ekit_accordion_normal_icon\">\n                                        <!-- Normal Icon -->\n\t\t\t\t\t\t\t\t\t\t<i class=\"fas fa-chevron-down\"><\/i>                                    <\/div>\n\n                                    <div class=\"ekit_accordion_active_icon\">\n                                        <!-- Active Icon -->\n\t\t\t\t\t\t\t\t\t\t<i class=\"fas fa-chevron-up\"><\/i>                                    <\/div>\n                                <\/div>\n\n                            \n                                                    <\/a>\n                    <\/div>\n\n                    <div id=\"Collapse-75bf6b16a9a43d5e0b05\" class=\" collapse\" role=\"region\" aria-labelledby=\"primaryHeading-3-52d476df\" data-parent=\"#accordion-6a9a43d5e0b05\">\n\n                        <div class=\"elementskit-card-body ekit-accordion--content\">\n                            <p>Die Dauer des Eingriffs variiert je nach Anzahl der zu transplantierenden Haare und der angewandten Technik. Im Durchschnitt dauert er zwischen vier und acht Stunden und wird \u00fcblicherweise in einer einzigen Sitzung durchgef\u00fchrt.<\/p>                        <\/div>\n\n                    <\/div>\n\n                <\/div><!-- .elementskit-card END -->\n\n                \n                <div class=\"elementskit-card \">\n                    <div class=\"elementskit-card-header\" id=\"primaryHeading-4-52d476df\" role=\"heading\" aria-level=\"3\">\n                        <a href=\"#collapse-c5474d46a9a43d5e0b05\" class=\"ekit-accordion--toggler elementskit-btn-link collapsed\" role=\"button\" data-ekit-toggle=\"collapse\" data-target=\"#Collapse-c5474d46a9a43d5e0b05\" aria-expanded=\"false\" aria-controls=\"Collapse-c5474d46a9a43d5e0b05\">\n                            \n                            <span class=\"ekit-accordion-title\">Werden w\u00e4hrend des Eingriffs Schmerzen auftreten?<\/span>\n\n                            \n                                <div class=\"ekit_accordion_icon_group\">\n                                    <div class=\"ekit_accordion_normal_icon\">\n                                        <!-- Normal Icon -->\n\t\t\t\t\t\t\t\t\t\t<i class=\"fas fa-chevron-down\"><\/i>                                    <\/div>\n\n                                    <div class=\"ekit_accordion_active_icon\">\n                                        <!-- Active Icon -->\n\t\t\t\t\t\t\t\t\t\t<i class=\"fas fa-chevron-up\"><\/i>                                    <\/div>\n                                <\/div>\n\n                            \n                                                    <\/a>\n                    <\/div>\n\n                    <div id=\"Collapse-c5474d46a9a43d5e0b05\" class=\" collapse\" role=\"region\" aria-labelledby=\"primaryHeading-4-52d476df\" data-parent=\"#accordion-6a9a43d5e0b05\">\n\n                        <div class=\"elementskit-card-body ekit-accordion--content\">\n                            <p>Die Haartransplantation wird unter \u00f6rtlicher Bet\u00e4ubung durchgef\u00fchrt. W\u00e4hrend der Bet\u00e4ubung kann ein kurzes, leichtes Kribbeln auftreten, Schmerzen w\u00e4hrend des Eingriffs sind jedoch nicht zu versp\u00fcren.<\/p>                        <\/div>\n\n                    <\/div>\n\n                <\/div><!-- .elementskit-card END -->\n\n                \n                <div class=\"elementskit-card \">\n                    <div class=\"elementskit-card-header\" id=\"primaryHeading-5-52d476df\" role=\"heading\" aria-level=\"3\">\n                        <a href=\"#collapse-5269b1c6a9a43d5e0b05\" class=\"ekit-accordion--toggler elementskit-btn-link collapsed\" role=\"button\" data-ekit-toggle=\"collapse\" data-target=\"#Collapse-5269b1c6a9a43d5e0b05\" aria-expanded=\"false\" aria-controls=\"Collapse-5269b1c6a9a43d5e0b05\">\n                            \n                            <span class=\"ekit-accordion-title\">Muss ich am Tag meiner Haartransplantation im Krankenhaus bleiben?<\/span>\n\n                            \n                                <div class=\"ekit_accordion_icon_group\">\n                                    <div class=\"ekit_accordion_normal_icon\">\n                                        <!-- Normal Icon -->\n\t\t\t\t\t\t\t\t\t\t<i class=\"fas fa-chevron-down\"><\/i>                                    <\/div>\n\n                                    <div class=\"ekit_accordion_active_icon\">\n                                        <!-- Active Icon -->\n\t\t\t\t\t\t\t\t\t\t<i class=\"fas fa-chevron-up\"><\/i>                                    <\/div>\n                                <\/div>\n\n                            \n                                                    <\/a>\n                    <\/div>\n\n                    <div id=\"Collapse-5269b1c6a9a43d5e0b05\" class=\" collapse\" role=\"region\" aria-labelledby=\"primaryHeading-5-52d476df\" data-parent=\"#accordion-6a9a43d5e0b05\">\n\n                        <div class=\"elementskit-card-body ekit-accordion--content\">\n                            <p>Nein. Eine Haartransplantation ist ein ambulanter Eingriff. Der Patient kann noch am selben Tag nach dem Eingriff nach Hause gehen.<\/p>                        <\/div>\n\n                    <\/div>\n\n                <\/div><!-- .elementskit-card END -->\n\n                \n                <div class=\"elementskit-card \">\n                    <div class=\"elementskit-card-header\" id=\"primaryHeading-6-52d476df\" role=\"heading\" aria-level=\"3\">\n                        <a href=\"#collapse-26590566a9a43d5e0b05\" class=\"ekit-accordion--toggler elementskit-btn-link collapsed\" role=\"button\" data-ekit-toggle=\"collapse\" data-target=\"#Collapse-26590566a9a43d5e0b05\" aria-expanded=\"false\" aria-controls=\"Collapse-26590566a9a43d5e0b05\">\n                            \n                            <span class=\"ekit-accordion-title\">Wie lange dauert die Genesung nach einer Haartransplantation?<\/span>\n\n                            \n                                <div class=\"ekit_accordion_icon_group\">\n                                    <div class=\"ekit_accordion_normal_icon\">\n                                        <!-- Normal Icon -->\n\t\t\t\t\t\t\t\t\t\t<i class=\"fas fa-chevron-down\"><\/i>                                    <\/div>\n\n                                    <div class=\"ekit_accordion_active_icon\">\n                                        <!-- Active Icon -->\n\t\t\t\t\t\t\t\t\t\t<i class=\"fas fa-chevron-up\"><\/i>                                    <\/div>\n                                <\/div>\n\n                            \n                                                    <\/a>\n                    <\/div>\n\n                    <div id=\"Collapse-26590566a9a43d5e0b05\" class=\" collapse\" role=\"region\" aria-labelledby=\"primaryHeading-6-52d476df\" data-parent=\"#accordion-6a9a43d5e0b05\">\n\n                        <div class=\"elementskit-card-body ekit-accordion--content\">\n                            <p>In den ersten Tagen k\u00f6nnen R\u00f6tungen und leichte Krustenbildung auftreten. Die Krusten fallen normalerweise innerhalb von 7\u201310 Tagen ab. Die meisten Patienten k\u00f6nnen kurz darauf wieder ihren gewohnten Alltag aufnehmen.<\/p>                        <\/div>\n\n                    <\/div>\n\n                <\/div><!-- .elementskit-card END -->\n\n                \n                <div class=\"elementskit-card \">\n                    <div class=\"elementskit-card-header\" id=\"primaryHeading-7-52d476df\" role=\"heading\" aria-level=\"3\">\n                        <a href=\"#collapse-64b77e26a9a43d5e0b05\" class=\"ekit-accordion--toggler elementskit-btn-link collapsed\" role=\"button\" data-ekit-toggle=\"collapse\" data-target=\"#Collapse-64b77e26a9a43d5e0b05\" aria-expanded=\"false\" aria-controls=\"Collapse-64b77e26a9a43d5e0b05\">\n                            \n                            <span class=\"ekit-accordion-title\">Was ist schockbedingter Haarausfall und ist er normal?<\/span>\n\n                            \n                                <div class=\"ekit_accordion_icon_group\">\n                                    <div class=\"ekit_accordion_normal_icon\">\n                                        <!-- Normal Icon -->\n\t\t\t\t\t\t\t\t\t\t<i class=\"fas fa-chevron-down\"><\/i>                                    <\/div>\n\n                                    <div class=\"ekit_accordion_active_icon\">\n                                        <!-- Active Icon -->\n\t\t\t\t\t\t\t\t\t\t<i class=\"fas fa-chevron-up\"><\/i>                                    <\/div>\n                                <\/div>\n\n                            \n                                                    <\/a>\n                    <\/div>\n\n                    <div id=\"Collapse-64b77e26a9a43d5e0b05\" class=\" collapse\" role=\"region\" aria-labelledby=\"primaryHeading-7-52d476df\" data-parent=\"#accordion-6a9a43d5e0b05\">\n\n                        <div class=\"elementskit-card-body ekit-accordion--content\">\n                            <p>Ja, das ist v\u00f6llig normal. Der vor\u00fcbergehende Ausfall transplantierter Haare in den ersten Wochen nach dem Eingriff wird als \u201eSchockhaarausfall\u201c bezeichnet. Die Haare beginnen innerhalb weniger Monate wieder nachzuwachsen.<\/p>                        <\/div>\n\n                    <\/div>\n\n                <\/div><!-- .elementskit-card END -->\n\n                \n                <div class=\"elementskit-card \">\n                    <div class=\"elementskit-card-header\" id=\"primaryHeading-8-52d476df\" role=\"heading\" aria-level=\"3\">\n                        <a href=\"#collapse-71d3fc66a9a43d5e0b05\" class=\"ekit-accordion--toggler elementskit-btn-link collapsed\" role=\"button\" data-ekit-toggle=\"collapse\" data-target=\"#Collapse-71d3fc66a9a43d5e0b05\" aria-expanded=\"false\" aria-controls=\"Collapse-71d3fc66a9a43d5e0b05\">\n                            \n                            <span class=\"ekit-accordion-title\">Wann beginnt das transplantierte Haar zu wachsen?<\/span>\n\n                            \n                                <div class=\"ekit_accordion_icon_group\">\n                                    <div class=\"ekit_accordion_normal_icon\">\n                                        <!-- Normal Icon -->\n\t\t\t\t\t\t\t\t\t\t<i class=\"fas fa-chevron-down\"><\/i>                                    <\/div>\n\n                                    <div class=\"ekit_accordion_active_icon\">\n                                        <!-- Active Icon -->\n\t\t\t\t\t\t\t\t\t\t<i class=\"fas fa-chevron-up\"><\/i>                                    <\/div>\n                                <\/div>\n\n                            \n                                                    <\/a>\n                    <\/div>\n\n                    <div id=\"Collapse-71d3fc66a9a43d5e0b05\" class=\" collapse\" role=\"region\" aria-labelledby=\"primaryHeading-8-52d476df\" data-parent=\"#accordion-6a9a43d5e0b05\">\n\n                        <div class=\"elementskit-card-body ekit-accordion--content\">\n                            <p>Neue Haare beginnen in der Regel ab dem dritten Monat zu wachsen. Erste sichtbare Ergebnisse sind nach sechs Monaten zu erwarten. Das endg\u00fcltige Ergebnis ist nach zw\u00f6lf Monaten erreicht.<\/p>                        <\/div>\n\n                    <\/div>\n\n                <\/div><!-- .elementskit-card END -->\n\n                \n                <div class=\"elementskit-card \">\n                    <div class=\"elementskit-card-header\" id=\"primaryHeading-9-52d476df\" role=\"heading\" aria-level=\"3\">\n                        <a href=\"#collapse-e1615be6a9a43d5e0b05\" class=\"ekit-accordion--toggler elementskit-btn-link collapsed\" role=\"button\" data-ekit-toggle=\"collapse\" data-target=\"#Collapse-e1615be6a9a43d5e0b05\" aria-expanded=\"false\" aria-controls=\"Collapse-e1615be6a9a43d5e0b05\">\n                            \n                            <span class=\"ekit-accordion-title\">Worin bestehen die Unterschiede zwischen FUE, DHI und Sapphire FUE?<\/span>\n\n                            \n                                <div class=\"ekit_accordion_icon_group\">\n                                    <div class=\"ekit_accordion_normal_icon\">\n                                        <!-- Normal Icon -->\n\t\t\t\t\t\t\t\t\t\t<i class=\"fas fa-chevron-down\"><\/i>                                    <\/div>\n\n                                    <div class=\"ekit_accordion_active_icon\">\n                                        <!-- Active Icon -->\n\t\t\t\t\t\t\t\t\t\t<i class=\"fas fa-chevron-up\"><\/i>                                    <\/div>\n                                <\/div>\n\n                            \n                                                    <\/a>\n                    <\/div>\n\n                    <div id=\"Collapse-e1615be6a9a43d5e0b05\" class=\" collapse\" role=\"region\" aria-labelledby=\"primaryHeading-9-52d476df\" data-parent=\"#accordion-6a9a43d5e0b05\">\n\n                        <div class=\"elementskit-card-body ekit-accordion--content\">\n                            <p>FUE: Bei dieser Methode werden die Haarfollikel einzeln entnommen und in zuvor ge\u00f6ffnete Kan\u00e4le eingesetzt.<\/p><p>DHI: Kanal\u00f6ffnung und Implantation erfolgen gleichzeitig mit speziellen Stiften.<\/p><p>Sapphire FUE: Die Kanal\u00f6ffnung wird mit Saphirspitzen durchgef\u00fchrt.<\/p><p>Bei Vital of Hair wird die optimale Technik durch eine individuelle Analyse ermittelt.<\/p>                        <\/div>\n\n                    <\/div>\n\n                <\/div><!-- .elementskit-card END -->\n\n                \n                <div class=\"elementskit-card \">\n                    <div class=\"elementskit-card-header\" id=\"primaryHeading-10-52d476df\" role=\"heading\" aria-level=\"3\">\n                        <a href=\"#collapse-971eca06a9a43d5e0b05\" class=\"ekit-accordion--toggler elementskit-btn-link collapsed\" role=\"button\" data-ekit-toggle=\"collapse\" data-target=\"#Collapse-971eca06a9a43d5e0b05\" aria-expanded=\"false\" aria-controls=\"Collapse-971eca06a9a43d5e0b05\">\n                            \n                            <span class=\"ekit-accordion-title\">Sind PRP und Mesotherapie Alternativen zur Haartransplantation?<\/span>\n\n                            \n                                <div class=\"ekit_accordion_icon_group\">\n                                    <div class=\"ekit_accordion_normal_icon\">\n                                        <!-- Normal Icon -->\n\t\t\t\t\t\t\t\t\t\t<i class=\"fas fa-chevron-down\"><\/i>                                    <\/div>\n\n                                    <div class=\"ekit_accordion_active_icon\">\n                                        <!-- Active Icon -->\n\t\t\t\t\t\t\t\t\t\t<i class=\"fas fa-chevron-up\"><\/i>                                    <\/div>\n                                <\/div>\n\n                            \n                                                    <\/a>\n                    <\/div>\n\n                    <div id=\"Collapse-971eca06a9a43d5e0b05\" class=\" collapse\" role=\"region\" aria-labelledby=\"primaryHeading-10-52d476df\" data-parent=\"#accordion-6a9a43d5e0b05\">\n\n                        <div class=\"elementskit-card-body ekit-accordion--content\">\n                            <p>Nein. PRP und Mesotherapie sind keine Alternativen zur Haartransplantation, sondern unterst\u00fctzende Behandlungen. Sie tragen dazu bei, das vorhandene Haar zu st\u00e4rken und die Heilung nach einer Haartransplantation zu beschleunigen.<\/p>                        <\/div>\n\n                    <\/div>\n\n                <\/div><!-- .elementskit-card END -->\n\n                \n                <div class=\"elementskit-card \">\n                    <div class=\"elementskit-card-header\" id=\"primaryHeading-11-52d476df\" role=\"heading\" aria-level=\"3\">\n                        <a href=\"#collapse-70aafa06a9a43d5e0b05\" class=\"ekit-accordion--toggler elementskit-btn-link collapsed\" role=\"button\" data-ekit-toggle=\"collapse\" data-target=\"#Collapse-70aafa06a9a43d5e0b05\" aria-expanded=\"false\" aria-controls=\"Collapse-70aafa06a9a43d5e0b05\">\n                            \n                            <span class=\"ekit-accordion-title\">Ist eine Haartransplantation ein sicheres Verfahren?<\/span>\n\n                            \n                                <div class=\"ekit_accordion_icon_group\">\n                                    <div class=\"ekit_accordion_normal_icon\">\n                                        <!-- Normal Icon -->\n\t\t\t\t\t\t\t\t\t\t<i class=\"fas fa-chevron-down\"><\/i>                                    <\/div>\n\n                                    <div class=\"ekit_accordion_active_icon\">\n                                        <!-- Active Icon -->\n\t\t\t\t\t\t\t\t\t\t<i class=\"fas fa-chevron-up\"><\/i>                                    <\/div>\n                                <\/div>\n\n                            \n                                                    <\/a>\n                    <\/div>\n\n                    <div id=\"Collapse-70aafa06a9a43d5e0b05\" class=\" collapse\" role=\"region\" aria-labelledby=\"primaryHeading-11-52d476df\" data-parent=\"#accordion-6a9a43d5e0b05\">\n\n                        <div class=\"elementskit-card-body ekit-accordion--content\">\n                            <p>Eine Haartransplantation ist ein sicheres Verfahren, wenn sie von einem Expertenteam unter sterilen Bedingungen durchgef\u00fchrt wird. Bei Vital of Hair haben Patientensicherheit und Hygiene h\u00f6chste Priorit\u00e4t.<\/p>                        <\/div>\n\n                    <\/div>\n\n                <\/div><!-- .elementskit-card END -->\n\n                \n                <div class=\"elementskit-card \">\n                    <div class=\"elementskit-card-header\" id=\"primaryHeading-12-52d476df\" role=\"heading\" aria-level=\"3\">\n                        <a href=\"#collapse-b25298a6a9a43d5e0b05\" class=\"ekit-accordion--toggler elementskit-btn-link collapsed\" role=\"button\" data-ekit-toggle=\"collapse\" data-target=\"#Collapse-b25298a6a9a43d5e0b05\" aria-expanded=\"false\" aria-controls=\"Collapse-b25298a6a9a43d5e0b05\">\n                            \n                            <span class=\"ekit-accordion-title\">Wird bei jedem Patienten das gleiche Ergebnis erzielt?<\/span>\n\n                            \n                                <div class=\"ekit_accordion_icon_group\">\n                                    <div class=\"ekit_accordion_normal_icon\">\n                                        <!-- Normal Icon -->\n\t\t\t\t\t\t\t\t\t\t<i class=\"fas fa-chevron-down\"><\/i>                                    <\/div>\n\n                                    <div class=\"ekit_accordion_active_icon\">\n                                        <!-- Active Icon -->\n\t\t\t\t\t\t\t\t\t\t<i class=\"fas fa-chevron-up\"><\/i>                                    <\/div>\n                                <\/div>\n\n                            \n                                                    <\/a>\n                    <\/div>\n\n                    <div id=\"Collapse-b25298a6a9a43d5e0b05\" class=\" collapse\" role=\"region\" aria-labelledby=\"primaryHeading-12-52d476df\" data-parent=\"#accordion-6a9a43d5e0b05\">\n\n                        <div class=\"elementskit-card-body ekit-accordion--content\">\n                            <p>Die Ergebnisse k\u00f6nnen je nach individuellen Faktoren wie Haarstruktur, Qualit\u00e4t des Spenderbereichs, genetischen Faktoren und Nachsorge variieren.<\/p>                        <\/div>\n\n                    <\/div>\n\n                <\/div><!-- .elementskit-card END -->\n\n                \n                <div class=\"elementskit-card \">\n                    <div class=\"elementskit-card-header\" id=\"primaryHeading-13-52d476df\" role=\"heading\" aria-level=\"3\">\n                        <a href=\"#collapse-a29b66c6a9a43d5e0b05\" class=\"ekit-accordion--toggler elementskit-btn-link collapsed\" role=\"button\" data-ekit-toggle=\"collapse\" data-target=\"#Collapse-a29b66c6a9a43d5e0b05\" aria-expanded=\"false\" aria-controls=\"Collapse-a29b66c6a9a43d5e0b05\">\n                            \n                            <span class=\"ekit-accordion-title\">Werden nach einer Haartransplantation Narben zur\u00fcckbleiben?<\/span>\n\n                            \n                                <div class=\"ekit_accordion_icon_group\">\n                                    <div class=\"ekit_accordion_normal_icon\">\n                                        <!-- Normal Icon -->\n\t\t\t\t\t\t\t\t\t\t<i class=\"fas fa-chevron-down\"><\/i>                                    <\/div>\n\n                                    <div class=\"ekit_accordion_active_icon\">\n                                        <!-- Active Icon -->\n\t\t\t\t\t\t\t\t\t\t<i class=\"fas fa-chevron-up\"><\/i>                                    <\/div>\n                                <\/div>\n\n                            \n                                                    <\/a>\n                    <\/div>\n\n                    <div id=\"Collapse-a29b66c6a9a43d5e0b05\" class=\" collapse\" role=\"region\" aria-labelledby=\"primaryHeading-13-52d476df\" data-parent=\"#accordion-6a9a43d5e0b05\">\n\n                        <div class=\"elementskit-card-body ekit-accordion--content\">\n                            <p>Dank moderner Techniken, insbesondere der FUE- und DHI-Methoden, entstehen keine sichtbaren Narben. Der Spenderbereich heilt schnell ab.<\/p>                        <\/div>\n\n                    <\/div>\n\n                <\/div><!-- .elementskit-card END -->\n\n                \n                <div class=\"elementskit-card \">\n                    <div class=\"elementskit-card-header\" id=\"primaryHeading-14-52d476df\" role=\"heading\" aria-level=\"3\">\n                        <a href=\"#collapse-a9386d76a9a43d5e0b05\" class=\"ekit-accordion--toggler elementskit-btn-link collapsed\" role=\"button\" data-ekit-toggle=\"collapse\" data-target=\"#Collapse-a9386d76a9a43d5e0b05\" aria-expanded=\"false\" aria-controls=\"Collapse-a9386d76a9a43d5e0b05\">\n                            \n                            <span class=\"ekit-accordion-title\">Wann kann ich wieder arbeiten gehen?<\/span>\n\n                            \n                                <div class=\"ekit_accordion_icon_group\">\n                                    <div class=\"ekit_accordion_normal_icon\">\n                                        <!-- Normal Icon -->\n\t\t\t\t\t\t\t\t\t\t<i class=\"fas fa-chevron-down\"><\/i>                                    <\/div>\n\n                                    <div class=\"ekit_accordion_active_icon\">\n                                        <!-- Active Icon -->\n\t\t\t\t\t\t\t\t\t\t<i class=\"fas fa-chevron-up\"><\/i>                                    <\/div>\n                                <\/div>\n\n                            \n                                                    <\/a>\n                    <\/div>\n\n                    <div id=\"Collapse-a9386d76a9a43d5e0b05\" class=\" collapse\" role=\"region\" aria-labelledby=\"primaryHeading-14-52d476df\" data-parent=\"#accordion-6a9a43d5e0b05\">\n\n                        <div class=\"elementskit-card-body ekit-accordion--content\">\n                            <p>B\u00fcroangestellte k\u00f6nnen in der Regel innerhalb von 2-3 Tagen wieder an ihren Arbeitsplatz zur\u00fcckkehren. Personen mit k\u00f6rperlich anstrengenden Berufen wird empfohlen, sich einige Tage l\u00e4nger auszuruhen.<\/p>                        <\/div>\n\n                    <\/div>\n\n                <\/div><!-- .elementskit-card END -->\n\n                \n                <div class=\"elementskit-card \">\n                    <div class=\"elementskit-card-header\" id=\"primaryHeading-15-52d476df\" role=\"heading\" aria-level=\"3\">\n                        <a href=\"#collapse-d433afb6a9a43d5e0b05\" class=\"ekit-accordion--toggler elementskit-btn-link collapsed\" role=\"button\" data-ekit-toggle=\"collapse\" data-target=\"#Collapse-d433afb6a9a43d5e0b05\" aria-expanded=\"false\" aria-controls=\"Collapse-d433afb6a9a43d5e0b05\">\n                            \n                            <span class=\"ekit-accordion-title\">Wann sind Sport und Schwimmen im Meer\/Pool erlaubt?<\/span>\n\n                            \n                                <div class=\"ekit_accordion_icon_group\">\n                                    <div class=\"ekit_accordion_normal_icon\">\n                                        <!-- Normal Icon -->\n\t\t\t\t\t\t\t\t\t\t<i class=\"fas fa-chevron-down\"><\/i>                                    <\/div>\n\n                                    <div class=\"ekit_accordion_active_icon\">\n                                        <!-- Active Icon -->\n\t\t\t\t\t\t\t\t\t\t<i class=\"fas fa-chevron-up\"><\/i>                                    <\/div>\n                                <\/div>\n\n                            \n                                                    <\/a>\n                    <\/div>\n\n                    <div id=\"Collapse-d433afb6a9a43d5e0b05\" class=\" collapse\" role=\"region\" aria-labelledby=\"primaryHeading-15-52d476df\" data-parent=\"#accordion-6a9a43d5e0b05\">\n\n                        <div class=\"elementskit-card-body ekit-accordion--content\">\n                            <p>Leichte Spazierg\u00e4nge k\u00f6nnen bereits nach wenigen Tagen begonnen werden. F\u00fcr intensive sportliche Aktivit\u00e4ten und Schwimmen im Meer\/Pool wird generell empfohlen, 3\u20134 Wochen zu warten.<\/p>                        <\/div>\n\n                    <\/div>\n\n                <\/div><!-- .elementskit-card END -->\n\n                \n                <div class=\"elementskit-card \">\n                    <div class=\"elementskit-card-header\" id=\"primaryHeading-16-52d476df\" role=\"heading\" aria-level=\"3\">\n                        <a href=\"#collapse-6f49ac26a9a43d5e0b05\" class=\"ekit-accordion--toggler elementskit-btn-link collapsed\" role=\"button\" data-ekit-toggle=\"collapse\" data-target=\"#Collapse-6f49ac26a9a43d5e0b05\" aria-expanded=\"false\" aria-controls=\"Collapse-6f49ac26a9a43d5e0b05\">\n                            \n                            <span class=\"ekit-accordion-title\">Wie kann ich einen Termin bei Vital of Hair buchen?<\/span>\n\n                            \n                                <div class=\"ekit_accordion_icon_group\">\n                                    <div class=\"ekit_accordion_normal_icon\">\n                                        <!-- Normal Icon -->\n\t\t\t\t\t\t\t\t\t\t<i class=\"fas fa-chevron-down\"><\/i>                                    <\/div>\n\n                                    <div class=\"ekit_accordion_active_icon\">\n                                        <!-- Active Icon -->\n\t\t\t\t\t\t\t\t\t\t<i class=\"fas fa-chevron-up\"><\/i>                                    <\/div>\n                                <\/div>\n\n                            \n                                                    <\/a>\n                    <\/div>\n\n                    <div id=\"Collapse-6f49ac26a9a43d5e0b05\" class=\" collapse\" role=\"region\" aria-labelledby=\"primaryHeading-16-52d476df\" data-parent=\"#accordion-6a9a43d5e0b05\">\n\n                        <div class=\"elementskit-card-body ekit-accordion--content\">\n                            <p>Sie k\u00f6nnen schnell einen Termin vereinbaren, indem Sie ein Formular auf der Website ausf\u00fcllen oder uns \u00fcber WhatsApp kontaktieren.<\/p>                        <\/div>\n\n                    <\/div>\n\n                <\/div><!-- .elementskit-card END -->\n\n                \n                <div class=\"elementskit-card \">\n                    <div class=\"elementskit-card-header\" id=\"primaryHeading-17-52d476df\" role=\"heading\" aria-level=\"3\">\n                        <a href=\"#collapse-1b305546a9a43d5e0b05\" class=\"ekit-accordion--toggler elementskit-btn-link collapsed\" role=\"button\" data-ekit-toggle=\"collapse\" data-target=\"#Collapse-1b305546a9a43d5e0b05\" aria-expanded=\"false\" aria-controls=\"Collapse-1b305546a9a43d5e0b05\">\n                            \n                            <span class=\"ekit-accordion-title\">Gibt es einen kostenlosen Beratungsservice?<\/span>\n\n                            \n                                <div class=\"ekit_accordion_icon_group\">\n                                    <div class=\"ekit_accordion_normal_icon\">\n                                        <!-- Normal Icon -->\n\t\t\t\t\t\t\t\t\t\t<i class=\"fas fa-chevron-down\"><\/i>                                    <\/div>\n\n                                    <div class=\"ekit_accordion_active_icon\">\n                                        <!-- Active Icon -->\n\t\t\t\t\t\t\t\t\t\t<i class=\"fas fa-chevron-up\"><\/i>                                    <\/div>\n                                <\/div>\n\n                            \n                                                    <\/a>\n                    <\/div>\n\n                    <div id=\"Collapse-1b305546a9a43d5e0b05\" class=\" collapse\" role=\"region\" aria-labelledby=\"primaryHeading-17-52d476df\" data-parent=\"#accordion-6a9a43d5e0b05\">\n\n                        <div class=\"elementskit-card-body ekit-accordion--content\">\n                            <p>Ja. Bei Vital of Hair werden Haaranalyse und individuelle Beratung im Rahmen des Beratungsgespr\u00e4chs vor der Behandlung angeboten.<\/p>                        <\/div>\n\n                    <\/div>\n\n                <\/div><!-- .elementskit-card END -->\n\n                                        <\/div>\n    <\/div>\t\t\t\t<\/div>\n\t\t\t\t<\/div>\n\t\t\t\t<\/div>\n\t\t\t\t\t<\/div>\n\t\t\t\t<\/div>\n\t\t\t\t<\/div>\n\t\t","protected":false},"excerpt":{"rendered":"<p>Wer kommt f\u00fcr eine Haartransplantation in Frage? Eine Haartransplantation ist die ideale L\u00f6sung f\u00fcr Menschen mit ausreichendem Spenderbereich, dauerhaftem Haarausfall und einem guten allgemeinen Gesundheitszustand. Bei Vital of Hair wird jeder Patient vor dem Eingriff einer detaillierten Haaranalyse und -bewertung unterzogen. Ist eine Haartransplantation ein dauerhafter Eingriff? Ja. Bei einer Haartransplantation werden Haarfollikel aus Bereichen [&hellip;]<\/p>\n","protected":false},"author":2,"featured_media":0,"parent":0,"menu_order":5,"comment_status":"closed","ping_status":"closed","template":"elementor_header_footer","meta":{"footnotes":""},"class_list":["post-441","page","type-page","status-publish","hentry"],"yoast_head":"<!-- This site is optimized with the Yoast SEO plugin v28.4 - https:\/\/yoast.com\/product\/yoast-seo-wordpress\/ -->\n<title>H\u00e4ufig gestellte Fragen | Vital of Hair<\/title>\n<meta name=\"description\" content=\"Antworten auf h\u00e4ufige Fragen zu Haartransplantation und Haarbehandlung bei Vital of Hair \u2013 Eignung, Ablauf und Ergebnisse verst\u00e4ndlich erkl\u00e4rt.\" \/>\n<meta name=\"robots\" content=\"noindex, follow, max-snippet:-1, max-image-preview:large, max-video-preview:-1\" \/>\n<meta property=\"og:locale\" content=\"tr_TR\" \/>\n<meta property=\"og:type\" content=\"article\" \/>\n<meta property=\"og:title\" content=\"H\u00e4ufig gestellte Fragen | Vital of Hair\" \/>\n<meta property=\"og:description\" content=\"Antworten auf h\u00e4ufige Fragen zu Haartransplantation und Haarbehandlung bei Vital of Hair \u2013 Eignung, Ablauf und Ergebnisse verst\u00e4ndlich erkl\u00e4rt.\" \/>\n<meta property=\"og:url\" content=\"https:\/\/vitalofhair.de\/reliant\/de\/haufig-gestellte-fragen\/\" \/>\n<meta property=\"og:site_name\" content=\"Vital of Hair\" \/>\n<meta property=\"article:modified_time\" content=\"2026-08-21T18:57:12+00:00\" \/>\n<meta name=\"twitter:card\" content=\"summary_large_image\" \/>\n<meta name=\"twitter:label1\" content=\"Tahmini okuma s\u00fcresi\" \/>\n\t<meta name=\"twitter:data1\" content=\"4 dakika\" \/>\n<script type=\"application\/ld+json\" class=\"yoast-schema-graph\">{\"@context\":\"https:\\\/\\\/schema.org\",\"@graph\":[{\"@type\":\"WebPage\",\"@id\":\"https:\\\/\\\/vitalofhair.de\\\/reliant\\\/de\\\/haufig-gestellte-fragen\\\/\",\"url\":\"https:\\\/\\\/vitalofhair.de\\\/reliant\\\/de\\\/haufig-gestellte-fragen\\\/\",\"name\":\"H\u00e4ufig gestellte Fragen | Vital of Hair\",\"isPartOf\":{\"@id\":\"https:\\\/\\\/vitalofhair.de\\\/reliant\\\/#website\"},\"datePublished\":\"2026-01-05T21:09:43+00:00\",\"dateModified\":\"2026-08-21T18:57:12+00:00\",\"description\":\"Antworten auf h\u00e4ufige Fragen zu Haartransplantation und Haarbehandlung bei Vital of Hair \u2013 Eignung, Ablauf und Ergebnisse verst\u00e4ndlich erkl\u00e4rt.\",\"breadcrumb\":{\"@id\":\"https:\\\/\\\/vitalofhair.de\\\/reliant\\\/de\\\/haufig-gestellte-fragen\\\/#breadcrumb\"},\"inLanguage\":\"tr\",\"potentialAction\":[{\"@type\":\"ReadAction\",\"target\":[\"https:\\\/\\\/vitalofhair.de\\\/reliant\\\/de\\\/haufig-gestellte-fragen\\\/\"]}]},{\"@type\":\"BreadcrumbList\",\"@id\":\"https:\\\/\\\/vitalofhair.de\\\/reliant\\\/de\\\/haufig-gestellte-fragen\\\/#breadcrumb\",\"itemListElement\":[{\"@type\":\"ListItem\",\"position\":1,\"name\":\"Anasayfa\",\"item\":\"https:\\\/\\\/vitalofhair.de\\\/reliant\\\/de\\\/startseite\\\/\"},{\"@type\":\"ListItem\",\"position\":2,\"name\":\"H\u00e4ufig gestellte Fragen\"}]},{\"@type\":\"WebSite\",\"@id\":\"https:\\\/\\\/vitalofhair.de\\\/reliant\\\/#website\",\"url\":\"https:\\\/\\\/vitalofhair.de\\\/reliant\\\/\",\"name\":\"Vital of Hair\",\"description\":\"\",\"publisher\":{\"@id\":\"https:\\\/\\\/vitalofhair.de\\\/reliant\\\/#organization\"},\"potentialAction\":[{\"@type\":\"SearchAction\",\"target\":{\"@type\":\"EntryPoint\",\"urlTemplate\":\"https:\\\/\\\/vitalofhair.de\\\/reliant\\\/?s={search_term_string}\"},\"query-input\":{\"@type\":\"PropertyValueSpecification\",\"valueRequired\":true,\"valueName\":\"search_term_string\"}}],\"inLanguage\":\"tr\"},{\"@type\":\"Organization\",\"@id\":\"https:\\\/\\\/vitalofhair.de\\\/reliant\\\/#organization\",\"name\":\"Vital of Hair\",\"url\":\"https:\\\/\\\/vitalofhair.de\\\/reliant\\\/\",\"logo\":{\"@type\":\"ImageObject\",\"inLanguage\":\"tr\",\"@id\":\"https:\\\/\\\/vitalofhair.de\\\/reliant\\\/#\\\/schema\\\/logo\\\/image\\\/\",\"url\":\"https:\\\/\\\/vitalofhair.de\\\/reliant\\\/wp-content\\\/uploads\\\/2025\\\/12\\\/vital-of-hair-logo.png\",\"contentUrl\":\"https:\\\/\\\/vitalofhair.de\\\/reliant\\\/wp-content\\\/uploads\\\/2025\\\/12\\\/vital-of-hair-logo.png\",\"width\":417,\"height\":108,\"caption\":\"Vital of Hair\"},\"image\":{\"@id\":\"https:\\\/\\\/vitalofhair.de\\\/reliant\\\/#\\\/schema\\\/logo\\\/image\\\/\"}}]}<\/script>\n<!-- \/ Yoast SEO plugin. -->","yoast_head_json":{"title":"H\u00e4ufig gestellte Fragen | Vital of Hair","description":"Antworten auf h\u00e4ufige Fragen zu Haartransplantation und Haarbehandlung bei Vital of Hair \u2013 Eignung, Ablauf und Ergebnisse verst\u00e4ndlich erkl\u00e4rt.","robots":{"index":"noindex","follow":"follow","max-snippet":"max-snippet:-1","max-image-preview":"max-image-preview:large","max-video-preview":"max-video-preview:-1"},"og_locale":"tr_TR","og_type":"article","og_title":"H\u00e4ufig gestellte Fragen | Vital of Hair","og_description":"Antworten auf h\u00e4ufige Fragen zu Haartransplantation und Haarbehandlung bei Vital of Hair \u2013 Eignung, Ablauf und Ergebnisse verst\u00e4ndlich erkl\u00e4rt.","og_url":"https:\/\/vitalofhair.de\/reliant\/de\/haufig-gestellte-fragen\/","og_site_name":"Vital of Hair","article_modified_time":"2026-08-21T18:57:12+00:00","twitter_card":"summary_large_image","twitter_misc":{"Tahmini okuma s\u00fcresi":"4 dakika"},"schema":{"@context":"https:\/\/schema.org","@graph":[{"@type":"WebPage","@id":"https:\/\/vitalofhair.de\/reliant\/de\/haufig-gestellte-fragen\/","url":"https:\/\/vitalofhair.de\/reliant\/de\/haufig-gestellte-fragen\/","name":"H\u00e4ufig gestellte Fragen | Vital of Hair","isPartOf":{"@id":"https:\/\/vitalofhair.de\/reliant\/#website"},"datePublished":"2026-01-05T21:09:43+00:00","dateModified":"2026-08-21T18:57:12+00:00","description":"Antworten auf h\u00e4ufige Fragen zu Haartransplantation und Haarbehandlung bei Vital of Hair \u2013 Eignung, Ablauf und Ergebnisse verst\u00e4ndlich erkl\u00e4rt.","breadcrumb":{"@id":"https:\/\/vitalofhair.de\/reliant\/de\/haufig-gestellte-fragen\/#breadcrumb"},"inLanguage":"tr","potentialAction":[{"@type":"ReadAction","target":["https:\/\/vitalofhair.de\/reliant\/de\/haufig-gestellte-fragen\/"]}]},{"@type":"BreadcrumbList","@id":"https:\/\/vitalofhair.de\/reliant\/de\/haufig-gestellte-fragen\/#breadcrumb","itemListElement":[{"@type":"ListItem","position":1,"name":"Anasayfa","item":"https:\/\/vitalofhair.de\/reliant\/de\/startseite\/"},{"@type":"ListItem","position":2,"name":"H\u00e4ufig gestellte Fragen"}]},{"@type":"WebSite","@id":"https:\/\/vitalofhair.de\/reliant\/#website","url":"https:\/\/vitalofhair.de\/reliant\/","name":"Vital of Hair","description":"","publisher":{"@id":"https:\/\/vitalofhair.de\/reliant\/#organization"},"potentialAction":[{"@type":"SearchAction","target":{"@type":"EntryPoint","urlTemplate":"https:\/\/vitalofhair.de\/reliant\/?s={search_term_string}"},"query-input":{"@type":"PropertyValueSpecification","valueRequired":true,"valueName":"search_term_string"}}],"inLanguage":"tr"},{"@type":"Organization","@id":"https:\/\/vitalofhair.de\/reliant\/#organization","name":"Vital of Hair","url":"https:\/\/vitalofhair.de\/reliant\/","logo":{"@type":"ImageObject","inLanguage":"tr","@id":"https:\/\/vitalofhair.de\/reliant\/#\/schema\/logo\/image\/","url":"https:\/\/vitalofhair.de\/reliant\/wp-content\/uploads\/2025\/12\/vital-of-hair-logo.png","contentUrl":"https:\/\/vitalofhair.de\/reliant\/wp-content\/uploads\/2025\/12\/vital-of-hair-logo.png","width":417,"height":108,"caption":"Vital of Hair"},"image":{"@id":"https:\/\/vitalofhair.de\/reliant\/#\/schema\/logo\/image\/"}}]}},"_links":{"self":[{"href":"https:\/\/vitalofhair.de\/reliant\/wp-json\/wp\/v2\/pages\/441","targetHints":{"allow":["GET"]}}],"collection":[{"href":"https:\/\/vitalofhair.de\/reliant\/wp-json\/wp\/v2\/pages"}],"about":[{"href":"https:\/\/vitalofhair.de\/reliant\/wp-json\/wp\/v2\/types\/page"}],"author":[{"embeddable":true,"href":"https:\/\/vitalofhair.de\/reliant\/wp-json\/wp\/v2\/users\/2"}],"replies":[{"embeddable":true,"href":"https:\/\/vitalofhair.de\/reliant\/wp-json\/wp\/v2\/comments?post=441"}],"version-history":[{"count":0,"href":"https:\/\/vitalofhair.de\/reliant\/wp-json\/wp\/v2\/pages\/441\/revisions"}],"wp:attachment":[{"href":"https:\/\/vitalofhair.de\/reliant\/wp-json\/wp\/v2\/media?parent=441"}],"curies":[{"name":"wp","href":"https:\/\/api.w.org\/{rel}","templated":true}]}}