{"id":851,"date":"2026-08-22T17:07:22","date_gmt":"2026-08-22T14:07:22","guid":{"rendered":"https:\/\/vitalofhair.de\/?page_id=851"},"modified":"2026-08-31T23:02:19","modified_gmt":"2026-08-31T20:02:19","slug":"ana-sayfa","status":"publish","type":"page","link":"https:\/\/vitalofhair.de\/reliant\/","title":{"rendered":"Anasayfa"},"content":{"rendered":"\t\t<div data-elementor-type=\"wp-page\" data-elementor-id=\"851\" class=\"elementor elementor-851\" data-elementor-post-type=\"page\">\n\t\t\t\t<div class=\"elementor-element elementor-element-65bcecb1 e-flex e-con-boxed e-con e-parent\" data-id=\"65bcecb1\" data-element_type=\"container\" data-settings=\"{&quot;background_background&quot;:&quot;classic&quot;,&quot;shape_divider_bottom&quot;:&quot;opacity-tilt&quot;,&quot;animation&quot;:&quot;none&quot;}\">\n\t\t\t\t\t<div class=\"e-con-inner\">\n\t\t\t\t<div class=\"elementor-shape elementor-shape-bottom\" aria-hidden=\"true\" data-negative=\"false\">\n\t\t\t<svg xmlns=\"http:\/\/www.w3.org\/2000\/svg\" viewBox=\"0 0 2600 131.1\" preserveAspectRatio=\"none\">\n\t<path class=\"elementor-shape-fill\" d=\"M0 0L2600 0 2600 69.1 0 0z\"\/>\n\t<path class=\"elementor-shape-fill\" style=\"opacity:0.5\" d=\"M0 0L2600 0 2600 69.1 0 69.1z\"\/>\n\t<path class=\"elementor-shape-fill\" style=\"opacity:0.25\" d=\"M2600 0L0 0 0 130.1 2600 69.1z\"\/>\n<\/svg>\t\t<\/div>\n\t\t<div class=\"elementor-element elementor-element-12a10d51 e-con-full e-flex e-con e-child\" data-id=\"12a10d51\" data-element_type=\"container\">\n\t\t\t\t<div class=\"elementor-element elementor-element-6a6f6c1e elementor-invisible elementor-widget elementor-widget-heading\" data-id=\"6a6f6c1e\" data-element_type=\"widget\" data-settings=\"{&quot;_animation&quot;:&quot;fadeInUp&quot;,&quot;_animation_delay&quot;:200}\" data-widget_type=\"heading.default\">\n\t\t\t\t<div class=\"elementor-widget-container\">\n\t\t\t\t\t<h1 class=\"elementor-heading-title elementor-size-default\">Do\u011fal Sa\u00e7, G\u00fc\u00e7l\u00fc Bir G\u00f6r\u00fcn\u00fcm<\/h1>\t\t\t\t<\/div>\n\t\t\t\t<\/div>\n\t\t\t\t<div class=\"elementor-element elementor-element-bf130bf elementor-invisible elementor-widget elementor-widget-text-editor\" data-id=\"bf130bf\" data-element_type=\"widget\" data-settings=\"{&quot;_animation&quot;:&quot;fadeInUp&quot;}\" data-widget_type=\"text-editor.default\">\n\t\t\t\t<div class=\"elementor-widget-container\">\n\t\t\t\t\t\t\t\t\t<p data-start=\"307\" data-end=\"585\">Vital of Hair&#8217;de sa\u00e7 ekimi ve sa\u011fl\u0131kl\u0131 sa\u00e7 i\u00e7in modern teknikler, uzman bir ekip ve bireysel \u00e7\u00f6z\u00fcmlerle do\u011fal sonu\u00e7lar sunuyoruz.<\/p>\t\t\t\t\t\t\t\t<\/div>\n\t\t\t\t<\/div>\n\t\t<div class=\"elementor-element elementor-element-21a37175 e-con-full e-flex elementor-invisible e-con e-child\" data-id=\"21a37175\" data-element_type=\"container\" data-settings=\"{&quot;animation&quot;:&quot;fadeInUp&quot;,&quot;animation_delay&quot;:350}\">\n\t\t\t\t<div class=\"elementor-element elementor-element-9683db7 elementor-mobile-align-justify elementor-widget elementor-widget-button\" data-id=\"9683db7\" data-element_type=\"widget\" data-widget_type=\"button.default\">\n\t\t\t\t<div class=\"elementor-widget-container\">\n\t\t\t\t\t\t\t\t\t<div class=\"elementor-button-wrapper\">\n\t\t\t\t\t<a class=\"elementor-button elementor-button-link elementor-size-sm\" href=\"https:\/\/vitalofhair.de\/reliant\/kisisel-sac-analizi\/\">\n\t\t\t\t\t\t<span class=\"elementor-button-content-wrapper\">\n\t\t\t\t\t\t<span class=\"elementor-button-icon\">\n\t\t\t\t<i aria-hidden=\"true\" class=\"fas fa-angle-right\"><\/i>\t\t\t<\/span>\n\t\t\t\t\t\t\t\t\t<span class=\"elementor-button-text\">\u00dccretsiz Sa\u00e7 Analizi<\/span>\n\t\t\t\t\t<\/span>\n\t\t\t\t\t<\/a>\n\t\t\t\t<\/div>\n\t\t\t\t\t\t\t\t<\/div>\n\t\t\t\t<\/div>\n\t\t\t\t<\/div>\n\t\t\t\t<\/div>\n\t\t<div class=\"elementor-element elementor-element-4c0b48e6 e-con-full e-flex e-con e-child\" data-id=\"4c0b48e6\" data-element_type=\"container\">\n\t\t\t\t<\/div>\n\t\t\t\t\t<\/div>\n\t\t\t\t<\/div>\n\t\t<div class=\"elementor-element elementor-element-326ba20 e-con-full e-flex e-con e-parent\" data-id=\"326ba20\" data-element_type=\"container\" data-settings=\"{&quot;background_background&quot;:&quot;classic&quot;}\">\n\t\t\t\t<div class=\"elementor-element elementor-element-126ec79 elementor-widget elementor-widget-html\" data-id=\"126ec79\" data-element_type=\"widget\" data-widget_type=\"html.default\">\n\t\t\t\t<div class=\"elementor-widget-container\">\n\t\t\t\t\t<section id=\"voh-video-feature\"><div class=\"voh-inner\" id=\"voh-video-inner\"><div class=\"voh-video-col\"><div class=\"voh-video-card\"><video id=\"voh-video-el\" muted playsinline preload=\"metadata\" src=\"https:\/\/vitalofhair.de\/reliant\/wp-content\/uploads\/2026\/08\/ablauf-haartransplantation-istanbul-fixed.mp4\"><\/video><button class=\"voh-sound-btn\" id=\"voh-sound-toggle\" type=\"button\" aria-label=\"Sesi a\u00e7\">&#128264;<\/button><\/div><\/div><div class=\"voh-text-col\"><p class=\"voh-eyebrow\">\u0130stanbul Lokasyonu<\/p><h2 class=\"voh-heading\">Vital of Hair'da sa\u00e7 ekimi nas\u0131l ger\u00e7ekle\u015fir?<\/h2><p class=\"voh-sub\">\u0130stanbul lokasyonumuzdaki \u00f6rnek bir sa\u00e7 ekimi s\u00fcreci.<\/p><ul class=\"voh-steps\"><li class=\"voh-step\"><span class=\"voh-step-num\">1<\/span>Dan\u0131\u015fmanl\u0131k<\/li><li class=\"voh-step\"><span class=\"voh-step-num\">2<\/span>Sa\u00e7 \u00e7izgisi planlamas\u0131<\/li><li class=\"voh-step\"><span class=\"voh-step-num\">3<\/span>Tedavi<\/li><li class=\"voh-step\"><span class=\"voh-step-num\">4<\/span>Bak\u0131m s\u00fcreci<\/li><\/ul><a class=\"voh-cta\" href=\"https:\/\/vitalofhair.de\/reliant\/kisisel-sac-analizi\/\">\u00dccretsiz sa\u00e7 analizi<\/a><\/div><\/div><\/section>\t\t\t\t<\/div>\n\t\t\t\t<\/div>\n\t\t\t\t<\/div>\n\t\t<div class=\"elementor-element elementor-element-80e4cc1 e-flex e-con-boxed e-con e-parent\" data-id=\"80e4cc1\" data-element_type=\"container\" data-settings=\"{&quot;background_background&quot;:&quot;classic&quot;}\">\n\t\t\t\t\t<div class=\"e-con-inner\">\n\t\t<div class=\"elementor-element elementor-element-527b189 e-con-full e-flex e-con e-child\" data-id=\"527b189\" data-element_type=\"container\">\n\t\t\t\t<div class=\"elementor-element elementor-element-29780bf elementor-widget__width-initial elementor-widget-mobile__width-initial elementor-invisible elementor-widget elementor-widget-image\" data-id=\"29780bf\" data-element_type=\"widget\" data-settings=\"{&quot;_animation&quot;:&quot;fadeInLeft&quot;,&quot;_animation_delay&quot;:200}\" data-widget_type=\"image.default\">\n\t\t\t\t<div class=\"elementor-widget-container\">\n\t\t\t\t\t\t\t\t\t\t\t\t\t\t\t<img fetchpriority=\"high\" decoding=\"async\" width=\"1696\" height=\"1129\" src=\"https:\/\/vitalofhair.de\/reliant\/wp-content\/uploads\/2025\/12\/vital-of-hair-hakkimizda-img2.jpg\" class=\"attachment-full size-full wp-image-173\" alt=\"Markierung der neuen Haarlinie vor einer Haartransplantation bei Vital of Hair\" srcset=\"https:\/\/vitalofhair.de\/reliant\/wp-content\/uploads\/2025\/12\/vital-of-hair-hakkimizda-img2.jpg 1696w, https:\/\/vitalofhair.de\/reliant\/wp-content\/uploads\/2025\/12\/vital-of-hair-hakkimizda-img2-300x200.jpg 300w, https:\/\/vitalofhair.de\/reliant\/wp-content\/uploads\/2025\/12\/vital-of-hair-hakkimizda-img2-1024x682.jpg 1024w, https:\/\/vitalofhair.de\/reliant\/wp-content\/uploads\/2025\/12\/vital-of-hair-hakkimizda-img2-768x511.jpg 768w, https:\/\/vitalofhair.de\/reliant\/wp-content\/uploads\/2025\/12\/vital-of-hair-hakkimizda-img2-1536x1022.jpg 1536w\" sizes=\"(max-width: 1696px) 100vw, 1696px\" \/>\t\t\t\t\t\t\t\t\t\t\t\t\t\t\t<\/div>\n\t\t\t\t<\/div>\n\t\t\t\t<\/div>\n\t\t<div class=\"elementor-element elementor-element-fa83070 e-con-full e-flex elementor-invisible e-con e-child\" data-id=\"fa83070\" data-element_type=\"container\" data-settings=\"{&quot;animation&quot;:&quot;fadeInRight&quot;,&quot;animation_delay&quot;:200}\">\n\t\t\t\t<div class=\"elementor-element elementor-element-27f0d7e elementor-widget elementor-widget-heading\" data-id=\"27f0d7e\" data-element_type=\"widget\" data-widget_type=\"heading.default\">\n\t\t\t\t<div class=\"elementor-widget-container\">\n\t\t\t\t\t<h6 class=\"elementor-heading-title elementor-size-default\">Hizmetlerimiz<\/h6>\t\t\t\t<\/div>\n\t\t\t\t<\/div>\n\t\t\t\t<div class=\"elementor-element elementor-element-73a5295 elementor-widget elementor-widget-heading\" data-id=\"73a5295\" data-element_type=\"widget\" data-widget_type=\"heading.default\">\n\t\t\t\t<div class=\"elementor-widget-container\">\n\t\t\t\t\t<h2 class=\"elementor-heading-title elementor-size-default\">Do\u011fal Sonu\u00e7lar, Bilimsel Bir Yakla\u015f\u0131m \u0130zliyoruz.<\/h2>\t\t\t\t<\/div>\n\t\t\t\t<\/div>\n\t\t\t\t<div class=\"elementor-element elementor-element-1bd2349 elementor-widget-divider--view-line elementor-widget elementor-widget-divider\" data-id=\"1bd2349\" data-element_type=\"widget\" data-widget_type=\"divider.default\">\n\t\t\t\t<div class=\"elementor-widget-container\">\n\t\t\t\t\t\t\t<div class=\"elementor-divider\">\n\t\t\t<span class=\"elementor-divider-separator\">\n\t\t\t\t\t\t<\/span>\n\t\t<\/div>\n\t\t\t\t\t\t<\/div>\n\t\t\t\t<\/div>\n\t\t\t\t<div class=\"elementor-element elementor-element-ab22e78 elementor-widget elementor-widget-text-editor\" data-id=\"ab22e78\" data-element_type=\"widget\" data-widget_type=\"text-editor.default\">\n\t\t\t\t<div class=\"elementor-widget-container\">\n\t\t\t\t\t\t\t\t\t<p>Vital of Hair, bilimsel y\u00f6ntemlere, etik de\u011ferlere ve sa\u00e7 sa\u011fl\u0131\u011f\u0131 ile esteti\u011fi alan\u0131nda bireysel \u00e7\u00f6z\u00fcmlere odaklanan bir sa\u00e7 ekimi ve tedavi klini\u011fidir. Amac\u0131m\u0131z yaln\u0131zca sa\u00e7lar\u0131 geri kazand\u0131rmak de\u011fil, hastalar\u0131m\u0131z\u0131n \u00f6zg\u00fcvenini ve ya\u015fam kalitesini kal\u0131c\u0131 olarak art\u0131rmakt\u0131r. Kurulu\u015fumuzdan bu yana her hastay\u0131 tek bir tedavi y\u00f6ntemine g\u00f6re de\u011fil; sa\u00e7 yap\u0131s\u0131, beklentileri, genetik yatk\u0131nl\u0131\u011f\u0131 ve ya\u015fam tarz\u0131 g\u00f6z \u00f6n\u00fcnde bulundurularak bireysel olarak de\u011ferlendiriyoruz. \u00c7\u00fcnk\u00fc ba\u015far\u0131l\u0131 bir sonucun do\u011fru analizle ba\u015flad\u0131\u011f\u0131na inan\u0131yoruz.<\/p>\t\t\t\t\t\t\t\t<\/div>\n\t\t\t\t<\/div>\n\t\t\t\t<div class=\"elementor-element elementor-element-e45a351 elementor-align-left elementor-widget elementor-widget-button\" data-id=\"e45a351\" data-element_type=\"widget\" data-widget_type=\"button.default\">\n\t\t\t\t<div class=\"elementor-widget-container\">\n\t\t\t\t\t\t\t\t\t<div class=\"elementor-button-wrapper\">\n\t\t\t\t\t<a class=\"elementor-button elementor-button-link elementor-size-sm\" href=\"https:\/\/vitalofhair.de\/reliant\/hakkimizda\/\">\n\t\t\t\t\t\t<span class=\"elementor-button-content-wrapper\">\n\t\t\t\t\t\t\t\t\t<span class=\"elementor-button-text\">Hakk\u0131m\u0131zda<\/span>\n\t\t\t\t\t<\/span>\n\t\t\t\t\t<\/a>\n\t\t\t\t<\/div>\n\t\t\t\t\t\t\t\t<\/div>\n\t\t\t\t<\/div>\n\t\t\t\t<\/div>\n\t\t\t\t\t<\/div>\n\t\t\t\t<\/div>\n\t\t<div class=\"elementor-element elementor-element-80507da e-flex e-con-boxed e-con e-parent\" data-id=\"80507da\" data-element_type=\"container\">\n\t\t\t\t\t<div class=\"e-con-inner\">\n\t\t\t\t<div class=\"elementor-element elementor-element-63ef1e8 elementor-widget elementor-widget-html\" data-id=\"63ef1e8\" data-element_type=\"widget\" data-widget_type=\"html.default\">\n\t\t\t\t<div class=\"elementor-widget-container\">\n\t\t\t\t\t<section class=\"voh-sig\">\n  <div class=\"voh-sig__inner\">\n    <p class=\"voh-sig__eyebrow\">\u0130mza Tedavilerimiz<\/p>\n    <h2 class=\"voh-sig__title\">D\u00f6rt Tedavi. Tek Standart.<\/h2>\n    <p class=\"voh-sig__sub\">Her tedavi ayn\u0131 \u00f6zenli planlamayla ba\u015flar \u2014 klini\u011fimizden ger\u00e7ek anlarda g\u00f6r\u00fcn\u00fcr, stok foto\u011fraflarda de\u011fil.<\/p>\n\n    <div class=\"voh-sig__grid\">\n\n      <article class=\"voh-sig__card\">\n        <div class=\"voh-sig__media voh-sig__media--ht\">\n          <img loading=\"lazy\" decoding=\"async\" src=\"https:\/\/vitalofhair.de\/reliant\/wp-content\/uploads\/2026\/08\/haartransplantation.jpg\" alt=\"Vital of Hair'da sa\u00e7 ekimi \u00f6ncesi bir hastan\u0131n sa\u00e7 \u00e7izgisini i\u015faretleyen doktor\" loading=\"lazy\" width=\"1170\" height=\"2532\">\n        <\/div>\n        <h3 class=\"voh-sig__name\">Sa\u00e7 Ekimi<\/h3>\n        <p class=\"voh-sig__desc\">DHI, FUE ve Safir teknikleriyle do\u011fal ve kal\u0131c\u0131 sonu\u00e7lar i\u00e7in ki\u015fiye \u00f6zel sa\u00e7 ekimi planlamas\u0131.<\/p>\n        <a class=\"voh-sig__link\" href=\"https:\/\/vitalofhair.de\/reliant\/hizmetlerimiz\/sac-ekimi\/\">Sa\u00e7 Ekimi hakk\u0131nda daha fazla bilgi <span aria-hidden=\"true\">&rarr;<\/span><\/a>\n      <\/article>\n\n      <article class=\"voh-sig__card\">\n        <div class=\"voh-sig__media voh-sig__media--bart\">\n          <img loading=\"lazy\" decoding=\"async\" src=\"https:\/\/vitalofhair.de\/reliant\/wp-content\/uploads\/2026\/08\/bart.jpg\" alt=\"Vital of Hair'da sakal ekimi \u00f6ncesi \u00e7izilen sakal hatt\u0131yla bir hastan\u0131n ger\u00e7ek yan profili\" loading=\"lazy\" width=\"1441\" height=\"2560\">\n        <\/div>\n        <h3 class=\"voh-sig__name\">Sakal Ekimi<\/h3>\n        <p class=\"voh-sig__desc\">Do\u011fal g\u00f6r\u00fcn\u00fcml\u00fc, kal\u0131c\u0131 ve ki\u015fiye \u00f6zel \u00e7\u00f6z\u00fcmlerle y\u00fcz hatlar\u0131n\u0131za uygun sakal tasar\u0131m\u0131.<\/p>\n        <a class=\"voh-sig__link\" href=\"https:\/\/vitalofhair.de\/reliant\/hizmetlerimiz\/sakal-ekimi\/\">Sakal Ekimi hakk\u0131nda daha fazla bilgi <span aria-hidden=\"true\">&rarr;<\/span><\/a>\n      <\/article>\n\n      <article class=\"voh-sig__card\">\n        <div class=\"voh-sig__media voh-sig__media--brow\">\n          <img loading=\"lazy\" decoding=\"async\" src=\"https:\/\/vitalofhair.de\/reliant\/wp-content\/uploads\/2026\/08\/augenbrauen.jpg\" alt=\"Vital of Hair'da ka\u015f ekimi \u00f6ncesi \u00e7izilen ka\u015f formu\" loading=\"lazy\" width=\"1080\" height=\"1920\">\n        <\/div>\n        <h3 class=\"voh-sig__name\">Ka\u015f Ekimi<\/h3>\n        <p class=\"voh-sig__desc\">Form, yo\u011funluk ve b\u00fcy\u00fcme y\u00f6n\u00fc her y\u00fcz \u015fekline \u00f6zel olarak, do\u011fal bir sonu\u00e7 i\u00e7in planlan\u0131r.<\/p>\n        <a class=\"voh-sig__link\" href=\"https:\/\/vitalofhair.de\/reliant\/hizmetlerimiz\/kas-ekimi\/\">Daha fazla bilgi <span aria-hidden=\"true\">&rarr;<\/span><\/a>\n      <\/article>\n\n      <article class=\"voh-sig__card\">\n        <div class=\"voh-sig__media\">\n          <img loading=\"lazy\" loading=\"lazy\" decoding=\"async\" src=\"https:\/\/vitalofhair.de\/reliant\/wp-content\/uploads\/2026\/08\/frauen-haartransplantation.jpeg\" alt=\"Kad\u0131n hastan\u0131n sa\u00e7 ekimi \u00f6ncesi doktor taraf\u0131ndan sa\u00e7 \u00e7izgisinin \u00e7izilmesi\" width=\"1170\" height=\"1560\">\n        <\/div>\n        <h3 class=\"voh-sig__name\">Kad\u0131nlarda Sa\u00e7 Ekimi<\/h3>\n        <p class=\"voh-sig__desc\">Kad\u0131n sa\u00e7 \u00e7izgileri kendi kurallar\u0131n\u0131 izler \u2014 \u015fablonik de\u011fil, ki\u015fiye \u00f6zel planlan\u0131r.<\/p>\n        <a class=\"voh-sig__link\" href=\"https:\/\/vitalofhair.de\/reliant\/hizmetlerimiz\/kadin-sac-ekimi\/\">Kad\u0131nlarda Sa\u00e7 Ekimi hakk\u0131nda daha fazla bilgi <span aria-hidden=\"true\">\u2192<\/span><\/a>\n      <\/article>\n\n\n    <\/div>\n  <\/div>\n<\/section>\n\t\t\t\t<\/div>\n\t\t\t\t<\/div>\n\t\t\t\t\t<\/div>\n\t\t\t\t<\/div>\n\t\t<div class=\"elementor-element elementor-element-674d300 e-flex e-con-boxed e-con e-parent\" data-id=\"674d300\" data-element_type=\"container\">\n\t\t\t\t\t<div class=\"e-con-inner\">\n\t\t\t\t<div class=\"elementor-element elementor-element-fc39278 elementor-widget elementor-widget-html\" data-id=\"fc39278\" data-element_type=\"widget\" data-widget_type=\"html.default\">\n\t\t\t\t<div class=\"elementor-widget-container\">\n\t\t\t\t\t<section class=\"voh-more\">\n  <div class=\"voh-more__inner\">\n    <h2 class=\"voh-more__title\">Di\u011fer Tedaviler<\/h2>\n    <p class=\"voh-more__sub\">\u0130mza tedavilerimize ek olarak, sa\u00e7 sa\u011fl\u0131\u011f\u0131 ve estetik i\u00e7in ba\u015fka y\u00f6ntemler de sunuyoruz.<\/p>\n\n    <div class=\"voh-more__list\">\n\n      <div class=\"voh-more__item\">\n        <h3 class=\"voh-more__name\">PRP Tedavisi<\/h3>\n        <p class=\"voh-more__desc\">Sa\u00e7 d\u00f6k\u00fclmesini yava\u015flatmak ve sa\u00e7 k\u00f6klerini g\u00fc\u00e7lendirmek i\u00e7in do\u011fal ve g\u00fcvenli bir y\u00f6ntem.<\/p>\n        <a class=\"voh-more__link\" href=\"https:\/\/vitalofhair.de\/reliant\/hizmetlerimiz\/prp-tedavisi\/\">Daha fazla bilgi <span aria-hidden=\"true\">&rarr;<\/span><\/a>\n      <\/div>\n\n      <div class=\"voh-more__item\">\n        <h3 class=\"voh-more__name\">Mezoterapi<\/h3>\n        <p class=\"voh-more__desc\">Sa\u00e7 k\u00f6klerini besleyen, d\u00f6k\u00fclmeyi azaltan ve sa\u00e7 sa\u011fl\u0131\u011f\u0131n\u0131 destekleyen modern bir tedavi.<\/p>\n        <a class=\"voh-more__link\" href=\"https:\/\/vitalofhair.de\/reliant\/hizmetlerimiz\/mezoterapi\/\">Daha fazla bilgi <span aria-hidden=\"true\">&rarr;<\/span><\/a>\n      <\/div>\n\n      <div class=\"voh-more__item\">\n        <h3 class=\"voh-more__name\">Sa\u00e7 Analizi<\/h3>\n        <p class=\"voh-more__desc\">Do\u011fru tedavinin ilk ad\u0131m\u0131: sa\u00e7 yap\u0131s\u0131n\u0131n ve d\u00f6k\u00fclme nedeninin uzmanlarca detayl\u0131 incelenmesi.<\/p>\n        <a class=\"voh-more__link\" href=\"https:\/\/vitalofhair.de\/reliant\/hizmetlerimiz\/sac-analizi\/\">Daha fazla bilgi <span aria-hidden=\"true\">&rarr;<\/span><\/a>\n      <\/div>\n\n      <div class=\"voh-more__item\">\n        <h3 class=\"voh-more__name\">Yara \u0130zi D\u00fczeltme<\/h3>\n        <p class=\"voh-more__desc\">\u0130z g\u00f6r\u00fcn\u00fcm\u00fcn\u00fc azaltmaya ve b\u00f6lgenin do\u011fal b\u00fct\u00fcnl\u00fc\u011f\u00fcn\u00fc yeniden kazand\u0131rmaya y\u00f6nelik ki\u015fiye \u00f6zel \u00e7\u00f6z\u00fcmler.<\/p>\n        <a class=\"voh-more__link\" href=\"https:\/\/vitalofhair.de\/reliant\/hizmetlerimiz\/yara-izi-duzeltme\/\">Daha fazla bilgi <span aria-hidden=\"true\">&rarr;<\/span><\/a>\n      <\/div>\n\n    <\/div>\n  <\/div>\n<\/section>\n\t\t\t\t<\/div>\n\t\t\t\t<\/div>\n\t\t\t\t\t<\/div>\n\t\t\t\t<\/div>\n\t\t<div class=\"elementor-element elementor-element-5fbc934 e-con-full e-flex e-con e-parent\" data-id=\"5fbc934\" data-element_type=\"container\" data-settings=\"{&quot;background_background&quot;:&quot;classic&quot;}\">\n\t\t\t\t<div class=\"elementor-element elementor-element-c688217 elementor-widget elementor-widget-heading\" data-id=\"c688217\" data-element_type=\"widget\" data-widget_type=\"heading.default\">\n\t\t\t\t<div class=\"elementor-widget-container\">\n\t\t\t\t\t<h2 class=\"elementor-heading-title elementor-size-default\">\u0130lk Ad\u0131m\u0131 Atmaya Haz\u0131r m\u0131s\u0131n\u0131z?<\/h2>\t\t\t\t<\/div>\n\t\t\t\t<\/div>\n\t\t\t\t<div class=\"elementor-element elementor-element-891df1f elementor-widget elementor-widget-text-editor\" data-id=\"891df1f\" data-element_type=\"widget\" data-widget_type=\"text-editor.default\">\n\t\t\t\t<div class=\"elementor-widget-container\">\n\t\t\t\t\t\t\t\t\t<p style=\"text-align:center;color:#E3E9F2;\">Bizimle WhatsApp \u00fczerinden \u00fccretsiz ve taahh\u00fcts\u00fcz ileti\u015fime ge\u00e7in veya \u00fccretsiz sa\u00e7 analizinizi ba\u015flat\u0131n.<\/p>\t\t\t\t\t\t\t\t<\/div>\n\t\t\t\t<\/div>\n\t\t<div class=\"elementor-element elementor-element-77b1f7a e-flex e-con-boxed e-con e-child\" data-id=\"77b1f7a\" data-element_type=\"container\">\n\t\t\t\t\t<div class=\"e-con-inner\">\n\t\t\t\t<div class=\"elementor-element elementor-element-ef32e8a elementor-widget elementor-widget-button\" data-id=\"ef32e8a\" data-element_type=\"widget\" data-widget_type=\"button.default\">\n\t\t\t\t<div class=\"elementor-widget-container\">\n\t\t\t\t\t\t\t\t\t<div class=\"elementor-button-wrapper\">\n\t\t\t\t\t<a class=\"elementor-button elementor-button-link elementor-size-sm\" href=\"https:\/\/wa.me\/491759660651\" target=\"_blank\">\n\t\t\t\t\t\t<span class=\"elementor-button-content-wrapper\">\n\t\t\t\t\t\t\t\t\t<span class=\"elementor-button-text\">WhatsApp'tan Yaz\u0131n<\/span>\n\t\t\t\t\t<\/span>\n\t\t\t\t\t<\/a>\n\t\t\t\t<\/div>\n\t\t\t\t\t\t\t\t<\/div>\n\t\t\t\t<\/div>\n\t\t\t\t<div class=\"elementor-element elementor-element-4242d63 elementor-widget elementor-widget-button\" data-id=\"4242d63\" data-element_type=\"widget\" data-widget_type=\"button.default\">\n\t\t\t\t<div class=\"elementor-widget-container\">\n\t\t\t\t\t\t\t\t\t<div class=\"elementor-button-wrapper\">\n\t\t\t\t\t<a class=\"elementor-button elementor-button-link elementor-size-sm\" href=\"https:\/\/vitalofhair.de\/reliant\/kisisel-sac-analizi\/\">\n\t\t\t\t\t\t<span class=\"elementor-button-content-wrapper\">\n\t\t\t\t\t\t\t\t\t<span class=\"elementor-button-text\">\u00dccretsiz Sa\u00e7 Analizi<\/span>\n\t\t\t\t\t<\/span>\n\t\t\t\t\t<\/a>\n\t\t\t\t<\/div>\n\t\t\t\t\t\t\t\t<\/div>\n\t\t\t\t<\/div>\n\t\t\t\t\t<\/div>\n\t\t\t\t<\/div>\n\t\t\t\t<\/div>\n\t\t\t\t<\/div>\n\t\t","protected":false},"excerpt":{"rendered":"<p>Do\u011fal Sa\u00e7, G\u00fc\u00e7l\u00fc Bir G\u00f6r\u00fcn\u00fcm Vital of Hair&#8217;de sa\u00e7 ekimi ve sa\u011fl\u0131kl\u0131 sa\u00e7 i\u00e7in modern teknikler, uzman bir ekip ve bireysel \u00e7\u00f6z\u00fcmlerle do\u011fal sonu\u00e7lar sunuyoruz. \u00dccretsiz Sa\u00e7 Analizi &#128264; \u0130stanbul Lokasyonu Vital of Hair&#8217;da sa\u00e7 ekimi nas\u0131l ger\u00e7ekle\u015fir? \u0130stanbul lokasyonumuzdaki \u00f6rnek bir sa\u00e7 ekimi s\u00fcreci. 1Dan\u0131\u015fmanl\u0131k 2Sa\u00e7 \u00e7izgisi planlamas\u0131 3Tedavi 4Bak\u0131m s\u00fcreci \u00dccretsiz sa\u00e7 analizi [&hellip;]<\/p>\n","protected":false},"author":3,"featured_media":443,"parent":0,"menu_order":0,"comment_status":"closed","ping_status":"closed","template":"elementor_header_footer","meta":{"footnotes":""},"class_list":["post-851","page","type-page","status-publish","has-post-thumbnail","hentry"],"yoast_head":"<!-- This site is optimized with the Yoast SEO plugin v28.4 - https:\/\/yoast.com\/product\/yoast-seo-wordpress\/ -->\n<title>Vital of Hair | Do\u011fal Sa\u00e7, G\u00fc\u00e7l\u00fc Bir G\u00f6r\u00fcn\u00fcm<\/title>\n<meta name=\"description\" content=\"Vital of Hair ile sa\u00e7 ekimi, sakal ekimi, PRP tedavisi ve sa\u00e7 analizinde do\u011fal sonu\u00e7lar, uzman ekip ve bireysel \u00e7\u00f6z\u00fcmler.\" \/>\n<meta name=\"robots\" content=\"noindex, follow, max-snippet:-1, max-image-preview:large, max-video-preview:-1\" \/>\n<meta property=\"og:locale\" content=\"tr_TR\" \/>\n<meta property=\"og:type\" content=\"article\" \/>\n<meta property=\"og:title\" content=\"Vital of Hair | Do\u011fal Sa\u00e7, G\u00fc\u00e7l\u00fc Bir G\u00f6r\u00fcn\u00fcm\" \/>\n<meta property=\"og:description\" content=\"Vital of Hair ile sa\u00e7 ekimi, sakal ekimi, PRP tedavisi ve sa\u00e7 analizinde do\u011fal sonu\u00e7lar, uzman ekip ve bireysel \u00e7\u00f6z\u00fcmler.\" \/>\n<meta property=\"og:url\" content=\"https:\/\/vitalofhair.de\/reliant\/\" \/>\n<meta property=\"og:site_name\" content=\"Vital of Hair\" \/>\n<meta property=\"article:modified_time\" content=\"2026-08-31T20:02:19+00:00\" \/>\n<meta property=\"og:image\" content=\"https:\/\/vitalofhair.de\/reliant\/wp-content\/uploads\/2026\/01\/favicon.png\" \/>\n\t<meta property=\"og:image:width\" content=\"250\" \/>\n\t<meta property=\"og:image:height\" content=\"250\" \/>\n\t<meta property=\"og:image:type\" content=\"image\/png\" \/>\n<meta name=\"twitter:card\" content=\"summary_large_image\" \/>\n<meta name=\"twitter:label1\" content=\"Tahmini okuma s\u00fcresi\" \/>\n\t<meta name=\"twitter:data1\" content=\"4 dakika\" \/>\n<script type=\"application\/ld+json\" class=\"yoast-schema-graph\">{\"@context\":\"https:\\\/\\\/schema.org\",\"@graph\":[{\"@type\":\"WebPage\",\"@id\":\"https:\\\/\\\/vitalofhair.de\\\/reliant\\\/\",\"url\":\"https:\\\/\\\/vitalofhair.de\\\/reliant\\\/\",\"name\":\"Vital of Hair | Do\u011fal Sa\u00e7, G\u00fc\u00e7l\u00fc Bir G\u00f6r\u00fcn\u00fcm\",\"isPartOf\":{\"@id\":\"https:\\\/\\\/vitalofhair.de\\\/reliant\\\/#website\"},\"primaryImageOfPage\":{\"@id\":\"https:\\\/\\\/vitalofhair.de\\\/reliant\\\/#primaryimage\"},\"image\":{\"@id\":\"https:\\\/\\\/vitalofhair.de\\\/reliant\\\/#primaryimage\"},\"thumbnailUrl\":\"https:\\\/\\\/vitalofhair.de\\\/reliant\\\/wp-content\\\/uploads\\\/2026\\\/01\\\/favicon.png\",\"datePublished\":\"2026-08-22T14:07:22+00:00\",\"dateModified\":\"2026-08-31T20:02:19+00:00\",\"description\":\"Vital of Hair ile sa\u00e7 ekimi, sakal ekimi, PRP tedavisi ve sa\u00e7 analizinde do\u011fal sonu\u00e7lar, uzman ekip ve bireysel \u00e7\u00f6z\u00fcmler.\",\"breadcrumb\":{\"@id\":\"https:\\\/\\\/vitalofhair.de\\\/reliant\\\/#breadcrumb\"},\"inLanguage\":\"tr\",\"potentialAction\":[{\"@type\":\"ReadAction\",\"target\":[\"https:\\\/\\\/vitalofhair.de\\\/reliant\\\/\"]}]},{\"@type\":\"ImageObject\",\"inLanguage\":\"tr\",\"@id\":\"https:\\\/\\\/vitalofhair.de\\\/reliant\\\/#primaryimage\",\"url\":\"https:\\\/\\\/vitalofhair.de\\\/reliant\\\/wp-content\\\/uploads\\\/2026\\\/01\\\/favicon.png\",\"contentUrl\":\"https:\\\/\\\/vitalofhair.de\\\/reliant\\\/wp-content\\\/uploads\\\/2026\\\/01\\\/favicon.png\",\"width\":250,\"height\":250},{\"@type\":\"BreadcrumbList\",\"@id\":\"https:\\\/\\\/vitalofhair.de\\\/reliant\\\/#breadcrumb\",\"itemListElement\":[{\"@type\":\"ListItem\",\"position\":1,\"name\":\"Anasayfa\",\"item\":\"https:\\\/\\\/vitalofhair.de\\\/reliant\\\/de\\\/startseite\\\/\"},{\"@type\":\"ListItem\",\"position\":2,\"name\":\"Anasayfa\"}]},{\"@type\":\"WebSite\",\"@id\":\"https:\\\/\\\/vitalofhair.de\\\/reliant\\\/#website\",\"url\":\"https:\\\/\\\/vitalofhair.de\\\/reliant\\\/\",\"name\":\"Vital of Hair\",\"description\":\"\",\"publisher\":{\"@id\":\"https:\\\/\\\/vitalofhair.de\\\/reliant\\\/#organization\"},\"potentialAction\":[{\"@type\":\"SearchAction\",\"target\":{\"@type\":\"EntryPoint\",\"urlTemplate\":\"https:\\\/\\\/vitalofhair.de\\\/reliant\\\/?s={search_term_string}\"},\"query-input\":{\"@type\":\"PropertyValueSpecification\",\"valueRequired\":true,\"valueName\":\"search_term_string\"}}],\"inLanguage\":\"tr\"},{\"@type\":\"Organization\",\"@id\":\"https:\\\/\\\/vitalofhair.de\\\/reliant\\\/#organization\",\"name\":\"Vital of Hair\",\"url\":\"https:\\\/\\\/vitalofhair.de\\\/reliant\\\/\",\"logo\":{\"@type\":\"ImageObject\",\"inLanguage\":\"tr\",\"@id\":\"https:\\\/\\\/vitalofhair.de\\\/reliant\\\/#\\\/schema\\\/logo\\\/image\\\/\",\"url\":\"https:\\\/\\\/vitalofhair.de\\\/reliant\\\/wp-content\\\/uploads\\\/2025\\\/12\\\/vital-of-hair-logo.png\",\"contentUrl\":\"https:\\\/\\\/vitalofhair.de\\\/reliant\\\/wp-content\\\/uploads\\\/2025\\\/12\\\/vital-of-hair-logo.png\",\"width\":417,\"height\":108,\"caption\":\"Vital of Hair\"},\"image\":{\"@id\":\"https:\\\/\\\/vitalofhair.de\\\/reliant\\\/#\\\/schema\\\/logo\\\/image\\\/\"}}]}<\/script>\n<!-- \/ Yoast SEO plugin. -->","yoast_head_json":{"title":"Vital of Hair | Do\u011fal Sa\u00e7, G\u00fc\u00e7l\u00fc Bir G\u00f6r\u00fcn\u00fcm","description":"Vital of Hair ile sa\u00e7 ekimi, sakal ekimi, PRP tedavisi ve sa\u00e7 analizinde do\u011fal sonu\u00e7lar, uzman ekip ve bireysel \u00e7\u00f6z\u00fcmler.","robots":{"index":"noindex","follow":"follow","max-snippet":"max-snippet:-1","max-image-preview":"max-image-preview:large","max-video-preview":"max-video-preview:-1"},"og_locale":"tr_TR","og_type":"article","og_title":"Vital of Hair | Do\u011fal Sa\u00e7, G\u00fc\u00e7l\u00fc Bir G\u00f6r\u00fcn\u00fcm","og_description":"Vital of Hair ile sa\u00e7 ekimi, sakal ekimi, PRP tedavisi ve sa\u00e7 analizinde do\u011fal sonu\u00e7lar, uzman ekip ve bireysel \u00e7\u00f6z\u00fcmler.","og_url":"https:\/\/vitalofhair.de\/reliant\/","og_site_name":"Vital of Hair","article_modified_time":"2026-08-31T20:02:19+00:00","og_image":[{"width":250,"height":250,"url":"https:\/\/vitalofhair.de\/reliant\/wp-content\/uploads\/2026\/01\/favicon.png","type":"image\/png"}],"twitter_card":"summary_large_image","twitter_misc":{"Tahmini okuma s\u00fcresi":"4 dakika"},"schema":{"@context":"https:\/\/schema.org","@graph":[{"@type":"WebPage","@id":"https:\/\/vitalofhair.de\/reliant\/","url":"https:\/\/vitalofhair.de\/reliant\/","name":"Vital of Hair | Do\u011fal Sa\u00e7, G\u00fc\u00e7l\u00fc Bir G\u00f6r\u00fcn\u00fcm","isPartOf":{"@id":"https:\/\/vitalofhair.de\/reliant\/#website"},"primaryImageOfPage":{"@id":"https:\/\/vitalofhair.de\/reliant\/#primaryimage"},"image":{"@id":"https:\/\/vitalofhair.de\/reliant\/#primaryimage"},"thumbnailUrl":"https:\/\/vitalofhair.de\/reliant\/wp-content\/uploads\/2026\/01\/favicon.png","datePublished":"2026-08-22T14:07:22+00:00","dateModified":"2026-08-31T20:02:19+00:00","description":"Vital of Hair ile sa\u00e7 ekimi, sakal ekimi, PRP tedavisi ve sa\u00e7 analizinde do\u011fal sonu\u00e7lar, uzman ekip ve bireysel \u00e7\u00f6z\u00fcmler.","breadcrumb":{"@id":"https:\/\/vitalofhair.de\/reliant\/#breadcrumb"},"inLanguage":"tr","potentialAction":[{"@type":"ReadAction","target":["https:\/\/vitalofhair.de\/reliant\/"]}]},{"@type":"ImageObject","inLanguage":"tr","@id":"https:\/\/vitalofhair.de\/reliant\/#primaryimage","url":"https:\/\/vitalofhair.de\/reliant\/wp-content\/uploads\/2026\/01\/favicon.png","contentUrl":"https:\/\/vitalofhair.de\/reliant\/wp-content\/uploads\/2026\/01\/favicon.png","width":250,"height":250},{"@type":"BreadcrumbList","@id":"https:\/\/vitalofhair.de\/reliant\/#breadcrumb","itemListElement":[{"@type":"ListItem","position":1,"name":"Anasayfa","item":"https:\/\/vitalofhair.de\/reliant\/de\/startseite\/"},{"@type":"ListItem","position":2,"name":"Anasayfa"}]},{"@type":"WebSite","@id":"https:\/\/vitalofhair.de\/reliant\/#website","url":"https:\/\/vitalofhair.de\/reliant\/","name":"Vital of Hair","description":"","publisher":{"@id":"https:\/\/vitalofhair.de\/reliant\/#organization"},"potentialAction":[{"@type":"SearchAction","target":{"@type":"EntryPoint","urlTemplate":"https:\/\/vitalofhair.de\/reliant\/?s={search_term_string}"},"query-input":{"@type":"PropertyValueSpecification","valueRequired":true,"valueName":"search_term_string"}}],"inLanguage":"tr"},{"@type":"Organization","@id":"https:\/\/vitalofhair.de\/reliant\/#organization","name":"Vital of Hair","url":"https:\/\/vitalofhair.de\/reliant\/","logo":{"@type":"ImageObject","inLanguage":"tr","@id":"https:\/\/vitalofhair.de\/reliant\/#\/schema\/logo\/image\/","url":"https:\/\/vitalofhair.de\/reliant\/wp-content\/uploads\/2025\/12\/vital-of-hair-logo.png","contentUrl":"https:\/\/vitalofhair.de\/reliant\/wp-content\/uploads\/2025\/12\/vital-of-hair-logo.png","width":417,"height":108,"caption":"Vital of Hair"},"image":{"@id":"https:\/\/vitalofhair.de\/reliant\/#\/schema\/logo\/image\/"}}]}},"_links":{"self":[{"href":"https:\/\/vitalofhair.de\/reliant\/wp-json\/wp\/v2\/pages\/851","targetHints":{"allow":["GET"]}}],"collection":[{"href":"https:\/\/vitalofhair.de\/reliant\/wp-json\/wp\/v2\/pages"}],"about":[{"href":"https:\/\/vitalofhair.de\/reliant\/wp-json\/wp\/v2\/types\/page"}],"author":[{"embeddable":true,"href":"https:\/\/vitalofhair.de\/reliant\/wp-json\/wp\/v2\/users\/3"}],"replies":[{"embeddable":true,"href":"https:\/\/vitalofhair.de\/reliant\/wp-json\/wp\/v2\/comments?post=851"}],"version-history":[{"count":12,"href":"https:\/\/vitalofhair.de\/reliant\/wp-json\/wp\/v2\/pages\/851\/revisions"}],"predecessor-version":[{"id":1720,"href":"https:\/\/vitalofhair.de\/reliant\/wp-json\/wp\/v2\/pages\/851\/revisions\/1720"}],"wp:featuredmedia":[{"embeddable":true,"href":"https:\/\/vitalofhair.de\/reliant\/wp-json\/wp\/v2\/media\/443"}],"wp:attachment":[{"href":"https:\/\/vitalofhair.de\/reliant\/wp-json\/wp\/v2\/media?parent=851"}],"curies":[{"name":"wp","href":"https:\/\/api.w.org\/{rel}","templated":true}]}}